{"id":870,"date":"2021-05-11T22:54:38","date_gmt":"2021-05-11T22:54:38","guid":{"rendered":"http:\/\/undesiertoasturiano.practicasdeperiodismo.com\/?page_id=870"},"modified":"2021-06-06T12:34:42","modified_gmt":"2021-06-06T12:34:42","slug":"una-chispa-verde","status":"publish","type":"page","link":"http:\/\/undesiertoasturiano.practicasdeperiodismo.com\/index.php\/una-chispa-verde\/","title":{"rendered":"Una chispa verde"},"content":{"rendered":"\t\t<div data-elementor-type=\"wp-page\" data-elementor-id=\"870\" class=\"elementor elementor-870\">\n\t\t\t\t\t\t<section class=\"elementor-section elementor-top-section elementor-element elementor-element-bbcb19e elementor-section-boxed elementor-section-height-default elementor-section-height-default\" data-id=\"bbcb19e\" data-element_type=\"section\" data-e-type=\"section\">\n\t\t\t\t\t\t<div class=\"elementor-container elementor-column-gap-default\">\n\t\t\t\t\t<div class=\"elementor-column elementor-col-100 elementor-top-column elementor-element elementor-element-ee2838b\" data-id=\"ee2838b\" data-element_type=\"column\" data-e-type=\"column\">\n\t\t\t<div class=\"elementor-widget-wrap elementor-element-populated\">\n\t\t\t\t\t\t<div class=\"elementor-element elementor-element-4da92a3 elementor-widget elementor-widget-heading\" data-id=\"4da92a3\" data-element_type=\"widget\" data-e-type=\"widget\" data-widget_type=\"heading.default\">\n\t\t\t\t<div class=\"elementor-widget-container\">\n\t\t\t\t\t<div class=\"elementor-heading-title elementor-size-default\">El abandono acecha a una Asturias que lucha por salir a flote. Sin embargo, los problemas estructurales que arrastra la regi\u00f3n dificultan la revitalizaci\u00f3n. Hace falta una gran inversi\u00f3n y pol\u00edticas activas; \u00bfqu\u00e9 deparar\u00e1 el futuro?<\/div>\t\t\t\t<\/div>\n\t\t\t\t<\/div>\n\t\t\t\t\t<\/div>\n\t\t<\/div>\n\t\t\t\t\t<\/div>\n\t\t<\/section>\n\t\t\t\t<section class=\"elementor-section elementor-top-section elementor-element elementor-element-bb0f215 elementor-section-boxed elementor-section-height-default elementor-section-height-default\" data-id=\"bb0f215\" data-element_type=\"section\" data-e-type=\"section\">\n\t\t\t\t\t\t<div class=\"elementor-container elementor-column-gap-default\">\n\t\t\t\t\t<div class=\"elementor-column elementor-col-100 elementor-top-column elementor-element elementor-element-e97c53f\" data-id=\"e97c53f\" data-element_type=\"column\" data-e-type=\"column\">\n\t\t\t<div class=\"elementor-widget-wrap elementor-element-populated\">\n\t\t\t\t\t\t<div class=\"elementor-element elementor-element-d3bc5d0 elementor-widget elementor-widget-image\" data-id=\"d3bc5d0\" data-element_type=\"widget\" data-e-type=\"widget\" data-widget_type=\"image.default\">\n\t\t\t\t<div class=\"elementor-widget-container\">\n\t\t\t\t\t\t\t\t\t\t\t\t<figure class=\"wp-caption\">\n\t\t\t\t\t\t\t\t\t\t<img fetchpriority=\"high\" decoding=\"async\" width=\"1024\" height=\"768\" src=\"http:\/\/undesiertoasturiano.practicasdeperiodismo.com\/wp-content\/uploads\/2021\/05\/IMG_7335-1024x768.jpg\" class=\"attachment-large size-large wp-image-704\" alt=\"\" srcset=\"http:\/\/undesiertoasturiano.practicasdeperiodismo.com\/wp-content\/uploads\/2021\/05\/IMG_7335-1024x768.jpg 1024w, http:\/\/undesiertoasturiano.practicasdeperiodismo.com\/wp-content\/uploads\/2021\/05\/IMG_7335-300x225.jpg 300w, http:\/\/undesiertoasturiano.practicasdeperiodismo.com\/wp-content\/uploads\/2021\/05\/IMG_7335-768x576.jpg 768w, http:\/\/undesiertoasturiano.practicasdeperiodismo.com\/wp-content\/uploads\/2021\/05\/IMG_7335-1536x1152.jpg 1536w, http:\/\/undesiertoasturiano.practicasdeperiodismo.com\/wp-content\/uploads\/2021\/05\/IMG_7335-2048x1536.jpg 2048w, http:\/\/undesiertoasturiano.practicasdeperiodismo.com\/wp-content\/uploads\/2021\/05\/IMG_7335-1440x1080.jpg 1440w, http:\/\/undesiertoasturiano.practicasdeperiodismo.com\/wp-content\/uploads\/2021\/05\/IMG_7335-155x116.jpg 155w\" sizes=\"(max-width: 1024px) 100vw, 1024px\" \/>\t\t\t\t\t\t\t\t\t\t\t<figcaption class=\"widget-image-caption wp-caption-text\">Parque e\u00f3lico de Tineo. CC-BY-SA 4.0<\/figcaption>\n\t\t\t\t\t\t\t\t\t\t<\/figure>\n\t\t\t\t\t\t\t\t\t<\/div>\n\t\t\t\t<\/div>\n\t\t\t\t\t<\/div>\n\t\t<\/div>\n\t\t\t\t\t<\/div>\n\t\t<\/section>\n\t\t\t\t<section class=\"elementor-section elementor-top-section elementor-element elementor-element-6103868 elementor-section-boxed elementor-section-height-default elementor-section-height-default\" data-id=\"6103868\" data-element_type=\"section\" data-e-type=\"section\">\n\t\t\t\t\t\t<div class=\"elementor-container elementor-column-gap-default\">\n\t\t\t\t\t<div class=\"elementor-column elementor-col-100 elementor-top-column elementor-element elementor-element-518d6b5\" data-id=\"518d6b5\" data-element_type=\"column\" data-e-type=\"column\">\n\t\t\t<div class=\"elementor-widget-wrap elementor-element-populated\">\n\t\t\t\t\t\t<div class=\"elementor-element elementor-element-63c1c0a elementor-widget elementor-widget-text-editor\" data-id=\"63c1c0a\" data-element_type=\"widget\" data-e-type=\"widget\" data-widget_type=\"text-editor.default\">\n\t\t\t\t<div class=\"elementor-widget-container\">\n\t\t\t\t\t\t\t\t\t<p style=\"padding-left: 40px;\">&#8211; Nos sentimos olvidados.<\/p><p>Carlos L\u00f3pez, que reposa en la puerta del chigre \u201cCasa Lolo,\u201d resume en una frase el problema, el contexto y la soluci\u00f3n. Sienten que solo se est\u00e1 empezando actuar cuando se ha llegado al l\u00edmite. Tarde, llegan tarde. <b>Una vez que el proceso de despoblaci\u00f3n ha empezado, afirma Carlos, es muy dif\u00edcil revertirlo: la ciudadan\u00eda se ha acostumbrado a otro sistema y modelo de vida, y hace falta una gran inversi\u00f3n \u2013mucho mayor que si se hubiera hecho, por ejemplo, en los ochenta- en un lugar con muy pocos habitantes y muy mayores. <\/b>Falta de anticipaci\u00f3n.<\/p><p>Pero m\u00e1s vale tarde que nunca. El pasado marzo la Junta del Principado de Asturias organiz\u00f3 una comisi\u00f3n especial para hacer frente a los problemas y buscar soluciones e <a href=\"https:\/\/www.age-geografia.es\/site\/wp-content\/uploads\/2017\/10\/Plan-Demogr%C3%A1fico-Asturias-2017-2027.pdf\" target=\"_blank\" rel=\"noopener\">implementaron un plan\u00a0 demogr\u00e1fico.<\/a><a href=\"https:\/\/www.lavozdeasturias.es\/noticia\/asturias\/2019\/09\/03\/jaime-izquierdo-nuevo-comisionado-reto-demografico\/00031567513812824500391.htm\" target=\"_blank\" rel=\"noopener\"> A su vez, se nombr\u00f3 a Jaime Izquierdo comisionado para el reto demogr\u00e1fico.<\/a> Su despacho est\u00e1 en la planta baja del edificio de Presidencia del Principado, en la calle Su\u00e1rez de la Riva, 11. Tiene varias mesas: una de ellas es un escritorio y otra est\u00e1 rodeada de sillas para las reuniones. Todo est\u00e1 lleno de papeles y libros, y hay varios p\u00f3steres de lobos y otros animales salvajes.<\/p><p><a href=\"https:\/\/es.wikipedia.org\/wiki\/Jaime_Izquierdo\" target=\"_blank\" rel=\"noopener\">Jaime Izquierdo<\/a> naci\u00f3 en el a\u00f1o 1958, en un peque\u00f1o pueblo de Infiesto y se crio en Langreo, una cuenca minera. Estudi\u00f3 geolog\u00eda, pero nunca ejerci\u00f3 la profesi\u00f3n y tiene una prol\u00edfica colecci\u00f3n de libros publicados que abordan el problema de la despoblaci\u00f3n asturiana. Hace un resumen:<\/p><p style=\"padding-left: 40px;\"><span style=\"font-family: var( --e-global-typography-text-font-family ), Sans-serif; font-weight: var( --e-global-typography-text-font-weight ); background-color: transparent;\">&#8211; La mala educaci\u00f3n pol\u00edtica del siglo pasado constituy\u00f3 una cultura urbana hegem\u00f3nica. Se intent\u00f3 un modelo industrial permanente, sin una integraci\u00f3n del conocimiento local y no se supo anticipar el final de la era del carb\u00f3n<\/span><\/p><p style=\"margin-bottom: 16px;\"><b>Explica que Asturias va con dos siglos de retraso: el petr\u00f3leo sustituy\u00f3 al carb\u00f3n como principal combustible ya a mediados de los a\u00f1os cincuenta, pero las \u00faltimas minas no se cerraron hasta 2019- y fue el principal motor econ\u00f3mico hasta principios del siglo XX.<\/b> No se supo adaptar una industria, ya obsoleta, que hab\u00eda aglutinado a buena parte de la poblaci\u00f3n rural, ni mantener un mercado de trabajo que pueda acoger a los j\u00f3venes que la propia comunidad ha formado. Pero, adem\u00e1s, se infravalor\u00f3 la cultura rural, sin realizar grandes inversiones en ella y con el estereotipo de que la vida de segunda. Las tierras, al romperse el modelo tradicional, perdieron a su vez valor y se produjeron las migraciones hacia las ciudades.\u00a0<\/p>\t\t\t\t\t\t\t\t<\/div>\n\t\t\t\t<\/div>\n\t\t\t\t\t<\/div>\n\t\t<\/div>\n\t\t\t\t\t<\/div>\n\t\t<\/section>\n\t\t\t\t<section class=\"elementor-section elementor-top-section elementor-element elementor-element-fad8f4d elementor-section-boxed elementor-section-height-default elementor-section-height-default\" data-id=\"fad8f4d\" data-element_type=\"section\" data-e-type=\"section\">\n\t\t\t\t\t\t<div class=\"elementor-container elementor-column-gap-default\">\n\t\t\t\t\t<div class=\"elementor-column elementor-col-100 elementor-top-column elementor-element elementor-element-11c6489\" data-id=\"11c6489\" data-element_type=\"column\" data-e-type=\"column\">\n\t\t\t<div class=\"elementor-widget-wrap elementor-element-populated\">\n\t\t\t\t\t\t<div class=\"elementor-element elementor-element-30da2fb elementor-tabs-view-horizontal elementor-widget elementor-widget-tabs\" data-id=\"30da2fb\" data-element_type=\"widget\" data-e-type=\"widget\" data-settings=\"{&quot;_animation&quot;:&quot;none&quot;}\" data-widget_type=\"tabs.default\">\n\t\t\t\t<div class=\"elementor-widget-container\">\n\t\t\t\t\t\t\t<div class=\"elementor-tabs\">\n\t\t\t<div class=\"elementor-tabs-wrapper\" role=\"tablist\" >\n\t\t\t\t\t\t\t\t\t<div id=\"elementor-tab-title-5121\" class=\"elementor-tab-title elementor-tab-desktop-title\" aria-selected=\"true\" data-tab=\"1\" role=\"tab\" tabindex=\"0\" aria-controls=\"elementor-tab-content-5121\" aria-expanded=\"false\">Eva<\/div>\n\t\t\t\t\t\t\t\t\t<div id=\"elementor-tab-title-5122\" class=\"elementor-tab-title elementor-tab-desktop-title\" aria-selected=\"false\" data-tab=\"2\" role=\"tab\" tabindex=\"-1\" aria-controls=\"elementor-tab-content-5122\" aria-expanded=\"false\">Los problemas<\/div>\n\t\t\t\t\t\t\t\t\t<div id=\"elementor-tab-title-5123\" class=\"elementor-tab-title elementor-tab-desktop-title\" aria-selected=\"false\" data-tab=\"3\" role=\"tab\" tabindex=\"-1\" aria-controls=\"elementor-tab-content-5123\" aria-expanded=\"false\">Aislados<\/div>\n\t\t\t\t\t\t\t<\/div>\n\t\t\t<div class=\"elementor-tabs-content-wrapper\" role=\"tablist\" aria-orientation=\"vertical\">\n\t\t\t\t\t\t\t\t\t<div class=\"elementor-tab-title elementor-tab-mobile-title\" aria-selected=\"true\" data-tab=\"1\" role=\"tab\" tabindex=\"0\" aria-controls=\"elementor-tab-content-5121\" aria-expanded=\"false\">Eva<\/div>\n\t\t\t\t\t<div id=\"elementor-tab-content-5121\" class=\"elementor-tab-content elementor-clearfix\" data-tab=\"1\" role=\"tabpanel\" aria-labelledby=\"elementor-tab-title-5121\" tabindex=\"0\" hidden=\"false\"><iframe width=\"560\" height=\"600\" src=\"https:\/\/www.youtube.com\/embed\/itAoLDNW5Cg\" title=\"YouTube video player\" frameborder=\"0\" allow=\"accelerometer; autoplay; clipboard-write; encrypted-media; gyroscope; picture-in-picture\" allowfullscreen><\/iframe><\/div>\n\t\t\t\t\t\t\t\t\t<div class=\"elementor-tab-title elementor-tab-mobile-title\" aria-selected=\"false\" data-tab=\"2\" role=\"tab\" tabindex=\"-1\" aria-controls=\"elementor-tab-content-5122\" aria-expanded=\"false\">Los problemas<\/div>\n\t\t\t\t\t<div id=\"elementor-tab-content-5122\" class=\"elementor-tab-content elementor-clearfix\" data-tab=\"2\" role=\"tabpanel\" aria-labelledby=\"elementor-tab-title-5122\" tabindex=\"0\" hidden=\"hidden\">.<iframe width=\"560\" height=\"600\" src=\"https:\/\/www.youtube.com\/embed\/BxwC1nS4Sdw\" title=\"YouTube video player\" frameborder=\"0\" allow=\"accelerometer; autoplay; clipboard-write; encrypted-media; gyroscope; picture-in-picture\" allowfullscreen><\/iframe><\/div>\n\t\t\t\t\t\t\t\t\t<div class=\"elementor-tab-title elementor-tab-mobile-title\" aria-selected=\"false\" data-tab=\"3\" role=\"tab\" tabindex=\"-1\" aria-controls=\"elementor-tab-content-5123\" aria-expanded=\"false\">Aislados<\/div>\n\t\t\t\t\t<div id=\"elementor-tab-content-5123\" class=\"elementor-tab-content elementor-clearfix\" data-tab=\"3\" role=\"tabpanel\" aria-labelledby=\"elementor-tab-title-5123\" tabindex=\"0\" hidden=\"hidden\"><iframe width=\"560\" height=\"600\" src=\"https:\/\/www.youtube.com\/embed\/8DXiOY3gJ1Y\" title=\"YouTube video player\" frameborder=\"0\" allow=\"accelerometer; autoplay; clipboard-write; encrypted-media; gyroscope; picture-in-picture\" allowfullscreen><\/iframe><\/div>\n\t\t\t\t\t\t\t<\/div>\n\t\t<\/div>\n\t\t\t\t\t\t<\/div>\n\t\t\t\t<\/div>\n\t\t\t\t\t<\/div>\n\t\t<\/div>\n\t\t\t\t\t<\/div>\n\t\t<\/section>\n\t\t\t\t<section class=\"elementor-section elementor-top-section elementor-element elementor-element-a91151b elementor-section-boxed elementor-section-height-default elementor-section-height-default\" data-id=\"a91151b\" data-element_type=\"section\" data-e-type=\"section\">\n\t\t\t\t\t\t<div class=\"elementor-container elementor-column-gap-default\">\n\t\t\t\t\t<div class=\"elementor-column elementor-col-100 elementor-top-column elementor-element elementor-element-ae8cdb6\" data-id=\"ae8cdb6\" data-element_type=\"column\" data-e-type=\"column\">\n\t\t\t<div class=\"elementor-widget-wrap elementor-element-populated\">\n\t\t\t\t\t\t<div class=\"elementor-element elementor-element-9614a92 elementor-widget elementor-widget-text-editor\" data-id=\"9614a92\" data-element_type=\"widget\" data-e-type=\"widget\" data-widget_type=\"text-editor.default\">\n\t\t\t\t<div class=\"elementor-widget-container\">\n\t\t\t\t\t\t\t\t\t<p>Los que se fueron de los pueblos, nunca regresaron: la vida en las ciudades o grandes villas, donde est\u00e1n los servicios, era mucho m\u00e1s sencilla. <b>Pero el problema es mucho m\u00e1s grande. Ya no es solo la gente que se marcha de los pueblos, donde la juventud escasea, tambi\u00e9n es que Asturias se est\u00e1 volviendo un pa\u00eds para viejos: no tiene un mercado laboral que acoja el capital humano en el que ha invertido y la poblaci\u00f3n que entra en edad laboral se ve obligada a emigrar.<\/b> Y, afirma Jaime, que el problema no es que se marchen, sino que no quieran volver:<\/p><p style=\"padding-left: 40px;\">-Es importante formarse y ver mundo. Pero tambi\u00e9n es importante volver para aplicarlo aqu\u00ed.<\/p><p>Habla desde su experiencia personal, de cuando le dieron una beca en Alemania que le abri\u00f3 los ojos en muchos sentidos.<b> Le preocupa la fuga de cerebros, creciente en la regi\u00f3n: Asturias invierte en la formaci\u00f3n de estudiantes\u2013 primaria, secundaria, bachiller e incluso, en algunos casos, la universidad-, pero no obtiene contrapartida. <\/b>Es por la incapacidad de integrar a los j\u00f3venes y no tan j\u00f3venes dentro del mercado laboral: no existen puestos de trabajo que se adapten a su preparaci\u00f3n, exigencias y necesidades.\u00a0<\/p><p>Pero tarde no significa tarde y mal. No tiene por qu\u00e9 significar eso.<\/p><p>Para \u00e9l, las soluciones para la repoblaci\u00f3n y recuperaci\u00f3n de la Asturias rural empiezan desde el respeto al saber popular. <b>Habla de un tipo de \u201cciudad <em>agropolitana <\/em>y aldea cosmopolita\u201d <em>\u2013<\/em> as\u00ed titul\u00f3 uno de sus libros, publicado en diciembre de 2019-, en la que conviva un sistema agroecol\u00f3gico local, con mercado propio, con las nuevas tecnolog\u00edas y un sistema energ\u00e9tico, para que la aldea no se quede atr\u00e1s mientras las ciudades avanzan. <\/b>Explica, adem\u00e1s, que hay que eliminar los estereotipos del mundo rural y revalorizar su cultura.<\/p><p>Plantea una simbiosis entre la modernidad y lo agreste, con nuevas industrias agroalimentarias. Por ejemplo, plantaciones de zanahorias o aguacates, ya que el sustrato de Asturias es id\u00f3neo para ello. De esta forma, la gente vivir\u00eda en el entorno de la empresa. Tambi\u00e9n hace hincapi\u00e9 en corregir las deficiencias de la cadena de procesado de los alimentos: no puede ser que un ternero se compre a los ganaderos a precio de saldo y se venda en un restaurante al del oro. <b>Pero para eso, hace falta una gran inversi\u00f3n y lo que es m\u00e1s importante: un cambio de mentalidad.<\/b> Hay que dejar atr\u00e1s el discurso del\u00a0<em>babayo\u00a0<\/em>y escuchar a quienes habitan los pueblos. No como ocurri\u00f3 con el lobo, que no lo hicieron y ahora toca lidiar con sus protestas.\u00a0 <b>A su vez, hasta ellos tiene que llegar la modernidad: internet, carreteras y diversidad social. Que no sean dos mundos.\u00a0<\/b><\/p>\t\t\t\t\t\t\t\t<\/div>\n\t\t\t\t<\/div>\n\t\t\t\t\t<\/div>\n\t\t<\/div>\n\t\t\t\t\t<\/div>\n\t\t<\/section>\n\t\t\t\t<section class=\"elementor-section elementor-top-section elementor-element elementor-element-62d516f elementor-section-boxed elementor-section-height-default elementor-section-height-default\" data-id=\"62d516f\" data-element_type=\"section\" data-e-type=\"section\">\n\t\t\t\t\t\t<div class=\"elementor-container elementor-column-gap-default\">\n\t\t\t\t\t<div class=\"elementor-column elementor-col-100 elementor-top-column elementor-element elementor-element-7f8bdf3\" data-id=\"7f8bdf3\" data-element_type=\"column\" data-e-type=\"column\">\n\t\t\t<div class=\"elementor-widget-wrap elementor-element-populated\">\n\t\t\t\t\t\t<div class=\"elementor-element elementor-element-03d3263 elementor-widget elementor-widget-image\" data-id=\"03d3263\" data-element_type=\"widget\" data-e-type=\"widget\" data-widget_type=\"image.default\">\n\t\t\t\t<div class=\"elementor-widget-container\">\n\t\t\t\t\t\t\t\t\t\t\t\t<figure class=\"wp-caption\">\n\t\t\t\t\t\t\t\t\t\t<img decoding=\"async\" width=\"1509\" height=\"1080\" src=\"http:\/\/undesiertoasturiano.practicasdeperiodismo.com\/wp-content\/uploads\/2021\/05\/Vecinos-orlelianos-1509x1080.jpg\" class=\"attachment-mesmerize-full-hd size-mesmerize-full-hd wp-image-894\" alt=\"\" srcset=\"http:\/\/undesiertoasturiano.practicasdeperiodismo.com\/wp-content\/uploads\/2021\/05\/Vecinos-orlelianos-1509x1080.jpg 1509w, http:\/\/undesiertoasturiano.practicasdeperiodismo.com\/wp-content\/uploads\/2021\/05\/Vecinos-orlelianos-300x215.jpg 300w, http:\/\/undesiertoasturiano.practicasdeperiodismo.com\/wp-content\/uploads\/2021\/05\/Vecinos-orlelianos-1024x733.jpg 1024w, http:\/\/undesiertoasturiano.practicasdeperiodismo.com\/wp-content\/uploads\/2021\/05\/Vecinos-orlelianos-768x550.jpg 768w, http:\/\/undesiertoasturiano.practicasdeperiodismo.com\/wp-content\/uploads\/2021\/05\/Vecinos-orlelianos-1536x1099.jpg 1536w, http:\/\/undesiertoasturiano.practicasdeperiodismo.com\/wp-content\/uploads\/2021\/05\/Vecinos-orlelianos-2048x1465.jpg 2048w, http:\/\/undesiertoasturiano.practicasdeperiodismo.com\/wp-content\/uploads\/2021\/05\/Vecinos-orlelianos-162x116.jpg 162w\" sizes=\"(max-width: 1509px) 100vw, 1509px\" \/>\t\t\t\t\t\t\t\t\t\t\t<figcaption class=\"widget-image-caption wp-caption-text\">Los vecinos de Orl\u00e9 se toman un descanso cuando finaliza la tarde todos juntos, despu\u00e9s de haber guardado a las vacas y antes de limpiar la cuadra. CC-BY- SA 4.0<\/figcaption>\n\t\t\t\t\t\t\t\t\t\t<\/figure>\n\t\t\t\t\t\t\t\t\t<\/div>\n\t\t\t\t<\/div>\n\t\t\t\t\t<\/div>\n\t\t<\/div>\n\t\t\t\t\t<\/div>\n\t\t<\/section>\n\t\t\t\t<section class=\"elementor-section elementor-top-section elementor-element elementor-element-dcc150b elementor-section-boxed elementor-section-height-default elementor-section-height-default\" data-id=\"dcc150b\" data-element_type=\"section\" data-e-type=\"section\">\n\t\t\t\t\t\t<div class=\"elementor-container elementor-column-gap-default\">\n\t\t\t\t\t<div class=\"elementor-column elementor-col-100 elementor-top-column elementor-element elementor-element-6e51c86\" data-id=\"6e51c86\" data-element_type=\"column\" data-e-type=\"column\">\n\t\t\t<div class=\"elementor-widget-wrap elementor-element-populated\">\n\t\t\t\t\t\t<div class=\"elementor-element elementor-element-603f2fa elementor-widget elementor-widget-heading\" data-id=\"603f2fa\" data-element_type=\"widget\" data-e-type=\"widget\" data-widget_type=\"heading.default\">\n\t\t\t\t<div class=\"elementor-widget-container\">\n\t\t\t\t\t<h3 class=\"elementor-heading-title elementor-size-default\">Posibilidades <\/h3>\t\t\t\t<\/div>\n\t\t\t\t<\/div>\n\t\t\t\t<div class=\"elementor-element elementor-element-83dac4e elementor-widget elementor-widget-text-editor\" data-id=\"83dac4e\" data-element_type=\"widget\" data-e-type=\"widget\" data-widget_type=\"text-editor.default\">\n\t\t\t\t<div class=\"elementor-widget-container\">\n\t\t\t\t\t\t\t\t\t<p>Tarde sigue sin significar tarde y mal.<\/p><p>Jes\u00fas Arango habla a trav\u00e9s de la pantalla desde su casa en Los Cabos, una peque\u00f1a aldea de Pravia. Est\u00e1 en cuarentena una cuarentena voluntaria, y su aldea se ha vuelto su burbuja: \u00a0<\/p><p style=\"padding-left: 40px;\">&#8211; Si no aqu\u00ed no hubiera llegado el internet, no podr\u00eda ver a mi nieto.<\/p><p>Es exprofesor de econom\u00eda de la Universidad de Oviedo y fue consejero de Agricultura y Pesca del Principado de Asturias desde 1982 hasta 1987. Habla del internet, de lo importante que es para evitar el ostracismo y de lo poco frecuente que es que haya buena conexi\u00f3n en el monte: el internet es la identidad de la modernidad. Quien no tiene, se queda atr\u00e1s.<\/p><p><b>Arango explica que no hay una Asturias, sino varias: las Asturias. Que es una regi\u00f3n diversa y plural, y que no se puede hablar de un solo problema y de una soluci\u00f3n, sino desgranarlos en varios peque\u00f1os e interrelacionados. <\/b>Lo principal, seg\u00fan Arango, es que Asturias es una regi\u00f3n dual: donde se acumula el dinero, que es en las capitales y antes fue en las regiones mineras, y donde no, en el \u00e1mbito rural donde los campesinos estuvieron explotados y que no tiene que ver con la visi\u00f3n buc\u00f3lica, id\u00edlica y nost\u00e1lgica de los libros. <strong>I<\/strong><b>ncide adem\u00e1s Arango que no hay que hablar de vac\u00edo sino de desierto: no es que no haya nada, es que se est\u00e1 volviendo marr\u00f3n.<\/b> Y est\u00e1 a punto de hacerse irreversible. Marr\u00f3n, marr\u00f3n, marr\u00f3n:<\/p><p style=\"padding-left: 40px;\">&#8211; El paisaje lo hacen las personas. Y el desierto marr\u00f3n avanza.<\/p><p>El para\u00edso que se vuelve marr\u00f3n porque no era natural, sino que ven\u00eda de la mano del hombre. Como una postal que se ennegrece y una foto que, con el tiempo y el polvo, ya no le queda rastro del color que antes ten\u00eda.\u00a0 Las pol\u00edticas llegan tarde, afirma Jes\u00fas, pero lo importante es que lleguen:<\/p><p style=\"padding-left: 40px;\">&#8211; Hace falta un an\u00e1lisis cr\u00edtico y profundo de la situaci\u00f3n. No valen pol\u00edticas sectoriales ni medidas horizontales, sino una visi\u00f3n a largo plazo. Aqu\u00ed, en Asturias, se deber\u00eda modular por parroquias \u2013 entidades singulares de poblaci\u00f3n. Hace falta tambi\u00e9n un cambio profundo en la visi\u00f3n de Asturias.<\/p><p>Hay un trasfondo hist\u00f3rico. Lo cuenta en su libro <em>Montes comunales en Asturias y otras cuestiones agrarias<\/em>: el sistema tradicional de reparto del campo era desigual, con un fuerte minifundismo agrario de grandes propietarios, e indefinici\u00f3n en el reparto de las tierras. A ello se le suma la baja rentabilidad del campo, la miseria del campesinado, las dificultades de acceso \u2013 carreteras que llegaron tarde y mal-, el modelo de poblamiento disperso y una prestaci\u00f3n de servicios dificultosa, que funciona a ratos.<\/p><p><strong>Y, <\/strong><b>si esos eran los problemas tradicionales, se han a\u00f1adido otros: la fuga de cerebros, incapacidad del sistema productivo de integrar a nuevos trabajadores, el sobrenvejecimiento de la poblaci\u00f3n, la concentraci\u00f3n de un mayor n\u00famero de personas en un menor espacio, todo eso<\/b>. Es que ni los burros vuelan, ni se puede vivir del aire, ni las vacas viejas paren. Y nadie se quiere mudar a vivir en el campo. No hace falta ser ganadero para saber eso.<\/p><p><strong>\u00bfEs un proceso reversible? La pregunta del mill\u00f3n \u2013del mill\u00f3n de habitantes del territorio asturiano.<\/strong> Arango se considera optimista, pero no le falta realismo a su respuesta:<\/p><p style=\"padding-left: 40px;\"><span style=\"font-family: var( --e-global-typography-text-font-family ), Sans-serif; font-weight: var( --e-global-typography-text-font-weight ); background-color: transparent;\">&#8211; Depender\u00e1 de lo que hagamos los propios asturianos.<\/span><\/p><p>Firme, claro y conciso propone un marem\u00e1gnum de soluciones que abren posibilidades de futuro. Un futuro verde. <strong>Todas ellas parten de la misma premisa que no deja de recitar Jaime Izquierdo: revalorizar a los jardineros del paisaje, al entorno rural.<\/strong> Su planteamiento es la combinaci\u00f3n de varios sectores, por ejemplo, la ganader\u00eda y el turismo.<\/p><p>Una de las opciones que propone Arango es una especie de \u201cgranja escuela\u201d, donde el visitante pueda dormir, por un lado, y por el otro, est\u00e9 en contacto con los animales. <b>Tambi\u00e9n habla de la integraci\u00f3n de industrias deslocalizadas en el territorio (alejadas del n\u00facleo urbano), como lo que se hizo en Villaviciosa con el Instituto de Productos L\u00e1cteos- que ahora se muda a Oviedo, contribuyendo a la despoblaci\u00f3n-, y de la rentabilizaci\u00f3n inteligente de los espacios protegidos: algo similar a lo que est\u00e1 ocurriendo en Somiedo con los avistamientos de osos, que se hacen visitas guiadas con gu\u00edas de la zona.<\/b> Siempre pensando en la necesidad de buenas conexiones.<span style=\"text-indent: -18pt; font-family: var( --e-global-typography-text-font-family ), Sans-serif; font-weight: var( --e-global-typography-text-font-weight ); background-color: transparent;\">\u00a0<\/span><\/p><p style=\"margin-left: 36.0pt; text-indent: -18.0pt; mso-list: l0 level1 lfo1;\">\u00a0<\/p>\t\t\t\t\t\t\t\t<\/div>\n\t\t\t\t<\/div>\n\t\t\t\t\t<\/div>\n\t\t<\/div>\n\t\t\t\t\t<\/div>\n\t\t<\/section>\n\t\t\t\t<section class=\"elementor-section elementor-top-section elementor-element elementor-element-66cfbbe elementor-section-boxed elementor-section-height-default elementor-section-height-default\" data-id=\"66cfbbe\" data-element_type=\"section\" data-e-type=\"section\">\n\t\t\t\t\t\t<div class=\"elementor-container elementor-column-gap-default\">\n\t\t\t\t\t<div class=\"elementor-column elementor-col-100 elementor-top-column elementor-element elementor-element-ccb8724\" data-id=\"ccb8724\" data-element_type=\"column\" data-e-type=\"column\">\n\t\t\t<div class=\"elementor-widget-wrap elementor-element-populated\">\n\t\t\t\t\t\t<div class=\"elementor-element elementor-element-9520967 elementor-widget elementor-widget-html\" data-id=\"9520967\" data-element_type=\"widget\" data-e-type=\"widget\" data-widget_type=\"html.default\">\n\t\t\t\t<div class=\"elementor-widget-container\">\n\t\t\t\t\t<div class=\"container-wrapper-genially\" style=\"position: relative; min-height: 400px; max-width: 100%;\"><video class=\"loader-genially\" autoplay=\"autoplay\" loop=\"loop\" playsinline=\"playsInline\" muted=\"muted\" style=\"position: absolute;top: 45%;left: 50%;transform: translate(-50%, -50%);width: 80px;height: 80px;margin-bottom: 10%\"><source src=\"https:\/\/static.genial.ly\/resources\/panel-loader-low.mp4\" type=\"video\/mp4\" \/>Your browser does not support the video tag.<\/video><div id=\"609bc873d22b940dcff666c0\" class=\"genially-embed\" style=\"margin: 0px auto; position: relative; height: auto; width: 100%;\"><\/div><\/div><script>(function (d) { var js, id = \"genially-embed-js\", ref = d.getElementsByTagName(\"script\")[0]; if (d.getElementById(id)) { return; } js = d.createElement(\"script\"); js.id = id; js.async = true; js.src = \"https:\/\/view.genial.ly\/static\/embed\/embed.js\"; ref.parentNode.insertBefore(js, ref); }(document));<\/script>\t\t\t\t<\/div>\n\t\t\t\t<\/div>\n\t\t\t\t\t<\/div>\n\t\t<\/div>\n\t\t\t\t\t<\/div>\n\t\t<\/section>\n\t\t\t\t<section class=\"elementor-section elementor-top-section elementor-element elementor-element-78b483c elementor-section-boxed elementor-section-height-default elementor-section-height-default\" data-id=\"78b483c\" data-element_type=\"section\" data-e-type=\"section\">\n\t\t\t\t\t\t<div class=\"elementor-container elementor-column-gap-default\">\n\t\t\t\t\t<div class=\"elementor-column elementor-col-100 elementor-top-column elementor-element elementor-element-ea69b54\" data-id=\"ea69b54\" data-element_type=\"column\" data-e-type=\"column\">\n\t\t\t<div class=\"elementor-widget-wrap elementor-element-populated\">\n\t\t\t\t\t\t<div class=\"elementor-element elementor-element-d531ce8 elementor-widget elementor-widget-text-editor\" data-id=\"d531ce8\" data-element_type=\"widget\" data-e-type=\"widget\" data-widget_type=\"text-editor.default\">\n\t\t\t\t<div class=\"elementor-widget-container\">\n\t\t\t\t\t\t\t\t\t<p>Eva, la de Orl\u00e9, tambi\u00e9n plantea ideas de lo que a ella le gustar\u00eda. Propone, por ejemplo, la revisi\u00f3n del catastro, que en Asturias<i>\u201c<\/i>est\u00e1&nbsp;<i>fecho&nbsp;<\/i>mierda\u201d. Desde la ingenier\u00eda geom\u00e1tica y trabajando con drones, as\u00ed como con un estudio hist\u00f3rico detallado, hay muchas formas de determinar las lindes de los prados y de los bosques comunales, por ejemplo.<\/p>\n<p><b>A veces, siente como si tuviera que elegir entre trabajar o vivir en Asturias. <\/b>Ella quiere seguir levant\u00e1ndose y viendo las monta\u00f1as desde su ventana. Y , adem\u00e1s, odia conducir en las ciudades y a la gente con prisa, que no se sabe el nombre de sus vecinos. Lo que le gusta es disfrutar del silencio y el monte, sobre todo la pe\u00f1a que tiene delante de casa. Ella s\u00ed que conoce a todo su pueblo.&nbsp;&nbsp;Aunque a veces hablen de m\u00e1s y todo se sepa, porque es lo que tienen, ella quiere su comunidad: Ir a las sextaferias y discutir en la \u201cSala de Juntas\u201d. Si pudiera. No deber\u00eda tener que elegir. <b>Pero parece que tiene la decisi\u00f3n tomada: marcharse. La pregunta no es si va antes el huevo o la gallina, porque el huevo y la gallina tienen que ir a la vez.<\/b><\/p>\n<p>Carlos L\u00f3pez apura junto a Lolo el \u00faltimo trago de cerveza mientras cae la tarde. <strong>So<\/strong><b>n casi parte de un paisaje que permanece en calma, como parado en el tiempo. Algunos coches que pasan por la carretera de enfrente pitan al pasar en modo de saludo, otros incluso se detienen un rato. <\/b>Desde all\u00ed, vio Lolo marcharse a su familia, como los vaqueiros: con la casa a cuestas. En ese mismo patio, en esa misma puerta, delante de las mismas paredes. Por eso temen que no haya nada que hacer. <b>Pero, en el fondo, tienen una peque\u00f1a esperanza de que el proceso sea reversible, una chispa verde<\/b>. Nace en gente como Cristian, el hijo de Carlos, que a sus veinte a\u00f1os volvi\u00f3 a vivir al pueblo, o con el turismo, que abri\u00f3&nbsp; desde los ochenta en las zonas rurales nuevas oportunidades.&nbsp;<\/p><p>A\u00fan falta mucho por recorrer: esa chispa se apaga cuando llega el verano y el agua escasea porque hay demasiada gente, la carretera sigue argayada, tienen muchas trabas para todo y las muertes superan a los nacimientos. Mucho ruido&nbsp; y pocas nueces<span style=\"font-family: var( --e-global-typography-text-font-family ), Sans-serif; font-weight: var( --e-global-typography-text-font-weight ); background-color: transparent;\">. Es hast\u00edo y cansancio de lo mismo<\/span><span style=\"font-family: var( --e-global-typography-text-font-family ), Sans-serif; font-weight: var( --e-global-typography-text-font-weight ); background-color: transparent;\">. Carlos, el de Cor\u00e9s, revierte roles y hace la \u00faltima pregunta. Tiene la mirada fija, la cerveza ya acabada y est\u00e1 punto de regresar a su casa:<\/span><\/p>\n<p style=\"padding-left: 40px;\">&#8211; Y t\u00fa, \u00bfte quedar\u00edas a vivir aqu\u00ed?<\/p>\t\t\t\t\t\t\t\t<\/div>\n\t\t\t\t<\/div>\n\t\t\t\t\t<\/div>\n\t\t<\/div>\n\t\t\t\t\t<\/div>\n\t\t<\/section>\n\t\t\t\t<section class=\"elementor-section elementor-top-section elementor-element elementor-element-c6086a7 elementor-section-boxed elementor-section-height-default elementor-section-height-default\" data-id=\"c6086a7\" data-element_type=\"section\" data-e-type=\"section\">\n\t\t\t\t\t\t<div class=\"elementor-container elementor-column-gap-default\">\n\t\t\t\t\t<div class=\"elementor-column elementor-col-50 elementor-top-column elementor-element elementor-element-3bca841\" data-id=\"3bca841\" data-element_type=\"column\" data-e-type=\"column\">\n\t\t\t<div class=\"elementor-widget-wrap elementor-element-populated\">\n\t\t\t\t\t\t<div class=\"elementor-element elementor-element-45e0297 elementor-widget elementor-widget-button\" data-id=\"45e0297\" data-element_type=\"widget\" data-e-type=\"widget\" data-widget_type=\"button.default\">\n\t\t\t\t<div class=\"elementor-widget-container\">\n\t\t\t\t\t\t\t\t\t<div class=\"elementor-button-wrapper\">\n\t\t\t\t\t<a class=\"elementor-button elementor-button-link elementor-size-sm elementor-animation-pulse\" href=\"http:\/\/undesiertoasturiano.practicasdeperiodismo.com\/index.php\/sombras-piedras-y-palos\/\">\n\t\t\t\t\t\t<span class=\"elementor-button-content-wrapper\">\n\t\t\t\t\t\t<span class=\"elementor-button-icon\">\n\t\t\t\t<i aria-hidden=\"true\" class=\"fas fa-arrow-left\"><\/i>\t\t\t<\/span>\n\t\t\t\t\t\t\t\t\t<span class=\"elementor-button-text\">Sombras, piedras y palos <\/span>\n\t\t\t\t\t<\/span>\n\t\t\t\t\t<\/a>\n\t\t\t\t<\/div>\n\t\t\t\t\t\t\t\t<\/div>\n\t\t\t\t<\/div>\n\t\t\t\t\t<\/div>\n\t\t<\/div>\n\t\t\t\t<div class=\"elementor-column elementor-col-50 elementor-top-column elementor-element elementor-element-4926f46\" data-id=\"4926f46\" data-element_type=\"column\" data-e-type=\"column\">\n\t\t\t<div class=\"elementor-widget-wrap elementor-element-populated\">\n\t\t\t\t\t\t<div class=\"elementor-element elementor-element-4cdbac2 elementor-align-right elementor-widget elementor-widget-button\" data-id=\"4cdbac2\" data-element_type=\"widget\" data-e-type=\"widget\" data-widget_type=\"button.default\">\n\t\t\t\t<div class=\"elementor-widget-container\">\n\t\t\t\t\t\t\t\t\t<div class=\"elementor-button-wrapper\">\n\t\t\t\t\t<a class=\"elementor-button elementor-button-link elementor-size-sm elementor-animation-pulse\" href=\"http:\/\/undesiertoasturiano.practicasdeperiodismo.com\/index.php\/el-principio-del-fin\/\">\n\t\t\t\t\t\t<span class=\"elementor-button-content-wrapper\">\n\t\t\t\t\t\t<span class=\"elementor-button-icon\">\n\t\t\t\t<i aria-hidden=\"true\" class=\"fas fa-arrow-right\"><\/i>\t\t\t<\/span>\n\t\t\t\t\t\t\t\t\t<span class=\"elementor-button-text\">Empezar a leer de nuevo: el principio del fin<\/span>\n\t\t\t\t\t<\/span>\n\t\t\t\t\t<\/a>\n\t\t\t\t<\/div>\n\t\t\t\t\t\t\t\t<\/div>\n\t\t\t\t<\/div>\n\t\t\t\t\t<\/div>\n\t\t<\/div>\n\t\t\t\t\t<\/div>\n\t\t<\/section>\n\t\t\t\t<\/div>\n\t\t","protected":false},"excerpt":{"rendered":"<p>El abandono acecha a una Asturias que lucha por salir a flote. Sin embargo, los problemas estructurales que arrastra la regi\u00f3n dificultan la revitalizaci\u00f3n. Hace falta una gran inversi\u00f3n y pol\u00edticas activas; \u00bfqu\u00e9 deparar\u00e1 el futuro? Parque e\u00f3lico de Tineo. CC-BY-SA 4.0 &#8211; Nos sentimos olvidados. Carlos L\u00f3pez, que reposa en la puerta del chigre&hellip; <br \/> <a class=\"read-more\" href=\"http:\/\/undesiertoasturiano.practicasdeperiodismo.com\/index.php\/una-chispa-verde\/\">Read more<\/a><\/p>\n","protected":false},"author":2,"featured_media":0,"parent":0,"menu_order":0,"comment_status":"closed","ping_status":"closed","template":"","meta":{"footnotes":""},"class_list":["post-870","page","type-page","status-publish","hentry"],"yoast_head":"<!-- This site is optimized with the Yoast SEO plugin v26.2 - https:\/\/yoast.com\/wordpress\/plugins\/seo\/ -->\n<title>Una chispa verde - El \u00faltimo grito de la tierra<\/title>\n<meta name=\"robots\" content=\"index, follow, max-snippet:-1, max-image-preview:large, max-video-preview:-1\" \/>\n<link rel=\"canonical\" href=\"http:\/\/undesiertoasturiano.practicasdeperiodismo.com\/index.php\/una-chispa-verde\/\" \/>\n<meta property=\"og:locale\" content=\"en_US\" \/>\n<meta property=\"og:type\" content=\"article\" \/>\n<meta property=\"og:title\" content=\"Una chispa verde - El \u00faltimo grito de la tierra\" \/>\n<meta property=\"og:description\" content=\"El abandono acecha a una Asturias que lucha por salir a flote. Sin embargo, los problemas estructurales que arrastra la regi\u00f3n dificultan la revitalizaci\u00f3n. Hace falta una gran inversi\u00f3n y pol\u00edticas activas; \u00bfqu\u00e9 deparar\u00e1 el futuro? Parque e\u00f3lico de Tineo. CC-BY-SA 4.0 &#8211; Nos sentimos olvidados. Carlos L\u00f3pez, que reposa en la puerta del chigre&hellip; Read more\" \/>\n<meta property=\"og:url\" content=\"http:\/\/undesiertoasturiano.practicasdeperiodismo.com\/index.php\/una-chispa-verde\/\" \/>\n<meta property=\"og:site_name\" content=\"El \u00faltimo grito de la tierra\" \/>\n<meta property=\"article:modified_time\" content=\"2021-06-06T12:34:42+00:00\" \/>\n<meta property=\"og:image\" content=\"http:\/\/undesiertoasturiano.practicasdeperiodismo.com\/wp-content\/uploads\/2021\/05\/IMG_7335-1024x768.jpg\" \/>\n<meta name=\"twitter:card\" content=\"summary_large_image\" \/>\n<meta name=\"twitter:label1\" content=\"Est. reading time\" \/>\n\t<meta name=\"twitter:data1\" content=\"10 minutes\" \/>\n<script type=\"application\/ld+json\" class=\"yoast-schema-graph\">{\"@context\":\"https:\/\/schema.org\",\"@graph\":[{\"@type\":\"WebPage\",\"@id\":\"http:\/\/undesiertoasturiano.practicasdeperiodismo.com\/index.php\/una-chispa-verde\/\",\"url\":\"http:\/\/undesiertoasturiano.practicasdeperiodismo.com\/index.php\/una-chispa-verde\/\",\"name\":\"Una chispa verde - El \u00faltimo grito de la tierra\",\"isPartOf\":{\"@id\":\"http:\/\/undesiertoasturiano.practicasdeperiodismo.com\/#website\"},\"primaryImageOfPage\":{\"@id\":\"http:\/\/undesiertoasturiano.practicasdeperiodismo.com\/index.php\/una-chispa-verde\/#primaryimage\"},\"image\":{\"@id\":\"http:\/\/undesiertoasturiano.practicasdeperiodismo.com\/index.php\/una-chispa-verde\/#primaryimage\"},\"thumbnailUrl\":\"http:\/\/undesiertoasturiano.practicasdeperiodismo.com\/wp-content\/uploads\/2021\/05\/IMG_7335-1024x768.jpg\",\"datePublished\":\"2021-05-11T22:54:38+00:00\",\"dateModified\":\"2021-06-06T12:34:42+00:00\",\"breadcrumb\":{\"@id\":\"http:\/\/undesiertoasturiano.practicasdeperiodismo.com\/index.php\/una-chispa-verde\/#breadcrumb\"},\"inLanguage\":\"en-US\",\"potentialAction\":[{\"@type\":\"ReadAction\",\"target\":[\"http:\/\/undesiertoasturiano.practicasdeperiodismo.com\/index.php\/una-chispa-verde\/\"]}]},{\"@type\":\"ImageObject\",\"inLanguage\":\"en-US\",\"@id\":\"http:\/\/undesiertoasturiano.practicasdeperiodismo.com\/index.php\/una-chispa-verde\/#primaryimage\",\"url\":\"http:\/\/undesiertoasturiano.practicasdeperiodismo.com\/wp-content\/uploads\/2021\/05\/IMG_7335-1024x768.jpg\",\"contentUrl\":\"http:\/\/undesiertoasturiano.practicasdeperiodismo.com\/wp-content\/uploads\/2021\/05\/IMG_7335-1024x768.jpg\"},{\"@type\":\"BreadcrumbList\",\"@id\":\"http:\/\/undesiertoasturiano.practicasdeperiodismo.com\/index.php\/una-chispa-verde\/#breadcrumb\",\"itemListElement\":[{\"@type\":\"ListItem\",\"position\":1,\"name\":\"Portada\",\"item\":\"http:\/\/undesiertoasturiano.practicasdeperiodismo.com\/\"},{\"@type\":\"ListItem\",\"position\":2,\"name\":\"Una chispa verde\"}]},{\"@type\":\"WebSite\",\"@id\":\"http:\/\/undesiertoasturiano.practicasdeperiodismo.com\/#website\",\"url\":\"http:\/\/undesiertoasturiano.practicasdeperiodismo.com\/\",\"name\":\"El \u00faltimo grito de la tierra\",\"description\":\"\",\"potentialAction\":[{\"@type\":\"SearchAction\",\"target\":{\"@type\":\"EntryPoint\",\"urlTemplate\":\"http:\/\/undesiertoasturiano.practicasdeperiodismo.com\/?s={search_term_string}\"},\"query-input\":{\"@type\":\"PropertyValueSpecification\",\"valueRequired\":true,\"valueName\":\"search_term_string\"}}],\"inLanguage\":\"en-US\"}]}<\/script>\n<!-- \/ Yoast SEO plugin. -->","yoast_head_json":{"title":"Una chispa verde - El \u00faltimo grito de la tierra","robots":{"index":"index","follow":"follow","max-snippet":"max-snippet:-1","max-image-preview":"max-image-preview:large","max-video-preview":"max-video-preview:-1"},"canonical":"http:\/\/undesiertoasturiano.practicasdeperiodismo.com\/index.php\/una-chispa-verde\/","og_locale":"en_US","og_type":"article","og_title":"Una chispa verde - El \u00faltimo grito de la tierra","og_description":"El abandono acecha a una Asturias que lucha por salir a flote. Sin embargo, los problemas estructurales que arrastra la regi\u00f3n dificultan la revitalizaci\u00f3n. Hace falta una gran inversi\u00f3n y pol\u00edticas activas; \u00bfqu\u00e9 deparar\u00e1 el futuro? Parque e\u00f3lico de Tineo. CC-BY-SA 4.0 &#8211; Nos sentimos olvidados. Carlos L\u00f3pez, que reposa en la puerta del chigre&hellip; Read more","og_url":"http:\/\/undesiertoasturiano.practicasdeperiodismo.com\/index.php\/una-chispa-verde\/","og_site_name":"El \u00faltimo grito de la tierra","article_modified_time":"2021-06-06T12:34:42+00:00","og_image":[{"url":"http:\/\/undesiertoasturiano.practicasdeperiodismo.com\/wp-content\/uploads\/2021\/05\/IMG_7335-1024x768.jpg","type":"","width":"","height":""}],"twitter_card":"summary_large_image","twitter_misc":{"Est. reading time":"10 minutes"},"schema":{"@context":"https:\/\/schema.org","@graph":[{"@type":"WebPage","@id":"http:\/\/undesiertoasturiano.practicasdeperiodismo.com\/index.php\/una-chispa-verde\/","url":"http:\/\/undesiertoasturiano.practicasdeperiodismo.com\/index.php\/una-chispa-verde\/","name":"Una chispa verde - El \u00faltimo grito de la tierra","isPartOf":{"@id":"http:\/\/undesiertoasturiano.practicasdeperiodismo.com\/#website"},"primaryImageOfPage":{"@id":"http:\/\/undesiertoasturiano.practicasdeperiodismo.com\/index.php\/una-chispa-verde\/#primaryimage"},"image":{"@id":"http:\/\/undesiertoasturiano.practicasdeperiodismo.com\/index.php\/una-chispa-verde\/#primaryimage"},"thumbnailUrl":"http:\/\/undesiertoasturiano.practicasdeperiodismo.com\/wp-content\/uploads\/2021\/05\/IMG_7335-1024x768.jpg","datePublished":"2021-05-11T22:54:38+00:00","dateModified":"2021-06-06T12:34:42+00:00","breadcrumb":{"@id":"http:\/\/undesiertoasturiano.practicasdeperiodismo.com\/index.php\/una-chispa-verde\/#breadcrumb"},"inLanguage":"en-US","potentialAction":[{"@type":"ReadAction","target":["http:\/\/undesiertoasturiano.practicasdeperiodismo.com\/index.php\/una-chispa-verde\/"]}]},{"@type":"ImageObject","inLanguage":"en-US","@id":"http:\/\/undesiertoasturiano.practicasdeperiodismo.com\/index.php\/una-chispa-verde\/#primaryimage","url":"http:\/\/undesiertoasturiano.practicasdeperiodismo.com\/wp-content\/uploads\/2021\/05\/IMG_7335-1024x768.jpg","contentUrl":"http:\/\/undesiertoasturiano.practicasdeperiodismo.com\/wp-content\/uploads\/2021\/05\/IMG_7335-1024x768.jpg"},{"@type":"BreadcrumbList","@id":"http:\/\/undesiertoasturiano.practicasdeperiodismo.com\/index.php\/una-chispa-verde\/#breadcrumb","itemListElement":[{"@type":"ListItem","position":1,"name":"Portada","item":"http:\/\/undesiertoasturiano.practicasdeperiodismo.com\/"},{"@type":"ListItem","position":2,"name":"Una chispa verde"}]},{"@type":"WebSite","@id":"http:\/\/undesiertoasturiano.practicasdeperiodismo.com\/#website","url":"http:\/\/undesiertoasturiano.practicasdeperiodismo.com\/","name":"El \u00faltimo grito de la tierra","description":"","potentialAction":[{"@type":"SearchAction","target":{"@type":"EntryPoint","urlTemplate":"http:\/\/undesiertoasturiano.practicasdeperiodismo.com\/?s={search_term_string}"},"query-input":{"@type":"PropertyValueSpecification","valueRequired":true,"valueName":"search_term_string"}}],"inLanguage":"en-US"}]}},"_links":{"self":[{"href":"http:\/\/undesiertoasturiano.practicasdeperiodismo.com\/index.php\/wp-json\/wp\/v2\/pages\/870","targetHints":{"allow":["GET"]}}],"collection":[{"href":"http:\/\/undesiertoasturiano.practicasdeperiodismo.com\/index.php\/wp-json\/wp\/v2\/pages"}],"about":[{"href":"http:\/\/undesiertoasturiano.practicasdeperiodismo.com\/index.php\/wp-json\/wp\/v2\/types\/page"}],"author":[{"embeddable":true,"href":"http:\/\/undesiertoasturiano.practicasdeperiodismo.com\/index.php\/wp-json\/wp\/v2\/users\/2"}],"replies":[{"embeddable":true,"href":"http:\/\/undesiertoasturiano.practicasdeperiodismo.com\/index.php\/wp-json\/wp\/v2\/comments?post=870"}],"version-history":[{"count":85,"href":"http:\/\/undesiertoasturiano.practicasdeperiodismo.com\/index.php\/wp-json\/wp\/v2\/pages\/870\/revisions"}],"predecessor-version":[{"id":1336,"href":"http:\/\/undesiertoasturiano.practicasdeperiodismo.com\/index.php\/wp-json\/wp\/v2\/pages\/870\/revisions\/1336"}],"wp:attachment":[{"href":"http:\/\/undesiertoasturiano.practicasdeperiodismo.com\/index.php\/wp-json\/wp\/v2\/media?parent=870"}],"curies":[{"name":"wp","href":"https:\/\/api.w.org\/{rel}","templated":true}]}}