{"id":750,"date":"2021-05-11T14:30:38","date_gmt":"2021-05-11T14:30:38","guid":{"rendered":"http:\/\/undesiertoasturiano.practicasdeperiodismo.com\/?page_id=750"},"modified":"2021-06-07T10:30:03","modified_gmt":"2021-06-07T10:30:03","slug":"sombras-piedras-y-palos","status":"publish","type":"page","link":"http:\/\/undesiertoasturiano.practicasdeperiodismo.com\/index.php\/sombras-piedras-y-palos\/","title":{"rendered":"Sombras, piedras y palos"},"content":{"rendered":"\t\t<div data-elementor-type=\"wp-page\" data-elementor-id=\"750\" class=\"elementor elementor-750\">\n\t\t\t\t\t\t<section class=\"elementor-section elementor-top-section elementor-element elementor-element-bd653cb elementor-section-boxed elementor-section-height-default elementor-section-height-default\" data-id=\"bd653cb\" data-element_type=\"section\" data-e-type=\"section\">\n\t\t\t\t\t\t<div class=\"elementor-container elementor-column-gap-default\">\n\t\t\t\t\t<div class=\"elementor-column elementor-col-100 elementor-top-column elementor-element elementor-element-516ae5a\" data-id=\"516ae5a\" data-element_type=\"column\" data-e-type=\"column\">\n\t\t\t<div class=\"elementor-widget-wrap elementor-element-populated\">\n\t\t\t\t\t\t<div class=\"elementor-element elementor-element-aee3328 elementor-widget elementor-widget-heading\" data-id=\"aee3328\" data-element_type=\"widget\" data-e-type=\"widget\" data-widget_type=\"heading.default\">\n\t\t\t\t<div class=\"elementor-widget-container\">\n\t\t\t\t\t<div class=\"elementor-heading-title elementor-size-default\">Ya van m\u00e1s de quince a\u00f1os desde que  no nace ning\u00fan ni\u00f1o en el pueblo de Eva \u00c1lvarez, Orl\u00e9 (Caso). Ella, con 23 a\u00f1os, es de las m\u00e1s j\u00f3venes del pueblo. Cuando acabe la carrera y empiece a trabajar, no sabe si establecer\u00e1 all\u00ed su vida. Es complicado vivir all\u00ed, que avanzan con palos en las ruedas. <\/div>\t\t\t\t<\/div>\n\t\t\t\t<\/div>\n\t\t\t\t\t<\/div>\n\t\t<\/div>\n\t\t\t\t\t<\/div>\n\t\t<\/section>\n\t\t\t\t<section class=\"elementor-section elementor-top-section elementor-element elementor-element-1b79229 elementor-section-boxed elementor-section-height-default elementor-section-height-default\" data-id=\"1b79229\" data-element_type=\"section\" data-e-type=\"section\">\n\t\t\t\t\t\t<div class=\"elementor-container elementor-column-gap-default\">\n\t\t\t\t\t<div class=\"elementor-column elementor-col-100 elementor-top-column elementor-element elementor-element-627d05c\" data-id=\"627d05c\" data-element_type=\"column\" data-e-type=\"column\">\n\t\t\t<div class=\"elementor-widget-wrap elementor-element-populated\">\n\t\t\t\t\t\t<div class=\"elementor-element elementor-element-9cc3edc elementor-widget elementor-widget-image\" data-id=\"9cc3edc\" data-element_type=\"widget\" data-e-type=\"widget\" data-widget_type=\"image.default\">\n\t\t\t\t<div class=\"elementor-widget-container\">\n\t\t\t\t\t\t\t\t\t\t\t\t<figure class=\"wp-caption\">\n\t\t\t\t\t\t\t\t\t\t<img fetchpriority=\"high\" decoding=\"async\" width=\"1024\" height=\"718\" src=\"http:\/\/undesiertoasturiano.practicasdeperiodismo.com\/wp-content\/uploads\/2021\/05\/orle-copia-y-corte-1024x718.jpg\" class=\"attachment-large size-large wp-image-791\" alt=\"\" srcset=\"http:\/\/undesiertoasturiano.practicasdeperiodismo.com\/wp-content\/uploads\/2021\/05\/orle-copia-y-corte-1024x718.jpg 1024w, http:\/\/undesiertoasturiano.practicasdeperiodismo.com\/wp-content\/uploads\/2021\/05\/orle-copia-y-corte-300x210.jpg 300w, http:\/\/undesiertoasturiano.practicasdeperiodismo.com\/wp-content\/uploads\/2021\/05\/orle-copia-y-corte-768x538.jpg 768w, http:\/\/undesiertoasturiano.practicasdeperiodismo.com\/wp-content\/uploads\/2021\/05\/orle-copia-y-corte-1536x1077.jpg 1536w, http:\/\/undesiertoasturiano.practicasdeperiodismo.com\/wp-content\/uploads\/2021\/05\/orle-copia-y-corte-2048x1436.jpg 2048w, http:\/\/undesiertoasturiano.practicasdeperiodismo.com\/wp-content\/uploads\/2021\/05\/orle-copia-y-corte-1541x1080.jpg 1541w, http:\/\/undesiertoasturiano.practicasdeperiodismo.com\/wp-content\/uploads\/2021\/05\/orle-copia-y-corte-165x116.jpg 165w\" sizes=\"(max-width: 1024px) 100vw, 1024px\" \/>\t\t\t\t\t\t\t\t\t\t\t<figcaption class=\"widget-image-caption wp-caption-text\">La carretera de Orl\u00e9 est\u00e1 en plena construcci\u00f3n. Desde el argayo que los dej\u00f3 aislados tres meses, mejoraron las v\u00edas. Pero, seg\u00fan sus usuarios, es una reforma demasiado lenta. CC-BY-SA 4.0<\/figcaption>\n\t\t\t\t\t\t\t\t\t\t<\/figure>\n\t\t\t\t\t\t\t\t\t<\/div>\n\t\t\t\t<\/div>\n\t\t\t\t\t<\/div>\n\t\t<\/div>\n\t\t\t\t\t<\/div>\n\t\t<\/section>\n\t\t\t\t<section class=\"elementor-section elementor-top-section elementor-element elementor-element-eab7390 elementor-section-boxed elementor-section-height-default elementor-section-height-default\" data-id=\"eab7390\" data-element_type=\"section\" data-e-type=\"section\">\n\t\t\t\t\t\t<div class=\"elementor-container elementor-column-gap-default\">\n\t\t\t\t\t<div class=\"elementor-column elementor-col-100 elementor-top-column elementor-element elementor-element-cfea73d\" data-id=\"cfea73d\" data-element_type=\"column\" data-e-type=\"column\">\n\t\t\t<div class=\"elementor-widget-wrap elementor-element-populated\">\n\t\t\t\t\t\t<div class=\"elementor-element elementor-element-1d70187 elementor-widget elementor-widget-text-editor\" data-id=\"1d70187\" data-element_type=\"widget\" data-e-type=\"widget\" data-widget_type=\"text-editor.default\">\n\t\t\t\t<div class=\"elementor-widget-container\">\n\t\t\t\t\t\t\t\t\t<p>Eva \u00c1lvarez se quiere marchar del lugar que la vio nacer, <a href=\"https:\/\/es.wikipedia.org\/wiki\/Orl%C3%A9\" target=\"_blank\" rel=\"noopener\">Orl\u00e9 (Caso).<\/a> Lo tiene previsto hacer cuando acabe su ingenier\u00eda geom\u00e1tica, en un a\u00f1o y medio aproximadamente, con 25 a\u00f1os.\u00a0<span style=\"font-family: var( --e-global-typography-text-font-family ), Sans-serif; font-weight: var( --e-global-typography-text-font-weight ); background-color: transparent;\">Lo cuenta mientras camina por el pueblo y pasa al lado de la Sala de Juntas y la plaza. Orl\u00e9 est\u00e1 en la ladera de una monta\u00f1a y en cuesta: es una gran calle que rodea y une todas las casas y que es una continuaci\u00f3n de la carretera. <\/span><span style=\"font-family: var( --e-global-typography-text-font-family ), Sans-serif; background-color: transparent;\"><b>Pone cara de contrariedad y afirma que, si no quiere ser ganadera, no ve que all\u00ed tenga futuro.<\/b><\/span><\/p><p style=\"margin-bottom: 16px;\"><span style=\"font-family: var( --e-global-typography-text-font-family ), Sans-serif; font-weight: var( --e-global-typography-text-font-weight ); background-color: transparent;\">Tampoco se quiere marchar muy lejos. Con irse a vivir a Laviana o cualquier sitio que tenga consulta m\u00e9dica, supermercados y donde no tenga que coger el coche para absolutamente todo estar\u00eda contenta. Es que no le gusta mucho conducir, pero no tiene otro remedio<\/span><span style=\"font-family: var( --e-global-typography-text-font-family ), Sans-serif; background-color: transparent;\"><b>. Cada vez que sube o baja el puerto de Tanes para marcharse o volver a su casa le entra un poco de miedo: la carretera no est\u00e1 muy bien<\/b><\/span><span style=\"font-family: var( --e-global-typography-text-font-family ), Sans-serif; font-weight: var( --e-global-typography-text-font-weight ); background-color: transparent;\">. Hace ese trayecto varias veces al d\u00eda: va en coche a la universidad a Mieres, de lunes a viernes &#8211; ahora menos, porque con la pandemia tienen clases\u00a0<\/span><i style=\"font-family: var( --e-global-typography-text-font-family ), Sans-serif; font-weight: var( --e-global-typography-text-font-weight ); background-color: transparent;\">online<\/i><span style=\"font-family: var( --e-global-typography-text-font-family ), Sans-serif; font-weight: var( --e-global-typography-text-font-weight ); background-color: transparent;\">&#8211; y, cuando puede, visita a su novio que vive en Laviana. <\/span><span style=\"font-family: var( --e-global-typography-text-font-family ), Sans-serif; background-color: transparent;\"><b>Cuentan en el pueblo que, cuando Eva era peque\u00f1a, una vecina iba a llevar las invitaciones de su boda a la familia, cuando se desprendi\u00f3 una piedra, impact\u00f3 en su coche y la mat\u00f3<\/b><\/span><span style=\"font-family: var( --e-global-typography-text-font-family ), Sans-serif; font-weight: var( --e-global-typography-text-font-weight ); background-color: transparent;\">. Muchas veces, cuando pasa por ese mismo tramo, lo piensa y le entran escalofr\u00edos.\u00a0<\/span><\/p>\t\t\t\t\t\t\t\t<\/div>\n\t\t\t\t<\/div>\n\t\t\t\t<section class=\"elementor-section elementor-inner-section elementor-element elementor-element-fe11694 elementor-section-boxed elementor-section-height-default elementor-section-height-default\" data-id=\"fe11694\" data-element_type=\"section\" data-e-type=\"section\">\n\t\t\t\t\t\t<div class=\"elementor-container elementor-column-gap-default\">\n\t\t\t\t\t<div class=\"elementor-column elementor-col-100 elementor-inner-column elementor-element elementor-element-03382bb\" data-id=\"03382bb\" data-element_type=\"column\" data-e-type=\"column\">\n\t\t\t<div class=\"elementor-widget-wrap elementor-element-populated\">\n\t\t\t\t\t\t<div class=\"elementor-element elementor-element-f52c8f4 elementor-widget elementor-widget-image\" data-id=\"f52c8f4\" data-element_type=\"widget\" data-e-type=\"widget\" data-widget_type=\"image.default\">\n\t\t\t\t<div class=\"elementor-widget-container\">\n\t\t\t\t\t\t\t\t\t\t\t\t<figure class=\"wp-caption\">\n\t\t\t\t\t\t\t\t\t\t<img decoding=\"async\" width=\"600\" height=\"336\" src=\"http:\/\/undesiertoasturiano.practicasdeperiodismo.com\/wp-content\/uploads\/2021\/05\/Hnet-image.gif\" class=\"attachment-large size-large wp-image-803\" alt=\"\" \/>\t\t\t\t\t\t\t\t\t\t\t<figcaption class=\"widget-image-caption wp-caption-text\">Eva \u00c1lvarez caminando hacia la Sala de Juntas en Orl\u00e9. CC-BY-SA 4.0<\/figcaption>\n\t\t\t\t\t\t\t\t\t\t<\/figure>\n\t\t\t\t\t\t\t\t\t<\/div>\n\t\t\t\t<\/div>\n\t\t\t\t\t<\/div>\n\t\t<\/div>\n\t\t\t\t\t<\/div>\n\t\t<\/section>\n\t\t\t\t<div class=\"elementor-element elementor-element-57601aa elementor-widget elementor-widget-text-editor\" data-id=\"57601aa\" data-element_type=\"widget\" data-e-type=\"widget\" data-widget_type=\"text-editor.default\">\n\t\t\t\t<div class=\"elementor-widget-container\">\n\t\t\t\t\t\t\t\t\t<p style=\"color: #000000;\"><span style=\"font-family: var( --e-global-typography-text-font-family ), Sans-serif; font-weight: var( --e-global-typography-text-font-weight ); background-color: transparent;\">La lluvia o la nieve tampoco son buenas aliadas; incrementan su miedo. Hace tres a\u00f1os en marzo, recuerda Eva, el temporal de lluvias produjo <a href=\"https:\/\/www.lne.es\/cuencas\/2018\/04\/01\/aislados-argayo-hora-tres-cuartos-19056208.html\" target=\"_blank\" rel=\"noopener\">un gran argayo en la carretera AS-117<\/a> y dej\u00f3 pr\u00e1cticamente aislado al concejo de Caso. Tardaron 18 d\u00edas en habilitar un paso, por el que solo pod\u00edan circular, desde las 7.30 hasta las 22, veh\u00edculos todo terreno autorizados. Tras casi un mes, se habilit\u00f3 otra ruta para todo tipo de turismos \u2013 que llamaban la\u00a0<\/span><em style=\"font-family: var( --e-global-typography-text-font-family ), Sans-serif; font-weight: var( --e-global-typography-text-font-weight ); background-color: transparent;\">caleya<\/em><span style=\"font-family: var( --e-global-typography-text-font-family ), Sans-serif; font-weight: var( --e-global-typography-text-font-weight ); background-color: transparent;\">\u00a0<\/span><span style=\"font-family: var( --e-global-typography-text-font-family ), Sans-serif; font-weight: var( --e-global-typography-text-font-weight ); background-color: transparent;\">(el camino). Eva recuerda cuatro meses muy malos con el coche, a ella, que encima no le gusta conducir. Por lo menos, no se mat\u00f3 nadie.\u00a0<\/span><\/p>\t\t\t\t\t\t\t\t<\/div>\n\t\t\t\t<\/div>\n\t\t\t\t\t<\/div>\n\t\t<\/div>\n\t\t\t\t\t<\/div>\n\t\t<\/section>\n\t\t\t\t<section class=\"elementor-section elementor-top-section elementor-element elementor-element-b8f3b67 elementor-section-boxed elementor-section-height-default elementor-section-height-default\" data-id=\"b8f3b67\" data-element_type=\"section\" data-e-type=\"section\">\n\t\t\t\t\t\t<div class=\"elementor-container elementor-column-gap-default\">\n\t\t\t\t\t<div class=\"elementor-column elementor-col-50 elementor-top-column elementor-element elementor-element-a15232e\" data-id=\"a15232e\" data-element_type=\"column\" data-e-type=\"column\">\n\t\t\t<div class=\"elementor-widget-wrap elementor-element-populated\">\n\t\t\t\t\t\t<div class=\"elementor-element elementor-element-8f121da elementor-widget elementor-widget-text-editor\" data-id=\"8f121da\" data-element_type=\"widget\" data-e-type=\"widget\" data-widget_type=\"text-editor.default\">\n\t\t\t\t<div class=\"elementor-widget-container\">\n\t\t\t\t\t\t\t\t\t<p style=\"margin-bottom: 16px; color: #000000;\">El mismo problema de Caso tambi\u00e9n lo hay en Somiedo: hay un tramo de la carretera, perfectamente se\u00f1alizado, donde el paso se estrecha porque ambos laterales est\u00e1n llenos de grandes pedruscos. Es un rastrojo del gran desprendimiento que se produjo el pasado diciembre en la AS-227 y que dej\u00f3 tambi\u00e9n a sus habitantes aislados. La monta\u00f1a, es lo que tiene la monta\u00f1a. Para los casinos fue un toque de atenci\u00f3n para la mejora de sus carreteras. Ahora, para llegar a Orl\u00e9 est\u00e1n construyendo una nueva. Pero Eva afirma que tienen <i>pa <\/i>rato, y que no son muchos operarios los que trabajan ah\u00ed:<b> llevan desde principios de a\u00f1o y ella tiene intenci\u00f3n de hacer ah\u00ed, en verano, sus pr\u00e1cticas de la carrera.\u00a0<\/b><\/p>\t\t\t\t\t\t\t\t<\/div>\n\t\t\t\t<\/div>\n\t\t\t\t\t<\/div>\n\t\t<\/div>\n\t\t\t\t<div class=\"elementor-column elementor-col-50 elementor-top-column elementor-element elementor-element-f9f28dc\" data-id=\"f9f28dc\" data-element_type=\"column\" data-e-type=\"column\">\n\t\t\t<div class=\"elementor-widget-wrap elementor-element-populated\">\n\t\t\t\t\t\t<div class=\"elementor-element elementor-element-1a8cecd elementor-widget elementor-widget-image\" data-id=\"1a8cecd\" data-element_type=\"widget\" data-e-type=\"widget\" data-widget_type=\"image.default\">\n\t\t\t\t<div class=\"elementor-widget-container\">\n\t\t\t\t\t\t\t\t\t\t\t\t<figure class=\"wp-caption\">\n\t\t\t\t\t\t\t\t\t\t\t<a href=\"http:\/\/undesiertoasturiano.practicasdeperiodismo.com\/wp-content\/uploads\/2021\/05\/cropped-Argayo-Somiedo-scaled-1.jpg\" data-elementor-open-lightbox=\"no\">\n\t\t\t\t\t\t\t<img decoding=\"async\" width=\"1024\" height=\"945\" src=\"http:\/\/undesiertoasturiano.practicasdeperiodismo.com\/wp-content\/uploads\/2021\/05\/cropped-Argayo-Somiedo-scaled-1-1024x945.jpg\" class=\"attachment-large size-large wp-image-224\" alt=\"\" srcset=\"http:\/\/undesiertoasturiano.practicasdeperiodismo.com\/wp-content\/uploads\/2021\/05\/cropped-Argayo-Somiedo-scaled-1-1024x945.jpg 1024w, http:\/\/undesiertoasturiano.practicasdeperiodismo.com\/wp-content\/uploads\/2021\/05\/cropped-Argayo-Somiedo-scaled-1-300x277.jpg 300w, http:\/\/undesiertoasturiano.practicasdeperiodismo.com\/wp-content\/uploads\/2021\/05\/cropped-Argayo-Somiedo-scaled-1-768x709.jpg 768w, http:\/\/undesiertoasturiano.practicasdeperiodismo.com\/wp-content\/uploads\/2021\/05\/cropped-Argayo-Somiedo-scaled-1-1170x1080.jpg 1170w, http:\/\/undesiertoasturiano.practicasdeperiodismo.com\/wp-content\/uploads\/2021\/05\/cropped-Argayo-Somiedo-scaled-1-126x116.jpg 126w, http:\/\/undesiertoasturiano.practicasdeperiodismo.com\/wp-content\/uploads\/2021\/05\/cropped-Argayo-Somiedo-scaled-1.jpg 1220w\" sizes=\"(max-width: 1024px) 100vw, 1024px\" \/>\t\t\t\t\t\t\t\t<\/a>\n\t\t\t\t\t\t\t\t\t\t\t<figcaption class=\"widget-image-caption wp-caption-text\">Un coche cruza entre los restos del \u00faltimo argayo que tuvo Somiedo. CC-BY-SA 4.0<\/figcaption>\n\t\t\t\t\t\t\t\t\t\t<\/figure>\n\t\t\t\t\t\t\t\t\t<\/div>\n\t\t\t\t<\/div>\n\t\t\t\t\t<\/div>\n\t\t<\/div>\n\t\t\t\t\t<\/div>\n\t\t<\/section>\n\t\t\t\t<section class=\"elementor-section elementor-top-section elementor-element elementor-element-5c13c1e elementor-section-boxed elementor-section-height-default elementor-section-height-default\" data-id=\"5c13c1e\" data-element_type=\"section\" data-e-type=\"section\">\n\t\t\t\t\t\t<div class=\"elementor-container elementor-column-gap-default\">\n\t\t\t\t\t<div class=\"elementor-column elementor-col-100 elementor-top-column elementor-element elementor-element-b033641\" data-id=\"b033641\" data-element_type=\"column\" data-e-type=\"column\">\n\t\t\t<div class=\"elementor-widget-wrap elementor-element-populated\">\n\t\t\t\t\t\t<div class=\"elementor-element elementor-element-1d3791e elementor-widget elementor-widget-text-editor\" data-id=\"1d3791e\" data-element_type=\"widget\" data-e-type=\"widget\" data-widget_type=\"text-editor.default\">\n\t\t\t\t<div class=\"elementor-widget-container\">\n\t\t\t\t\t\t\t\t\t<p><strong>Eva, adem\u00e1s, tiene la sensaci\u00f3n de que van poniendo palos en la rueda a los que se quedan en el pueblo.<\/strong> Por ejemplo, con el lobo, que le toca muy de cerca, ya que sus padres tienen una ganader\u00eda. El pasado febrero, el Gobierno de Espa\u00f1a incluy\u00f3 al lobo en el Listado de Especies Silvestres en R\u00e9gimen de Protecci\u00f3n Especial. Es decir, que se prohib\u00eda su caza. Esto no ser\u00eda un problema para ellos si hubiera mecanismos de control efectivos, pero, seg\u00fan los que viven del ganado, no los hay. El sistema actual se basa en una <a href=\"https:\/\/sede.asturias.es\/Asturias\/SERVICIOS\/2002513_baremos7.pdf\" target=\"_blank\" rel=\"noopener\">tabla de compensaciones<\/a>, donde, en funci\u00f3n del valor del animal muerto seg\u00fan el baremo, el Principado indemniza a su due\u00f1o. Pero el dinero a veces llega tarde, no siempre se encuentra el cad\u00e1ver del animal muerto y tener ganado va m\u00e1s all\u00e1 de unas perras: es la cantidad de tiempo y esfuerzo invertido en su cr\u00eda, que se queda en nada.<\/p><p>Carlos L\u00f3pez est\u00e1 sentado en el antiguo chigre, \u201cCasa Lolo\u201d, tomando una cerveza con su viejo amigo y due\u00f1o de la vivienda. Naci\u00f3 en Cor\u00e9s, un pueblo de Somiedo. Conserva su casa familiar pero ya no vive ah\u00ed. Va de visita y ayuda a los vecinos en lo que puede. Es conductor, encargado de la l\u00ednea de Alsa Santiago- Barcelona. Est\u00e1 separado y tiene dos hijos. El mayor,\u00a0 Cristian tiene alrededor de 20 a\u00f1os y se ha mudado a vivir al pueblo de su padre. Primero, con un plan de empleo joven del Ayuntamiento de Somiedo y luego, trabajando de lo que puede.<strong> Su padre dice que le va bien, que est\u00e1 orgulloso de \u00e9l, y que, adem\u00e1s de ser el m\u00e1s joven de todo el pueblo, hace poco le eligieron alcalde de la entidad.<\/strong> Carlos afirma que en Cor\u00e9s quedan abiertas tres casas \u2013 tres familias viviendo de forma continua-, aunque el Sadei tiene censados 27 habitantes:\u00a0<\/p><p style=\"padding-left: 40px;\">&#8211; El problema es que nadie ya quiere trabajar aqu\u00ed. No quieren trabajar el campo.<\/p>\t\t\t\t\t\t\t\t<\/div>\n\t\t\t\t<\/div>\n\t\t\t\t\t<\/div>\n\t\t<\/div>\n\t\t\t\t\t<\/div>\n\t\t<\/section>\n\t\t\t\t<section class=\"elementor-section elementor-top-section elementor-element elementor-element-bde9eb4 elementor-section-boxed elementor-section-height-default elementor-section-height-default\" data-id=\"bde9eb4\" data-element_type=\"section\" data-e-type=\"section\">\n\t\t\t\t\t\t<div class=\"elementor-container elementor-column-gap-default\">\n\t\t\t\t\t<div class=\"elementor-column elementor-col-50 elementor-top-column elementor-element elementor-element-705e80a\" data-id=\"705e80a\" data-element_type=\"column\" data-e-type=\"column\">\n\t\t\t<div class=\"elementor-widget-wrap elementor-element-populated\">\n\t\t\t\t\t\t<div class=\"elementor-element elementor-element-0e8d3c7 elementor-widget elementor-widget-image\" data-id=\"0e8d3c7\" data-element_type=\"widget\" data-e-type=\"widget\" data-widget_type=\"image.default\">\n\t\t\t\t<div class=\"elementor-widget-container\">\n\t\t\t\t\t\t\t\t\t\t\t\t<figure class=\"wp-caption\">\n\t\t\t\t\t\t\t\t\t\t<img loading=\"lazy\" decoding=\"async\" width=\"1024\" height=\"768\" src=\"http:\/\/undesiertoasturiano.practicasdeperiodismo.com\/wp-content\/uploads\/2021\/05\/IMG_7520-1024x768.jpg\" class=\"attachment-large size-large wp-image-805\" alt=\"\" srcset=\"http:\/\/undesiertoasturiano.practicasdeperiodismo.com\/wp-content\/uploads\/2021\/05\/IMG_7520-1024x768.jpg 1024w, http:\/\/undesiertoasturiano.practicasdeperiodismo.com\/wp-content\/uploads\/2021\/05\/IMG_7520-300x225.jpg 300w, http:\/\/undesiertoasturiano.practicasdeperiodismo.com\/wp-content\/uploads\/2021\/05\/IMG_7520-768x576.jpg 768w, http:\/\/undesiertoasturiano.practicasdeperiodismo.com\/wp-content\/uploads\/2021\/05\/IMG_7520-1536x1152.jpg 1536w, http:\/\/undesiertoasturiano.practicasdeperiodismo.com\/wp-content\/uploads\/2021\/05\/IMG_7520-2048x1536.jpg 2048w, http:\/\/undesiertoasturiano.practicasdeperiodismo.com\/wp-content\/uploads\/2021\/05\/IMG_7520-1440x1080.jpg 1440w, http:\/\/undesiertoasturiano.practicasdeperiodismo.com\/wp-content\/uploads\/2021\/05\/IMG_7520-155x116.jpg 155w\" sizes=\"(max-width: 1024px) 100vw, 1024px\" \/>\t\t\t\t\t\t\t\t\t\t\t<figcaption class=\"widget-image-caption wp-caption-text\">Carlos L\u00f3pez junto a Manuel \u00c1lvarez, Lolo, en la puerta del antiguo casa Lolo. (R)<\/figcaption>\n\t\t\t\t\t\t\t\t\t\t<\/figure>\n\t\t\t\t\t\t\t\t\t<\/div>\n\t\t\t\t<\/div>\n\t\t\t\t\t<\/div>\n\t\t<\/div>\n\t\t\t\t<div class=\"elementor-column elementor-col-50 elementor-top-column elementor-element elementor-element-4505871\" data-id=\"4505871\" data-element_type=\"column\" data-e-type=\"column\">\n\t\t\t<div class=\"elementor-widget-wrap elementor-element-populated\">\n\t\t\t\t\t\t<div class=\"elementor-element elementor-element-07dda75 elementor-widget elementor-widget-image\" data-id=\"07dda75\" data-element_type=\"widget\" data-e-type=\"widget\" data-widget_type=\"image.default\">\n\t\t\t\t<div class=\"elementor-widget-container\">\n\t\t\t\t\t\t\t\t\t\t\t\t<figure class=\"wp-caption\">\n\t\t\t\t\t\t\t\t\t\t<img loading=\"lazy\" decoding=\"async\" width=\"1024\" height=\"769\" src=\"http:\/\/undesiertoasturiano.practicasdeperiodismo.com\/wp-content\/uploads\/2021\/05\/IMG_20210511_140952-1024x769.jpg\" class=\"attachment-large size-large wp-image-806\" alt=\"\" srcset=\"http:\/\/undesiertoasturiano.practicasdeperiodismo.com\/wp-content\/uploads\/2021\/05\/IMG_20210511_140952-1024x769.jpg 1024w, http:\/\/undesiertoasturiano.practicasdeperiodismo.com\/wp-content\/uploads\/2021\/05\/IMG_20210511_140952-300x225.jpg 300w, http:\/\/undesiertoasturiano.practicasdeperiodismo.com\/wp-content\/uploads\/2021\/05\/IMG_20210511_140952-768x576.jpg 768w, http:\/\/undesiertoasturiano.practicasdeperiodismo.com\/wp-content\/uploads\/2021\/05\/IMG_20210511_140952-155x116.jpg 155w, http:\/\/undesiertoasturiano.practicasdeperiodismo.com\/wp-content\/uploads\/2021\/05\/IMG_20210511_140952.jpg 1163w\" sizes=\"(max-width: 1024px) 100vw, 1024px\" \/>\t\t\t\t\t\t\t\t\t\t\t<figcaption class=\"widget-image-caption wp-caption-text\">Madre\u00f1eros en Aguasmestas, en la puerta de lo que luego fue Casa \"Lolo\", el mismo lugar donde reposaban Lolo y Carlos. (R)<\/figcaption>\n\t\t\t\t\t\t\t\t\t\t<\/figure>\n\t\t\t\t\t\t\t\t\t<\/div>\n\t\t\t\t<\/div>\n\t\t\t\t\t<\/div>\n\t\t<\/div>\n\t\t\t\t\t<\/div>\n\t\t<\/section>\n\t\t\t\t<section class=\"elementor-section elementor-top-section elementor-element elementor-element-a6e7540 elementor-section-boxed elementor-section-height-default elementor-section-height-default\" data-id=\"a6e7540\" data-element_type=\"section\" data-e-type=\"section\">\n\t\t\t\t\t\t<div class=\"elementor-container elementor-column-gap-default\">\n\t\t\t\t\t<div class=\"elementor-column elementor-col-100 elementor-top-column elementor-element elementor-element-cea8d93\" data-id=\"cea8d93\" data-element_type=\"column\" data-e-type=\"column\">\n\t\t\t<div class=\"elementor-widget-wrap elementor-element-populated\">\n\t\t\t\t\t\t<div class=\"elementor-element elementor-element-6bd54c0 elementor-widget elementor-widget-text-editor\" data-id=\"6bd54c0\" data-element_type=\"widget\" data-e-type=\"widget\" data-widget_type=\"text-editor.default\">\n\t\t\t\t<div class=\"elementor-widget-container\">\n\t\t\t\t\t\t\t\t\t<p>Carlos se refiere al rechazo a la vida rural. No es porque no haya cosas que hacer, sino porque nadie quiere ir y tener ese tipo de vida. Tambi\u00e9n, porque en lo rural ahora mismo hay una oferta muy limitada, siendo el turismo y la ganader\u00eda los dos sectores que copan todo el mercado. El modelo est\u00e1 cambiando, adem\u00e1s: antes, cuenta Carlos, con veinte vacas se pod\u00eda vivir. Ahora hacen falta grandes explotaciones, de 80 o 100 y muchas de las que quedan son por las subvenciones que reciben.<\/p>\n<p>Esto se debe, sobre todo, a la bajada del precio al que se venden las reses. Adem\u00e1s, hay una diferencia abismal entre lo que se paga por un animal a los ganaderos a lo que luego cuesta en las carnicer\u00edas: un <em>xato<\/em> \u2013 ternero de vaca-, cuyo peso oscila entre los 200 y 300 kilogramos puede venderse, desde la ganader\u00eda, a un precio de entre 700 y 800 euros. Es decir, entre 2,5 y 3,5 euros el kilo. Pero luego, en una carnicer\u00eda, la ternera asturiana, en funci\u00f3n de la pieza, puede rondar entre los 7 y los 14 euros. <strong>Es decir, que, con la venta del animal entero, un establecimiento ingresa cerca de 3.000 euros; hay unos 2.000 euros de diferencia desde que sale de la cuadra hasta que llega a una cocina<\/strong>.<\/p>\t\t\t\t\t\t\t\t<\/div>\n\t\t\t\t<\/div>\n\t\t\t\t\t<\/div>\n\t\t<\/div>\n\t\t\t\t\t<\/div>\n\t\t<\/section>\n\t\t\t\t<section class=\"elementor-section elementor-top-section elementor-element elementor-element-3a7f698 elementor-section-boxed elementor-section-height-default elementor-section-height-default\" data-id=\"3a7f698\" data-element_type=\"section\" data-e-type=\"section\">\n\t\t\t\t\t\t<div class=\"elementor-container elementor-column-gap-default\">\n\t\t\t\t\t<div class=\"elementor-column elementor-col-100 elementor-top-column elementor-element elementor-element-9c3ae11\" data-id=\"9c3ae11\" data-element_type=\"column\" data-e-type=\"column\">\n\t\t\t<div class=\"elementor-widget-wrap elementor-element-populated\">\n\t\t\t\t\t\t<div class=\"elementor-element elementor-element-a9c63e1 elementor-widget elementor-widget-heading\" data-id=\"a9c63e1\" data-element_type=\"widget\" data-e-type=\"widget\" data-widget_type=\"heading.default\">\n\t\t\t\t<div class=\"elementor-widget-container\">\n\t\t\t\t\t<h3 class=\"elementor-heading-title elementor-size-default\">La comunidad<\/h3>\t\t\t\t<\/div>\n\t\t\t\t<\/div>\n\t\t\t\t<div class=\"elementor-element elementor-element-4cebc0f elementor-widget elementor-widget-text-editor\" data-id=\"4cebc0f\" data-element_type=\"widget\" data-e-type=\"widget\" data-widget_type=\"text-editor.default\">\n\t\t\t\t<div class=\"elementor-widget-container\">\n\t\t\t\t\t\t\t\t\t<p>Por otro lado, Eva querr\u00eda quedarse en Orl\u00e9.<\/p><p>Esos caminos, esas calles y esas casas las percibe, en cierta medida, como suyas. <b>Tiene sentido: se ha encargado, desde que era muy peque\u00f1a, de arreglarlos. <\/b>A la vez que anda, no puede evitar ir quitando hierbajos, malas hierbas de los bordes del camino:<\/p><p style=\"padding-left: 40px;\">&#8211; Es <em>pa <\/em>que est\u00e9 <em>guapu<\/em>. Porque este a\u00f1o entre el virus y la nieve est\u00e1 el pueblo <em>fecho<\/em> un desastre. Aqu\u00ed siempre hacemos sestaferia, pero con el virus no pudimos.<\/p><p><b>La sestaferia es un trabajo comunal que hacen los habitantes de una zona para que quede guapa, como dice Eva<\/b>. Se elige un d\u00eda para hacerlo y todos los vecinos tienen la obligaci\u00f3n de participar. Depende de las necesidades del pueblo en ese momento, se dedican a una cosa u otra. Existe incluso un <a href=\"https:\/\/bibliotecavirtual.asturias.es\/i18n\/consulta\/registro.cmd?id=350\" target=\"_blank\" rel=\"noopener\">reglamento de Sexta-ferias<\/a>, aprobado el 1 de enero de 1839 por la Diputaci\u00f3n Provincial de Oviedo. La regulaci\u00f3n establece que no pueden ser m\u00e1s de quince d\u00edas al a\u00f1o, ni m\u00e1s de tres d\u00edas seguidos ni una jornada superior a las siete horas. Su horario tiene que coincidir con las horas de luz, y aquellos que no participan sin justificaci\u00f3n o mandan a otros en su lugar se incluyen en la \u201clista de faltosos\u201d e incluso puede redimirse con el pago en met\u00e1lico.<\/p>\t\t\t\t\t\t\t\t<\/div>\n\t\t\t\t<\/div>\n\t\t\t\t\t<\/div>\n\t\t<\/div>\n\t\t\t\t\t<\/div>\n\t\t<\/section>\n\t\t\t\t<section class=\"elementor-section elementor-top-section elementor-element elementor-element-ef06245 elementor-section-boxed elementor-section-height-default elementor-section-height-default\" data-id=\"ef06245\" data-element_type=\"section\" data-e-type=\"section\">\n\t\t\t\t\t\t<div class=\"elementor-container elementor-column-gap-default\">\n\t\t\t\t\t<div class=\"elementor-column elementor-col-100 elementor-top-column elementor-element elementor-element-2818d8c\" data-id=\"2818d8c\" data-element_type=\"column\" data-e-type=\"column\">\n\t\t\t<div class=\"elementor-widget-wrap elementor-element-populated\">\n\t\t\t\t\t\t<div class=\"elementor-element elementor-element-d7de482 elementor-widget elementor-widget-image\" data-id=\"d7de482\" data-element_type=\"widget\" data-e-type=\"widget\" data-widget_type=\"image.default\">\n\t\t\t\t<div class=\"elementor-widget-container\">\n\t\t\t\t\t\t\t\t\t\t\t\t<figure class=\"wp-caption\">\n\t\t\t\t\t\t\t\t\t\t<img loading=\"lazy\" decoding=\"async\" width=\"1671\" height=\"1080\" src=\"http:\/\/undesiertoasturiano.practicasdeperiodismo.com\/wp-content\/uploads\/2021\/05\/Orle-vecino-1671x1080.jpg\" class=\"attachment-mesmerize-full-hd size-mesmerize-full-hd wp-image-812\" alt=\"\" srcset=\"http:\/\/undesiertoasturiano.practicasdeperiodismo.com\/wp-content\/uploads\/2021\/05\/Orle-vecino-1671x1080.jpg 1671w, http:\/\/undesiertoasturiano.practicasdeperiodismo.com\/wp-content\/uploads\/2021\/05\/Orle-vecino-300x194.jpg 300w, http:\/\/undesiertoasturiano.practicasdeperiodismo.com\/wp-content\/uploads\/2021\/05\/Orle-vecino-1024x662.jpg 1024w, http:\/\/undesiertoasturiano.practicasdeperiodismo.com\/wp-content\/uploads\/2021\/05\/Orle-vecino-768x496.jpg 768w, http:\/\/undesiertoasturiano.practicasdeperiodismo.com\/wp-content\/uploads\/2021\/05\/Orle-vecino-1536x993.jpg 1536w, http:\/\/undesiertoasturiano.practicasdeperiodismo.com\/wp-content\/uploads\/2021\/05\/Orle-vecino-2048x1324.jpg 2048w, http:\/\/undesiertoasturiano.practicasdeperiodismo.com\/wp-content\/uploads\/2021\/05\/Orle-vecino-179x116.jpg 179w\" sizes=\"(max-width: 1671px) 100vw, 1671px\" \/>\t\t\t\t\t\t\t\t\t\t\t<figcaption class=\"widget-image-caption wp-caption-text\">Uno de los vecinos de Orl\u00e9 guardando sus vacas cuando empieza la temporada de subirlas a las bra\u00f1as. CC-BY- SA 4.0<\/figcaption>\n\t\t\t\t\t\t\t\t\t\t<\/figure>\n\t\t\t\t\t\t\t\t\t<\/div>\n\t\t\t\t<\/div>\n\t\t\t\t\t<\/div>\n\t\t<\/div>\n\t\t\t\t\t<\/div>\n\t\t<\/section>\n\t\t\t\t<section class=\"elementor-section elementor-top-section elementor-element elementor-element-b51eeaf elementor-section-boxed elementor-section-height-default elementor-section-height-default\" data-id=\"b51eeaf\" data-element_type=\"section\" data-e-type=\"section\">\n\t\t\t\t\t\t<div class=\"elementor-container elementor-column-gap-default\">\n\t\t\t\t\t<div class=\"elementor-column elementor-col-100 elementor-top-column elementor-element elementor-element-3ead180\" data-id=\"3ead180\" data-element_type=\"column\" data-e-type=\"column\">\n\t\t\t<div class=\"elementor-widget-wrap elementor-element-populated\">\n\t\t\t\t\t\t<div class=\"elementor-element elementor-element-a5af425 elementor-widget elementor-widget-text-editor\" data-id=\"a5af425\" data-element_type=\"widget\" data-e-type=\"widget\" data-widget_type=\"text-editor.default\">\n\t\t\t\t<div class=\"elementor-widget-container\">\n\t\t\t\t\t\t\t\t\t<p>Lo cierto es que la mayor\u00eda de los que participan en la sestaferia desconocen el reglamento. <b>Lo hacen porque tiene que hacerse, porque es para todo el pueblo y porque es lo que se ha hecho siempre. Porque son una comunidad. <\/b>Y punto. La remuneraci\u00f3n va m\u00e1s all\u00e1 del dinero: se traduce en tener caminos limpios para llevar las vacas y el pueblo bien guapo. Aunque la merma de la poblaci\u00f3n se va notando, Orl\u00e9 todav\u00eda tiene vida. Sin embargo, con el virus, este a\u00f1o no la hicieron, y Eva ya nota los rebordes de la carretera llena de matojos:<\/p><p style=\"padding-left: 40px;\">&#8211; Lo habl\u00e1bamos el otro d\u00eda en la Sala de Juntas. Aqu\u00ed, \u00bfqui\u00e9n va a quedar? \u00bf<em>Pa<\/em> qu\u00e9 va a venir alguien?\u00a0<\/p>\t\t\t\t\t\t\t\t<\/div>\n\t\t\t\t<\/div>\n\t\t\t\t\t<\/div>\n\t\t<\/div>\n\t\t\t\t\t<\/div>\n\t\t<\/section>\n\t\t\t\t<section class=\"elementor-section elementor-top-section elementor-element elementor-element-d802430 elementor-section-boxed elementor-section-height-default elementor-section-height-default\" data-id=\"d802430\" data-element_type=\"section\" data-e-type=\"section\">\n\t\t\t\t\t\t<div class=\"elementor-container elementor-column-gap-default\">\n\t\t\t\t\t<div class=\"elementor-column elementor-col-100 elementor-top-column elementor-element elementor-element-e2b5b7d\" data-id=\"e2b5b7d\" data-element_type=\"column\" data-e-type=\"column\">\n\t\t\t<div class=\"elementor-widget-wrap elementor-element-populated\">\n\t\t\t\t\t\t<div class=\"elementor-element elementor-element-5eea5b7 elementor-widget elementor-widget-heading\" data-id=\"5eea5b7\" data-element_type=\"widget\" data-e-type=\"widget\" data-widget_type=\"heading.default\">\n\t\t\t\t<div class=\"elementor-widget-container\">\n\t\t\t\t\t<h4 class=\"elementor-heading-title elementor-size-default\">Una r\u00e1pida vista de Orl\u00e9 <\/h4>\t\t\t\t<\/div>\n\t\t\t\t<\/div>\n\t\t\t\t<div class=\"elementor-element elementor-element-8697fba elementor-arrows-position-inside elementor-pagination-position-outside elementor-widget elementor-widget-image-carousel\" data-id=\"8697fba\" data-element_type=\"widget\" data-e-type=\"widget\" data-settings=\"{&quot;slides_to_show&quot;:&quot;3&quot;,&quot;slides_to_scroll&quot;:&quot;3&quot;,&quot;_animation&quot;:&quot;none&quot;,&quot;navigation&quot;:&quot;both&quot;,&quot;autoplay&quot;:&quot;yes&quot;,&quot;pause_on_hover&quot;:&quot;yes&quot;,&quot;pause_on_interaction&quot;:&quot;yes&quot;,&quot;autoplay_speed&quot;:5000,&quot;infinite&quot;:&quot;yes&quot;,&quot;speed&quot;:500}\" data-widget_type=\"image-carousel.default\">\n\t\t\t\t<div class=\"elementor-widget-container\">\n\t\t\t\t\t\t\t<div class=\"elementor-image-carousel-wrapper swiper\" role=\"region\" aria-roledescription=\"carousel\" aria-label=\"Image Carousel\" dir=\"ltr\">\n\t\t\t<div class=\"elementor-image-carousel swiper-wrapper\" aria-live=\"off\">\n\t\t\t\t\t\t\t\t<div class=\"swiper-slide\" role=\"group\" aria-roledescription=\"slide\" aria-label=\"1 of 9\"><a data-elementor-open-lightbox=\"yes\" data-elementor-lightbox-slideshow=\"8697fba\" data-elementor-lightbox-title=\"Entrada al pueblo\" data-e-action-hash=\"#elementor-action%3Aaction%3Dlightbox%26settings%3DeyJpZCI6ODE5LCJ1cmwiOiJodHRwOlwvXC91bmRlc2llcnRvYXN0dXJpYW5vLnByYWN0aWNhc2RlcGVyaW9kaXNtby5jb21cL3dwLWNvbnRlbnRcL3VwbG9hZHNcLzIwMjFcLzA1XC9JTUdfNzA1MS1zY2FsZWQuanBnIiwic2xpZGVzaG93IjoiODY5N2ZiYSJ9\" href=\"http:\/\/undesiertoasturiano.practicasdeperiodismo.com\/wp-content\/uploads\/2021\/05\/IMG_7051-scaled.jpg\"><figure class=\"swiper-slide-inner\"><img decoding=\"async\" class=\"swiper-slide-image\" src=\"http:\/\/undesiertoasturiano.practicasdeperiodismo.com\/wp-content\/uploads\/2021\/05\/IMG_7051-768x576.jpg\" alt=\"Entrada al pueblo por la noche, la primera casa. CC-BY-SA 4.0\" \/><figcaption class=\"elementor-image-carousel-caption\">Entrada al pueblo por la noche, la primera casa. CC-BY-SA 4.0<\/figcaption><\/figure><\/a><\/div><div class=\"swiper-slide\" role=\"group\" aria-roledescription=\"slide\" aria-label=\"2 of 9\"><a data-elementor-open-lightbox=\"yes\" data-elementor-lightbox-slideshow=\"8697fba\" data-elementor-lightbox-title=\"Orl\u00e9\" data-e-action-hash=\"#elementor-action%3Aaction%3Dlightbox%26settings%3DeyJpZCI6ODE3LCJ1cmwiOiJodHRwOlwvXC91bmRlc2llcnRvYXN0dXJpYW5vLnByYWN0aWNhc2RlcGVyaW9kaXNtby5jb21cL3dwLWNvbnRlbnRcL3VwbG9hZHNcLzIwMjFcLzA1XC9JTUdfNzc5NS1zY2FsZWQuanBnIiwic2xpZGVzaG93IjoiODY5N2ZiYSJ9\" href=\"http:\/\/undesiertoasturiano.practicasdeperiodismo.com\/wp-content\/uploads\/2021\/05\/IMG_7795-scaled.jpg\"><figure class=\"swiper-slide-inner\"><img decoding=\"async\" class=\"swiper-slide-image\" src=\"http:\/\/undesiertoasturiano.practicasdeperiodismo.com\/wp-content\/uploads\/2021\/05\/IMG_7795-768x576.jpg\" alt=\"La parte alta de Orl\u00e9. En la imagen, una de las cuadras de los vecinos. CC-BY-SA 4.0\" \/><figcaption class=\"elementor-image-carousel-caption\">La parte alta de Orl\u00e9. En la imagen, una de las cuadras de los vecinos. CC-BY-SA 4.0<\/figcaption><\/figure><\/a><\/div><div class=\"swiper-slide\" role=\"group\" aria-roledescription=\"slide\" aria-label=\"3 of 9\"><a data-elementor-open-lightbox=\"yes\" data-elementor-lightbox-slideshow=\"8697fba\" data-elementor-lightbox-title=\"La fuente de Orl\u00e9\" data-e-action-hash=\"#elementor-action%3Aaction%3Dlightbox%26settings%3DeyJpZCI6ODE2LCJ1cmwiOiJodHRwOlwvXC91bmRlc2llcnRvYXN0dXJpYW5vLnByYWN0aWNhc2RlcGVyaW9kaXNtby5jb21cL3dwLWNvbnRlbnRcL3VwbG9hZHNcLzIwMjFcLzA1XC9JTUdfNzc5MC1zY2FsZWQuanBnIiwic2xpZGVzaG93IjoiODY5N2ZiYSJ9\" href=\"http:\/\/undesiertoasturiano.practicasdeperiodismo.com\/wp-content\/uploads\/2021\/05\/IMG_7790-scaled.jpg\"><figure class=\"swiper-slide-inner\"><img decoding=\"async\" class=\"swiper-slide-image\" src=\"http:\/\/undesiertoasturiano.practicasdeperiodismo.com\/wp-content\/uploads\/2021\/05\/IMG_7790-768x576.jpg\" alt=\"La fuente de Orl\u00e9 mientras Eva bebe del ca\u00f1o, donde sale el agua limpia.  Las vacas, sin embargo, suelen beber del agua estancada. CC-BY-SA 4.0\" \/><figcaption class=\"elementor-image-carousel-caption\">La fuente de Orl\u00e9 mientras Eva bebe del ca\u00f1o, donde sale el agua limpia.  Las vacas, sin embargo, suelen beber del agua estancada. CC-BY-SA 4.0<\/figcaption><\/figure><\/a><\/div><div class=\"swiper-slide\" role=\"group\" aria-roledescription=\"slide\" aria-label=\"4 of 9\"><a data-elementor-open-lightbox=\"yes\" data-elementor-lightbox-slideshow=\"8697fba\" data-elementor-lightbox-title=\"La entrada de Orl\u00e9\" data-e-action-hash=\"#elementor-action%3Aaction%3Dlightbox%26settings%3DeyJpZCI6ODIwLCJ1cmwiOiJodHRwOlwvXC91bmRlc2llcnRvYXN0dXJpYW5vLnByYWN0aWNhc2RlcGVyaW9kaXNtby5jb21cL3dwLWNvbnRlbnRcL3VwbG9hZHNcLzIwMjFcLzA1XC9JTUdfNzA1My1zY2FsZWQuanBnIiwic2xpZGVzaG93IjoiODY5N2ZiYSJ9\" href=\"http:\/\/undesiertoasturiano.practicasdeperiodismo.com\/wp-content\/uploads\/2021\/05\/IMG_7053-scaled.jpg\"><figure class=\"swiper-slide-inner\"><img decoding=\"async\" class=\"swiper-slide-image\" src=\"http:\/\/undesiertoasturiano.practicasdeperiodismo.com\/wp-content\/uploads\/2021\/05\/IMG_7053-768x576.jpg\" alt=\"Sala de Juntas de Orl\u00e9 CC-BY-SA 4.0\" \/><figcaption class=\"elementor-image-carousel-caption\">Sala de Juntas de Orl\u00e9 CC-BY-SA 4.0<\/figcaption><\/figure><\/a><\/div><div class=\"swiper-slide\" role=\"group\" aria-roledescription=\"slide\" aria-label=\"5 of 9\"><a data-elementor-open-lightbox=\"yes\" data-elementor-lightbox-slideshow=\"8697fba\" data-elementor-lightbox-title=\"El lavadero\" data-e-action-hash=\"#elementor-action%3Aaction%3Dlightbox%26settings%3DeyJpZCI6ODEzLCJ1cmwiOiJodHRwOlwvXC91bmRlc2llcnRvYXN0dXJpYW5vLnByYWN0aWNhc2RlcGVyaW9kaXNtby5jb21cL3dwLWNvbnRlbnRcL3VwbG9hZHNcLzIwMjFcLzA1XC9JTUdfNzc4Ny1zY2FsZWQuanBnIiwic2xpZGVzaG93IjoiODY5N2ZiYSJ9\" href=\"http:\/\/undesiertoasturiano.practicasdeperiodismo.com\/wp-content\/uploads\/2021\/05\/IMG_7787-scaled.jpg\"><figure class=\"swiper-slide-inner\"><img decoding=\"async\" class=\"swiper-slide-image\" src=\"http:\/\/undesiertoasturiano.practicasdeperiodismo.com\/wp-content\/uploads\/2021\/05\/IMG_7787-768x576.jpg\" alt=\"El lavadero del pueblo, donde de anta\u00f1o se reun\u00edan las mujeres. CC-BY-SA 4.0\" \/><figcaption class=\"elementor-image-carousel-caption\">El lavadero del pueblo, donde de anta\u00f1o se reun\u00edan las mujeres. CC-BY-SA 4.0<\/figcaption><\/figure><\/a><\/div><div class=\"swiper-slide\" role=\"group\" aria-roledescription=\"slide\" aria-label=\"6 of 9\"><a data-elementor-open-lightbox=\"yes\" data-elementor-lightbox-slideshow=\"8697fba\" data-elementor-lightbox-title=\"Horreo\" data-e-action-hash=\"#elementor-action%3Aaction%3Dlightbox%26settings%3DeyJpZCI6ODE1LCJ1cmwiOiJodHRwOlwvXC91bmRlc2llcnRvYXN0dXJpYW5vLnByYWN0aWNhc2RlcGVyaW9kaXNtby5jb21cL3dwLWNvbnRlbnRcL3VwbG9hZHNcLzIwMjFcLzA1XC9JTUdfNzc4OS1zY2FsZWQuanBnIiwic2xpZGVzaG93IjoiODY5N2ZiYSJ9\" href=\"http:\/\/undesiertoasturiano.practicasdeperiodismo.com\/wp-content\/uploads\/2021\/05\/IMG_7789-scaled.jpg\"><figure class=\"swiper-slide-inner\"><img decoding=\"async\" class=\"swiper-slide-image\" src=\"http:\/\/undesiertoasturiano.practicasdeperiodismo.com\/wp-content\/uploads\/2021\/05\/IMG_7789-768x576.jpg\" alt=\"Los h\u00f3rreos son construcciones que hac\u00edan de despensa de los alimentos en los pueblos. CC-BY-SA 4.0\" \/><figcaption class=\"elementor-image-carousel-caption\">Los h\u00f3rreos son construcciones que hac\u00edan de despensa de los alimentos en los pueblos. CC-BY-SA 4.0<\/figcaption><\/figure><\/a><\/div><div class=\"swiper-slide\" role=\"group\" aria-roledescription=\"slide\" aria-label=\"7 of 9\"><a data-elementor-open-lightbox=\"yes\" data-elementor-lightbox-slideshow=\"8697fba\" data-elementor-lightbox-title=\"Guardando las vacas en Orl\u00e9\" data-e-action-hash=\"#elementor-action%3Aaction%3Dlightbox%26settings%3DeyJpZCI6ODE4LCJ1cmwiOiJodHRwOlwvXC91bmRlc2llcnRvYXN0dXJpYW5vLnByYWN0aWNhc2RlcGVyaW9kaXNtby5jb21cL3dwLWNvbnRlbnRcL3VwbG9hZHNcLzIwMjFcLzA1XC9JTUdfNzgwMi1zY2FsZWQuanBnIiwic2xpZGVzaG93IjoiODY5N2ZiYSJ9\" href=\"http:\/\/undesiertoasturiano.practicasdeperiodismo.com\/wp-content\/uploads\/2021\/05\/IMG_7802-scaled.jpg\"><figure class=\"swiper-slide-inner\"><img decoding=\"async\" class=\"swiper-slide-image\" src=\"http:\/\/undesiertoasturiano.practicasdeperiodismo.com\/wp-content\/uploads\/2021\/05\/IMG_7802-768x576.jpg\" alt=\"Una vecina guardando las vacas en su cuadra despu\u00e9s de tenerlas el d\u00eda pastando. CC-BY-SA 4.0\" \/><figcaption class=\"elementor-image-carousel-caption\">Una vecina guardando las vacas en su cuadra despu\u00e9s de tenerlas el d\u00eda pastando. CC-BY-SA 4.0<\/figcaption><\/figure><\/a><\/div><div class=\"swiper-slide\" role=\"group\" aria-roledescription=\"slide\" aria-label=\"8 of 9\"><a data-elementor-open-lightbox=\"yes\" data-elementor-lightbox-slideshow=\"8697fba\" data-elementor-lightbox-title=\"Vistas desde Orl\u00e9\" data-e-action-hash=\"#elementor-action%3Aaction%3Dlightbox%26settings%3DeyJpZCI6ODE0LCJ1cmwiOiJodHRwOlwvXC91bmRlc2llcnRvYXN0dXJpYW5vLnByYWN0aWNhc2RlcGVyaW9kaXNtby5jb21cL3dwLWNvbnRlbnRcL3VwbG9hZHNcLzIwMjFcLzA1XC9JTUdfNzc4OC1zY2FsZWQuanBnIiwic2xpZGVzaG93IjoiODY5N2ZiYSJ9\" href=\"http:\/\/undesiertoasturiano.practicasdeperiodismo.com\/wp-content\/uploads\/2021\/05\/IMG_7788-scaled.jpg\"><figure class=\"swiper-slide-inner\"><img decoding=\"async\" class=\"swiper-slide-image\" src=\"http:\/\/undesiertoasturiano.practicasdeperiodismo.com\/wp-content\/uploads\/2021\/05\/IMG_7788-768x576.jpg\" alt=\"La pe\u00f1a que Eva ve todas las semanas al levantarse. CC-BY-SA 4.0\" \/><figcaption class=\"elementor-image-carousel-caption\">La pe\u00f1a que Eva ve todas las semanas al levantarse. CC-BY-SA 4.0<\/figcaption><\/figure><\/a><\/div><div class=\"swiper-slide\" role=\"group\" aria-roledescription=\"slide\" aria-label=\"9 of 9\"><a data-elementor-open-lightbox=\"yes\" data-elementor-lightbox-slideshow=\"8697fba\" data-elementor-lightbox-title=\"Sala de Juntas de Orl\u00e9 y plaza del pueblo\" data-e-action-hash=\"#elementor-action%3Aaction%3Dlightbox%26settings%3DeyJpZCI6ODIxLCJ1cmwiOiJodHRwOlwvXC91bmRlc2llcnRvYXN0dXJpYW5vLnByYWN0aWNhc2RlcGVyaW9kaXNtby5jb21cL3dwLWNvbnRlbnRcL3VwbG9hZHNcLzIwMjFcLzA1XC9JTUdfNzc4Mi1zY2FsZWQuanBnIiwic2xpZGVzaG93IjoiODY5N2ZiYSJ9\" href=\"http:\/\/undesiertoasturiano.practicasdeperiodismo.com\/wp-content\/uploads\/2021\/05\/IMG_7782-scaled.jpg\"><figure class=\"swiper-slide-inner\"><img decoding=\"async\" class=\"swiper-slide-image\" src=\"http:\/\/undesiertoasturiano.practicasdeperiodismo.com\/wp-content\/uploads\/2021\/05\/IMG_7782-768x576.jpg\" alt=\"Sala de Juntas de Orl\u00e9 y plaza del pueblo. Ah\u00ed se re\u00fanen y  tambi\u00e9n se celebran las fiestas. CC-BY-SA 4.0\" \/><figcaption class=\"elementor-image-carousel-caption\">Sala de Juntas de Orl\u00e9 y plaza del pueblo. Ah\u00ed se re\u00fanen y  tambi\u00e9n se celebran las fiestas. CC-BY-SA 4.0<\/figcaption><\/figure><\/a><\/div>\t\t\t<\/div>\n\t\t\t\t\t\t\t\t\t\t\t\t<div class=\"elementor-swiper-button elementor-swiper-button-prev\" role=\"button\" tabindex=\"0\">\n\t\t\t\t\t\t<i aria-hidden=\"true\" class=\"eicon-chevron-left\"><\/i>\t\t\t\t\t<\/div>\n\t\t\t\t\t<div class=\"elementor-swiper-button elementor-swiper-button-next\" role=\"button\" tabindex=\"0\">\n\t\t\t\t\t\t<i aria-hidden=\"true\" class=\"eicon-chevron-right\"><\/i>\t\t\t\t\t<\/div>\n\t\t\t\t\n\t\t\t\t\t\t\t\t\t<div class=\"swiper-pagination\"><\/div>\n\t\t\t\t\t\t\t\t\t<\/div>\n\t\t\t\t\t\t<\/div>\n\t\t\t\t<\/div>\n\t\t\t\t\t<\/div>\n\t\t<\/div>\n\t\t\t\t\t<\/div>\n\t\t<\/section>\n\t\t\t\t<section class=\"elementor-section elementor-top-section elementor-element elementor-element-a5490b3 elementor-section-boxed elementor-section-height-default elementor-section-height-default\" data-id=\"a5490b3\" data-element_type=\"section\" data-e-type=\"section\">\n\t\t\t\t\t\t<div class=\"elementor-container elementor-column-gap-default\">\n\t\t\t\t\t<div class=\"elementor-column elementor-col-100 elementor-top-column elementor-element elementor-element-1692aaa\" data-id=\"1692aaa\" data-element_type=\"column\" data-e-type=\"column\">\n\t\t\t<div class=\"elementor-widget-wrap elementor-element-populated\">\n\t\t\t\t\t\t<div class=\"elementor-element elementor-element-428fb74 elementor-widget elementor-widget-text-editor\" data-id=\"428fb74\" data-element_type=\"widget\" data-e-type=\"widget\" data-widget_type=\"text-editor.default\">\n\t\t\t\t<div class=\"elementor-widget-container\">\n\t\t\t\t\t\t\t\t\t<p>La Sala de Juntas es el lugar donde se re\u00fanen todos los vecinos de Orl\u00e9, considerado entidad local menor y que tiene su propia alcaldesa, para tratar los temas que afectan al pueblo. Por ejemplo, si hay que ir a limpiar un sendero, si hay alg\u00fan problema con el ganado en los pastos comunales, o como se organizan las fiestas ese a\u00f1o. Est\u00e1 justo pegada al \u00fanico bar que hay, \u201cLo de Laura\u201d, en la plaza del pueblo \u2013 que tambi\u00e9n est\u00e1 un poco en cuesta y que es donde siempre se pone la carpa en las fiestas:<\/p><p style=\"padding-left: 40px;\">-Es que esto es otra cosa. Cada uno tenemos lo nuestro, pero nos ayudamos siempre que podemos. Si hay que ayudar a cargar las <em>xatas<\/em> a un <em>vec\u00edn<\/em> se hace \u2013 meter las vacas en el cami\u00f3n para transportarlas o venderlas.<\/p><p><strong>En las ciudades, la sensaci\u00f3n de comunidad se ha perdido y el individualismo est\u00e1 ganando partido. Habita, adem\u00e1s, un peligroso fantasma: la soledad.<\/strong> Pero esa sombra es mucho m\u00e1s alargada en el mundo vac\u00edo: <a href=\"https:\/\/cadenaser.com\/emisora\/2020\/09\/10\/radio_asturias\/1599741949_922601.html\" target=\"_blank\" rel=\"noopener\">Asturias lidera, desde 2011, la tasa de suicidios en Espa\u00f1a- 11 casos por cada 100.000 habitantes.<\/a> Una cuarta parte de ellos se producen en el \u00e1mbito rural y es mucho m\u00e1s com\u00fan en hombres que en mujeres; los \u201cchicos viejos\u201d: varones, de mediana edad, dedicados a la ganader\u00eda y solteros. Los juguetes rotos del despoblamiento; el desierto demogr\u00e1fico tambi\u00e9n se los lleva a ellos.<\/p>\t\t\t\t\t\t\t\t<\/div>\n\t\t\t\t<\/div>\n\t\t\t\t\t<\/div>\n\t\t<\/div>\n\t\t\t\t\t<\/div>\n\t\t<\/section>\n\t\t\t\t<section class=\"elementor-section elementor-top-section elementor-element elementor-element-b4e3eda elementor-section-boxed elementor-section-height-default elementor-section-height-default\" data-id=\"b4e3eda\" data-element_type=\"section\" data-e-type=\"section\">\n\t\t\t\t\t\t<div class=\"elementor-container elementor-column-gap-default\">\n\t\t\t\t\t<div class=\"elementor-column elementor-col-50 elementor-top-column elementor-element elementor-element-645a9cc\" data-id=\"645a9cc\" data-element_type=\"column\" data-e-type=\"column\">\n\t\t\t<div class=\"elementor-widget-wrap elementor-element-populated\">\n\t\t\t\t\t\t<div class=\"elementor-element elementor-element-868d6ea elementor-widget elementor-widget-button\" data-id=\"868d6ea\" data-element_type=\"widget\" data-e-type=\"widget\" data-widget_type=\"button.default\">\n\t\t\t\t<div class=\"elementor-widget-container\">\n\t\t\t\t\t\t\t\t\t<div class=\"elementor-button-wrapper\">\n\t\t\t\t\t<a class=\"elementor-button elementor-button-link elementor-size-sm elementor-animation-pulse\" href=\"http:\/\/undesiertoasturiano.practicasdeperiodismo.com\/index.php\/los-ultimos-moradores\/\">\n\t\t\t\t\t\t<span class=\"elementor-button-content-wrapper\">\n\t\t\t\t\t\t<span class=\"elementor-button-icon\">\n\t\t\t\t<i aria-hidden=\"true\" class=\"fas fa-arrow-left\"><\/i>\t\t\t<\/span>\n\t\t\t\t\t\t\t\t\t<span class=\"elementor-button-text\">Los \u00faltimos moradores <\/span>\n\t\t\t\t\t<\/span>\n\t\t\t\t\t<\/a>\n\t\t\t\t<\/div>\n\t\t\t\t\t\t\t\t<\/div>\n\t\t\t\t<\/div>\n\t\t\t\t\t<\/div>\n\t\t<\/div>\n\t\t\t\t<div class=\"elementor-column elementor-col-50 elementor-top-column elementor-element elementor-element-b7afaac\" data-id=\"b7afaac\" data-element_type=\"column\" data-e-type=\"column\">\n\t\t\t<div class=\"elementor-widget-wrap elementor-element-populated\">\n\t\t\t\t\t\t<div class=\"elementor-element elementor-element-7fba869 elementor-align-right elementor-widget elementor-widget-button\" data-id=\"7fba869\" data-element_type=\"widget\" data-e-type=\"widget\" data-widget_type=\"button.default\">\n\t\t\t\t<div class=\"elementor-widget-container\">\n\t\t\t\t\t\t\t\t\t<div class=\"elementor-button-wrapper\">\n\t\t\t\t\t<a class=\"elementor-button elementor-button-link elementor-size-sm elementor-animation-pulse\" href=\"http:\/\/undesiertoasturiano.practicasdeperiodismo.com\/index.php\/una-chispa-verde\/\">\n\t\t\t\t\t\t<span class=\"elementor-button-content-wrapper\">\n\t\t\t\t\t\t<span class=\"elementor-button-icon\">\n\t\t\t\t<i aria-hidden=\"true\" class=\"fas fa-arrow-right\"><\/i>\t\t\t<\/span>\n\t\t\t\t\t\t\t\t\t<span class=\"elementor-button-text\">Una chispa verde <\/span>\n\t\t\t\t\t<\/span>\n\t\t\t\t\t<\/a>\n\t\t\t\t<\/div>\n\t\t\t\t\t\t\t\t<\/div>\n\t\t\t\t<\/div>\n\t\t\t\t\t<\/div>\n\t\t<\/div>\n\t\t\t\t\t<\/div>\n\t\t<\/section>\n\t\t\t\t<\/div>\n\t\t","protected":false},"excerpt":{"rendered":"<p>Ya van m\u00e1s de quince a\u00f1os desde que no nace ning\u00fan ni\u00f1o en el pueblo de Eva \u00c1lvarez, Orl\u00e9 (Caso). Ella, con 23 a\u00f1os, es de las m\u00e1s j\u00f3venes del pueblo. Cuando acabe la carrera y empiece a trabajar, no sabe si establecer\u00e1 all\u00ed su vida. Es complicado vivir all\u00ed, que avanzan con palos en&hellip; <br \/> <a class=\"read-more\" href=\"http:\/\/undesiertoasturiano.practicasdeperiodismo.com\/index.php\/sombras-piedras-y-palos\/\">Read more<\/a><\/p>\n","protected":false},"author":2,"featured_media":0,"parent":0,"menu_order":0,"comment_status":"closed","ping_status":"closed","template":"","meta":{"footnotes":""},"class_list":["post-750","page","type-page","status-publish","hentry"],"yoast_head":"<!-- This site is optimized with the Yoast SEO plugin v26.2 - https:\/\/yoast.com\/wordpress\/plugins\/seo\/ -->\n<title>Sombras, piedras y palos - El \u00faltimo grito de la tierra<\/title>\n<meta name=\"robots\" content=\"index, follow, max-snippet:-1, max-image-preview:large, max-video-preview:-1\" \/>\n<link rel=\"canonical\" href=\"http:\/\/undesiertoasturiano.practicasdeperiodismo.com\/index.php\/sombras-piedras-y-palos\/\" \/>\n<meta property=\"og:locale\" content=\"en_US\" \/>\n<meta property=\"og:type\" content=\"article\" \/>\n<meta property=\"og:title\" content=\"Sombras, piedras y palos - El \u00faltimo grito de la tierra\" \/>\n<meta property=\"og:description\" content=\"Ya van m\u00e1s de quince a\u00f1os desde que no nace ning\u00fan ni\u00f1o en el pueblo de Eva \u00c1lvarez, Orl\u00e9 (Caso). Ella, con 23 a\u00f1os, es de las m\u00e1s j\u00f3venes del pueblo. Cuando acabe la carrera y empiece a trabajar, no sabe si establecer\u00e1 all\u00ed su vida. Es complicado vivir all\u00ed, que avanzan con palos en&hellip; Read more\" \/>\n<meta property=\"og:url\" content=\"http:\/\/undesiertoasturiano.practicasdeperiodismo.com\/index.php\/sombras-piedras-y-palos\/\" \/>\n<meta property=\"og:site_name\" content=\"El \u00faltimo grito de la tierra\" \/>\n<meta property=\"article:modified_time\" content=\"2021-06-07T10:30:03+00:00\" \/>\n<meta property=\"og:image\" content=\"http:\/\/undesiertoasturiano.practicasdeperiodismo.com\/wp-content\/uploads\/2021\/05\/orle-copia-y-corte-1024x718.jpg\" \/>\n<meta name=\"twitter:card\" content=\"summary_large_image\" \/>\n<meta name=\"twitter:label1\" content=\"Est. reading time\" \/>\n\t<meta name=\"twitter:data1\" content=\"14 minutes\" \/>\n<script type=\"application\/ld+json\" class=\"yoast-schema-graph\">{\"@context\":\"https:\/\/schema.org\",\"@graph\":[{\"@type\":\"WebPage\",\"@id\":\"http:\/\/undesiertoasturiano.practicasdeperiodismo.com\/index.php\/sombras-piedras-y-palos\/\",\"url\":\"http:\/\/undesiertoasturiano.practicasdeperiodismo.com\/index.php\/sombras-piedras-y-palos\/\",\"name\":\"Sombras, piedras y palos - El \u00faltimo grito de la tierra\",\"isPartOf\":{\"@id\":\"http:\/\/undesiertoasturiano.practicasdeperiodismo.com\/#website\"},\"primaryImageOfPage\":{\"@id\":\"http:\/\/undesiertoasturiano.practicasdeperiodismo.com\/index.php\/sombras-piedras-y-palos\/#primaryimage\"},\"image\":{\"@id\":\"http:\/\/undesiertoasturiano.practicasdeperiodismo.com\/index.php\/sombras-piedras-y-palos\/#primaryimage\"},\"thumbnailUrl\":\"http:\/\/undesiertoasturiano.practicasdeperiodismo.com\/wp-content\/uploads\/2021\/05\/orle-copia-y-corte-1024x718.jpg\",\"datePublished\":\"2021-05-11T14:30:38+00:00\",\"dateModified\":\"2021-06-07T10:30:03+00:00\",\"breadcrumb\":{\"@id\":\"http:\/\/undesiertoasturiano.practicasdeperiodismo.com\/index.php\/sombras-piedras-y-palos\/#breadcrumb\"},\"inLanguage\":\"en-US\",\"potentialAction\":[{\"@type\":\"ReadAction\",\"target\":[\"http:\/\/undesiertoasturiano.practicasdeperiodismo.com\/index.php\/sombras-piedras-y-palos\/\"]}]},{\"@type\":\"ImageObject\",\"inLanguage\":\"en-US\",\"@id\":\"http:\/\/undesiertoasturiano.practicasdeperiodismo.com\/index.php\/sombras-piedras-y-palos\/#primaryimage\",\"url\":\"http:\/\/undesiertoasturiano.practicasdeperiodismo.com\/wp-content\/uploads\/2021\/05\/orle-copia-y-corte-1024x718.jpg\",\"contentUrl\":\"http:\/\/undesiertoasturiano.practicasdeperiodismo.com\/wp-content\/uploads\/2021\/05\/orle-copia-y-corte-1024x718.jpg\"},{\"@type\":\"BreadcrumbList\",\"@id\":\"http:\/\/undesiertoasturiano.practicasdeperiodismo.com\/index.php\/sombras-piedras-y-palos\/#breadcrumb\",\"itemListElement\":[{\"@type\":\"ListItem\",\"position\":1,\"name\":\"Portada\",\"item\":\"http:\/\/undesiertoasturiano.practicasdeperiodismo.com\/\"},{\"@type\":\"ListItem\",\"position\":2,\"name\":\"Sombras, piedras y palos\"}]},{\"@type\":\"WebSite\",\"@id\":\"http:\/\/undesiertoasturiano.practicasdeperiodismo.com\/#website\",\"url\":\"http:\/\/undesiertoasturiano.practicasdeperiodismo.com\/\",\"name\":\"El \u00faltimo grito de la tierra\",\"description\":\"\",\"potentialAction\":[{\"@type\":\"SearchAction\",\"target\":{\"@type\":\"EntryPoint\",\"urlTemplate\":\"http:\/\/undesiertoasturiano.practicasdeperiodismo.com\/?s={search_term_string}\"},\"query-input\":{\"@type\":\"PropertyValueSpecification\",\"valueRequired\":true,\"valueName\":\"search_term_string\"}}],\"inLanguage\":\"en-US\"}]}<\/script>\n<!-- \/ Yoast SEO plugin. -->","yoast_head_json":{"title":"Sombras, piedras y palos - El \u00faltimo grito de la tierra","robots":{"index":"index","follow":"follow","max-snippet":"max-snippet:-1","max-image-preview":"max-image-preview:large","max-video-preview":"max-video-preview:-1"},"canonical":"http:\/\/undesiertoasturiano.practicasdeperiodismo.com\/index.php\/sombras-piedras-y-palos\/","og_locale":"en_US","og_type":"article","og_title":"Sombras, piedras y palos - El \u00faltimo grito de la tierra","og_description":"Ya van m\u00e1s de quince a\u00f1os desde que no nace ning\u00fan ni\u00f1o en el pueblo de Eva \u00c1lvarez, Orl\u00e9 (Caso). Ella, con 23 a\u00f1os, es de las m\u00e1s j\u00f3venes del pueblo. Cuando acabe la carrera y empiece a trabajar, no sabe si establecer\u00e1 all\u00ed su vida. Es complicado vivir all\u00ed, que avanzan con palos en&hellip; Read more","og_url":"http:\/\/undesiertoasturiano.practicasdeperiodismo.com\/index.php\/sombras-piedras-y-palos\/","og_site_name":"El \u00faltimo grito de la tierra","article_modified_time":"2021-06-07T10:30:03+00:00","og_image":[{"url":"http:\/\/undesiertoasturiano.practicasdeperiodismo.com\/wp-content\/uploads\/2021\/05\/orle-copia-y-corte-1024x718.jpg","type":"","width":"","height":""}],"twitter_card":"summary_large_image","twitter_misc":{"Est. reading time":"14 minutes"},"schema":{"@context":"https:\/\/schema.org","@graph":[{"@type":"WebPage","@id":"http:\/\/undesiertoasturiano.practicasdeperiodismo.com\/index.php\/sombras-piedras-y-palos\/","url":"http:\/\/undesiertoasturiano.practicasdeperiodismo.com\/index.php\/sombras-piedras-y-palos\/","name":"Sombras, piedras y palos - El \u00faltimo grito de la tierra","isPartOf":{"@id":"http:\/\/undesiertoasturiano.practicasdeperiodismo.com\/#website"},"primaryImageOfPage":{"@id":"http:\/\/undesiertoasturiano.practicasdeperiodismo.com\/index.php\/sombras-piedras-y-palos\/#primaryimage"},"image":{"@id":"http:\/\/undesiertoasturiano.practicasdeperiodismo.com\/index.php\/sombras-piedras-y-palos\/#primaryimage"},"thumbnailUrl":"http:\/\/undesiertoasturiano.practicasdeperiodismo.com\/wp-content\/uploads\/2021\/05\/orle-copia-y-corte-1024x718.jpg","datePublished":"2021-05-11T14:30:38+00:00","dateModified":"2021-06-07T10:30:03+00:00","breadcrumb":{"@id":"http:\/\/undesiertoasturiano.practicasdeperiodismo.com\/index.php\/sombras-piedras-y-palos\/#breadcrumb"},"inLanguage":"en-US","potentialAction":[{"@type":"ReadAction","target":["http:\/\/undesiertoasturiano.practicasdeperiodismo.com\/index.php\/sombras-piedras-y-palos\/"]}]},{"@type":"ImageObject","inLanguage":"en-US","@id":"http:\/\/undesiertoasturiano.practicasdeperiodismo.com\/index.php\/sombras-piedras-y-palos\/#primaryimage","url":"http:\/\/undesiertoasturiano.practicasdeperiodismo.com\/wp-content\/uploads\/2021\/05\/orle-copia-y-corte-1024x718.jpg","contentUrl":"http:\/\/undesiertoasturiano.practicasdeperiodismo.com\/wp-content\/uploads\/2021\/05\/orle-copia-y-corte-1024x718.jpg"},{"@type":"BreadcrumbList","@id":"http:\/\/undesiertoasturiano.practicasdeperiodismo.com\/index.php\/sombras-piedras-y-palos\/#breadcrumb","itemListElement":[{"@type":"ListItem","position":1,"name":"Portada","item":"http:\/\/undesiertoasturiano.practicasdeperiodismo.com\/"},{"@type":"ListItem","position":2,"name":"Sombras, piedras y palos"}]},{"@type":"WebSite","@id":"http:\/\/undesiertoasturiano.practicasdeperiodismo.com\/#website","url":"http:\/\/undesiertoasturiano.practicasdeperiodismo.com\/","name":"El \u00faltimo grito de la tierra","description":"","potentialAction":[{"@type":"SearchAction","target":{"@type":"EntryPoint","urlTemplate":"http:\/\/undesiertoasturiano.practicasdeperiodismo.com\/?s={search_term_string}"},"query-input":{"@type":"PropertyValueSpecification","valueRequired":true,"valueName":"search_term_string"}}],"inLanguage":"en-US"}]}},"_links":{"self":[{"href":"http:\/\/undesiertoasturiano.practicasdeperiodismo.com\/index.php\/wp-json\/wp\/v2\/pages\/750","targetHints":{"allow":["GET"]}}],"collection":[{"href":"http:\/\/undesiertoasturiano.practicasdeperiodismo.com\/index.php\/wp-json\/wp\/v2\/pages"}],"about":[{"href":"http:\/\/undesiertoasturiano.practicasdeperiodismo.com\/index.php\/wp-json\/wp\/v2\/types\/page"}],"author":[{"embeddable":true,"href":"http:\/\/undesiertoasturiano.practicasdeperiodismo.com\/index.php\/wp-json\/wp\/v2\/users\/2"}],"replies":[{"embeddable":true,"href":"http:\/\/undesiertoasturiano.practicasdeperiodismo.com\/index.php\/wp-json\/wp\/v2\/comments?post=750"}],"version-history":[{"count":67,"href":"http:\/\/undesiertoasturiano.practicasdeperiodismo.com\/index.php\/wp-json\/wp\/v2\/pages\/750\/revisions"}],"predecessor-version":[{"id":1388,"href":"http:\/\/undesiertoasturiano.practicasdeperiodismo.com\/index.php\/wp-json\/wp\/v2\/pages\/750\/revisions\/1388"}],"wp:attachment":[{"href":"http:\/\/undesiertoasturiano.practicasdeperiodismo.com\/index.php\/wp-json\/wp\/v2\/media?parent=750"}],"curies":[{"name":"wp","href":"https:\/\/api.w.org\/{rel}","templated":true}]}}