{"id":653,"date":"2021-05-11T08:41:37","date_gmt":"2021-05-11T08:41:37","guid":{"rendered":"http:\/\/undesiertoasturiano.practicasdeperiodismo.com\/?page_id=653"},"modified":"2021-06-06T12:23:17","modified_gmt":"2021-06-06T12:23:17","slug":"los-ultimos-moradores","status":"publish","type":"page","link":"http:\/\/undesiertoasturiano.practicasdeperiodismo.com\/index.php\/los-ultimos-moradores\/","title":{"rendered":"Los \u00faltimos moradores"},"content":{"rendered":"\t\t<div data-elementor-type=\"wp-page\" data-elementor-id=\"653\" class=\"elementor elementor-653\">\n\t\t\t\t\t\t<section class=\"elementor-section elementor-top-section elementor-element elementor-element-d002798 elementor-section-boxed elementor-section-height-default elementor-section-height-default\" data-id=\"d002798\" data-element_type=\"section\" data-e-type=\"section\">\n\t\t\t\t\t\t<div class=\"elementor-container elementor-column-gap-default\">\n\t\t\t\t\t<div class=\"elementor-column elementor-col-100 elementor-top-column elementor-element elementor-element-2ffbf8e\" data-id=\"2ffbf8e\" data-element_type=\"column\" data-e-type=\"column\">\n\t\t\t<div class=\"elementor-widget-wrap elementor-element-populated\">\n\t\t\t\t\t\t<div class=\"elementor-element elementor-element-8d2f3ae elementor-widget elementor-widget-heading\" data-id=\"8d2f3ae\" data-element_type=\"widget\" data-e-type=\"widget\" data-widget_type=\"heading.default\">\n\t\t\t\t<div class=\"elementor-widget-container\">\n\t\t\t\t\t<div class=\"elementor-heading-title elementor-size-default\">La cultura popular se mantuvo durante muchos a\u00f1os infravalorada: vivir en el pueblo era sin\u00f3nimo de ser tonto o no tener ambici\u00f3n.  La vida en el campo, adem\u00e1s de ser dura, ten\u00eda muy lejos los servicios. Adem\u00e1s, poco a poco fueron cerrando las escuelas y la poblaci\u00f3n empez\u00f3 a emigrar a las ciudades y los polos industriales. <\/div>\t\t\t\t<\/div>\n\t\t\t\t<\/div>\n\t\t\t\t\t<\/div>\n\t\t<\/div>\n\t\t\t\t\t<\/div>\n\t\t<\/section>\n\t\t\t\t<section class=\"elementor-section elementor-top-section elementor-element elementor-element-b015f12 elementor-section-boxed elementor-section-height-default elementor-section-height-default\" data-id=\"b015f12\" data-element_type=\"section\" data-e-type=\"section\">\n\t\t\t\t\t\t<div class=\"elementor-container elementor-column-gap-default\">\n\t\t\t\t\t<div class=\"elementor-column elementor-col-100 elementor-top-column elementor-element elementor-element-6035b72\" data-id=\"6035b72\" data-element_type=\"column\" data-e-type=\"column\">\n\t\t\t<div class=\"elementor-widget-wrap elementor-element-populated\">\n\t\t\t\t\t\t<div class=\"elementor-element elementor-element-8ca2e4b elementor-widget elementor-widget-text-editor\" data-id=\"8ca2e4b\" data-element_type=\"widget\" data-e-type=\"widget\" data-widget_type=\"text-editor.default\">\n\t\t\t\t<div class=\"elementor-widget-container\">\n\t\t\t\t\t\t\t\t\t<p style=\"padding-left: 40px;\">&#8211; Yo no march\u00e9 porque no quise. No ten\u00eda ambici\u00f3n.<\/p><p>La ambici\u00f3n de la que habla Manuel Men\u00e9ndez, Lolo, era un piso de sesenta metros en un barrio a las afueras de una de las principales ciudades o en un polo industrial. Un trabajo igual de duro \u2013 como picar y sacar carb\u00f3n, o en las empresas boyantes de transportes y construcci\u00f3n-, con jornada laboral de ocho horas, vacaciones y descanso los domingos y jubilaci\u00f3n. Hablando mal y pronto, como dice Lolo, se mudaban porque\u00a0<span style=\"font-family: var( --e-global-typography-text-font-family ), Sans-serif; background-color: transparent;\">\u201c<\/span><span style=\"font-family: var( --e-global-typography-text-font-family ), Sans-serif; font-weight: var( --e-global-typography-text-font-weight ); background-color: transparent;\">hacer dinero era m\u00e1s f\u00e1cil<\/span><span style=\"font-family: var( --e-global-typography-text-font-family ), Sans-serif; background-color: transparent;\">\u201d<\/span><span style=\"font-family: var( --e-global-typography-text-font-family ), Sans-serif; font-weight: var( --e-global-typography-text-font-weight ); background-color: transparent;\">. <\/span><b style=\"font-family: var( --e-global-typography-text-font-family ), Sans-serif; background-color: transparent;\">Adem\u00e1s, los hijos podr\u00edan estudiar incluso una carrera universitaria: era la aspiraci\u00f3n de que su descendencia tuviera una vida mejor que la suya<\/b><span style=\"font-family: var( --e-global-typography-text-font-family ), Sans-serif; font-weight: var( --e-global-typography-text-font-weight ); background-color: transparent;\">.<\/span><\/p>\t\t\t\t\t\t\t\t<\/div>\n\t\t\t\t<\/div>\n\t\t\t\t\t<\/div>\n\t\t<\/div>\n\t\t\t\t\t<\/div>\n\t\t<\/section>\n\t\t\t\t<section class=\"elementor-section elementor-top-section elementor-element elementor-element-4bf3569 elementor-section-boxed elementor-section-height-default elementor-section-height-default\" data-id=\"4bf3569\" data-element_type=\"section\" data-e-type=\"section\">\n\t\t\t\t\t\t<div class=\"elementor-container elementor-column-gap-default\">\n\t\t\t\t\t<div class=\"elementor-column elementor-col-100 elementor-top-column elementor-element elementor-element-b899cca\" data-id=\"b899cca\" data-element_type=\"column\" data-e-type=\"column\">\n\t\t\t<div class=\"elementor-widget-wrap elementor-element-populated\">\n\t\t\t\t\t\t<div class=\"elementor-element elementor-element-5bbcaf5 elementor-widget elementor-widget-image\" data-id=\"5bbcaf5\" data-element_type=\"widget\" data-e-type=\"widget\" data-widget_type=\"image.default\">\n\t\t\t\t<div class=\"elementor-widget-container\">\n\t\t\t\t\t\t\t\t\t\t\t\t<figure class=\"wp-caption\">\n\t\t\t\t\t\t\t\t\t\t<img fetchpriority=\"high\" decoding=\"async\" width=\"1024\" height=\"768\" src=\"http:\/\/undesiertoasturiano.practicasdeperiodismo.com\/wp-content\/uploads\/2021\/05\/IMG_7519-1024x768.jpg\" class=\"attachment-large size-large wp-image-679\" alt=\"\" srcset=\"http:\/\/undesiertoasturiano.practicasdeperiodismo.com\/wp-content\/uploads\/2021\/05\/IMG_7519-1024x768.jpg 1024w, http:\/\/undesiertoasturiano.practicasdeperiodismo.com\/wp-content\/uploads\/2021\/05\/IMG_7519-300x225.jpg 300w, http:\/\/undesiertoasturiano.practicasdeperiodismo.com\/wp-content\/uploads\/2021\/05\/IMG_7519-768x576.jpg 768w, http:\/\/undesiertoasturiano.practicasdeperiodismo.com\/wp-content\/uploads\/2021\/05\/IMG_7519-1536x1152.jpg 1536w, http:\/\/undesiertoasturiano.practicasdeperiodismo.com\/wp-content\/uploads\/2021\/05\/IMG_7519-2048x1536.jpg 2048w, http:\/\/undesiertoasturiano.practicasdeperiodismo.com\/wp-content\/uploads\/2021\/05\/IMG_7519-1440x1080.jpg 1440w, http:\/\/undesiertoasturiano.practicasdeperiodismo.com\/wp-content\/uploads\/2021\/05\/IMG_7519-155x116.jpg 155w\" sizes=\"(max-width: 1024px) 100vw, 1024px\" \/>\t\t\t\t\t\t\t\t\t\t\t<figcaption class=\"widget-image-caption wp-caption-text\">Manuel Men\u00e9ndez, Lolo, en la puerta de lo que fue su bar durante 51 a\u00f1os. (R) <\/figcaption>\n\t\t\t\t\t\t\t\t\t\t<\/figure>\n\t\t\t\t\t\t\t\t\t<\/div>\n\t\t\t\t<\/div>\n\t\t\t\t\t<\/div>\n\t\t<\/div>\n\t\t\t\t\t<\/div>\n\t\t<\/section>\n\t\t\t\t<section class=\"elementor-section elementor-top-section elementor-element elementor-element-d68c59f elementor-section-boxed elementor-section-height-default elementor-section-height-default\" data-id=\"d68c59f\" data-element_type=\"section\" data-e-type=\"section\">\n\t\t\t\t\t\t<div class=\"elementor-container elementor-column-gap-default\">\n\t\t\t\t\t<div class=\"elementor-column elementor-col-100 elementor-top-column elementor-element elementor-element-9198dd7\" data-id=\"9198dd7\" data-element_type=\"column\" data-e-type=\"column\">\n\t\t\t<div class=\"elementor-widget-wrap elementor-element-populated\">\n\t\t\t\t\t\t<div class=\"elementor-element elementor-element-4e25741 elementor-widget elementor-widget-text-editor\" data-id=\"4e25741\" data-element_type=\"widget\" data-e-type=\"widget\" data-widget_type=\"text-editor.default\">\n\t\t\t\t<div class=\"elementor-widget-container\">\n\t\t\t\t\t\t\t\t\t<p><b>Lolo es el antiguo regente de \u201cCasa Lolo\u201d en Aguasmestas; un pueblo partido en dos concejos: la mitad en Somiedo, la otra en Belmonte<\/b>. Con cabello gris\u00e1ceo, enjuto y gafas de ver, reposa en la puerta de lo que fue su bar, que a su vez tambi\u00e9n es la casa donde nacieron sus hijos y vivi\u00f3 casi toda la vida. Est\u00e1 sentado en una silla blanca de publicidad, tranquilo, con una cerveza en una mano y la mascarilla en la otra, y la puerta abierta de par en par. Y con \u00e9l, a m\u00e1s de dos metros de distancia, est\u00e1 Carlos L\u00f3pez, de Cor\u00e9s. Es el conductor de la l\u00ednea de autob\u00fas Santiago- Barcelona, que est\u00e1 de descanso en Semana Santa. \u201cCasa Lolo\u201d, en la parte belmontina, cerr\u00f3 hace un a\u00f1o despu\u00e9s de 51 de actividad, pero parece que sigue abierto.<\/p><p>El due\u00f1o de \u201cCasa Lolo\u201d naci\u00f3 en Pig\u00fceces, otro pueblo de Somiedo, mucho antes de que hubiera carretera. Luego, baj\u00f3 hasta <a href=\"http:\/\/www.visitsomiedo.com\/pueblos-de-somiedo.php\" target=\"_blank\" rel=\"noopener\">Aguasmestas<\/a>, porque \u201cestaba m\u00e1s c\u00e9ntrico\u201d y porque su mujer, Evangelina, ten\u00eda ah\u00ed familia. Adem\u00e1s de tener el bar y varios apartamentos para alquilar en la zona, estuvo durante 35 a\u00f1os comprando ganado a comisi\u00f3n \u201cpara Tin\u00edn, el de Grao\u201d, hasta el 2002, que se jubil\u00f3 del campo y se qued\u00f3 tras la barra:<\/p><p style=\"padding-left: 40px;\">&#8211; Pate\u00e1bamos por ah\u00ed preguntando quien ten\u00eda <em>ganao<\/em> para vender. Somiedo, Belmonte, Tineo, Salas\u2026 lo caminamos todo. Conoc\u00edamos todos los caminos. Ahora son los ganaderos quienes tienen que llamar al comprador y llegan con camiones para llev\u00e1rselos. Como suplicando.<\/p><p>El <em>chigre <\/em>(bar) est\u00e1 integrado en la vivienda. Es una habitaci\u00f3n m\u00e1s. Al entrar, hay tres rutas posibles: unas escaleras hacia arriba; la cocina que da al patio reci\u00e9n reformada, y el bar, una barra de bar intacta, con botellas por detr\u00e1s, como si nunca hubiera estado cerrado. No tienen si quiera polvo. En la pared, hay fotos de quienes fueron los moradores de la casa y sus actividades: un grupo de hombres tallando madera para hacer madre\u00f1as, un carro con un burro a la puerta de la casa, la familia al completo. Lo \u00fanico que parece indicar el cierre del bar es la oscuridad que hay dentro. <b>No entra casi luz; la penumbra da una falsa sensaci\u00f3n de ver en blanco y negro, como las fotograf\u00edas de la pared:<\/b><\/p><p style=\"padding-left: 40px;\">&#8211; El problema es que <em>pa<\/em> aqu\u00ed no mira nadie. Nadie quiere venir, \u00bfa qu\u00e9?<\/p><p>Son 16 habitantes los que quedan en Aguasmestas. Casi todo <em>vieyos, <\/em>cuenta Lolo. Porque quitaron las escuelas y no volvi\u00f3 nadie: la gente con hijos y nietos se qued\u00f3 en las ciudades. <b>Volver, \u00bfa qu\u00e9?, la pregunta del mill\u00f3n. Si all\u00ed no queda casi nada, y cada vez menos. Se rompi\u00f3 el c\u00edrculo virtuoso y perfecto del mundo rural, y con \u00e9l se fue el verde y los pastos, explica Adolfo Garc\u00eda en su <\/b><em><b>Antropolog\u00eda de Asturias.<\/b>\u00a0<\/em><\/p><p>Tradicionalmente, en el mundo rural, el primog\u00e9nito, el <em>meirazo <\/em>para los somedanos, era quien heredaba el caser\u00edo mientras que el segundo hijo se buscaba la vida y se iba o se quedaba como \u201cun criado sin sueldo\u201d. Pero con las migraciones, la industrializaci\u00f3n y el crecimiento de las ciudades, la tierra perdi\u00f3 valor y el joven primog\u00e9nito empez\u00f3 tambi\u00e9n a querer marcharse.<b> Quedarse en el pueblo empez\u00f3 a ser un fracaso: no hab\u00eda casi posibilidades de desarrollo y promoci\u00f3n profesional<\/b>:\u00a0<\/p><p style=\"padding-left: 40px;\"><span style=\"font-family: var( --e-global-typography-text-font-family ), Sans-serif; font-weight: var( --e-global-typography-text-font-weight ); background-color: transparent;\">&#8211; En los setenta, se iban para Oviedo y a los dos d\u00edas ten\u00edan trabajo y la entrada para un piso.<\/span><\/p><p>Lolo cuenta c\u00f3mo vio que su entorno se marchaba. \u00c9l no, porque no ten\u00eda ambici\u00f3n, recalca. Ambici\u00f3n: hacer dinero f\u00e1cil, un piso de sesenta metros, vacaciones pagadas y descanso los domingos. <b>\u00c9l se qued\u00f3, pese a que ello no ten\u00eda consideraci\u00f3n social; al estigma de lo que es considerada una \u201cvida de segunda\u201d: los que no serv\u00edan para estudiar eran quienes cuidaban la casa y a los animales.\u00a0<\/b><\/p><p style=\"padding-left: 40px;\">\u00a0<\/p>\t\t\t\t\t\t\t\t<\/div>\n\t\t\t\t<\/div>\n\t\t\t\t\t<\/div>\n\t\t<\/div>\n\t\t\t\t\t<\/div>\n\t\t<\/section>\n\t\t\t\t<section class=\"elementor-section elementor-top-section elementor-element elementor-element-7b8241b elementor-section-boxed elementor-section-height-default elementor-section-height-default\" data-id=\"7b8241b\" data-element_type=\"section\" data-e-type=\"section\">\n\t\t\t\t\t\t<div class=\"elementor-container elementor-column-gap-default\">\n\t\t\t\t\t<div class=\"elementor-column elementor-col-100 elementor-top-column elementor-element elementor-element-ceec008\" data-id=\"ceec008\" data-element_type=\"column\" data-e-type=\"column\">\n\t\t\t<div class=\"elementor-widget-wrap elementor-element-populated\">\n\t\t\t\t\t\t<div class=\"elementor-element elementor-element-ca680ef elementor-widget elementor-widget-html\" data-id=\"ca680ef\" data-element_type=\"widget\" data-e-type=\"widget\" data-widget_type=\"html.default\">\n\t\t\t\t<div class=\"elementor-widget-container\">\n\t\t\t\t\t<div class=\"container-wrapper-genially\" style=\"position: relative; min-height: 400px; max-width: 100%;\"><video class=\"loader-genially\" autoplay=\"autoplay\" loop=\"loop\" playsinline=\"playsInline\" muted=\"muted\" style=\"position: absolute;top: 45%;left: 50%;transform: translate(-50%, -50%);width: 80px;height: 80px;margin-bottom: 10%\"><source src=\"https:\/\/static.genial.ly\/resources\/panel-loader-low.mp4\" type=\"video\/mp4\" \/>Your browser does not support the video tag.<\/video><div id=\"6099c9b0c57d840db3d3a930\" class=\"genially-embed\" style=\"margin: 0px auto; position: relative; height: auto; width: 100%;\"><\/div><\/div><script>(function (d) { var js, id = \"genially-embed-js\", ref = d.getElementsByTagName(\"script\")[0]; if (d.getElementById(id)) { return; } js = d.createElement(\"script\"); js.id = id; js.async = true; js.src = \"https:\/\/view.genial.ly\/static\/embed\/embed.js\"; ref.parentNode.insertBefore(js, ref); }(document));<\/script>\t\t\t\t<\/div>\n\t\t\t\t<\/div>\n\t\t\t\t\t<\/div>\n\t\t<\/div>\n\t\t\t\t\t<\/div>\n\t\t<\/section>\n\t\t\t\t<section class=\"elementor-section elementor-top-section elementor-element elementor-element-4815828 elementor-section-boxed elementor-section-height-default elementor-section-height-default\" data-id=\"4815828\" data-element_type=\"section\" data-e-type=\"section\">\n\t\t\t\t\t\t<div class=\"elementor-container elementor-column-gap-default\">\n\t\t\t\t\t<div class=\"elementor-column elementor-col-100 elementor-top-column elementor-element elementor-element-2e46121\" data-id=\"2e46121\" data-element_type=\"column\" data-e-type=\"column\">\n\t\t\t<div class=\"elementor-widget-wrap elementor-element-populated\">\n\t\t\t\t\t\t<div class=\"elementor-element elementor-element-57ecae6 elementor-widget elementor-widget-heading\" data-id=\"57ecae6\" data-element_type=\"widget\" data-e-type=\"widget\" data-widget_type=\"heading.default\">\n\t\t\t\t<div class=\"elementor-widget-container\">\n\t\t\t\t\t<h3 class=\"elementor-heading-title elementor-size-default\">El legado de las madres <\/h3>\t\t\t\t<\/div>\n\t\t\t\t<\/div>\n\t\t\t\t<section class=\"elementor-section elementor-inner-section elementor-element elementor-element-5e7fba4 elementor-section-boxed elementor-section-height-default elementor-section-height-default\" data-id=\"5e7fba4\" data-element_type=\"section\" data-e-type=\"section\">\n\t\t\t\t\t\t<div class=\"elementor-container elementor-column-gap-default\">\n\t\t\t\t\t<div class=\"elementor-column elementor-col-100 elementor-inner-column elementor-element elementor-element-1eee2c2\" data-id=\"1eee2c2\" data-element_type=\"column\" data-e-type=\"column\">\n\t\t\t<div class=\"elementor-widget-wrap elementor-element-populated\">\n\t\t\t\t\t\t<div class=\"elementor-element elementor-element-4cb8b02 elementor-widget elementor-widget-text-editor\" data-id=\"4cb8b02\" data-element_type=\"widget\" data-e-type=\"widget\" data-widget_type=\"text-editor.default\">\n\t\t\t\t<div class=\"elementor-widget-container\">\n\t\t\t\t\t\t\t\t\t<p>Las mujeres fueron las que rompieron el ciclo. <b>Ellas, a no ser que no hubiera hijos varones, no entraban en el juego de las herencias y su labor era meramente reproductiva y de cuidados: de la huerta, de la casa, de orde\u00f1ar la vaca, del marido y de los hijos.<\/b> Se les arreglaba un matrimonio y se les daba una dote para que se casaran, a poder ser con un primog\u00e9nito. Una vez celebrada la boda, empezaban una nueva vida en un pueblo normalmente lejos del suyo, donde adem\u00e1s les tocaban los trabajos m\u00e1s desagradables y estaban solas. Eran las nueras, las \u201cnuevas\u201d o las \u201cpatas arrimadas\u201d.<\/p><p>Fueron las madres quienes trajeron la revoluci\u00f3n, a trav\u00e9s de sus hijas: propiciaron que se marcharan a la ciudad, para que no les pasara lo mismo. Les incitaron a que buscaran all\u00ed un forma de estudiar o a trabajar, que entraran en una casa a servir o se casaran con un obrero. Una huida sin retorno de la tierra y del caser\u00edo. Porque los maridos eran due\u00f1os, amos y se\u00f1ores de la tierra. Para ellos iba el dinero y los trabajos m\u00e1s dignos, y entraban y sal\u00edan cuando quer\u00edan. Pero ellas no.<b> Ellas ten\u00edan que obedecer en casa a la suegra y en la cama al marido, reproducirse y callar. <\/b>La dureza de su vida hace que el medio rural se vac\u00ede de mujeres, coincidiendo adem\u00e1s con la entrada de mujeres de clase media y alta en la universidad, que necesitaban mano de obra dom\u00e9stica.<\/p><p class=\"MsoNormal\"><b>Los pueblos se llenaron de solteros atados a la tierra: hombres que no sab\u00edan cuidar de s\u00ed mismos, ni de la huerta, ni del ganado, ni de la casa; los \u201cchicos viejos\u201d, denomina Garc\u00eda.<\/b> Y as\u00ed se generaliza el deseo de marcharse, de vender las tierras y buscar un futuro de oportunidades en la ciudad. El campo se queda sin gente y sin identidad porque no es capaz de asumir los cambios de la sociedad. Se queda atr\u00e1s y se vac\u00eda. Se olvida. Y lo que permanece perenne es el estereotipo de que solo los peores y poco ambiciosos aguantan esa \u201cvida de segunda\u201d donde encima se hacen \u201ctareas de mujeres\u201d.\u00a0<b>Los tontos, los <i>babayos<\/i>, los que quedaron para vestir santos.\u00a0<\/b><\/p>\t\t\t\t\t\t\t\t<\/div>\n\t\t\t\t<\/div>\n\t\t\t\t<div class=\"elementor-element elementor-element-e5f98de elementor-widget elementor-widget-image\" data-id=\"e5f98de\" data-element_type=\"widget\" data-e-type=\"widget\" data-widget_type=\"image.default\">\n\t\t\t\t<div class=\"elementor-widget-container\">\n\t\t\t\t\t\t\t\t\t\t\t\t<figure class=\"wp-caption\">\n\t\t\t\t\t\t\t\t\t\t<img decoding=\"async\" width=\"1024\" height=\"768\" src=\"http:\/\/undesiertoasturiano.practicasdeperiodismo.com\/wp-content\/uploads\/2021\/05\/IMG_7551-1024x768.jpg\" class=\"attachment-large size-large wp-image-695\" alt=\"\" srcset=\"http:\/\/undesiertoasturiano.practicasdeperiodismo.com\/wp-content\/uploads\/2021\/05\/IMG_7551-1024x768.jpg 1024w, http:\/\/undesiertoasturiano.practicasdeperiodismo.com\/wp-content\/uploads\/2021\/05\/IMG_7551-300x225.jpg 300w, http:\/\/undesiertoasturiano.practicasdeperiodismo.com\/wp-content\/uploads\/2021\/05\/IMG_7551-768x576.jpg 768w, http:\/\/undesiertoasturiano.practicasdeperiodismo.com\/wp-content\/uploads\/2021\/05\/IMG_7551-1536x1152.jpg 1536w, http:\/\/undesiertoasturiano.practicasdeperiodismo.com\/wp-content\/uploads\/2021\/05\/IMG_7551-2048x1536.jpg 2048w, http:\/\/undesiertoasturiano.practicasdeperiodismo.com\/wp-content\/uploads\/2021\/05\/IMG_7551-1440x1080.jpg 1440w, http:\/\/undesiertoasturiano.practicasdeperiodismo.com\/wp-content\/uploads\/2021\/05\/IMG_7551-155x116.jpg 155w\" sizes=\"(max-width: 1024px) 100vw, 1024px\" \/>\t\t\t\t\t\t\t\t\t\t\t<figcaption class=\"widget-image-caption wp-caption-text\">Vacas paseando por Prieres. La convivencia con los animales y el campo contribuy\u00f3 al estereotipo de que los que proven\u00edan del pueblo estaban sucios. En Somiedo, por ejemplo, cuando bajaban a hacer compras desde cualquier aldea hasta la capital del concejo escond\u00edan las madre\u00f1as o el calzado de monte detr\u00e1s de un arbusto y se cambiaban a unos zapatos limpios. Al volver, los recuperaban. CC-BY-SA 4.0<\/figcaption>\n\t\t\t\t\t\t\t\t\t\t<\/figure>\n\t\t\t\t\t\t\t\t\t<\/div>\n\t\t\t\t<\/div>\n\t\t\t\t\t<\/div>\n\t\t<\/div>\n\t\t\t\t\t<\/div>\n\t\t<\/section>\n\t\t\t\t\t<\/div>\n\t\t<\/div>\n\t\t\t\t\t<\/div>\n\t\t<\/section>\n\t\t\t\t<section class=\"elementor-section elementor-top-section elementor-element elementor-element-d69d0db elementor-section-boxed elementor-section-height-default elementor-section-height-default\" data-id=\"d69d0db\" data-element_type=\"section\" data-e-type=\"section\">\n\t\t\t\t\t\t<div class=\"elementor-container elementor-column-gap-default\">\n\t\t\t\t\t<div class=\"elementor-column elementor-col-100 elementor-top-column elementor-element elementor-element-b09f345\" data-id=\"b09f345\" data-element_type=\"column\" data-e-type=\"column\">\n\t\t\t<div class=\"elementor-widget-wrap elementor-element-populated\">\n\t\t\t\t\t\t<div class=\"elementor-element elementor-element-58ef1e7 elementor-widget elementor-widget-heading\" data-id=\"58ef1e7\" data-element_type=\"widget\" data-e-type=\"widget\" data-widget_type=\"heading.default\">\n\t\t\t\t<div class=\"elementor-widget-container\">\n\t\t\t\t\t<h3 class=\"elementor-heading-title elementor-size-default\">Malhablados<\/h3>\t\t\t\t<\/div>\n\t\t\t\t<\/div>\n\t\t\t\t<section class=\"elementor-section elementor-inner-section elementor-element elementor-element-43bd9bd elementor-section-boxed elementor-section-height-default elementor-section-height-default\" data-id=\"43bd9bd\" data-element_type=\"section\" data-e-type=\"section\">\n\t\t\t\t\t\t<div class=\"elementor-container elementor-column-gap-default\">\n\t\t\t\t\t<div class=\"elementor-column elementor-col-100 elementor-inner-column elementor-element elementor-element-d549f5f\" data-id=\"d549f5f\" data-element_type=\"column\" data-e-type=\"column\">\n\t\t\t<div class=\"elementor-widget-wrap elementor-element-populated\">\n\t\t\t\t\t\t<div class=\"elementor-element elementor-element-cb03eae elementor-widget elementor-widget-text-editor\" data-id=\"cb03eae\" data-element_type=\"widget\" data-e-type=\"widget\" data-widget_type=\"text-editor.default\">\n\t\t\t\t<div class=\"elementor-widget-container\">\n\t\t\t\t\t\t\t\t\t<p>Eva \u00c1lvarez tiene 23 a\u00f1os, vive en Orl\u00e9 (Caso), no quiere irse a vivir a una ciudad ni tampoco ser ganadera. Tiene la tez p\u00e1lida, las mejillas sonrojadas y los ojos color chocolate. Su cabello es casta\u00f1o, y, si lo lleva suelto, sus rizos se bambolean cuando mueve la cabeza. Se r\u00ede mucho, quiz\u00e1 sea por su timidez. Est\u00e1 estudiando ingenier\u00eda geom\u00e1tica; algo similar a lo que antes era topograf\u00eda:<\/p>\n<p style=\"padding-left: 40px;\">&#8211; Yo veo a mis padres, que son ganaderos, y no es la vida que quiero. Trabajan 365 d\u00edas, sin vacaciones. Pero es verdad que les gusta.<\/p>\n<p>Ella sab\u00eda que quer\u00eda hacer algo t\u00e9cnico y que pudiera trabajar al aire libre, y que le gustaban la f\u00edsica y las matem\u00e1ticas. Por eso decidi\u00f3 estudiar ingenier\u00eda industrial en la Escuela Polit\u00e9cnica de Ingenier\u00eda (EPI) de Gij\u00f3n, dependiente de la Universidad de Oviedo. El experimento sali\u00f3 mal: se dio cuenta de que no le gustaba demasiado y que suspend\u00eda algunas asignaturas. <b>El ambiente tampoco acompa\u00f1aba: sent\u00eda que algunos de las ciudades ten\u00edan un poco de rechazo hacia los que proven\u00edan de pueblos:<\/b><\/p>\n<p style=\"padding-left: 40px;\">&#8211; Nos trataban como si fu\u00e9ramos <em>fatos. <\/em>Los tontos de la clase, o algo as\u00ed.&nbsp;<\/p>\t\t\t\t\t\t\t\t<\/div>\n\t\t\t\t<\/div>\n\t\t\t\t\t<\/div>\n\t\t<\/div>\n\t\t\t\t\t<\/div>\n\t\t<\/section>\n\t\t\t\t\t<\/div>\n\t\t<\/div>\n\t\t\t\t\t<\/div>\n\t\t<\/section>\n\t\t\t\t<section class=\"elementor-section elementor-top-section elementor-element elementor-element-1fcb46a elementor-section-boxed elementor-section-height-default elementor-section-height-default\" data-id=\"1fcb46a\" data-element_type=\"section\" data-e-type=\"section\">\n\t\t\t\t\t\t<div class=\"elementor-container elementor-column-gap-default\">\n\t\t\t\t\t<div class=\"elementor-column elementor-col-100 elementor-top-column elementor-element elementor-element-07665e1\" data-id=\"07665e1\" data-element_type=\"column\" data-e-type=\"column\">\n\t\t\t<div class=\"elementor-widget-wrap elementor-element-populated\">\n\t\t\t\t\t\t<div class=\"elementor-element elementor-element-2af9986 elementor-widget elementor-widget-image\" data-id=\"2af9986\" data-element_type=\"widget\" data-e-type=\"widget\" data-widget_type=\"image.default\">\n\t\t\t\t<div class=\"elementor-widget-container\">\n\t\t\t\t\t\t\t\t\t\t\t\t<figure class=\"wp-caption\">\n\t\t\t\t\t\t\t\t\t\t<img decoding=\"async\" width=\"1440\" height=\"1080\" src=\"http:\/\/undesiertoasturiano.practicasdeperiodismo.com\/wp-content\/uploads\/2021\/05\/IMG_7048-1440x1080.jpg\" class=\"attachment-mesmerize-full-hd size-mesmerize-full-hd wp-image-692\" alt=\"\" srcset=\"http:\/\/undesiertoasturiano.practicasdeperiodismo.com\/wp-content\/uploads\/2021\/05\/IMG_7048-1440x1080.jpg 1440w, http:\/\/undesiertoasturiano.practicasdeperiodismo.com\/wp-content\/uploads\/2021\/05\/IMG_7048-300x225.jpg 300w, http:\/\/undesiertoasturiano.practicasdeperiodismo.com\/wp-content\/uploads\/2021\/05\/IMG_7048-1024x768.jpg 1024w, http:\/\/undesiertoasturiano.practicasdeperiodismo.com\/wp-content\/uploads\/2021\/05\/IMG_7048-768x576.jpg 768w, http:\/\/undesiertoasturiano.practicasdeperiodismo.com\/wp-content\/uploads\/2021\/05\/IMG_7048-1536x1152.jpg 1536w, http:\/\/undesiertoasturiano.practicasdeperiodismo.com\/wp-content\/uploads\/2021\/05\/IMG_7048-2048x1536.jpg 2048w, http:\/\/undesiertoasturiano.practicasdeperiodismo.com\/wp-content\/uploads\/2021\/05\/IMG_7048-155x116.jpg 155w\" sizes=\"(max-width: 1440px) 100vw, 1440px\" \/>\t\t\t\t\t\t\t\t\t\t\t<figcaption class=\"widget-image-caption wp-caption-text\">Eva \u00c1lvarez frente a las monta\u00f1as en el Parque Natural de Redes, en el puerto de Tanes. (R)<\/figcaption>\n\t\t\t\t\t\t\t\t\t\t<\/figure>\n\t\t\t\t\t\t\t\t\t<\/div>\n\t\t\t\t<\/div>\n\t\t\t\t\t<\/div>\n\t\t<\/div>\n\t\t\t\t\t<\/div>\n\t\t<\/section>\n\t\t\t\t<section class=\"elementor-section elementor-top-section elementor-element elementor-element-ef95734 elementor-section-boxed elementor-section-height-default elementor-section-height-default\" data-id=\"ef95734\" data-element_type=\"section\" data-e-type=\"section\">\n\t\t\t\t\t\t<div class=\"elementor-container elementor-column-gap-default\">\n\t\t\t\t\t<div class=\"elementor-column elementor-col-100 elementor-top-column elementor-element elementor-element-7993ba6\" data-id=\"7993ba6\" data-element_type=\"column\" data-e-type=\"column\">\n\t\t\t<div class=\"elementor-widget-wrap elementor-element-populated\">\n\t\t\t\t\t\t<div class=\"elementor-element elementor-element-8be35c3 elementor-widget elementor-widget-text-editor\" data-id=\"8be35c3\" data-element_type=\"widget\" data-e-type=\"widget\" data-widget_type=\"text-editor.default\">\n\t\t\t\t<div class=\"elementor-widget-container\">\n\t\t\t\t\t\t\t\t\t<p>Eva piensa que los distingu\u00edan por el acento. <b>Ella habla <i>amestao<\/i>: una variedad dialectal en la que se habla castellano cargado de expresiones en asturiano o viceversa. Es un lenguaje a medio camino entre dos formas de expresarse. <\/b>Es que el asturiano siempre ha sido el idioma de los que ven\u00edan del pueblo, de las trabajadoras dom\u00e9sticas que no ten\u00edan acceso a la educaci\u00f3n superior o de los de la f\u00e1brica. Es decir, la clase social m\u00e1s baja. La educaci\u00f3n, los medios de comunicaci\u00f3n y la cultura, todo lo de los \u2018ilustrados\u2019 era en castellano. El asturiano estaba en clara desventaja: solo se manten\u00eda por la trasmisi\u00f3n oral. No se ense\u00f1aba en las escuelas. No estaba normalizado<\/p><p><b>Esto produce lo que se denomina <a href=\"https:\/\/es.wikipedia.org\/wiki\/Diglosia\" target=\"_blank\" rel=\"noopener\">diglosia<\/a>: situaci\u00f3n que se produce cuando conviven dos lenguas y una tiene preferencia o dominancia sobre otra, de forma natural o impuesta, que queda relegada a situaciones socialmente inferiores<\/b>. En el caso de Asturias fue por imposici\u00f3n. La consecuencia es que se hable, especialmente en aquellos que han convivido con ambas lenguas, \u201camestao\u201d: una variedad h\u00edbrida con caracter\u00edsticas mixtas de vocabulario y gram\u00e1tica. <b>Se pierde la diferenciaci\u00f3n entre ambas, y a largo plazo puede producir la desaparici\u00f3n de la m\u00e1s d\u00e9bil: la llingua asturiana.<\/b><\/p><p>Adem\u00e1s, genera un efecto muy adverso: verg\u00fcenza a sus hablantes. <b>Hay una correlaci\u00f3n directa: cuanto mayor es el ascenso social, m\u00e1s fuerte es la b\u00fasqueda de un castellano sin trazas de la ruralidad de la llingua, hasta conseguir eliminar del todo el acento<\/b>. Porque tener acento equivale a ser de pueblo; los <i>fatos<\/i>, <i>babayos<\/i>, iletrados y tontos. Por eso, Eva, cuando se juntaba de peque\u00f1a con otros colegios se hartaba de o\u00edr: \u201cNi\u00f1a, habla bien\u201d. No sab\u00eda por qu\u00e9 era. Si ella estaba hablando bien, sin decir ning\u00fan taco, como le hab\u00edan ense\u00f1ado. No era ninguna malhablada de esas:<\/p><p style=\"padding-left: 40px;\"><span style=\"font-family: 'Calibri',sans-serif; mso-fareast-font-family: Calibri;\"><span style=\"font-variant-numeric: normal; font-variant-east-asian: normal; font-stretch: normal; font-size: 7pt; line-height: normal; font-family: 'Times New Roman';\">&#8211; <\/span><\/span><!--[endif]-->A m\u00ed, en las presentaciones de clase, <i>cu\u00e9stame<\/i> mucho hablar en perfecto castellano.<\/p><p>Cuando se hizo m\u00e1s mayor, lo comprendi\u00f3. Es un estereotipo perpetuo, que vivi\u00f3 Lolo cuando era joven y Eva ahora que es joven: son aldeanos y pueblerinos, como si eso estuviera mal. Es lo mismo que cuenta Adolfo Garc\u00eda en su libro: un estereotipo que se intenta corregir, pero que persiste.<b> Pero, de ese cambio de mentalidad, depende tambi\u00e9n que Asturias contin\u00fae verde. <\/b>Porque nadie quiere ser <em>fato, babayo, <\/em>iletrado y tonto. Por lo menos, nadie quiere que se lo llamen por elegir un estilo de vida y un trabajo.<\/p><p style=\"margin-left: 36.0pt; text-indent: -18.0pt; mso-list: l0 level1 lfo1;\">\u00a0<\/p>\t\t\t\t\t\t\t\t<\/div>\n\t\t\t\t<\/div>\n\t\t\t\t\t<\/div>\n\t\t<\/div>\n\t\t\t\t\t<\/div>\n\t\t<\/section>\n\t\t\t\t<section class=\"elementor-section elementor-top-section elementor-element elementor-element-6838eb8 elementor-section-boxed elementor-section-height-default elementor-section-height-default\" data-id=\"6838eb8\" data-element_type=\"section\" data-e-type=\"section\">\n\t\t\t\t\t\t<div class=\"elementor-container elementor-column-gap-default\">\n\t\t\t\t\t<div class=\"elementor-column elementor-col-50 elementor-top-column elementor-element elementor-element-fe4cffa\" data-id=\"fe4cffa\" data-element_type=\"column\" data-e-type=\"column\">\n\t\t\t<div class=\"elementor-widget-wrap elementor-element-populated\">\n\t\t\t\t\t\t<div class=\"elementor-element elementor-element-fd7a14e elementor-widget elementor-widget-button\" data-id=\"fd7a14e\" data-element_type=\"widget\" data-e-type=\"widget\" data-widget_type=\"button.default\">\n\t\t\t\t<div class=\"elementor-widget-container\">\n\t\t\t\t\t\t\t\t\t<div class=\"elementor-button-wrapper\">\n\t\t\t\t\t<a class=\"elementor-button elementor-button-link elementor-size-sm elementor-animation-grow\" href=\"http:\/\/undesiertoasturiano.practicasdeperiodismo.com\/index.php\/el-silencio-del-valle\/\">\n\t\t\t\t\t\t<span class=\"elementor-button-content-wrapper\">\n\t\t\t\t\t\t<span class=\"elementor-button-icon\">\n\t\t\t\t<i aria-hidden=\"true\" class=\"fas fa-arrow-left\"><\/i>\t\t\t<\/span>\n\t\t\t\t\t\t\t\t\t<span class=\"elementor-button-text\">El silencio del valle <\/span>\n\t\t\t\t\t<\/span>\n\t\t\t\t\t<\/a>\n\t\t\t\t<\/div>\n\t\t\t\t\t\t\t\t<\/div>\n\t\t\t\t<\/div>\n\t\t\t\t\t<\/div>\n\t\t<\/div>\n\t\t\t\t<div class=\"elementor-column elementor-col-50 elementor-top-column elementor-element elementor-element-749aa3c\" data-id=\"749aa3c\" data-element_type=\"column\" data-e-type=\"column\">\n\t\t\t<div class=\"elementor-widget-wrap elementor-element-populated\">\n\t\t\t\t\t\t<div class=\"elementor-element elementor-element-e9494e2 elementor-align-right elementor-widget elementor-widget-button\" data-id=\"e9494e2\" data-element_type=\"widget\" data-e-type=\"widget\" data-widget_type=\"button.default\">\n\t\t\t\t<div class=\"elementor-widget-container\">\n\t\t\t\t\t\t\t\t\t<div class=\"elementor-button-wrapper\">\n\t\t\t\t\t<a class=\"elementor-button elementor-button-link elementor-size-sm elementor-animation-grow\" href=\"http:\/\/undesiertoasturiano.practicasdeperiodismo.com\/index.php\/sombras-piedras-y-palos\/\">\n\t\t\t\t\t\t<span class=\"elementor-button-content-wrapper\">\n\t\t\t\t\t\t<span class=\"elementor-button-icon\">\n\t\t\t\t<i aria-hidden=\"true\" class=\"fas fa-arrow-right\"><\/i>\t\t\t<\/span>\n\t\t\t\t\t\t\t\t\t<span class=\"elementor-button-text\">Sombras, piedras y palos<\/span>\n\t\t\t\t\t<\/span>\n\t\t\t\t\t<\/a>\n\t\t\t\t<\/div>\n\t\t\t\t\t\t\t\t<\/div>\n\t\t\t\t<\/div>\n\t\t\t\t\t<\/div>\n\t\t<\/div>\n\t\t\t\t\t<\/div>\n\t\t<\/section>\n\t\t\t\t<\/div>\n\t\t","protected":false},"excerpt":{"rendered":"<p>La cultura popular se mantuvo durante muchos a\u00f1os infravalorada: vivir en el pueblo era sin\u00f3nimo de ser tonto o no tener ambici\u00f3n. La vida en el campo, adem\u00e1s de ser dura, ten\u00eda muy lejos los servicios. Adem\u00e1s, poco a poco fueron cerrando las escuelas y la poblaci\u00f3n empez\u00f3 a emigrar a las ciudades y los&hellip; <br \/> <a class=\"read-more\" href=\"http:\/\/undesiertoasturiano.practicasdeperiodismo.com\/index.php\/los-ultimos-moradores\/\">Read more<\/a><\/p>\n","protected":false},"author":2,"featured_media":0,"parent":0,"menu_order":0,"comment_status":"closed","ping_status":"closed","template":"","meta":{"footnotes":""},"class_list":["post-653","page","type-page","status-publish","hentry"],"yoast_head":"<!-- This site is optimized with the Yoast SEO plugin v26.2 - https:\/\/yoast.com\/wordpress\/plugins\/seo\/ -->\n<title>Los \u00faltimos moradores - El \u00faltimo grito de la tierra<\/title>\n<meta name=\"robots\" content=\"index, follow, max-snippet:-1, max-image-preview:large, max-video-preview:-1\" \/>\n<link rel=\"canonical\" href=\"http:\/\/undesiertoasturiano.practicasdeperiodismo.com\/index.php\/los-ultimos-moradores\/\" \/>\n<meta property=\"og:locale\" content=\"en_US\" \/>\n<meta property=\"og:type\" content=\"article\" \/>\n<meta property=\"og:title\" content=\"Los \u00faltimos moradores - El \u00faltimo grito de la tierra\" \/>\n<meta property=\"og:description\" content=\"La cultura popular se mantuvo durante muchos a\u00f1os infravalorada: vivir en el pueblo era sin\u00f3nimo de ser tonto o no tener ambici\u00f3n. La vida en el campo, adem\u00e1s de ser dura, ten\u00eda muy lejos los servicios. Adem\u00e1s, poco a poco fueron cerrando las escuelas y la poblaci\u00f3n empez\u00f3 a emigrar a las ciudades y los&hellip; Read more\" \/>\n<meta property=\"og:url\" content=\"http:\/\/undesiertoasturiano.practicasdeperiodismo.com\/index.php\/los-ultimos-moradores\/\" \/>\n<meta property=\"og:site_name\" content=\"El \u00faltimo grito de la tierra\" \/>\n<meta property=\"article:modified_time\" content=\"2021-06-06T12:23:17+00:00\" \/>\n<meta property=\"og:image\" content=\"http:\/\/undesiertoasturiano.practicasdeperiodismo.com\/wp-content\/uploads\/2021\/05\/IMG_7519-1024x768.jpg\" \/>\n<meta name=\"twitter:card\" content=\"summary_large_image\" \/>\n<meta name=\"twitter:label1\" content=\"Est. reading time\" \/>\n\t<meta name=\"twitter:data1\" content=\"10 minutes\" \/>\n<script type=\"application\/ld+json\" class=\"yoast-schema-graph\">{\"@context\":\"https:\/\/schema.org\",\"@graph\":[{\"@type\":\"WebPage\",\"@id\":\"http:\/\/undesiertoasturiano.practicasdeperiodismo.com\/index.php\/los-ultimos-moradores\/\",\"url\":\"http:\/\/undesiertoasturiano.practicasdeperiodismo.com\/index.php\/los-ultimos-moradores\/\",\"name\":\"Los \u00faltimos moradores - El \u00faltimo grito de la tierra\",\"isPartOf\":{\"@id\":\"http:\/\/undesiertoasturiano.practicasdeperiodismo.com\/#website\"},\"primaryImageOfPage\":{\"@id\":\"http:\/\/undesiertoasturiano.practicasdeperiodismo.com\/index.php\/los-ultimos-moradores\/#primaryimage\"},\"image\":{\"@id\":\"http:\/\/undesiertoasturiano.practicasdeperiodismo.com\/index.php\/los-ultimos-moradores\/#primaryimage\"},\"thumbnailUrl\":\"http:\/\/undesiertoasturiano.practicasdeperiodismo.com\/wp-content\/uploads\/2021\/05\/IMG_7519-1024x768.jpg\",\"datePublished\":\"2021-05-11T08:41:37+00:00\",\"dateModified\":\"2021-06-06T12:23:17+00:00\",\"breadcrumb\":{\"@id\":\"http:\/\/undesiertoasturiano.practicasdeperiodismo.com\/index.php\/los-ultimos-moradores\/#breadcrumb\"},\"inLanguage\":\"en-US\",\"potentialAction\":[{\"@type\":\"ReadAction\",\"target\":[\"http:\/\/undesiertoasturiano.practicasdeperiodismo.com\/index.php\/los-ultimos-moradores\/\"]}]},{\"@type\":\"ImageObject\",\"inLanguage\":\"en-US\",\"@id\":\"http:\/\/undesiertoasturiano.practicasdeperiodismo.com\/index.php\/los-ultimos-moradores\/#primaryimage\",\"url\":\"http:\/\/undesiertoasturiano.practicasdeperiodismo.com\/wp-content\/uploads\/2021\/05\/IMG_7519-1024x768.jpg\",\"contentUrl\":\"http:\/\/undesiertoasturiano.practicasdeperiodismo.com\/wp-content\/uploads\/2021\/05\/IMG_7519-1024x768.jpg\"},{\"@type\":\"BreadcrumbList\",\"@id\":\"http:\/\/undesiertoasturiano.practicasdeperiodismo.com\/index.php\/los-ultimos-moradores\/#breadcrumb\",\"itemListElement\":[{\"@type\":\"ListItem\",\"position\":1,\"name\":\"Portada\",\"item\":\"http:\/\/undesiertoasturiano.practicasdeperiodismo.com\/\"},{\"@type\":\"ListItem\",\"position\":2,\"name\":\"Los \u00faltimos moradores\"}]},{\"@type\":\"WebSite\",\"@id\":\"http:\/\/undesiertoasturiano.practicasdeperiodismo.com\/#website\",\"url\":\"http:\/\/undesiertoasturiano.practicasdeperiodismo.com\/\",\"name\":\"El \u00faltimo grito de la tierra\",\"description\":\"\",\"potentialAction\":[{\"@type\":\"SearchAction\",\"target\":{\"@type\":\"EntryPoint\",\"urlTemplate\":\"http:\/\/undesiertoasturiano.practicasdeperiodismo.com\/?s={search_term_string}\"},\"query-input\":{\"@type\":\"PropertyValueSpecification\",\"valueRequired\":true,\"valueName\":\"search_term_string\"}}],\"inLanguage\":\"en-US\"}]}<\/script>\n<!-- \/ Yoast SEO plugin. -->","yoast_head_json":{"title":"Los \u00faltimos moradores - El \u00faltimo grito de la tierra","robots":{"index":"index","follow":"follow","max-snippet":"max-snippet:-1","max-image-preview":"max-image-preview:large","max-video-preview":"max-video-preview:-1"},"canonical":"http:\/\/undesiertoasturiano.practicasdeperiodismo.com\/index.php\/los-ultimos-moradores\/","og_locale":"en_US","og_type":"article","og_title":"Los \u00faltimos moradores - El \u00faltimo grito de la tierra","og_description":"La cultura popular se mantuvo durante muchos a\u00f1os infravalorada: vivir en el pueblo era sin\u00f3nimo de ser tonto o no tener ambici\u00f3n. La vida en el campo, adem\u00e1s de ser dura, ten\u00eda muy lejos los servicios. Adem\u00e1s, poco a poco fueron cerrando las escuelas y la poblaci\u00f3n empez\u00f3 a emigrar a las ciudades y los&hellip; Read more","og_url":"http:\/\/undesiertoasturiano.practicasdeperiodismo.com\/index.php\/los-ultimos-moradores\/","og_site_name":"El \u00faltimo grito de la tierra","article_modified_time":"2021-06-06T12:23:17+00:00","og_image":[{"url":"http:\/\/undesiertoasturiano.practicasdeperiodismo.com\/wp-content\/uploads\/2021\/05\/IMG_7519-1024x768.jpg","type":"","width":"","height":""}],"twitter_card":"summary_large_image","twitter_misc":{"Est. reading time":"10 minutes"},"schema":{"@context":"https:\/\/schema.org","@graph":[{"@type":"WebPage","@id":"http:\/\/undesiertoasturiano.practicasdeperiodismo.com\/index.php\/los-ultimos-moradores\/","url":"http:\/\/undesiertoasturiano.practicasdeperiodismo.com\/index.php\/los-ultimos-moradores\/","name":"Los \u00faltimos moradores - El \u00faltimo grito de la tierra","isPartOf":{"@id":"http:\/\/undesiertoasturiano.practicasdeperiodismo.com\/#website"},"primaryImageOfPage":{"@id":"http:\/\/undesiertoasturiano.practicasdeperiodismo.com\/index.php\/los-ultimos-moradores\/#primaryimage"},"image":{"@id":"http:\/\/undesiertoasturiano.practicasdeperiodismo.com\/index.php\/los-ultimos-moradores\/#primaryimage"},"thumbnailUrl":"http:\/\/undesiertoasturiano.practicasdeperiodismo.com\/wp-content\/uploads\/2021\/05\/IMG_7519-1024x768.jpg","datePublished":"2021-05-11T08:41:37+00:00","dateModified":"2021-06-06T12:23:17+00:00","breadcrumb":{"@id":"http:\/\/undesiertoasturiano.practicasdeperiodismo.com\/index.php\/los-ultimos-moradores\/#breadcrumb"},"inLanguage":"en-US","potentialAction":[{"@type":"ReadAction","target":["http:\/\/undesiertoasturiano.practicasdeperiodismo.com\/index.php\/los-ultimos-moradores\/"]}]},{"@type":"ImageObject","inLanguage":"en-US","@id":"http:\/\/undesiertoasturiano.practicasdeperiodismo.com\/index.php\/los-ultimos-moradores\/#primaryimage","url":"http:\/\/undesiertoasturiano.practicasdeperiodismo.com\/wp-content\/uploads\/2021\/05\/IMG_7519-1024x768.jpg","contentUrl":"http:\/\/undesiertoasturiano.practicasdeperiodismo.com\/wp-content\/uploads\/2021\/05\/IMG_7519-1024x768.jpg"},{"@type":"BreadcrumbList","@id":"http:\/\/undesiertoasturiano.practicasdeperiodismo.com\/index.php\/los-ultimos-moradores\/#breadcrumb","itemListElement":[{"@type":"ListItem","position":1,"name":"Portada","item":"http:\/\/undesiertoasturiano.practicasdeperiodismo.com\/"},{"@type":"ListItem","position":2,"name":"Los \u00faltimos moradores"}]},{"@type":"WebSite","@id":"http:\/\/undesiertoasturiano.practicasdeperiodismo.com\/#website","url":"http:\/\/undesiertoasturiano.practicasdeperiodismo.com\/","name":"El \u00faltimo grito de la tierra","description":"","potentialAction":[{"@type":"SearchAction","target":{"@type":"EntryPoint","urlTemplate":"http:\/\/undesiertoasturiano.practicasdeperiodismo.com\/?s={search_term_string}"},"query-input":{"@type":"PropertyValueSpecification","valueRequired":true,"valueName":"search_term_string"}}],"inLanguage":"en-US"}]}},"_links":{"self":[{"href":"http:\/\/undesiertoasturiano.practicasdeperiodismo.com\/index.php\/wp-json\/wp\/v2\/pages\/653","targetHints":{"allow":["GET"]}}],"collection":[{"href":"http:\/\/undesiertoasturiano.practicasdeperiodismo.com\/index.php\/wp-json\/wp\/v2\/pages"}],"about":[{"href":"http:\/\/undesiertoasturiano.practicasdeperiodismo.com\/index.php\/wp-json\/wp\/v2\/types\/page"}],"author":[{"embeddable":true,"href":"http:\/\/undesiertoasturiano.practicasdeperiodismo.com\/index.php\/wp-json\/wp\/v2\/users\/2"}],"replies":[{"embeddable":true,"href":"http:\/\/undesiertoasturiano.practicasdeperiodismo.com\/index.php\/wp-json\/wp\/v2\/comments?post=653"}],"version-history":[{"count":92,"href":"http:\/\/undesiertoasturiano.practicasdeperiodismo.com\/index.php\/wp-json\/wp\/v2\/pages\/653\/revisions"}],"predecessor-version":[{"id":1393,"href":"http:\/\/undesiertoasturiano.practicasdeperiodismo.com\/index.php\/wp-json\/wp\/v2\/pages\/653\/revisions\/1393"}],"wp:attachment":[{"href":"http:\/\/undesiertoasturiano.practicasdeperiodismo.com\/index.php\/wp-json\/wp\/v2\/media?parent=653"}],"curies":[{"name":"wp","href":"https:\/\/api.w.org\/{rel}","templated":true}]}}