{"id":522,"date":"2021-05-09T21:58:12","date_gmt":"2021-05-09T21:58:12","guid":{"rendered":"http:\/\/undesiertoasturiano.practicasdeperiodismo.com\/?page_id=522"},"modified":"2021-06-06T12:49:56","modified_gmt":"2021-06-06T12:49:56","slug":"el-silencio-del-valle","status":"publish","type":"page","link":"http:\/\/undesiertoasturiano.practicasdeperiodismo.com\/index.php\/el-silencio-del-valle\/","title":{"rendered":"El silencio del valle"},"content":{"rendered":"\t\t<div data-elementor-type=\"wp-page\" data-elementor-id=\"522\" class=\"elementor elementor-522\">\n\t\t\t\t\t\t<header class=\"elementor-section elementor-top-section elementor-element elementor-element-2bda9a4 elementor-section-stretched elementor-section-boxed elementor-section-height-default elementor-section-height-default\" data-id=\"2bda9a4\" data-element_type=\"section\" data-e-type=\"section\" data-settings=\"{&quot;stretch_section&quot;:&quot;section-stretched&quot;,&quot;background_background&quot;:&quot;classic&quot;}\">\n\t\t\t\t\t\t<div class=\"elementor-container elementor-column-gap-default\">\n\t\t\t\t\t<div class=\"elementor-column elementor-col-100 elementor-top-column elementor-element elementor-element-f4b97c4\" data-id=\"f4b97c4\" data-element_type=\"column\" data-e-type=\"column\">\n\t\t\t<div class=\"elementor-widget-wrap elementor-element-populated\">\n\t\t\t\t\t\t<div class=\"elementor-element elementor-element-8f7654a elementor-widget elementor-widget-heading\" data-id=\"8f7654a\" data-element_type=\"widget\" data-e-type=\"widget\" data-widget_type=\"heading.default\">\n\t\t\t\t<div class=\"elementor-widget-container\">\n\t\t\t\t\t<div class=\"elementor-heading-title elementor-size-default\">El valle de Somiedo se sumi\u00f3 en un silencio absoluto tras la marcha continuada de poblaci\u00f3n, desde la d\u00e9cada de los sesenta. En verano, vuelve a haber ruido con la llegada masiva de visitantes. Mientras tanto, los que quedaron resisten las inclemencias del tiempo - tambi\u00e9n el atmosf\u00e9rico- y conviven con el notable crecimiento de la poblaci\u00f3n osera. Son los que no hacen ruido. <\/div>\t\t\t\t<\/div>\n\t\t\t\t<\/div>\n\t\t\t\t\t<\/div>\n\t\t<\/div>\n\t\t\t\t\t<\/div>\n\t\t<\/header>\n\t\t\t\t<section class=\"elementor-section elementor-top-section elementor-element elementor-element-11d7d94 elementor-section-boxed elementor-section-height-default elementor-section-height-default\" data-id=\"11d7d94\" data-element_type=\"section\" data-e-type=\"section\">\n\t\t\t\t\t\t<div class=\"elementor-container elementor-column-gap-default\">\n\t\t\t\t\t<div class=\"elementor-column elementor-col-100 elementor-top-column elementor-element elementor-element-891eec3\" data-id=\"891eec3\" data-element_type=\"column\" data-e-type=\"column\">\n\t\t\t<div class=\"elementor-widget-wrap elementor-element-populated\">\n\t\t\t\t\t\t<div class=\"elementor-element elementor-element-33293d5 elementor-widget elementor-widget-html\" data-id=\"33293d5\" data-element_type=\"widget\" data-e-type=\"widget\" data-widget_type=\"html.default\">\n\t\t\t\t<div class=\"elementor-widget-container\">\n\t\t\t\t\t<div class=\"container-wrapper-genially\" style=\"position: relative; min-height: 400px; max-width: 100%;\"><video class=\"loader-genially\" autoplay=\"autoplay\" loop=\"loop\" playsinline=\"playsInline\" muted=\"muted\" style=\"position: absolute;top: 45%;left: 50%;transform: translate(-50%, -50%);width: 80px;height: 80px;margin-bottom: 10%\"><source src=\"https:\/\/static.genial.ly\/resources\/panel-loader-low.mp4\" type=\"video\/mp4\" \/>Your browser does not support the video tag.<\/video><div id=\"60985c03c9b3ff0d04037279\" class=\"genially-embed\" style=\"margin: 0px auto; position: relative; height: auto; width: 100%;\"><\/div><\/div><script>(function (d) { var js, id = \"genially-embed-js\", ref = d.getElementsByTagName(\"script\")[0]; if (d.getElementById(id)) { return; } js = d.createElement(\"script\"); js.id = id; js.async = true; js.src = \"https:\/\/view.genial.ly\/static\/embed\/embed.js\"; ref.parentNode.insertBefore(js, ref); }(document));<\/script>\t\t\t\t<\/div>\n\t\t\t\t<\/div>\n\t\t\t\t\t<\/div>\n\t\t<\/div>\n\t\t\t\t\t<\/div>\n\t\t<\/section>\n\t\t\t\t<section class=\"elementor-section elementor-top-section elementor-element elementor-element-9ac6a7a elementor-section-boxed elementor-section-height-default elementor-section-height-default\" data-id=\"9ac6a7a\" data-element_type=\"section\" data-e-type=\"section\">\n\t\t\t\t\t\t<div class=\"elementor-container elementor-column-gap-default\">\n\t\t\t\t\t<div class=\"elementor-column elementor-col-100 elementor-top-column elementor-element elementor-element-cfb3234\" data-id=\"cfb3234\" data-element_type=\"column\" data-e-type=\"column\">\n\t\t\t<div class=\"elementor-widget-wrap elementor-element-populated\">\n\t\t\t\t\t\t<div class=\"elementor-element elementor-element-67fde06 elementor-widget elementor-widget-text-editor\" data-id=\"67fde06\" data-element_type=\"widget\" data-e-type=\"widget\" data-widget_type=\"text-editor.default\">\n\t\t\t\t<div class=\"elementor-widget-container\">\n\t\t\t\t\t\t\t\t\t<p><strong>Una escuela que se cierra es un pueblo que desaparece.<\/strong> Eso lo sabe Armida Marr\u00f3n de primera mano: fue lo que vivi\u00f3. Armida naci\u00f3 en el a\u00f1o 1962, en <a href=\"https:\/\/www.asturnatura.com\/turismo\/perlunes\/1995.html\" target=\"_blank\" rel=\"noopener\">Perlunes.<\/a> Es una peque\u00f1a aldea enclavada en un valle en mitad del parque natural de Somiedo, a seis kil\u00f3metros de la capital del concejo, Pola de Somiedo. Para llegar, hay una pista estrecha y empinada, que pasa por Aguino y atraviesa\u00a0 lo que los de la zona llaman \u201cel <em>furao<\/em>\u201d, un agujero redondo hecho en la piedra caliza de la monta\u00f1a. Es un pueblo peque\u00f1o y sombr\u00edo: solo al mediod\u00eda, cuando el sol est\u00e1 en el punto m\u00e1s alto del cielo, entra en el pueblo. El resto del tiempo, las monta\u00f1as se encargan de taparlo.\u00a0<\/p><p><span style=\"background-color: transparent; font-family: var( --e-global-typography-text-font-family ), Sans-serif; font-weight: var( --e-global-typography-text-font-weight );\">Cuando Armida cumpli\u00f3 diez a\u00f1os, en 1972, cerraron la escuela de Perlunes, que a d\u00eda de hoy sigue en pie, pero es una vivienda vendida a un particular. Ten\u00eda a sus espaldas sesenta a\u00f1os de andadura y all\u00ed estudiaba el alumnado de toda la parroquia de Aguino.<\/span><span style=\"background-color: transparent; font-family: var( --e-global-typography-text-font-family ), Sans-serif;\"><b> En los \u00faltimos a\u00f1os, hab\u00eda ido perdiendo fuelle: muchas familias se mudaron porque cre\u00edan que recib\u00edan mejor educaci\u00f3n en las ciudades<\/b><\/span><span style=\"background-color: transparent; font-family: var( --e-global-typography-text-font-family ), Sans-serif; font-weight: var( --e-global-typography-text-font-weight );\">. El colegio cerr\u00f3 y quienes quedaron se cambiaron a la casa- escuela de Boin\u00e1s, en Belmonte.<\/span><\/p><p>Los primeros a\u00f1os, con el colegio cerrado, no hab\u00eda ni carretera. <strong>Los ni\u00f1os se levantaban en lunes a las cuatro de la ma\u00f1ana y les bajaban sus padres en burro al lugar donde paraba el bus, que no ten\u00eda si quiera marquesina para proteger de la lluvia.<\/strong> Llegaba el primer coche de Alsa, \u201cel verdugo\u201d, y los llevaba hasta Belmonte donde pasar\u00edan la semana, hasta el viernes que era la vuelta a casa. Y as\u00ed todo el curso.<\/p><div><div><div><p><!-- [if !supportAnnotations]--><\/p><\/div><p><!--[endif]--><\/p><\/div><\/div>\t\t\t\t\t\t\t\t<\/div>\n\t\t\t\t<\/div>\n\t\t\t\t\t<\/div>\n\t\t<\/div>\n\t\t\t\t\t<\/div>\n\t\t<\/section>\n\t\t\t\t<section class=\"elementor-section elementor-top-section elementor-element elementor-element-4e9b33f elementor-section-boxed elementor-section-height-default elementor-section-height-default\" data-id=\"4e9b33f\" data-element_type=\"section\" data-e-type=\"section\">\n\t\t\t\t\t\t<div class=\"elementor-container elementor-column-gap-default\">\n\t\t\t\t\t<div class=\"elementor-column elementor-col-50 elementor-top-column elementor-element elementor-element-e27dd4f\" data-id=\"e27dd4f\" data-element_type=\"column\" data-e-type=\"column\">\n\t\t\t<div class=\"elementor-widget-wrap elementor-element-populated\">\n\t\t\t\t\t\t<div class=\"elementor-element elementor-element-e4da013 elementor-widget elementor-widget-text-editor\" data-id=\"e4da013\" data-element_type=\"widget\" data-e-type=\"widget\" data-widget_type=\"text-editor.default\">\n\t\t\t\t<div class=\"elementor-widget-container\">\n\t\t\t\t\t\t\t\t\t<p><strong>Armida no lleg\u00f3 a vivirlo: cerr\u00f3 la escuela, y se marcharon para Oviedo<\/strong>. Nunca perdi\u00f3 el v\u00ednculo con el lugar que la vio nacer: siempre regresamos donde hemos sido felices. Ella lo hizo, abriendo en Perlunes un hotel rural, que hace varios a\u00f1os se vieron obligados a cerrar. Ahora vive en Oviedo y a su casa solo va de visita:<\/p><p style=\"padding-left: 40px;\">&#8211; Vendemos el para\u00edso, pero luego el para\u00edso no es tan f\u00e1cil.<\/p><p>De las palabras de Armida se entreluce el cansancio. Lleva a su nieto m\u00e1s peque\u00f1o en brazos. <b>El para\u00edso, como dice el logo, no se construye solo, agrega. Y recuerda cuando en invierno limpiaba sus apartamentos con la nieve hasta la cintura, y la ropa se le congelaba en el tendal mientras secaba<\/b>. Recuerda la estrecha carretera llena de hielo \u2013 hasta ah\u00ed no entraba la quitanieves- y a los turistas sin regresar a sus casas por no poner su vida en riesgo. Influy\u00f3 para que cerrara el hotel.<\/p><p>&#8211; Que no, que no. Que no se puede aparcar a los ni\u00f1os. Ni tampoco a los pueblos.<\/p>\t\t\t\t\t\t\t\t<\/div>\n\t\t\t\t<\/div>\n\t\t\t\t\t<\/div>\n\t\t<\/div>\n\t\t\t\t<div class=\"elementor-column elementor-col-50 elementor-top-column elementor-element elementor-element-10dd224\" data-id=\"10dd224\" data-element_type=\"column\" data-e-type=\"column\">\n\t\t\t<div class=\"elementor-widget-wrap elementor-element-populated\">\n\t\t\t\t\t\t<section class=\"elementor-section elementor-inner-section elementor-element elementor-element-53b5f92 elementor-section-boxed elementor-section-height-default elementor-section-height-default\" data-id=\"53b5f92\" data-element_type=\"section\" data-e-type=\"section\">\n\t\t\t\t\t\t<div class=\"elementor-container elementor-column-gap-default\">\n\t\t\t\t\t<div class=\"elementor-column elementor-col-100 elementor-inner-column elementor-element elementor-element-7ee6a94\" data-id=\"7ee6a94\" data-element_type=\"column\" data-e-type=\"column\">\n\t\t\t<div class=\"elementor-widget-wrap elementor-element-populated\">\n\t\t\t\t\t\t<div class=\"elementor-element elementor-element-bfbdf29 elementor-widget__width-initial elementor-absolute elementor-hidden-phone elementor-widget-tablet__width-initial elementor-widget elementor-widget-image\" data-id=\"bfbdf29\" data-element_type=\"widget\" data-e-type=\"widget\" data-settings=\"{&quot;_position&quot;:&quot;absolute&quot;}\" data-widget_type=\"image.default\">\n\t\t\t\t<div class=\"elementor-widget-container\">\n\t\t\t\t\t\t\t\t\t\t\t\t<figure class=\"wp-caption\">\n\t\t\t\t\t\t\t\t\t\t\t<a href=\"http:\/\/undesiertoasturiano.practicasdeperiodismo.com\/wp-content\/uploads\/2021\/05\/IMG_7510-scaled.jpg\" data-elementor-open-lightbox=\"yes\" data-elementor-lightbox-title=\"Armida Marr\u00f3n con su nieto en brazos\" data-e-action-hash=\"#elementor-action%3Aaction%3Dlightbox%26settings%3DeyJpZCI6NTU1LCJ1cmwiOiJodHRwOlwvXC91bmRlc2llcnRvYXN0dXJpYW5vLnByYWN0aWNhc2RlcGVyaW9kaXNtby5jb21cL3dwLWNvbnRlbnRcL3VwbG9hZHNcLzIwMjFcLzA1XC9JTUdfNzUxMC1zY2FsZWQuanBnIn0%3D\">\n\t\t\t\t\t\t\t<img fetchpriority=\"high\" decoding=\"async\" width=\"1024\" height=\"768\" src=\"http:\/\/undesiertoasturiano.practicasdeperiodismo.com\/wp-content\/uploads\/2021\/05\/IMG_7510-1024x768.jpg\" class=\"attachment-large size-large wp-image-555\" alt=\"\" srcset=\"http:\/\/undesiertoasturiano.practicasdeperiodismo.com\/wp-content\/uploads\/2021\/05\/IMG_7510-1024x768.jpg 1024w, http:\/\/undesiertoasturiano.practicasdeperiodismo.com\/wp-content\/uploads\/2021\/05\/IMG_7510-300x225.jpg 300w, http:\/\/undesiertoasturiano.practicasdeperiodismo.com\/wp-content\/uploads\/2021\/05\/IMG_7510-768x576.jpg 768w, http:\/\/undesiertoasturiano.practicasdeperiodismo.com\/wp-content\/uploads\/2021\/05\/IMG_7510-1536x1152.jpg 1536w, http:\/\/undesiertoasturiano.practicasdeperiodismo.com\/wp-content\/uploads\/2021\/05\/IMG_7510-2048x1536.jpg 2048w, http:\/\/undesiertoasturiano.practicasdeperiodismo.com\/wp-content\/uploads\/2021\/05\/IMG_7510-1440x1080.jpg 1440w, http:\/\/undesiertoasturiano.practicasdeperiodismo.com\/wp-content\/uploads\/2021\/05\/IMG_7510-155x116.jpg 155w\" sizes=\"(max-width: 1024px) 100vw, 1024px\" \/>\t\t\t\t\t\t\t\t<\/a>\n\t\t\t\t\t\t\t\t\t\t\t<figcaption class=\"widget-image-caption wp-caption-text\">Armida Marr\u00f3n con su nieto en brazos, a la puerta de su antiguo hotel \"El Bedular\" (R)<\/figcaption>\n\t\t\t\t\t\t\t\t\t\t<\/figure>\n\t\t\t\t\t\t\t\t\t<\/div>\n\t\t\t\t<\/div>\n\t\t\t\t\t<\/div>\n\t\t<\/div>\n\t\t\t\t\t<\/div>\n\t\t<\/section>\n\t\t\t\t<div class=\"elementor-element elementor-element-004c9d8 elementor-invisible elementor-widget elementor-widget-toggle\" data-id=\"004c9d8\" data-element_type=\"widget\" data-e-type=\"widget\" data-settings=\"{&quot;_animation&quot;:&quot;fadeInDown&quot;}\" data-widget_type=\"toggle.default\">\n\t\t\t\t<div class=\"elementor-widget-container\">\n\t\t\t\t\t\t\t<div class=\"elementor-toggle\">\n\t\t\t\t\t\t\t<div class=\"elementor-toggle-item\">\n\t\t\t\t\t<div id=\"elementor-tab-title-3131\" class=\"elementor-tab-title\" data-tab=\"1\" role=\"button\" aria-controls=\"elementor-tab-content-3131\" aria-expanded=\"false\">\n\t\t\t\t\t\t\t\t\t\t\t\t<span class=\"elementor-toggle-icon elementor-toggle-icon-left\" aria-hidden=\"true\">\n\t\t\t\t\t\t\t\t\t\t\t\t\t\t\t<span class=\"elementor-toggle-icon-closed\"><i class=\"fas fa-caret-right\"><\/i><\/span>\n\t\t\t\t\t\t\t\t<span class=\"elementor-toggle-icon-opened\"><i class=\"elementor-toggle-icon-opened fas fa-caret-up\"><\/i><\/span>\n\t\t\t\t\t\t\t\t\t\t\t\t\t<\/span>\n\t\t\t\t\t\t\t\t\t\t\t\t<a class=\"elementor-toggle-title\" tabindex=\"0\">Asturias, para\u00edso natural <\/a>\n\t\t\t\t\t<\/div>\n\n\t\t\t\t\t<div id=\"elementor-tab-content-3131\" class=\"elementor-tab-content elementor-clearfix\" data-tab=\"1\" role=\"region\" aria-labelledby=\"elementor-tab-title-3131\"><p><img decoding=\"async\" class=\"size-medium wp-image-551 aligncenter\" src=\"http:\/\/undesiertoasturiano.practicasdeperiodismo.com\/wp-content\/uploads\/2021\/05\/logo-asturias-paraiso-natural-247x300.jpg\" alt=\"\" width=\"247\" height=\"300\" srcset=\"http:\/\/undesiertoasturiano.practicasdeperiodismo.com\/wp-content\/uploads\/2021\/05\/logo-asturias-paraiso-natural-247x300.jpg 247w, http:\/\/undesiertoasturiano.practicasdeperiodismo.com\/wp-content\/uploads\/2021\/05\/logo-asturias-paraiso-natural-95x116.jpg 95w, http:\/\/undesiertoasturiano.practicasdeperiodismo.com\/wp-content\/uploads\/2021\/05\/logo-asturias-paraiso-natural.jpg 302w\" sizes=\"(max-width: 247px) 100vw, 247px\" \/><\/p><p>\u201cAsturias, para\u00edso natural\u201d fue el logo dise\u00f1ado por Arcadi Moradell Bosch en el a\u00f1o 1985, para atraer el turismo a la regi\u00f3n. Emula los tres arcos de Santa Mar\u00eda del Naranco, un monumento prerrom\u00e1nico asturiano, entre los que se entrev\u00e9 un cielo azul con un sol reluciente que alumbra una playa y que justo detr\u00e1s tiene una monta\u00f1a cubierta de verde.\u00a0<\/p><\/div>\n\t\t\t\t<\/div>\n\t\t\t\t\t\t\t\t<\/div>\n\t\t\t\t\t\t<\/div>\n\t\t\t\t<\/div>\n\t\t\t\t\t<\/div>\n\t\t<\/div>\n\t\t\t\t\t<\/div>\n\t\t<\/section>\n\t\t\t\t<section class=\"elementor-section elementor-top-section elementor-element elementor-element-1d2cdb3 elementor-section-boxed elementor-section-height-default elementor-section-height-default\" data-id=\"1d2cdb3\" data-element_type=\"section\" data-e-type=\"section\">\n\t\t\t\t\t\t<div class=\"elementor-container elementor-column-gap-default\">\n\t\t\t\t\t<div class=\"elementor-column elementor-col-100 elementor-top-column elementor-element elementor-element-d015e82\" data-id=\"d015e82\" data-element_type=\"column\" data-e-type=\"column\">\n\t\t\t<div class=\"elementor-widget-wrap elementor-element-populated\">\n\t\t\t\t\t\t<div class=\"elementor-element elementor-element-8143249 elementor-hidden-desktop elementor-hidden-tablet elementor-widget elementor-widget-image\" data-id=\"8143249\" data-element_type=\"widget\" data-e-type=\"widget\" data-widget_type=\"image.default\">\n\t\t\t\t<div class=\"elementor-widget-container\">\n\t\t\t\t\t\t\t\t\t\t\t\t<figure class=\"wp-caption\">\n\t\t\t\t\t\t\t\t\t\t<img decoding=\"async\" width=\"1440\" height=\"1080\" src=\"http:\/\/undesiertoasturiano.practicasdeperiodismo.com\/wp-content\/uploads\/2021\/05\/IMG_7510-1440x1080.jpg\" class=\"attachment-mesmerize-full-hd size-mesmerize-full-hd wp-image-555\" alt=\"\" srcset=\"http:\/\/undesiertoasturiano.practicasdeperiodismo.com\/wp-content\/uploads\/2021\/05\/IMG_7510-1440x1080.jpg 1440w, http:\/\/undesiertoasturiano.practicasdeperiodismo.com\/wp-content\/uploads\/2021\/05\/IMG_7510-300x225.jpg 300w, http:\/\/undesiertoasturiano.practicasdeperiodismo.com\/wp-content\/uploads\/2021\/05\/IMG_7510-1024x768.jpg 1024w, http:\/\/undesiertoasturiano.practicasdeperiodismo.com\/wp-content\/uploads\/2021\/05\/IMG_7510-768x576.jpg 768w, http:\/\/undesiertoasturiano.practicasdeperiodismo.com\/wp-content\/uploads\/2021\/05\/IMG_7510-1536x1152.jpg 1536w, http:\/\/undesiertoasturiano.practicasdeperiodismo.com\/wp-content\/uploads\/2021\/05\/IMG_7510-2048x1536.jpg 2048w, http:\/\/undesiertoasturiano.practicasdeperiodismo.com\/wp-content\/uploads\/2021\/05\/IMG_7510-155x116.jpg 155w\" sizes=\"(max-width: 1440px) 100vw, 1440px\" \/>\t\t\t\t\t\t\t\t\t\t\t<figcaption class=\"widget-image-caption wp-caption-text\">Armida Marr\u00f3n con su nieto en brazos, a la puerta de su antiguo hotel \"El Bedular\" (R)<\/figcaption>\n\t\t\t\t\t\t\t\t\t\t<\/figure>\n\t\t\t\t\t\t\t\t\t<\/div>\n\t\t\t\t<\/div>\n\t\t\t\t\t<\/div>\n\t\t<\/div>\n\t\t\t\t\t<\/div>\n\t\t<\/section>\n\t\t\t\t<section class=\"elementor-section elementor-top-section elementor-element elementor-element-41f53d7 elementor-section-boxed elementor-section-height-default elementor-section-height-default\" data-id=\"41f53d7\" data-element_type=\"section\" data-e-type=\"section\">\n\t\t\t\t\t\t<div class=\"elementor-container elementor-column-gap-default\">\n\t\t\t\t\t<div class=\"elementor-column elementor-col-100 elementor-top-column elementor-element elementor-element-4eedd30\" data-id=\"4eedd30\" data-element_type=\"column\" data-e-type=\"column\">\n\t\t\t<div class=\"elementor-widget-wrap elementor-element-populated\">\n\t\t\t\t\t\t<div class=\"elementor-element elementor-element-9357553 elementor-widget elementor-widget-text-editor\" data-id=\"9357553\" data-element_type=\"widget\" data-e-type=\"widget\" data-widget_type=\"text-editor.default\">\n\t\t\t\t<div class=\"elementor-widget-container\">\n\t\t\t\t\t\t\t\t\t<p>Mientras habla, mece a su nieto cari\u00f1osamente, como si dirigiera las palabras hacia \u00e9l. En Perlunes, cerr\u00f3 la escuela y diez a\u00f1os m\u00e1s tarde, entre 1982 y 1983, lleg\u00f3 la primera carretera. <b>Al principio, casi no hac\u00eda falta: nadie de all\u00ed ten\u00eda coche y algunos habitantes prefer\u00edan los antiguos caminos; caminos de monta\u00f1a que se usaban para ir a las romer\u00edas de los pueblos vecinos a encontrar esposa, bajar a la Pola de compras, llevar a las vacas o ir al m\u00e9dico de vez en cuando.<\/b> Pese a todo, fue un gran avance: les puso en el mapa. Aunque la carretera, que se reform\u00f3 en el 2000 porque era catastr\u00f3fica, sigue siendo estrecha, peligrosa en algunas partes y <em>pindia, muy muy pindia, <\/em>pero un poco menos.<\/p>\t\t\t\t\t\t\t\t<\/div>\n\t\t\t\t<\/div>\n\t\t\t\t\t<\/div>\n\t\t<\/div>\n\t\t\t\t\t<\/div>\n\t\t<\/section>\n\t\t\t\t<section class=\"elementor-section elementor-top-section elementor-element elementor-element-0dd770d elementor-section-boxed elementor-section-height-default elementor-section-height-default\" data-id=\"0dd770d\" data-element_type=\"section\" data-e-type=\"section\">\n\t\t\t\t\t\t<div class=\"elementor-container elementor-column-gap-default\">\n\t\t\t\t\t<div class=\"elementor-column elementor-col-100 elementor-top-column elementor-element elementor-element-733c5c2\" data-id=\"733c5c2\" data-element_type=\"column\" data-e-type=\"column\">\n\t\t\t<div class=\"elementor-widget-wrap elementor-element-populated\">\n\t\t\t\t\t\t<div class=\"elementor-element elementor-element-2ed422a elementor-widget elementor-widget-heading\" data-id=\"2ed422a\" data-element_type=\"widget\" data-e-type=\"widget\" data-widget_type=\"heading.default\">\n\t\t\t\t<div class=\"elementor-widget-container\">\n\t\t\t\t\t<h3 class=\"elementor-heading-title elementor-size-default\">La guardiana del para\u00edso <\/h3>\t\t\t\t<\/div>\n\t\t\t\t<\/div>\n\t\t\t\t<section class=\"elementor-section elementor-inner-section elementor-element elementor-element-98d383b elementor-section-boxed elementor-section-height-default elementor-section-height-default\" data-id=\"98d383b\" data-element_type=\"section\" data-e-type=\"section\">\n\t\t\t\t\t\t<div class=\"elementor-container elementor-column-gap-default\">\n\t\t\t\t\t<div class=\"elementor-column elementor-col-100 elementor-inner-column elementor-element elementor-element-48cf1d7\" data-id=\"48cf1d7\" data-element_type=\"column\" data-e-type=\"column\">\n\t\t\t<div class=\"elementor-widget-wrap elementor-element-populated\">\n\t\t\t\t\t\t<div class=\"elementor-element elementor-element-225172f elementor-widget elementor-widget-text-editor\" data-id=\"225172f\" data-element_type=\"widget\" data-e-type=\"widget\" data-widget_type=\"text-editor.default\">\n\t\t\t\t<div class=\"elementor-widget-container\">\n\t\t\t\t\t\t\t\t\t<p><b>Por culpa de la carretera, la vaca muerta de Maria Dolores Fern\u00e1ndez lleva desde el viernes cubierta con una lona negra y metida en el remolque de un coche en el medio del pueblo<\/b>. Las moscas se aglutinan y revolotean encima del cad\u00e1ver, advirtiendo de la podredumbre, y los del seguro, a los que ya hab\u00eda llamado hac\u00eda cuatro d\u00edas, siguen sin llegar. Tienen que esperar a que el cami\u00f3n peque\u00f1o est\u00e9 disponible porque el otro, el grande, no pasa de Aguino- a tres kil\u00f3metros, el pueblo de al lado.<\/p><p>Encima, los fines de semana descansan.<b> Ella no descansa nunca, que es ganadera. Empez\u00f3 con 46 cabras y ahora tiene 71 vacas, se\u00f1ala orgullosa. <\/b>La del seguro le dijo que pusiera encima verde, \u00bfde donde iban a sacar verde en abril, si en Somiedo no aparece hasta mayo? Bastante tienen ellos con un animal menos. Esas cosas pasan: los partos pueden dar muchos problemas. Est\u00e1n tardando mucho. <b>Como siempre, nadie quiere subir hasta all\u00ed.<\/b> \u00a0Lo mismo les pas\u00f3 con el veterinario hasta que se dieron de alta en una sociedad en defensa del ganadero. Y con la paqueter\u00eda, que siempre protestan y dicen que hasta Perlunes no hay quien suba. Ni que fuera culpa de ella.<\/p><p>La familia de Dolores \u2013 su marido, su hijo y ella- es la \u00fanica que vive ah\u00ed de manera permanente. Se mudaron a la casa familiar de su marido, hace seis a\u00f1os, cuando quebr\u00f3 la empresa de construcci\u00f3n donde ella trabajaba. Dolores es una mujer de 52 a\u00f1os, que naci\u00f3 en el Puerto de Somiedo, en una familia vaqueira de alzada. <b>Los vaqueiros son pastores trashumantes que se mudan en funci\u00f3n de las necesidades del ganado: vaqueiros viene de vaca, y de alzada porque alzaban su morada. Por su forma de vida, en el pasado tuvieron una consideraci\u00f3n social muy baja; se les lleg\u00f3 a prohibir mezclarse con aldeanos, e incluso sentarse en los mismos lugares que ellos en misa.\u00a0<\/b><\/p>\t\t\t\t\t\t\t\t<\/div>\n\t\t\t\t<\/div>\n\t\t\t\t\t<\/div>\n\t\t<\/div>\n\t\t\t\t\t<\/div>\n\t\t<\/section>\n\t\t\t\t<div class=\"elementor-element elementor-element-f3d3449 elementor-widget elementor-widget-image\" data-id=\"f3d3449\" data-element_type=\"widget\" data-e-type=\"widget\" data-widget_type=\"image.default\">\n\t\t\t\t<div class=\"elementor-widget-container\">\n\t\t\t\t\t\t\t\t\t\t\t\t<figure class=\"wp-caption\">\n\t\t\t\t\t\t\t\t\t\t<img loading=\"lazy\" decoding=\"async\" width=\"1024\" height=\"576\" src=\"http:\/\/undesiertoasturiano.practicasdeperiodismo.com\/wp-content\/uploads\/2021\/05\/20200915_134114-1024x576.jpg\" class=\"attachment-large size-large wp-image-672\" alt=\"\" srcset=\"http:\/\/undesiertoasturiano.practicasdeperiodismo.com\/wp-content\/uploads\/2021\/05\/20200915_134114-1024x576.jpg 1024w, http:\/\/undesiertoasturiano.practicasdeperiodismo.com\/wp-content\/uploads\/2021\/05\/20200915_134114-300x169.jpg 300w, http:\/\/undesiertoasturiano.practicasdeperiodismo.com\/wp-content\/uploads\/2021\/05\/20200915_134114-768x432.jpg 768w, http:\/\/undesiertoasturiano.practicasdeperiodismo.com\/wp-content\/uploads\/2021\/05\/20200915_134114-1536x864.jpg 1536w, http:\/\/undesiertoasturiano.practicasdeperiodismo.com\/wp-content\/uploads\/2021\/05\/20200915_134114-2048x1152.jpg 2048w, http:\/\/undesiertoasturiano.practicasdeperiodismo.com\/wp-content\/uploads\/2021\/05\/20200915_134114-1920x1080.jpg 1920w, http:\/\/undesiertoasturiano.practicasdeperiodismo.com\/wp-content\/uploads\/2021\/05\/20200915_134114-206x116.jpg 206w\" sizes=\"(max-width: 1024px) 100vw, 1024px\" \/>\t\t\t\t\t\t\t\t\t\t\t<figcaption class=\"widget-image-caption wp-caption-text\">Las vacas, en verano, pastan por el campo libremente porque se conserva el verde, pero en invierno se guardan en las cuadras para protegerlas del fr\u00edo. \/\/CC-BY-SA 4.0<\/figcaption>\n\t\t\t\t\t\t\t\t\t\t<\/figure>\n\t\t\t\t\t\t\t\t\t<\/div>\n\t\t\t\t<\/div>\n\t\t\t\t<section class=\"elementor-section elementor-inner-section elementor-element elementor-element-51a0891 elementor-section-boxed elementor-section-height-default elementor-section-height-default\" data-id=\"51a0891\" data-element_type=\"section\" data-e-type=\"section\">\n\t\t\t\t\t\t<div class=\"elementor-container elementor-column-gap-default\">\n\t\t\t\t\t<div class=\"elementor-column elementor-col-100 elementor-inner-column elementor-element elementor-element-34c993c\" data-id=\"34c993c\" data-element_type=\"column\" data-e-type=\"column\">\n\t\t\t<div class=\"elementor-widget-wrap elementor-element-populated\">\n\t\t\t\t\t\t<div class=\"elementor-element elementor-element-cf32c71 elementor-widget elementor-widget-text-editor\" data-id=\"cf32c71\" data-element_type=\"widget\" data-e-type=\"widget\" data-widget_type=\"text-editor.default\">\n\t\t\t\t<div class=\"elementor-widget-container\">\n\t\t\t\t\t\t\t\t\t<p><span style=\"font-family: var( --e-global-typography-text-font-family ), Sans-serif; font-weight: var( --e-global-typography-text-font-weight ); background-color: transparent;\">Recuerda Dolores que cuando era peque\u00f1a viv\u00eda a caballo entre Buspol, en Salas, y el Puerto de Somiedo. En Buspol, que tiene menos altitud iba al colegio y pasaba los inviernos, mientras que en verano regresaban al Puerto, su lugar favorito. All\u00ed se contaban historias de vaqueiros \u2013 de trasgos, xanas y otros seres mitol\u00f3gicos- hasta bien entrada la noche y los chicos y las chicas del pueblo sal\u00edan a dar una vuelta despu\u00e9s de cenar. <\/span><b><span style=\"font-family: var( --e-global-typography-text-font-family ), Sans-serif; background-color: transparent;\">H<\/span><span style=\"font-family: var( --e-global-typography-text-font-family ), Sans-serif; background-color: transparent;\">a<\/span><\/b><span style=\"font-family: var( --e-global-typography-text-font-family ), Sans-serif; background-color: transparent;\"><b>sta que llegaba el d\u00eda de volver a la realidad: empaquetaban todo lo que hubiera en casa, met\u00edan los animales en los remolques y de nuevo al valle. <\/b><\/span><span style=\"font-family: var( --e-global-typography-text-font-family ), Sans-serif; font-weight: var( --e-global-typography-text-font-weight ); background-color: transparent;\">Un camino que de anta\u00f1o se hac\u00eda andando con el\u00a0<\/span><i style=\"font-family: var( --e-global-typography-text-font-family ), Sans-serif; font-weight: var( --e-global-typography-text-font-weight ); background-color: transparent;\">ganao<\/i><span style=\"font-family: var( --e-global-typography-text-font-family ), Sans-serif; font-weight: var( --e-global-typography-text-font-weight ); background-color: transparent;\">. As\u00ed no les cog\u00eda la nieve.\u00a0<\/span><\/p><p>Ahora, Dolores permanece en el pueblo tambi\u00e9n en invierno. <b>Trabajan como pueden, porque las vacas siguen ah\u00ed: si hay hielo, intentan no resbalar; si la nieve cubre, cogen una pala y a quitarla, y si hace fr\u00edo, se abrigan. <\/b>Pero hay que tener cuidado, que la nieve trae muchas desgracias. Cuentan en Somiedo que, en el 1935, un alud cay\u00f3 sobre el tejado de una casa de Perlunes y mat\u00f3 a casi una familia entera: la madre y cinco de sus hijos quedaron sepultados. Solo sobrevivieron el padre y uno de los ni\u00f1os, que no estaban en la vivienda. A\u00fan se puede ver el destrozo. <b>Este a\u00f1o, Filomena tambi\u00e9n vino fuerte: mat\u00f3 a dos operarios de la quitanieves, Cesar y Virgilio, en el Puerto de San Isidro, que est\u00e1 a 100 kil\u00f3metros y tiene una cota m\u00e1xima de altitud es de 1520 metros.<\/b> La de Perlunes es de 1.085 metros. Se quedaron un mes aislados:<\/p><p style=\"margin-bottom: 16px; padding-left: 40px;\">&#8211; Hubo inviernos que estuvimos 3 d\u00edas sin luz, ni cobertura y aqu\u00ed no vino nadie. La quitanieves no pasa. Te las apa\u00f1as como puedes.<\/p>\t\t\t\t\t\t\t\t<\/div>\n\t\t\t\t<\/div>\n\t\t\t\t\t<\/div>\n\t\t<\/div>\n\t\t\t\t\t<\/div>\n\t\t<\/section>\n\t\t\t\t\t<\/div>\n\t\t<\/div>\n\t\t\t\t\t<\/div>\n\t\t<\/section>\n\t\t\t\t<section class=\"elementor-section elementor-top-section elementor-element elementor-element-91437ef elementor-section-boxed elementor-section-height-default elementor-section-height-default\" data-id=\"91437ef\" data-element_type=\"section\" data-e-type=\"section\">\n\t\t\t\t\t\t<div class=\"elementor-container elementor-column-gap-default\">\n\t\t\t\t\t<div class=\"elementor-column elementor-col-50 elementor-top-column elementor-element elementor-element-de94125\" data-id=\"de94125\" data-element_type=\"column\" data-e-type=\"column\">\n\t\t\t<div class=\"elementor-widget-wrap elementor-element-populated\">\n\t\t\t\t\t\t<div class=\"elementor-element elementor-element-43e4f41 elementor-widget elementor-widget-image\" data-id=\"43e4f41\" data-element_type=\"widget\" data-e-type=\"widget\" data-widget_type=\"image.default\">\n\t\t\t\t<div class=\"elementor-widget-container\">\n\t\t\t\t\t\t\t\t\t\t\t\t<figure class=\"wp-caption\">\n\t\t\t\t\t\t\t\t\t\t\t<a href=\"http:\/\/undesiertoasturiano.practicasdeperiodismo.com\/wp-content\/uploads\/2021\/05\/IMG_7507-1-scaled.jpg\" data-elementor-open-lightbox=\"yes\" data-elementor-lightbox-title=\"Perlunes\" data-e-action-hash=\"#elementor-action%3Aaction%3Dlightbox%26settings%3DeyJpZCI6NTY4LCJ1cmwiOiJodHRwOlwvXC91bmRlc2llcnRvYXN0dXJpYW5vLnByYWN0aWNhc2RlcGVyaW9kaXNtby5jb21cL3dwLWNvbnRlbnRcL3VwbG9hZHNcLzIwMjFcLzA1XC9JTUdfNzUwNy0xLXNjYWxlZC5qcGcifQ%3D%3D\">\n\t\t\t\t\t\t\t<img loading=\"lazy\" decoding=\"async\" width=\"1024\" height=\"768\" src=\"http:\/\/undesiertoasturiano.practicasdeperiodismo.com\/wp-content\/uploads\/2021\/05\/IMG_7507-1-1024x768.jpg\" class=\"attachment-large size-large wp-image-568\" alt=\"\" srcset=\"http:\/\/undesiertoasturiano.practicasdeperiodismo.com\/wp-content\/uploads\/2021\/05\/IMG_7507-1-1024x768.jpg 1024w, http:\/\/undesiertoasturiano.practicasdeperiodismo.com\/wp-content\/uploads\/2021\/05\/IMG_7507-1-300x225.jpg 300w, http:\/\/undesiertoasturiano.practicasdeperiodismo.com\/wp-content\/uploads\/2021\/05\/IMG_7507-1-768x576.jpg 768w, http:\/\/undesiertoasturiano.practicasdeperiodismo.com\/wp-content\/uploads\/2021\/05\/IMG_7507-1-1536x1152.jpg 1536w, http:\/\/undesiertoasturiano.practicasdeperiodismo.com\/wp-content\/uploads\/2021\/05\/IMG_7507-1-2048x1536.jpg 2048w, http:\/\/undesiertoasturiano.practicasdeperiodismo.com\/wp-content\/uploads\/2021\/05\/IMG_7507-1-1440x1080.jpg 1440w, http:\/\/undesiertoasturiano.practicasdeperiodismo.com\/wp-content\/uploads\/2021\/05\/IMG_7507-1-155x116.jpg 155w\" sizes=\"(max-width: 1024px) 100vw, 1024px\" \/>\t\t\t\t\t\t\t\t<\/a>\n\t\t\t\t\t\t\t\t\t\t\t<figcaption class=\"widget-image-caption wp-caption-text\">Desde Pola de Somiedo, a Perlunes hay seis kil\u00f3metros y una pista de hormig\u00f3n empinada, que hace que el tiempo en llegar a la Pola se alargue 20 minutos. Apenas se distingue en la imagen, que fue tomada desde el barrio vaqueiro del pueblo. CC-BY-SA 4.0<\/figcaption>\n\t\t\t\t\t\t\t\t\t\t<\/figure>\n\t\t\t\t\t\t\t\t\t<\/div>\n\t\t\t\t<\/div>\n\t\t\t\t\t<\/div>\n\t\t<\/div>\n\t\t\t\t<div class=\"elementor-column elementor-col-50 elementor-top-column elementor-element elementor-element-cec59ae\" data-id=\"cec59ae\" data-element_type=\"column\" data-e-type=\"column\">\n\t\t\t<div class=\"elementor-widget-wrap elementor-element-populated\">\n\t\t\t\t\t\t<div class=\"elementor-element elementor-element-d3217ec elementor-widget elementor-widget-image\" data-id=\"d3217ec\" data-element_type=\"widget\" data-e-type=\"widget\" data-widget_type=\"image.default\">\n\t\t\t\t<div class=\"elementor-widget-container\">\n\t\t\t\t\t\t\t\t\t\t\t\t<figure class=\"wp-caption\">\n\t\t\t\t\t\t\t\t\t\t\t<a href=\"http:\/\/undesiertoasturiano.practicasdeperiodismo.com\/wp-content\/uploads\/2021\/05\/IMG_7397-scaled.jpg\" data-elementor-open-lightbox=\"yes\" data-elementor-lightbox-title=\"Puerto de Somiedo\" data-e-action-hash=\"#elementor-action%3Aaction%3Dlightbox%26settings%3DeyJpZCI6NTY3LCJ1cmwiOiJodHRwOlwvXC91bmRlc2llcnRvYXN0dXJpYW5vLnByYWN0aWNhc2RlcGVyaW9kaXNtby5jb21cL3dwLWNvbnRlbnRcL3VwbG9hZHNcLzIwMjFcLzA1XC9JTUdfNzM5Ny1zY2FsZWQuanBnIn0%3D\">\n\t\t\t\t\t\t\t<img loading=\"lazy\" decoding=\"async\" width=\"1024\" height=\"768\" src=\"http:\/\/undesiertoasturiano.practicasdeperiodismo.com\/wp-content\/uploads\/2021\/05\/IMG_7397-1024x768.jpg\" class=\"attachment-large size-large wp-image-567\" alt=\"\" srcset=\"http:\/\/undesiertoasturiano.practicasdeperiodismo.com\/wp-content\/uploads\/2021\/05\/IMG_7397-1024x768.jpg 1024w, http:\/\/undesiertoasturiano.practicasdeperiodismo.com\/wp-content\/uploads\/2021\/05\/IMG_7397-300x225.jpg 300w, http:\/\/undesiertoasturiano.practicasdeperiodismo.com\/wp-content\/uploads\/2021\/05\/IMG_7397-768x576.jpg 768w, http:\/\/undesiertoasturiano.practicasdeperiodismo.com\/wp-content\/uploads\/2021\/05\/IMG_7397-1536x1152.jpg 1536w, http:\/\/undesiertoasturiano.practicasdeperiodismo.com\/wp-content\/uploads\/2021\/05\/IMG_7397-2048x1536.jpg 2048w, http:\/\/undesiertoasturiano.practicasdeperiodismo.com\/wp-content\/uploads\/2021\/05\/IMG_7397-1440x1080.jpg 1440w, http:\/\/undesiertoasturiano.practicasdeperiodismo.com\/wp-content\/uploads\/2021\/05\/IMG_7397-155x116.jpg 155w\" sizes=\"(max-width: 1024px) 100vw, 1024px\" \/>\t\t\t\t\t\t\t\t<\/a>\n\t\t\t\t\t\t\t\t\t\t\t<figcaption class=\"widget-image-caption wp-caption-text\">A finales de marzo, en el Puerto de Somiedo no se hab\u00edan ido los resquicios del invierno. Est\u00e1 a 400 metros de altitud por encima de Perlunes; a 1.485 metros sobre el nivel del mar.  CC-BY-SA 4.0<\/figcaption>\n\t\t\t\t\t\t\t\t\t\t<\/figure>\n\t\t\t\t\t\t\t\t\t<\/div>\n\t\t\t\t<\/div>\n\t\t\t\t\t<\/div>\n\t\t<\/div>\n\t\t\t\t\t<\/div>\n\t\t<\/section>\n\t\t\t\t<section class=\"elementor-section elementor-top-section elementor-element elementor-element-d454fe2 elementor-section-boxed elementor-section-height-default elementor-section-height-default\" data-id=\"d454fe2\" data-element_type=\"section\" data-e-type=\"section\">\n\t\t\t\t\t\t<div class=\"elementor-container elementor-column-gap-default\">\n\t\t\t\t\t<div class=\"elementor-column elementor-col-100 elementor-top-column elementor-element elementor-element-ba37c24\" data-id=\"ba37c24\" data-element_type=\"column\" data-e-type=\"column\">\n\t\t\t<div class=\"elementor-widget-wrap elementor-element-populated\">\n\t\t\t\t\t\t<div class=\"elementor-element elementor-element-bfa527a elementor-widget elementor-widget-text-editor\" data-id=\"bfa527a\" data-element_type=\"widget\" data-e-type=\"widget\" data-widget_type=\"text-editor.default\">\n\t\t\t\t<div class=\"elementor-widget-container\">\n\t\t\t\t\t\t\t\t\t<p>La casa de Dolores es la \u00fanica que tiene internet en todo el pueblo, y despu\u00e9s de mucho pelear, le instalaron la fibra \u00f3ptica. Tienen tambi\u00e9n televisi\u00f3n y un sistema de GPS en las vacas para que no se pierdan. En Perlunes, la electricidad lleg\u00f3 a mediados de los cincuenta porque los vecinos fundaron una cooperativa para comprar un generador. En Aguino, el pueblo vecino, el tendido el\u00e9ctrico lleg\u00f3 casi cuarenta a\u00f1os m\u00e1s tarde. <b>Resisten a base de pelear, de chocar contra viento y marea para que el mundo no gire sin ellos, pero a veces, se hace cuesta arriba. <\/b>El sector primario es imprescindible para que haya alimentos y para que Asturias se mantenga verde: son quienes llevan el abono de los campos y quienes los cuidan. Guardan el para\u00edso para que se conserve tal y como est\u00e1 en el logo.<\/p><p>Mar\u00eda Dolores llega a mediod\u00eda a casa del monte para hacer la comida, despu\u00e9s de sus m\u00faltiples quehaceres: ya fue a la cuadra a ver a las vacas, revis\u00f3 que todo estuviera bien, limpi\u00f3, les dio de comer y tuvo tiempo hasta para dar un paseo. Pienso para las vacas, y para ellos, arroz con almejas. Lleva su pelo, largo entre casta\u00f1o y rojizo, recogido en una coleta, el forro polar azul abierto que deja entrever una camiseta rosa, pantalones de monta\u00f1a y katiuskas salpicadas de gotas de barro, una ri\u00f1onera antigua y beis a la cadera y una vara de avellano en la mano que cumple la funci\u00f3n de bast\u00f3n. No le gustan las fotograf\u00edas:<\/p><p style=\"padding-left: 40px;\">&#8211; Yo cuando me vine <em>paqu\u00ed<\/em> no sab\u00eda nada de animales. Aunque me cri\u00e9 con ellos, nunca hab\u00eda tenido.\u00a0 Todo es ponerse: se aprende a base de andar.\u00a0<\/p><p>La vida en Perlunes, cuenta la ganadera, tiene tambi\u00e9n muchas ventajas. <b>Ellos est\u00e1n bien: son due\u00f1os y esclavos de lo suyo. Trabajan lo que quieren, y saben que lo que no hagan un d\u00eda, les espera el siguiente.<\/b> Que las vacas nunca dejan de comer, pero lo pueden hacer a distintas horas del d\u00eda. No echan nada de menos vivir en la ciudad: no se aburren nunca, porque ah\u00ed siempre hay algo que hacer. Tampoco se sienten solos: se tienen unos a otros, internet y coche para visitar a su familia. Al principio, Dolores bajaba alg\u00fan d\u00eda a la Pola para tomar el verm\u00fa o ir de tiendas. Ahora ya, ni eso.<\/p>\t\t\t\t\t\t\t\t<\/div>\n\t\t\t\t<\/div>\n\t\t\t\t\t<\/div>\n\t\t<\/div>\n\t\t\t\t\t<\/div>\n\t\t<\/section>\n\t\t\t\t<section class=\"elementor-section elementor-top-section elementor-element elementor-element-f71f067 elementor-section-boxed elementor-section-height-default elementor-section-height-default\" data-id=\"f71f067\" data-element_type=\"section\" data-e-type=\"section\">\n\t\t\t\t\t\t<div class=\"elementor-container elementor-column-gap-default\">\n\t\t\t\t\t<div class=\"elementor-column elementor-col-100 elementor-top-column elementor-element elementor-element-b1f24f8\" data-id=\"b1f24f8\" data-element_type=\"column\" data-e-type=\"column\">\n\t\t\t<div class=\"elementor-widget-wrap elementor-element-populated\">\n\t\t\t\t\t\t<div class=\"elementor-element elementor-element-4b4f6e0 elementor-widget elementor-widget-image-gallery\" data-id=\"4b4f6e0\" data-element_type=\"widget\" data-e-type=\"widget\" data-widget_type=\"image-gallery.default\">\n\t\t\t\t<div class=\"elementor-widget-container\">\n\t\t\t\t\t\t\t<div class=\"elementor-image-gallery\">\n\t\t\t\n\t\t<style type=\"text\/css\">\n\t\t\t#gallery-1 {\n\t\t\t\tmargin: auto;\n\t\t\t}\n\t\t\t#gallery-1 .gallery-item {\n\t\t\t\tfloat: left;\n\t\t\t\tmargin-top: 10px;\n\t\t\t\ttext-align: center;\n\t\t\t\twidth: 33%;\n\t\t\t}\n\t\t\t#gallery-1 img {\n\t\t\t\tborder: 2px solid #cfcfcf;\n\t\t\t}\n\t\t\t#gallery-1 .gallery-caption {\n\t\t\t\tmargin-left: 0;\n\t\t\t}\n\t\t\t\/* see gallery_shortcode() in wp-includes\/media.php *\/\n\t\t<\/style>\n\t\t<div id='gallery-1' class='gallery galleryid-522 gallery-columns-3 gallery-size-1536x1536'><dl class='gallery-item'>\n\t\t\t<dt class='gallery-icon landscape'>\n\t\t\t\t<a data-elementor-open-lightbox=\"yes\" data-elementor-lightbox-slideshow=\"4b4f6e0\" data-elementor-lightbox-title=\"Perlunes\" data-e-action-hash=\"#elementor-action%3Aaction%3Dlightbox%26settings%3DeyJpZCI6NTQ2LCJ1cmwiOiJodHRwOlwvXC91bmRlc2llcnRvYXN0dXJpYW5vLnByYWN0aWNhc2RlcGVyaW9kaXNtby5jb21cL3dwLWNvbnRlbnRcL3VwbG9hZHNcLzIwMjFcLzA1XC9JTUdfNzUwNC1zY2FsZWQuanBnIiwic2xpZGVzaG93IjoiNGI0ZjZlMCJ9\" href='http:\/\/undesiertoasturiano.practicasdeperiodismo.com\/wp-content\/uploads\/2021\/05\/IMG_7504-scaled.jpg'><img loading=\"lazy\" decoding=\"async\" width=\"1536\" height=\"1152\" src=\"http:\/\/undesiertoasturiano.practicasdeperiodismo.com\/wp-content\/uploads\/2021\/05\/IMG_7504-1536x1152.jpg\" class=\"attachment-1536x1536 size-1536x1536\" alt=\"\" aria-describedby=\"gallery-1-546\" srcset=\"http:\/\/undesiertoasturiano.practicasdeperiodismo.com\/wp-content\/uploads\/2021\/05\/IMG_7504-1536x1152.jpg 1536w, http:\/\/undesiertoasturiano.practicasdeperiodismo.com\/wp-content\/uploads\/2021\/05\/IMG_7504-300x225.jpg 300w, http:\/\/undesiertoasturiano.practicasdeperiodismo.com\/wp-content\/uploads\/2021\/05\/IMG_7504-1024x768.jpg 1024w, http:\/\/undesiertoasturiano.practicasdeperiodismo.com\/wp-content\/uploads\/2021\/05\/IMG_7504-768x576.jpg 768w, http:\/\/undesiertoasturiano.practicasdeperiodismo.com\/wp-content\/uploads\/2021\/05\/IMG_7504-2048x1536.jpg 2048w, http:\/\/undesiertoasturiano.practicasdeperiodismo.com\/wp-content\/uploads\/2021\/05\/IMG_7504-1440x1080.jpg 1440w, http:\/\/undesiertoasturiano.practicasdeperiodismo.com\/wp-content\/uploads\/2021\/05\/IMG_7504-155x116.jpg 155w\" sizes=\"(max-width: 1536px) 100vw, 1536px\" \/><\/a>\n\t\t\t<\/dt>\n\t\t\t\t<dd class='wp-caption-text gallery-caption' id='gallery-1-546'>\n\t\t\t\tPerlunes vive enclavado en la monta\u00f1a. Solo hay una casa habitada.  Esta imagen fue tomada a principios de abril y en la cima de las monta\u00f1as a\u00fan hab\u00eda nieve. CC-BY-SA 4.0\n\t\t\t\t<\/dd><\/dl><dl class='gallery-item'>\n\t\t\t<dt class='gallery-icon landscape'>\n\t\t\t\t<a data-elementor-open-lightbox=\"yes\" data-elementor-lightbox-slideshow=\"4b4f6e0\" data-elementor-lightbox-title=\"Puerto de Somiedo\" data-e-action-hash=\"#elementor-action%3Aaction%3Dlightbox%26settings%3DeyJpZCI6MTA2OSwidXJsIjoiaHR0cDpcL1wvdW5kZXNpZXJ0b2FzdHVyaWFuby5wcmFjdGljYXNkZXBlcmlvZGlzbW8uY29tXC93cC1jb250ZW50XC91cGxvYWRzXC8yMDIxXC8wNVwvSU1HXzczOTUtc2NhbGVkLmpwZyIsInNsaWRlc2hvdyI6IjRiNGY2ZTAifQ%3D%3D\" href='http:\/\/undesiertoasturiano.practicasdeperiodismo.com\/wp-content\/uploads\/2021\/05\/IMG_7395-scaled.jpg'><img loading=\"lazy\" decoding=\"async\" width=\"1536\" height=\"1152\" src=\"http:\/\/undesiertoasturiano.practicasdeperiodismo.com\/wp-content\/uploads\/2021\/05\/IMG_7395-1536x1152.jpg\" class=\"attachment-1536x1536 size-1536x1536\" alt=\"\" aria-describedby=\"gallery-1-1069\" srcset=\"http:\/\/undesiertoasturiano.practicasdeperiodismo.com\/wp-content\/uploads\/2021\/05\/IMG_7395-1536x1152.jpg 1536w, http:\/\/undesiertoasturiano.practicasdeperiodismo.com\/wp-content\/uploads\/2021\/05\/IMG_7395-300x225.jpg 300w, http:\/\/undesiertoasturiano.practicasdeperiodismo.com\/wp-content\/uploads\/2021\/05\/IMG_7395-1024x768.jpg 1024w, http:\/\/undesiertoasturiano.practicasdeperiodismo.com\/wp-content\/uploads\/2021\/05\/IMG_7395-768x576.jpg 768w, http:\/\/undesiertoasturiano.practicasdeperiodismo.com\/wp-content\/uploads\/2021\/05\/IMG_7395-2048x1536.jpg 2048w, http:\/\/undesiertoasturiano.practicasdeperiodismo.com\/wp-content\/uploads\/2021\/05\/IMG_7395-1440x1080.jpg 1440w\" sizes=\"(max-width: 1536px) 100vw, 1536px\" \/><\/a>\n\t\t\t<\/dt>\n\t\t\t\t<dd class='wp-caption-text gallery-caption' id='gallery-1-1069'>\n\t\t\t\tLa nieve en Somiedo dura hasta mayo. En verano se llena de verde y las vacas inundan los prados, revitalizados, para pasar en ellos el verano.CC-BY-SA 4.0\n\t\t\t\t<\/dd><\/dl><dl class='gallery-item'>\n\t\t\t<dt class='gallery-icon landscape'>\n\t\t\t\t<a data-elementor-open-lightbox=\"yes\" data-elementor-lightbox-slideshow=\"4b4f6e0\" data-elementor-lightbox-title=\"Lavadero de Perlunes\" data-e-action-hash=\"#elementor-action%3Aaction%3Dlightbox%26settings%3DeyJpZCI6NjY5LCJ1cmwiOiJodHRwOlwvXC91bmRlc2llcnRvYXN0dXJpYW5vLnByYWN0aWNhc2RlcGVyaW9kaXNtby5jb21cL3dwLWNvbnRlbnRcL3VwbG9hZHNcLzIwMjFcLzA1XC9JTUdfNzUwOC1zY2FsZWQuanBnIiwic2xpZGVzaG93IjoiNGI0ZjZlMCJ9\" href='http:\/\/undesiertoasturiano.practicasdeperiodismo.com\/wp-content\/uploads\/2021\/05\/IMG_7508-scaled.jpg'><img loading=\"lazy\" decoding=\"async\" width=\"1536\" height=\"1152\" src=\"http:\/\/undesiertoasturiano.practicasdeperiodismo.com\/wp-content\/uploads\/2021\/05\/IMG_7508-1536x1152.jpg\" class=\"attachment-1536x1536 size-1536x1536\" alt=\"\" aria-describedby=\"gallery-1-669\" srcset=\"http:\/\/undesiertoasturiano.practicasdeperiodismo.com\/wp-content\/uploads\/2021\/05\/IMG_7508-1536x1152.jpg 1536w, http:\/\/undesiertoasturiano.practicasdeperiodismo.com\/wp-content\/uploads\/2021\/05\/IMG_7508-300x225.jpg 300w, http:\/\/undesiertoasturiano.practicasdeperiodismo.com\/wp-content\/uploads\/2021\/05\/IMG_7508-1024x768.jpg 1024w, http:\/\/undesiertoasturiano.practicasdeperiodismo.com\/wp-content\/uploads\/2021\/05\/IMG_7508-768x576.jpg 768w, http:\/\/undesiertoasturiano.practicasdeperiodismo.com\/wp-content\/uploads\/2021\/05\/IMG_7508-2048x1536.jpg 2048w, http:\/\/undesiertoasturiano.practicasdeperiodismo.com\/wp-content\/uploads\/2021\/05\/IMG_7508-1440x1080.jpg 1440w, http:\/\/undesiertoasturiano.practicasdeperiodismo.com\/wp-content\/uploads\/2021\/05\/IMG_7508-155x116.jpg 155w\" sizes=\"(max-width: 1536px) 100vw, 1536px\" \/><\/a>\n\t\t\t<\/dt>\n\t\t\t\t<dd class='wp-caption-text gallery-caption' id='gallery-1-669'>\n\t\t\t\tUno de los pocos sitios donde Perlunes tiene cobertura es en el antiguo lavadero. Entre otras cosas, cumpl\u00eda una funci\u00f3n social: era donde las mujeres se reun\u00edan para lavar y hablar de sus cosas. CC-BY-SA 4.0\n\t\t\t\t<\/dd><\/dl><br style=\"clear: both\" \/><dl class='gallery-item'>\n\t\t\t<dt class='gallery-icon landscape'>\n\t\t\t\t<a data-elementor-open-lightbox=\"yes\" data-elementor-lightbox-slideshow=\"4b4f6e0\" data-elementor-lightbox-title=\"Un teito somedano\" data-e-action-hash=\"#elementor-action%3Aaction%3Dlightbox%26settings%3DeyJpZCI6NjY3LCJ1cmwiOiJodHRwOlwvXC91bmRlc2llcnRvYXN0dXJpYW5vLnByYWN0aWNhc2RlcGVyaW9kaXNtby5jb21cL3dwLWNvbnRlbnRcL3VwbG9hZHNcLzIwMjFcLzA1XC9JTUdfMjAyMDA5MTVfMTQxOTE5LXNjYWxlZC5qcGciLCJzbGlkZXNob3ciOiI0YjRmNmUwIn0%3D\" href='http:\/\/undesiertoasturiano.practicasdeperiodismo.com\/wp-content\/uploads\/2021\/05\/IMG_20200915_141919-scaled.jpg'><img loading=\"lazy\" decoding=\"async\" width=\"1536\" height=\"1152\" src=\"http:\/\/undesiertoasturiano.practicasdeperiodismo.com\/wp-content\/uploads\/2021\/05\/IMG_20200915_141919-1536x1152.jpg\" class=\"attachment-1536x1536 size-1536x1536\" alt=\"\" aria-describedby=\"gallery-1-667\" srcset=\"http:\/\/undesiertoasturiano.practicasdeperiodismo.com\/wp-content\/uploads\/2021\/05\/IMG_20200915_141919-1536x1152.jpg 1536w, http:\/\/undesiertoasturiano.practicasdeperiodismo.com\/wp-content\/uploads\/2021\/05\/IMG_20200915_141919-300x225.jpg 300w, http:\/\/undesiertoasturiano.practicasdeperiodismo.com\/wp-content\/uploads\/2021\/05\/IMG_20200915_141919-1024x768.jpg 1024w, http:\/\/undesiertoasturiano.practicasdeperiodismo.com\/wp-content\/uploads\/2021\/05\/IMG_20200915_141919-768x576.jpg 768w, http:\/\/undesiertoasturiano.practicasdeperiodismo.com\/wp-content\/uploads\/2021\/05\/IMG_20200915_141919-2048x1536.jpg 2048w, http:\/\/undesiertoasturiano.practicasdeperiodismo.com\/wp-content\/uploads\/2021\/05\/IMG_20200915_141919-1440x1080.jpg 1440w, http:\/\/undesiertoasturiano.practicasdeperiodismo.com\/wp-content\/uploads\/2021\/05\/IMG_20200915_141919-155x116.jpg 155w\" sizes=\"(max-width: 1536px) 100vw, 1536px\" \/><\/a>\n\t\t\t<\/dt>\n\t\t\t\t<dd class='wp-caption-text gallery-caption' id='gallery-1-667'>\n\t\t\t\tLos vaqueiros pasaban veranos enteros en estas construcciones, muchas veces sin ver a nadie. Cuando llegaba la \u00e9poca, sub\u00edan al monte y bajaban a los pueblos a duras penas. CC-BY-SA 4.0\n\t\t\t\t<\/dd><\/dl><dl class='gallery-item'>\n\t\t\t<dt class='gallery-icon landscape'>\n\t\t\t\t<a data-elementor-open-lightbox=\"yes\" data-elementor-lightbox-slideshow=\"4b4f6e0\" data-elementor-lightbox-title=\"Puerto de Somiedo\" data-e-action-hash=\"#elementor-action%3Aaction%3Dlightbox%26settings%3DeyJpZCI6NjU3LCJ1cmwiOiJodHRwOlwvXC91bmRlc2llcnRvYXN0dXJpYW5vLnByYWN0aWNhc2RlcGVyaW9kaXNtby5jb21cL3dwLWNvbnRlbnRcL3VwbG9hZHNcLzIwMjFcLzA1XC9JTUdfNzQwNC1zY2FsZWQuanBnIiwic2xpZGVzaG93IjoiNGI0ZjZlMCJ9\" href='http:\/\/undesiertoasturiano.practicasdeperiodismo.com\/wp-content\/uploads\/2021\/05\/IMG_7404-scaled.jpg'><img loading=\"lazy\" decoding=\"async\" width=\"1536\" height=\"1152\" src=\"http:\/\/undesiertoasturiano.practicasdeperiodismo.com\/wp-content\/uploads\/2021\/05\/IMG_7404-1536x1152.jpg\" class=\"attachment-1536x1536 size-1536x1536\" alt=\"\" aria-describedby=\"gallery-1-657\" srcset=\"http:\/\/undesiertoasturiano.practicasdeperiodismo.com\/wp-content\/uploads\/2021\/05\/IMG_7404-1536x1152.jpg 1536w, http:\/\/undesiertoasturiano.practicasdeperiodismo.com\/wp-content\/uploads\/2021\/05\/IMG_7404-300x225.jpg 300w, http:\/\/undesiertoasturiano.practicasdeperiodismo.com\/wp-content\/uploads\/2021\/05\/IMG_7404-1024x768.jpg 1024w, http:\/\/undesiertoasturiano.practicasdeperiodismo.com\/wp-content\/uploads\/2021\/05\/IMG_7404-768x576.jpg 768w, http:\/\/undesiertoasturiano.practicasdeperiodismo.com\/wp-content\/uploads\/2021\/05\/IMG_7404-2048x1536.jpg 2048w, http:\/\/undesiertoasturiano.practicasdeperiodismo.com\/wp-content\/uploads\/2021\/05\/IMG_7404-1440x1080.jpg 1440w, http:\/\/undesiertoasturiano.practicasdeperiodismo.com\/wp-content\/uploads\/2021\/05\/IMG_7404-155x116.jpg 155w\" sizes=\"(max-width: 1536px) 100vw, 1536px\" \/><\/a>\n\t\t\t<\/dt>\n\t\t\t\t<dd class='wp-caption-text gallery-caption' id='gallery-1-657'>\n\t\t\t\tCuando los teitos dejaron de usarse, muchos de ellos se abandonaron. Por los montes de Somiedo se pueden distinguir sus resquicios y c\u00f3mo conformaban las habitaciones.  Este es uno en el Puerto de Somiedo. CC-BY-SA 4.0\n\t\t\t\t<\/dd><\/dl><dl class='gallery-item'>\n\t\t\t<dt class='gallery-icon landscape'>\n\t\t\t\t<a data-elementor-open-lightbox=\"yes\" data-elementor-lightbox-slideshow=\"4b4f6e0\" data-elementor-lightbox-title=\"Bra\u00f1a de Mumi\u00e1n\" data-e-action-hash=\"#elementor-action%3Aaction%3Dlightbox%26settings%3DeyJpZCI6NjcwLCJ1cmwiOiJodHRwOlwvXC91bmRlc2llcnRvYXN0dXJpYW5vLnByYWN0aWNhc2RlcGVyaW9kaXNtby5jb21cL3dwLWNvbnRlbnRcL3VwbG9hZHNcLzIwMjFcLzA1XC9JTUdfMjAyMDA5MTVfMTg1ODI3LXNjYWxlZC5qcGciLCJzbGlkZXNob3ciOiI0YjRmNmUwIn0%3D\" href='http:\/\/undesiertoasturiano.practicasdeperiodismo.com\/wp-content\/uploads\/2021\/05\/IMG_20200915_185827-scaled.jpg'><img loading=\"lazy\" decoding=\"async\" width=\"1536\" height=\"1152\" src=\"http:\/\/undesiertoasturiano.practicasdeperiodismo.com\/wp-content\/uploads\/2021\/05\/IMG_20200915_185827-1536x1152.jpg\" class=\"attachment-1536x1536 size-1536x1536\" alt=\"\" aria-describedby=\"gallery-1-670\" srcset=\"http:\/\/undesiertoasturiano.practicasdeperiodismo.com\/wp-content\/uploads\/2021\/05\/IMG_20200915_185827-1536x1152.jpg 1536w, http:\/\/undesiertoasturiano.practicasdeperiodismo.com\/wp-content\/uploads\/2021\/05\/IMG_20200915_185827-300x225.jpg 300w, http:\/\/undesiertoasturiano.practicasdeperiodismo.com\/wp-content\/uploads\/2021\/05\/IMG_20200915_185827-1024x768.jpg 1024w, http:\/\/undesiertoasturiano.practicasdeperiodismo.com\/wp-content\/uploads\/2021\/05\/IMG_20200915_185827-768x576.jpg 768w, http:\/\/undesiertoasturiano.practicasdeperiodismo.com\/wp-content\/uploads\/2021\/05\/IMG_20200915_185827-2048x1536.jpg 2048w, http:\/\/undesiertoasturiano.practicasdeperiodismo.com\/wp-content\/uploads\/2021\/05\/IMG_20200915_185827-1440x1080.jpg 1440w, http:\/\/undesiertoasturiano.practicasdeperiodismo.com\/wp-content\/uploads\/2021\/05\/IMG_20200915_185827-155x116.jpg 155w\" sizes=\"(max-width: 1536px) 100vw, 1536px\" \/><\/a>\n\t\t\t<\/dt>\n\t\t\t\t<dd class='wp-caption-text gallery-caption' id='gallery-1-670'>\n\t\t\t\tEn la bra\u00f1a de Mumi\u00e1n se conservan Teitos de piedra.  Es la \u00fanica en todo el valle que tiene este tipo de construcciones. La diferencia es que hasta los tejados son de piedra. CC-BY-SA 4.0\n\t\t\t\t<\/dd><\/dl><br style=\"clear: both\" \/>\n\t\t<\/div>\n\t\t<\/div>\n\t\t\t\t\t\t<\/div>\n\t\t\t\t<\/div>\n\t\t\t\t\t<\/div>\n\t\t<\/div>\n\t\t\t\t\t<\/div>\n\t\t<\/section>\n\t\t\t\t<section class=\"elementor-section elementor-top-section elementor-element elementor-element-de9088e elementor-section-boxed elementor-section-height-default elementor-section-height-default\" data-id=\"de9088e\" data-element_type=\"section\" data-e-type=\"section\">\n\t\t\t\t\t\t<div class=\"elementor-container elementor-column-gap-default\">\n\t\t\t\t\t<div class=\"elementor-column elementor-col-100 elementor-top-column elementor-element elementor-element-0a0b912\" data-id=\"0a0b912\" data-element_type=\"column\" data-e-type=\"column\">\n\t\t\t<div class=\"elementor-widget-wrap elementor-element-populated\">\n\t\t\t\t\t\t<div class=\"elementor-element elementor-element-ff15f65 elementor-widget elementor-widget-text-editor\" data-id=\"ff15f65\" data-element_type=\"widget\" data-e-type=\"widget\" data-widget_type=\"text-editor.default\">\n\t\t\t\t<div class=\"elementor-widget-container\">\n\t\t\t\t\t\t\t\t\t<p>Es cuesti\u00f3n de adaptaci\u00f3n, sostiene Dolores. De apa\u00f1\u00e1rselas como pueden. Primero, se acostumbr\u00f3 a vivir en Oviedo y dej\u00f3 atr\u00e1s la vida de vaqueira. Ahora, pese a todo, est\u00e1 a gusto en Perlunes. Cada sitio tiene sus cosas. <b>Est\u00e1 tan c\u00f3moda que incluso, a veces, los visitantes le parecen una molestia. No todos, solo aquellos que no respetan su forma de vida: <\/b>los que no les tratan con educaci\u00f3n, dejan el coche en cualquier parte \u2013incluso tapando los bebederos de las vacas- como si el pueblo fuera suyo, le impiden el paso al ganado o al tractor y tiran basura a los laterales del camino:<\/p>\n<p style=\"padding-left: 40px;\"><span style=\"background-color: transparent; font-family: var( --e-global-typography-text-font-family ), Sans-serif; font-weight: var( --e-global-typography-text-font-weight );\">&#8211;<i>Pal <\/i>que no me quiere, tengo yo mucho. Si me discriminas por ser ganadera y no me respetas, a mi casa no entras.&nbsp;<\/span><\/p>\n<p>Los vaqueiros de discriminaci\u00f3n saben mucho. Pero no es solo eso.<b> Es que, a ra\u00edz de la industrializaci\u00f3n en Espa\u00f1a, y especialmente en Asturias, permaneci\u00f3 la idea de que los se quedaba a vivir en el pueblo no serv\u00edan para estudiar.<\/b> Eran los tontos, los fatos y los <em>babayos <\/em>y lo \u00fanico de lo que pod\u00edan encargarse era de la cr\u00eda de animales<em>. <\/em>Para progresar y ganar perras hab\u00eda que irse fuera y no mancharse las manos de cucho y tierra. Durante un tiempo fue as\u00ed: la mina y las ciudades daban m\u00e1s trabajo y de mejor calidad. Se volv\u00eda solo a presumir, descansar y saludar a la familia.<\/p>\t\t\t\t\t\t\t\t<\/div>\n\t\t\t\t<\/div>\n\t\t\t\t\t<\/div>\n\t\t<\/div>\n\t\t\t\t\t<\/div>\n\t\t<\/section>\n\t\t\t\t<section class=\"elementor-section elementor-top-section elementor-element elementor-element-16bc12b elementor-section-boxed elementor-section-height-default elementor-section-height-default\" data-id=\"16bc12b\" data-element_type=\"section\" data-e-type=\"section\">\n\t\t\t\t\t\t<div class=\"elementor-container elementor-column-gap-default\">\n\t\t\t\t\t<div class=\"elementor-column elementor-col-50 elementor-top-column elementor-element elementor-element-35fc226\" data-id=\"35fc226\" data-element_type=\"column\" data-e-type=\"column\">\n\t\t\t<div class=\"elementor-widget-wrap elementor-element-populated\">\n\t\t\t\t\t\t<div class=\"elementor-element elementor-element-fe3dc96 elementor-widget elementor-widget-button\" data-id=\"fe3dc96\" data-element_type=\"widget\" data-e-type=\"widget\" data-widget_type=\"button.default\">\n\t\t\t\t<div class=\"elementor-widget-container\">\n\t\t\t\t\t\t\t\t\t<div class=\"elementor-button-wrapper\">\n\t\t\t\t\t<a class=\"elementor-button elementor-button-link elementor-size-sm elementor-animation-pulse\" href=\"http:\/\/undesiertoasturiano.practicasdeperiodismo.com\/index.php\/la-ninez-en-la-montana\/\">\n\t\t\t\t\t\t<span class=\"elementor-button-content-wrapper\">\n\t\t\t\t\t\t<span class=\"elementor-button-icon\">\n\t\t\t\t<i aria-hidden=\"true\" class=\"fas fa-arrow-left\"><\/i>\t\t\t<\/span>\n\t\t\t\t\t\t\t\t\t<span class=\"elementor-button-text\">La ni\u00f1ez de la monta\u00f1a <\/span>\n\t\t\t\t\t<\/span>\n\t\t\t\t\t<\/a>\n\t\t\t\t<\/div>\n\t\t\t\t\t\t\t\t<\/div>\n\t\t\t\t<\/div>\n\t\t\t\t\t<\/div>\n\t\t<\/div>\n\t\t\t\t<div class=\"elementor-column elementor-col-50 elementor-top-column elementor-element elementor-element-13f5b96\" data-id=\"13f5b96\" data-element_type=\"column\" data-e-type=\"column\">\n\t\t\t<div class=\"elementor-widget-wrap elementor-element-populated\">\n\t\t\t\t\t\t<div class=\"elementor-element elementor-element-ad0f242 elementor-align-right elementor-widget elementor-widget-button\" data-id=\"ad0f242\" data-element_type=\"widget\" data-e-type=\"widget\" data-widget_type=\"button.default\">\n\t\t\t\t<div class=\"elementor-widget-container\">\n\t\t\t\t\t\t\t\t\t<div class=\"elementor-button-wrapper\">\n\t\t\t\t\t<a class=\"elementor-button elementor-button-link elementor-size-sm elementor-animation-pulse\" href=\"http:\/\/undesiertoasturiano.practicasdeperiodismo.com\/index.php\/los-ultimos-moradores\/\">\n\t\t\t\t\t\t<span class=\"elementor-button-content-wrapper\">\n\t\t\t\t\t\t<span class=\"elementor-button-icon\">\n\t\t\t\t<i aria-hidden=\"true\" class=\"fas fa-arrow-right\"><\/i>\t\t\t<\/span>\n\t\t\t\t\t\t\t\t\t<span class=\"elementor-button-text\">Los \u00faltimos moradores<\/span>\n\t\t\t\t\t<\/span>\n\t\t\t\t\t<\/a>\n\t\t\t\t<\/div>\n\t\t\t\t\t\t\t\t<\/div>\n\t\t\t\t<\/div>\n\t\t\t\t\t<\/div>\n\t\t<\/div>\n\t\t\t\t\t<\/div>\n\t\t<\/section>\n\t\t\t\t<\/div>\n\t\t","protected":false},"excerpt":{"rendered":"<p>El valle de Somiedo se sumi\u00f3 en un silencio absoluto tras la marcha continuada de poblaci\u00f3n, desde la d\u00e9cada de los sesenta. En verano, vuelve a haber ruido con la llegada masiva de visitantes. Mientras tanto, los que quedaron resisten las inclemencias del tiempo &#8211; tambi\u00e9n el atmosf\u00e9rico- y conviven con el notable crecimiento de&hellip; <br \/> <a class=\"read-more\" href=\"http:\/\/undesiertoasturiano.practicasdeperiodismo.com\/index.php\/el-silencio-del-valle\/\">Read more<\/a><\/p>\n","protected":false},"author":2,"featured_media":0,"parent":0,"menu_order":0,"comment_status":"closed","ping_status":"closed","template":"","meta":{"footnotes":""},"class_list":["post-522","page","type-page","status-publish","hentry"],"yoast_head":"<!-- This site is optimized with the Yoast SEO plugin v26.2 - https:\/\/yoast.com\/wordpress\/plugins\/seo\/ -->\n<title>El silencio del valle - El \u00faltimo grito de la tierra - Reportaje<\/title>\n<meta name=\"description\" content=\"Tercera parte del reportaje sobre la despoblaci\u00f3n mimimiimi\" \/>\n<meta name=\"robots\" content=\"index, follow, max-snippet:-1, max-image-preview:large, max-video-preview:-1\" \/>\n<link rel=\"canonical\" href=\"http:\/\/undesiertoasturiano.practicasdeperiodismo.com\/index.php\/el-silencio-del-valle\/\" \/>\n<meta property=\"og:locale\" content=\"en_US\" \/>\n<meta property=\"og:type\" content=\"article\" \/>\n<meta property=\"og:title\" content=\"El silencio del valle - El \u00faltimo grito de la tierra - Reportaje\" \/>\n<meta property=\"og:description\" content=\"Tercera parte del reportaje sobre la despoblaci\u00f3n mimimiimi\" \/>\n<meta property=\"og:url\" content=\"http:\/\/undesiertoasturiano.practicasdeperiodismo.com\/index.php\/el-silencio-del-valle\/\" \/>\n<meta property=\"og:site_name\" content=\"El \u00faltimo grito de la tierra\" \/>\n<meta property=\"article:modified_time\" content=\"2021-06-06T12:49:56+00:00\" \/>\n<meta property=\"og:image\" content=\"http:\/\/undesiertoasturiano.practicasdeperiodismo.com\/wp-content\/uploads\/2021\/05\/IMG_7510-1024x768.jpg\" \/>\n<meta name=\"twitter:card\" content=\"summary_large_image\" \/>\n<meta name=\"twitter:title\" content=\"El silencio del valle El \u00faltimo grito de la tierra\" \/>\n<meta name=\"twitter:image\" content=\"http:\/\/undesiertoasturiano.practicasdeperiodismo.com\/wp-content\/uploads\/2021\/05\/IMG_7507-scaled.jpg\" \/>\n<meta name=\"twitter:label1\" content=\"Est. reading time\" \/>\n\t<meta name=\"twitter:data1\" content=\"14 minutes\" \/>\n<script type=\"application\/ld+json\" class=\"yoast-schema-graph\">{\"@context\":\"https:\/\/schema.org\",\"@graph\":[{\"@type\":\"WebPage\",\"@id\":\"http:\/\/undesiertoasturiano.practicasdeperiodismo.com\/index.php\/el-silencio-del-valle\/\",\"url\":\"http:\/\/undesiertoasturiano.practicasdeperiodismo.com\/index.php\/el-silencio-del-valle\/\",\"name\":\"El silencio del valle - El \u00faltimo grito de la tierra - Reportaje\",\"isPartOf\":{\"@id\":\"http:\/\/undesiertoasturiano.practicasdeperiodismo.com\/#website\"},\"primaryImageOfPage\":{\"@id\":\"http:\/\/undesiertoasturiano.practicasdeperiodismo.com\/index.php\/el-silencio-del-valle\/#primaryimage\"},\"image\":{\"@id\":\"http:\/\/undesiertoasturiano.practicasdeperiodismo.com\/index.php\/el-silencio-del-valle\/#primaryimage\"},\"thumbnailUrl\":\"http:\/\/undesiertoasturiano.practicasdeperiodismo.com\/wp-content\/uploads\/2021\/05\/IMG_7510-1024x768.jpg\",\"datePublished\":\"2021-05-09T21:58:12+00:00\",\"dateModified\":\"2021-06-06T12:49:56+00:00\",\"description\":\"Tercera parte del reportaje sobre la despoblaci\u00f3n mimimiimi\",\"breadcrumb\":{\"@id\":\"http:\/\/undesiertoasturiano.practicasdeperiodismo.com\/index.php\/el-silencio-del-valle\/#breadcrumb\"},\"inLanguage\":\"en-US\",\"potentialAction\":[{\"@type\":\"ReadAction\",\"target\":[\"http:\/\/undesiertoasturiano.practicasdeperiodismo.com\/index.php\/el-silencio-del-valle\/\"]}]},{\"@type\":\"ImageObject\",\"inLanguage\":\"en-US\",\"@id\":\"http:\/\/undesiertoasturiano.practicasdeperiodismo.com\/index.php\/el-silencio-del-valle\/#primaryimage\",\"url\":\"http:\/\/undesiertoasturiano.practicasdeperiodismo.com\/wp-content\/uploads\/2021\/05\/IMG_7510-1024x768.jpg\",\"contentUrl\":\"http:\/\/undesiertoasturiano.practicasdeperiodismo.com\/wp-content\/uploads\/2021\/05\/IMG_7510-1024x768.jpg\"},{\"@type\":\"BreadcrumbList\",\"@id\":\"http:\/\/undesiertoasturiano.practicasdeperiodismo.com\/index.php\/el-silencio-del-valle\/#breadcrumb\",\"itemListElement\":[{\"@type\":\"ListItem\",\"position\":1,\"name\":\"Portada\",\"item\":\"http:\/\/undesiertoasturiano.practicasdeperiodismo.com\/\"},{\"@type\":\"ListItem\",\"position\":2,\"name\":\"El silencio del valle\"}]},{\"@type\":\"WebSite\",\"@id\":\"http:\/\/undesiertoasturiano.practicasdeperiodismo.com\/#website\",\"url\":\"http:\/\/undesiertoasturiano.practicasdeperiodismo.com\/\",\"name\":\"El \u00faltimo grito de la tierra\",\"description\":\"\",\"potentialAction\":[{\"@type\":\"SearchAction\",\"target\":{\"@type\":\"EntryPoint\",\"urlTemplate\":\"http:\/\/undesiertoasturiano.practicasdeperiodismo.com\/?s={search_term_string}\"},\"query-input\":{\"@type\":\"PropertyValueSpecification\",\"valueRequired\":true,\"valueName\":\"search_term_string\"}}],\"inLanguage\":\"en-US\"}]}<\/script>\n<!-- \/ Yoast SEO plugin. -->","yoast_head_json":{"title":"El silencio del valle - El \u00faltimo grito de la tierra - Reportaje","description":"Tercera parte del reportaje sobre la despoblaci\u00f3n mimimiimi","robots":{"index":"index","follow":"follow","max-snippet":"max-snippet:-1","max-image-preview":"max-image-preview:large","max-video-preview":"max-video-preview:-1"},"canonical":"http:\/\/undesiertoasturiano.practicasdeperiodismo.com\/index.php\/el-silencio-del-valle\/","og_locale":"en_US","og_type":"article","og_title":"El silencio del valle - El \u00faltimo grito de la tierra - Reportaje","og_description":"Tercera parte del reportaje sobre la despoblaci\u00f3n mimimiimi","og_url":"http:\/\/undesiertoasturiano.practicasdeperiodismo.com\/index.php\/el-silencio-del-valle\/","og_site_name":"El \u00faltimo grito de la tierra","article_modified_time":"2021-06-06T12:49:56+00:00","og_image":[{"url":"http:\/\/undesiertoasturiano.practicasdeperiodismo.com\/wp-content\/uploads\/2021\/05\/IMG_7510-1024x768.jpg","type":"","width":"","height":""}],"twitter_card":"summary_large_image","twitter_title":"El silencio del valle El \u00faltimo grito de la tierra","twitter_image":"http:\/\/undesiertoasturiano.practicasdeperiodismo.com\/wp-content\/uploads\/2021\/05\/IMG_7507-scaled.jpg","twitter_misc":{"Est. reading time":"14 minutes"},"schema":{"@context":"https:\/\/schema.org","@graph":[{"@type":"WebPage","@id":"http:\/\/undesiertoasturiano.practicasdeperiodismo.com\/index.php\/el-silencio-del-valle\/","url":"http:\/\/undesiertoasturiano.practicasdeperiodismo.com\/index.php\/el-silencio-del-valle\/","name":"El silencio del valle - El \u00faltimo grito de la tierra - Reportaje","isPartOf":{"@id":"http:\/\/undesiertoasturiano.practicasdeperiodismo.com\/#website"},"primaryImageOfPage":{"@id":"http:\/\/undesiertoasturiano.practicasdeperiodismo.com\/index.php\/el-silencio-del-valle\/#primaryimage"},"image":{"@id":"http:\/\/undesiertoasturiano.practicasdeperiodismo.com\/index.php\/el-silencio-del-valle\/#primaryimage"},"thumbnailUrl":"http:\/\/undesiertoasturiano.practicasdeperiodismo.com\/wp-content\/uploads\/2021\/05\/IMG_7510-1024x768.jpg","datePublished":"2021-05-09T21:58:12+00:00","dateModified":"2021-06-06T12:49:56+00:00","description":"Tercera parte del reportaje sobre la despoblaci\u00f3n mimimiimi","breadcrumb":{"@id":"http:\/\/undesiertoasturiano.practicasdeperiodismo.com\/index.php\/el-silencio-del-valle\/#breadcrumb"},"inLanguage":"en-US","potentialAction":[{"@type":"ReadAction","target":["http:\/\/undesiertoasturiano.practicasdeperiodismo.com\/index.php\/el-silencio-del-valle\/"]}]},{"@type":"ImageObject","inLanguage":"en-US","@id":"http:\/\/undesiertoasturiano.practicasdeperiodismo.com\/index.php\/el-silencio-del-valle\/#primaryimage","url":"http:\/\/undesiertoasturiano.practicasdeperiodismo.com\/wp-content\/uploads\/2021\/05\/IMG_7510-1024x768.jpg","contentUrl":"http:\/\/undesiertoasturiano.practicasdeperiodismo.com\/wp-content\/uploads\/2021\/05\/IMG_7510-1024x768.jpg"},{"@type":"BreadcrumbList","@id":"http:\/\/undesiertoasturiano.practicasdeperiodismo.com\/index.php\/el-silencio-del-valle\/#breadcrumb","itemListElement":[{"@type":"ListItem","position":1,"name":"Portada","item":"http:\/\/undesiertoasturiano.practicasdeperiodismo.com\/"},{"@type":"ListItem","position":2,"name":"El silencio del valle"}]},{"@type":"WebSite","@id":"http:\/\/undesiertoasturiano.practicasdeperiodismo.com\/#website","url":"http:\/\/undesiertoasturiano.practicasdeperiodismo.com\/","name":"El \u00faltimo grito de la tierra","description":"","potentialAction":[{"@type":"SearchAction","target":{"@type":"EntryPoint","urlTemplate":"http:\/\/undesiertoasturiano.practicasdeperiodismo.com\/?s={search_term_string}"},"query-input":{"@type":"PropertyValueSpecification","valueRequired":true,"valueName":"search_term_string"}}],"inLanguage":"en-US"}]}},"_links":{"self":[{"href":"http:\/\/undesiertoasturiano.practicasdeperiodismo.com\/index.php\/wp-json\/wp\/v2\/pages\/522","targetHints":{"allow":["GET"]}}],"collection":[{"href":"http:\/\/undesiertoasturiano.practicasdeperiodismo.com\/index.php\/wp-json\/wp\/v2\/pages"}],"about":[{"href":"http:\/\/undesiertoasturiano.practicasdeperiodismo.com\/index.php\/wp-json\/wp\/v2\/types\/page"}],"author":[{"embeddable":true,"href":"http:\/\/undesiertoasturiano.practicasdeperiodismo.com\/index.php\/wp-json\/wp\/v2\/users\/2"}],"replies":[{"embeddable":true,"href":"http:\/\/undesiertoasturiano.practicasdeperiodismo.com\/index.php\/wp-json\/wp\/v2\/comments?post=522"}],"version-history":[{"count":170,"href":"http:\/\/undesiertoasturiano.practicasdeperiodismo.com\/index.php\/wp-json\/wp\/v2\/pages\/522\/revisions"}],"predecessor-version":[{"id":1348,"href":"http:\/\/undesiertoasturiano.practicasdeperiodismo.com\/index.php\/wp-json\/wp\/v2\/pages\/522\/revisions\/1348"}],"wp:attachment":[{"href":"http:\/\/undesiertoasturiano.practicasdeperiodismo.com\/index.php\/wp-json\/wp\/v2\/media?parent=522"}],"curies":[{"name":"wp","href":"https:\/\/api.w.org\/{rel}","templated":true}]}}