{"id":385,"date":"2021-05-09T14:29:20","date_gmt":"2021-05-09T14:29:20","guid":{"rendered":"http:\/\/undesiertoasturiano.practicasdeperiodismo.com\/?page_id=385"},"modified":"2021-06-06T11:35:14","modified_gmt":"2021-06-06T11:35:14","slug":"la-ninez-en-la-montana","status":"publish","type":"page","link":"http:\/\/undesiertoasturiano.practicasdeperiodismo.com\/index.php\/la-ninez-en-la-montana\/","title":{"rendered":"La ni\u00f1ez en la monta\u00f1a"},"content":{"rendered":"\t\t<div data-elementor-type=\"wp-page\" data-elementor-id=\"385\" class=\"elementor elementor-385\">\n\t\t\t\t\t\t<section class=\"elementor-section elementor-top-section elementor-element elementor-element-70640fb elementor-section-boxed elementor-section-height-default elementor-section-height-default\" data-id=\"70640fb\" data-element_type=\"section\" data-e-type=\"section\">\n\t\t\t\t\t\t<div class=\"elementor-container elementor-column-gap-default\">\n\t\t\t\t\t<div class=\"elementor-column elementor-col-100 elementor-top-column elementor-element elementor-element-7ed3d2f\" data-id=\"7ed3d2f\" data-element_type=\"column\" data-e-type=\"column\">\n\t\t\t<div class=\"elementor-widget-wrap elementor-element-populated\">\n\t\t\t\t\t\t<div class=\"elementor-element elementor-element-8f9729a elementor-widget elementor-widget-heading\" data-id=\"8f9729a\" data-element_type=\"widget\" data-e-type=\"widget\" data-widget_type=\"heading.default\">\n\t\t\t\t<div class=\"elementor-widget-container\">\n\t\t\t\t\t<div class=\"elementor-heading-title elementor-size-default\">Parece que las monta\u00f1as van a engullir el colegio al que fueron Eva y Luc\u00eda, el Tru\u00e9banu. Est\u00e1 en la capital del concejo, el Campu (Campo de Caso en castellano). A las diez de la ma\u00f1ana y a las cuatro de la tarde se llena de transportes escolares. Hay cinco rutas distintas por los pueblos para sus 25 alumnos; algunas se hacen en minib\u00fas y otras en taxi. Est\u00e1 considerado de \u201cdif\u00edcil desempe\u00f1o\u201d por ubicarse en una \u201czona geogr\u00e1fica de alta monta\u00f1a\u201d.<\/div>\t\t\t\t<\/div>\n\t\t\t\t<\/div>\n\t\t\t\t\t<\/div>\n\t\t<\/div>\n\t\t\t\t\t<\/div>\n\t\t<\/section>\n\t\t\t\t<section class=\"elementor-section elementor-top-section elementor-element elementor-element-ec8f0b5 elementor-section-boxed elementor-section-height-default elementor-section-height-default\" data-id=\"ec8f0b5\" data-element_type=\"section\" data-e-type=\"section\">\n\t\t\t\t\t\t<div class=\"elementor-container elementor-column-gap-default\">\n\t\t\t\t\t<div class=\"elementor-column elementor-col-100 elementor-top-column elementor-element elementor-element-4bc4ee6\" data-id=\"4bc4ee6\" data-element_type=\"column\" data-e-type=\"column\">\n\t\t\t<div class=\"elementor-widget-wrap elementor-element-populated\">\n\t\t\t\t\t\t<div class=\"elementor-element elementor-element-d7ec16e elementor-invisible elementor-widget elementor-widget-google_maps\" data-id=\"d7ec16e\" data-element_type=\"widget\" data-e-type=\"widget\" data-settings=\"{&quot;_animation&quot;:&quot;fadeInDown&quot;,&quot;_animation_delay&quot;:5}\" data-widget_type=\"google_maps.default\">\n\t\t\t\t<div class=\"elementor-widget-container\">\n\t\t\t\t\t\t\t<div class=\"elementor-custom-embed\">\n\t\t\t<iframe loading=\"lazy\"\n\t\t\t\t\tsrc=\"https:\/\/maps.google.com\/maps?q=Colegio%20El%20Tru%C3%A9banu%20Caso&#038;t=m&#038;z=8&#038;output=embed&#038;iwloc=near\"\n\t\t\t\t\ttitle=\"Colegio El Tru\u00e9banu Caso\"\n\t\t\t\t\taria-label=\"Colegio El Tru\u00e9banu Caso\"\n\t\t\t><\/iframe>\n\t\t<\/div>\n\t\t\t\t\t\t<\/div>\n\t\t\t\t<\/div>\n\t\t\t\t\t<\/div>\n\t\t<\/div>\n\t\t\t\t\t<\/div>\n\t\t<\/section>\n\t\t\t\t<section class=\"elementor-section elementor-top-section elementor-element elementor-element-e268b87 elementor-section-boxed elementor-section-height-default elementor-section-height-default\" data-id=\"e268b87\" data-element_type=\"section\" data-e-type=\"section\">\n\t\t\t\t\t\t<div class=\"elementor-container elementor-column-gap-default\">\n\t\t\t\t\t<div class=\"elementor-column elementor-col-100 elementor-top-column elementor-element elementor-element-dade07f\" data-id=\"dade07f\" data-element_type=\"column\" data-e-type=\"column\">\n\t\t\t<div class=\"elementor-widget-wrap elementor-element-populated\">\n\t\t\t\t\t\t<div class=\"elementor-element elementor-element-75fcae9 elementor-widget elementor-widget-text-editor\" data-id=\"75fcae9\" data-element_type=\"widget\" data-e-type=\"widget\" data-widget_type=\"text-editor.default\">\n\t\t\t\t<div class=\"elementor-widget-container\">\n\t\t\t\t\t\t\t\t\t<p>El colegio del Tru\u00e9banu no es un recinto muy grande. Hay un solo edificio con dos plantas, de color marr\u00f3n arenoso. Abajo, est\u00e1n los alumnos del bloque de la ESO (seis en total), el comedor, el despacho de la directora y el ba\u00f1o. Arriba, el resto de clases, la sala de profesores y la biblioteca. <b>En total, en todo el colegio hay 25 alumnos, que se organizan en clases multinivel: infantil, dos bloques de primaria y uno de la ESO. <\/b>La zona exterior tiene\u00a0 un polideportivo, varios \u00e1rboles, una mesa de picnic, un prado y un arenero. Eso conforma el complejo. Aunque, cuando tienen la ocasi\u00f3n, sus ocupantes se escapan a hacer actividades por el pueblo, de alrededor de 300 habitantes.\u00a0<\/p>\t\t\t\t\t\t\t\t<\/div>\n\t\t\t\t<\/div>\n\t\t\t\t<section class=\"elementor-section elementor-inner-section elementor-element elementor-element-1ddb6f6 elementor-section-boxed elementor-section-height-default elementor-section-height-default\" data-id=\"1ddb6f6\" data-element_type=\"section\" data-e-type=\"section\">\n\t\t\t\t\t\t<div class=\"elementor-container elementor-column-gap-default\">\n\t\t\t\t\t<div class=\"elementor-column elementor-col-50 elementor-inner-column elementor-element elementor-element-6a0d7e0\" data-id=\"6a0d7e0\" data-element_type=\"column\" data-e-type=\"column\">\n\t\t\t<div class=\"elementor-widget-wrap elementor-element-populated\">\n\t\t\t\t\t\t<div class=\"elementor-element elementor-element-ade1bc5 elementor-widget elementor-widget-text-editor\" data-id=\"ade1bc5\" data-element_type=\"widget\" data-e-type=\"widget\" data-widget_type=\"text-editor.default\">\n\t\t\t\t<div class=\"elementor-widget-container\">\n\t\t\t\t\t\t\t\t\t<p>Eva Gonz\u00e1lez, la directora del centro, espera a la puerta del colegio. Todo est\u00e1 lleno de colores: hay banderines azules, amarillos, rosas y verdes, y un gran cartel morado donde se lee \u201cEl Tru\u00e9banu se pone las gafas violetas, \u00bfy t\u00fa?\u201d. Eva es una mujer vivaracha, de mediana edad y pelo corto y negro, que da la siguiente explicaci\u00f3n:<\/p><p style=\"padding-left: 40px;\">&#8211; Es que la semana pasada hicimos actividades por el 8M.<\/p><p>Estamos a mediados de marzo y el cartel corona la puerta. <b>Eva indica que, por esas fechas, todos los a\u00f1os hacen actividades porque para El Tru\u00e9banu es muy importante la coeducaci\u00f3n &#8211; educar en igualdad-, aunque es una reivindicaci\u00f3n constante.<\/b> Hubo una vez que, por el d\u00eda de la madre, por ejemplo, los ni\u00f1os hicieron tarjetas d\u00e1ndoles \u201cel d\u00eda libre\u201d \u2013 de cocinar, limpiar y cuidar. Y pens\u00f3 que alg\u00fan padre se lo tomar\u00eda mal y le devolver\u00eda \u201cel regalo\u201d, pero que ninguno lo hizo.<\/p>\t\t\t\t\t\t\t\t<\/div>\n\t\t\t\t<\/div>\n\t\t\t\t\t<\/div>\n\t\t<\/div>\n\t\t\t\t<div class=\"elementor-column elementor-col-50 elementor-inner-column elementor-element elementor-element-ebe4fb3\" data-id=\"ebe4fb3\" data-element_type=\"column\" data-e-type=\"column\">\n\t\t\t<div class=\"elementor-widget-wrap elementor-element-populated\">\n\t\t\t\t\t\t<div class=\"elementor-element elementor-element-918fa9a elementor-hidden-phone elementor-widget elementor-widget-image\" data-id=\"918fa9a\" data-element_type=\"widget\" data-e-type=\"widget\" data-widget_type=\"image.default\">\n\t\t\t\t<div class=\"elementor-widget-container\">\n\t\t\t\t\t\t\t\t\t\t\t\t<figure class=\"wp-caption\">\n\t\t\t\t\t\t\t\t\t\t<img fetchpriority=\"high\" decoding=\"async\" width=\"768\" height=\"1024\" src=\"http:\/\/undesiertoasturiano.practicasdeperiodismo.com\/wp-content\/uploads\/2021\/05\/Eva-en-la-puerta-del-colegio-768x1024.jpg\" class=\"attachment-medium_large size-medium_large wp-image-451\" alt=\"\" srcset=\"http:\/\/undesiertoasturiano.practicasdeperiodismo.com\/wp-content\/uploads\/2021\/05\/Eva-en-la-puerta-del-colegio-768x1024.jpg 768w, http:\/\/undesiertoasturiano.practicasdeperiodismo.com\/wp-content\/uploads\/2021\/05\/Eva-en-la-puerta-del-colegio-225x300.jpg 225w, http:\/\/undesiertoasturiano.practicasdeperiodismo.com\/wp-content\/uploads\/2021\/05\/Eva-en-la-puerta-del-colegio-1152x1536.jpg 1152w, http:\/\/undesiertoasturiano.practicasdeperiodismo.com\/wp-content\/uploads\/2021\/05\/Eva-en-la-puerta-del-colegio-1536x2048.jpg 1536w, http:\/\/undesiertoasturiano.practicasdeperiodismo.com\/wp-content\/uploads\/2021\/05\/Eva-en-la-puerta-del-colegio-1024x1365.jpg 1024w, http:\/\/undesiertoasturiano.practicasdeperiodismo.com\/wp-content\/uploads\/2021\/05\/Eva-en-la-puerta-del-colegio-810x1080.jpg 810w, http:\/\/undesiertoasturiano.practicasdeperiodismo.com\/wp-content\/uploads\/2021\/05\/Eva-en-la-puerta-del-colegio-87x116.jpg 87w, http:\/\/undesiertoasturiano.practicasdeperiodismo.com\/wp-content\/uploads\/2021\/05\/Eva-en-la-puerta-del-colegio-scaled.jpg 1920w\" sizes=\"(max-width: 768px) 100vw, 768px\" \/>\t\t\t\t\t\t\t\t\t\t\t<figcaption class=\"widget-image-caption wp-caption-text\">Eva Gonz\u00e1lez en la puerta del colegio \"El Tru\u00e9banu\" (R)<\/figcaption>\n\t\t\t\t\t\t\t\t\t\t<\/figure>\n\t\t\t\t\t\t\t\t\t<\/div>\n\t\t\t\t<\/div>\n\t\t\t\t\t<\/div>\n\t\t<\/div>\n\t\t\t\t\t<\/div>\n\t\t<\/section>\n\t\t\t\t<div class=\"elementor-element elementor-element-3d8c27f elementor-hidden-desktop elementor-hidden-tablet elementor-widget elementor-widget-image\" data-id=\"3d8c27f\" data-element_type=\"widget\" data-e-type=\"widget\" data-widget_type=\"image.default\">\n\t\t\t\t<div class=\"elementor-widget-container\">\n\t\t\t\t\t\t\t\t\t\t\t\t<figure class=\"wp-caption\">\n\t\t\t\t\t\t\t\t\t\t<img decoding=\"async\" width=\"768\" height=\"1024\" src=\"http:\/\/undesiertoasturiano.practicasdeperiodismo.com\/wp-content\/uploads\/2021\/05\/Eva-en-la-puerta-del-colegio-768x1024.jpg\" class=\"attachment-large size-large wp-image-451\" alt=\"\" srcset=\"http:\/\/undesiertoasturiano.practicasdeperiodismo.com\/wp-content\/uploads\/2021\/05\/Eva-en-la-puerta-del-colegio-768x1024.jpg 768w, http:\/\/undesiertoasturiano.practicasdeperiodismo.com\/wp-content\/uploads\/2021\/05\/Eva-en-la-puerta-del-colegio-225x300.jpg 225w, http:\/\/undesiertoasturiano.practicasdeperiodismo.com\/wp-content\/uploads\/2021\/05\/Eva-en-la-puerta-del-colegio-1152x1536.jpg 1152w, http:\/\/undesiertoasturiano.practicasdeperiodismo.com\/wp-content\/uploads\/2021\/05\/Eva-en-la-puerta-del-colegio-1536x2048.jpg 1536w, http:\/\/undesiertoasturiano.practicasdeperiodismo.com\/wp-content\/uploads\/2021\/05\/Eva-en-la-puerta-del-colegio-1024x1365.jpg 1024w, http:\/\/undesiertoasturiano.practicasdeperiodismo.com\/wp-content\/uploads\/2021\/05\/Eva-en-la-puerta-del-colegio-810x1080.jpg 810w, http:\/\/undesiertoasturiano.practicasdeperiodismo.com\/wp-content\/uploads\/2021\/05\/Eva-en-la-puerta-del-colegio-87x116.jpg 87w, http:\/\/undesiertoasturiano.practicasdeperiodismo.com\/wp-content\/uploads\/2021\/05\/Eva-en-la-puerta-del-colegio-scaled.jpg 1920w\" sizes=\"(max-width: 768px) 100vw, 768px\" \/>\t\t\t\t\t\t\t\t\t\t\t<figcaption class=\"widget-image-caption wp-caption-text\">Eva Gonz\u00e1lez en la puerta del colegio \"El Tru\u00e9banu\" (R)<\/figcaption>\n\t\t\t\t\t\t\t\t\t\t<\/figure>\n\t\t\t\t\t\t\t\t\t<\/div>\n\t\t\t\t<\/div>\n\t\t\t\t\t<\/div>\n\t\t<\/div>\n\t\t\t\t\t<\/div>\n\t\t<\/section>\n\t\t\t\t<section class=\"elementor-section elementor-top-section elementor-element elementor-element-7145b1f elementor-section-boxed elementor-section-height-default elementor-section-height-default\" data-id=\"7145b1f\" data-element_type=\"section\" data-e-type=\"section\">\n\t\t\t\t\t\t<div class=\"elementor-container elementor-column-gap-default\">\n\t\t\t\t\t<div class=\"elementor-column elementor-col-100 elementor-top-column elementor-element elementor-element-268b6a3\" data-id=\"268b6a3\" data-element_type=\"column\" data-e-type=\"column\">\n\t\t\t<div class=\"elementor-widget-wrap elementor-element-populated\">\n\t\t\t\t\t\t<div class=\"elementor-element elementor-element-a1b8a9e elementor-widget elementor-widget-text-editor\" data-id=\"a1b8a9e\" data-element_type=\"widget\" data-e-type=\"widget\" data-widget_type=\"text-editor.default\">\n\t\t\t\t<div class=\"elementor-widget-container\">\n\t\t\t\t\t\t\t\t\t<p>Lleg\u00f3 al colegio hace diez a\u00f1os, y hace siete cogi\u00f3 el puesto de direcci\u00f3n. Adem\u00e1s, es profesora de asturiano. Sac\u00f3 una plaza fija en Sama, a una hora en coche, donde prev\u00e9 volver el a\u00f1o que viene. Es lo que lleva diciendo ya desde hace unos cursos atr\u00e1s: su calidad de vida, al no tener que hacer una hora de coche para ir a trabajar, mejorar\u00eda.<b> Sin embargo, el entorno id\u00edlico del colegio, la forma de aprendizaje y de querer del alumnado cas\u00edn la tienen encandilada y atada en la peque\u00f1a burbuja.<\/b> No se puede bajar del barco. No ahora, que est\u00e1n en plena pandemia.<\/p><p>Yolanda Balboa, profesora de infantil, es algo as\u00ed como su mano derecha. Es la que m\u00e1s tiempo lleva con ella: un total de cinco a\u00f1os en el Tru\u00e9banu. Lleg\u00f3 en 2014, estuvo un tiempo fuera y luego regres\u00f3. Ahora est\u00e1 en una comisi\u00f3n de servicio, y no sabe que har\u00e1 el pr\u00f3ximo curso porque acaba de tener un hijo y su casa est\u00e1 en Laviana -a 45 minutos en coche, aproximadamente.<b> La situaci\u00f3n de las dos docentes no es lo frecuente: el profesorado suele ser itinerante; est\u00e1n un a\u00f1o de interinos y se van<\/b>. Este curso son diez; siete a jornada completa. Y como novedad, dos de ellos tienen plaza fija:<\/p><p style=\"padding-left: 40px;\">&#8211; Al principio, los profesores alucinan y se asustan. Luego, no quieren marchar.<\/p><p>Es Eva la que se\u00f1ala el patr\u00f3n de comportamiento de sus colegas. Yolanda va m\u00e1s all\u00e1: cuando lleg\u00f3 al Tru\u00e9banu, los primeros d\u00edas, llor\u00f3. <b>Se encontr\u00f3 algo que no le hab\u00edan ense\u00f1ado en la carrera y a lo que no estaba acostumbrada: ni\u00f1os de diferentes edades metidos en un aula, que hubiera algunos cursos sin alumnado, que no hubiera ning\u00fan supermercado cerca, ni gasolineras y que en invierno llegar hasta ah\u00ed fuera peligroso.<\/b> Eso cuando no cierran el colegio por las nieves. Este a\u00f1o, por ejemplo, con Filomena se les desprendi\u00f3 parte del tejado y del muro. Una pena, porque el mural estaba reci\u00e9n pintado.\u00a0<\/p>\t\t\t\t\t\t\t\t<\/div>\n\t\t\t\t<\/div>\n\t\t\t\t\t<\/div>\n\t\t<\/div>\n\t\t\t\t\t<\/div>\n\t\t<\/section>\n\t\t\t\t<section class=\"elementor-section elementor-top-section elementor-element elementor-element-b5d1426 elementor-section-boxed elementor-section-height-default elementor-section-height-default\" data-id=\"b5d1426\" data-element_type=\"section\" data-e-type=\"section\">\n\t\t\t\t\t\t<div class=\"elementor-container elementor-column-gap-default\">\n\t\t\t\t\t<div class=\"elementor-column elementor-col-100 elementor-top-column elementor-element elementor-element-bce5494\" data-id=\"bce5494\" data-element_type=\"column\" data-e-type=\"column\">\n\t\t\t<div class=\"elementor-widget-wrap elementor-element-populated\">\n\t\t\t\t\t\t<div class=\"elementor-element elementor-element-fa856de elementor-widget elementor-widget-image\" data-id=\"fa856de\" data-element_type=\"widget\" data-e-type=\"widget\" data-widget_type=\"image.default\">\n\t\t\t\t<div class=\"elementor-widget-container\">\n\t\t\t\t\t\t\t\t\t\t\t\t<figure class=\"wp-caption\">\n\t\t\t\t\t\t\t\t\t\t<img decoding=\"async\" width=\"1024\" height=\"768\" src=\"http:\/\/undesiertoasturiano.practicasdeperiodismo.com\/wp-content\/uploads\/2021\/05\/IMG_7267-1024x768.jpg\" class=\"attachment-large size-large wp-image-465\" alt=\"\" srcset=\"http:\/\/undesiertoasturiano.practicasdeperiodismo.com\/wp-content\/uploads\/2021\/05\/IMG_7267-1024x768.jpg 1024w, http:\/\/undesiertoasturiano.practicasdeperiodismo.com\/wp-content\/uploads\/2021\/05\/IMG_7267-300x225.jpg 300w, http:\/\/undesiertoasturiano.practicasdeperiodismo.com\/wp-content\/uploads\/2021\/05\/IMG_7267-768x576.jpg 768w, http:\/\/undesiertoasturiano.practicasdeperiodismo.com\/wp-content\/uploads\/2021\/05\/IMG_7267-1536x1152.jpg 1536w, http:\/\/undesiertoasturiano.practicasdeperiodismo.com\/wp-content\/uploads\/2021\/05\/IMG_7267-2048x1536.jpg 2048w, http:\/\/undesiertoasturiano.practicasdeperiodismo.com\/wp-content\/uploads\/2021\/05\/IMG_7267-1440x1080.jpg 1440w, http:\/\/undesiertoasturiano.practicasdeperiodismo.com\/wp-content\/uploads\/2021\/05\/IMG_7267-155x116.jpg 155w\" sizes=\"(max-width: 1024px) 100vw, 1024px\" \/>\t\t\t\t\t\t\t\t\t\t\t<figcaption class=\"widget-image-caption wp-caption-text\">El exterior del Tru\u00e9banu est\u00e1 pintado de mil colores: los del valle y los que le han ido a\u00f1adiendo sus moradoras y moradores. En este caso, es  un mural que tiene una parte estropeada por las nieves, donde posan Yolanda Balboa y Eva Gonz\u00e1lez. (R)<\/figcaption>\n\t\t\t\t\t\t\t\t\t\t<\/figure>\n\t\t\t\t\t\t\t\t\t<\/div>\n\t\t\t\t<\/div>\n\t\t\t\t\t<\/div>\n\t\t<\/div>\n\t\t\t\t\t<\/div>\n\t\t<\/section>\n\t\t\t\t<section class=\"elementor-section elementor-top-section elementor-element elementor-element-a32e7da elementor-section-boxed elementor-section-height-default elementor-section-height-default\" data-id=\"a32e7da\" data-element_type=\"section\" data-e-type=\"section\">\n\t\t\t\t\t\t<div class=\"elementor-container elementor-column-gap-default\">\n\t\t\t\t\t<div class=\"elementor-column elementor-col-100 elementor-top-column elementor-element elementor-element-2d512bc\" data-id=\"2d512bc\" data-element_type=\"column\" data-e-type=\"column\">\n\t\t\t<div class=\"elementor-widget-wrap elementor-element-populated\">\n\t\t\t\t\t\t<div class=\"elementor-element elementor-element-aa8cfc4 elementor-widget elementor-widget-text-editor\" data-id=\"aa8cfc4\" data-element_type=\"widget\" data-e-type=\"widget\" data-widget_type=\"text-editor.default\">\n\t\t\t\t<div class=\"elementor-widget-container\">\n\t\t\t\t\t\t\t\t\t<p>Tampoco la cobertura y la red wifi son buenas en todos los pueblos. Hasta el a\u00f1o pasado, para estudiar no hac\u00eda falta: en el colegio pr\u00e1cticamente no las utilizaban. Pero con la llegada del coronavirus las circunstancias cambiaron. Cuenta Eva que, cuando el confinamiento domiciliario, hab\u00eda muchas familias que ni siquiera ten\u00edan un port\u00e1til; no es imprescindible para ser ganadero. Y menos falta hace si no llega el internet. De hecho, los \u00faltimos datos del Ministerio de Transici\u00f3n Digital recogen que en<a href=\"https:\/\/avancedigital.maps.arcgis.com\/apps\/webappviewer\/index.html?id=1f63f6fc84b443dc996346c5e32657b8\" target=\"_blank\" rel=\"noopener\"> 2020 hab\u00eda 3.000 localidades en Asturias que no ten\u00edan acceso a internet,<\/a> y que el 12 por ciento de la poblaci\u00f3n que habitaba en el concejo de Caso ten\u00eda cobertura nula o muy deficiente.<\/p><p>Entonces, pidieron ayuda al Ayuntamiento para que los ni\u00f1os y ni\u00f1as pudieran seguir teniendo escuela desde casa. La soluci\u00f3n fue que Protecci\u00f3n Civil, cada quince d\u00edas, repart\u00eda un cuadernillo de actividades elaborado desde el colegio y recogiendo otro. Y poco a poco fueron adapt\u00e1ndose \u2013familias y profesores- a utilizar plataformas y aplicaciones web, <a href=\"http:\/\/casotic.blogspot.com\/\" target=\"_blank\" rel=\"noopener\">como el blog del colegio.<\/a> Este a\u00f1o<span style=\"text-decoration: line-through;\">,<\/span>\u00a0ya las manejan con mucha m\u00e1s soltura. <b>Pero el problema sigue ah\u00ed: a veces la red se cae o la cobertura no es buena y dificulta mucho el aprendizaje.<\/b> Pueden ser diez minutos, dos horas o tres d\u00edas enteros lo que est\u00e9n sin internet \u2013que es lo mismo que no poder hacer la tarea o no poder asistir a clase-, pero mejor poco que nada.<\/p><p style=\"padding-left: 40px;\">&#8211; Nos preocupan dos cosas: que no aprendan a socializar con otros ni\u00f1os porque aqu\u00ed son muy pocos, y que el acceso a la cultura est\u00e9 tan lejos. Por ejemplo, acudir a clases de m\u00fasica ser\u00eda un gasto enorme de tiempo y dinero \u2013 en gasolina- para los padres. Y no siempre pueden permit\u00edrselo.<\/p><p>Mientras Eva habla, se oye una gaita de fondo. Es el \u00fanico ni\u00f1o que sabe tocarla en el pueblo y est\u00e1 muy orgulloso. Todos le aplauden cuando termina. Le est\u00e1n grabando un v\u00eddeo a un colegio \u201chermanado\u201d en Marruecos y ense\u00f1\u00e1ndoles la cultura asturiana. En el medio del patio y con una tablet, aunque el sonido de la gaita recorre el pueblo entero y se pierde entre las monta\u00f1as. Sus padres le llevan a una academia una vez a la semana, a una hora en coche porque en Caso no hay ni escuela ni profesor. Como de muchas otras cosas. Y claro, pierden tambi\u00e9n la oportunidad de conocer otros c\u00edrculos. <strong>Pero, adem\u00e1s, sobre el profesorado recae una gran labor: si hay alg\u00fan alumno o alumna que no encaja o al que le hacen\u00a0<em>bullying<\/em>, no se le puede cambiar de colegio porque no hay otro cerca.<\/strong> Se tienen que encargar de guardar la convivencia y mantener la pi\u00f1a para que todos ellos crezcan felices. Y, a veces, puede ser muy dif\u00edcil.<\/p><p style=\"text-align: center;\"><iframe title=\"YouTube video player\" src=\"https:\/\/www.youtube.com\/embed\/A-93PCtbhmY\" width=\"400\" height=\"500\" frameborder=\"0\" allowfullscreen=\"allowfullscreen\"><\/iframe><br \/><em>Luc\u00eda Nicieza, exalumna del colegio, relatando su experiencia a su llegada al colegio.<\/em><\/p>\t\t\t\t\t\t\t\t<\/div>\n\t\t\t\t<\/div>\n\t\t\t\t\t<\/div>\n\t\t<\/div>\n\t\t\t\t\t<\/div>\n\t\t<\/section>\n\t\t\t\t<section class=\"elementor-section elementor-top-section elementor-element elementor-element-273883c elementor-section-boxed elementor-section-height-default elementor-section-height-default\" data-id=\"273883c\" data-element_type=\"section\" data-e-type=\"section\">\n\t\t\t\t\t\t<div class=\"elementor-container elementor-column-gap-default\">\n\t\t\t\t\t<div class=\"elementor-column elementor-col-100 elementor-top-column elementor-element elementor-element-e27e5f7\" data-id=\"e27e5f7\" data-element_type=\"column\" data-e-type=\"column\">\n\t\t\t<div class=\"elementor-widget-wrap elementor-element-populated\">\n\t\t\t\t\t\t<div class=\"elementor-element elementor-element-b4cad0e elementor-widget elementor-widget-text-editor\" data-id=\"b4cad0e\" data-element_type=\"widget\" data-e-type=\"widget\" data-widget_type=\"text-editor.default\">\n\t\t\t\t<div class=\"elementor-widget-container\">\n\t\t\t\t\t\t\t\t\t<p>La medida de lejan\u00eda la marca el tiempo y la dependencia de transporte, pero, \u00bfson ellos quienes est\u00e1n alejados de todo o es que todo se ha construido lejos de ellos? \u00bfCu\u00e1nto importan 25 alumnos de todos los escolarizados en Asturias? \u00bfY en Espa\u00f1a? Seg\u00fan los datos del Consejo Escolar del Principado de Asturias, en el curso 2017 hubo 72.324 alumnos escolarizados entre infantil y primaria, y en Espa\u00f1a, seg\u00fan el ministerio de Educaci\u00f3n, alrededor de cuatro millones y medio. \u00bfCu\u00e1nto importa el alumnado de Caso?<b> Si, en porcentaje, los 19 ni\u00f1os y ni\u00f1as de infantil y primaria solo son un 0,03 por ciento del alumnado asturiano y un 0,0004 del espa\u00f1ol, tirando por lo alto.\u00a0<\/b><\/p>\t\t\t\t\t\t\t\t<\/div>\n\t\t\t\t<\/div>\n\t\t\t\t\t<\/div>\n\t\t<\/div>\n\t\t\t\t\t<\/div>\n\t\t<\/section>\n\t\t\t\t<section class=\"elementor-section elementor-top-section elementor-element elementor-element-024952a elementor-section-boxed elementor-section-height-default elementor-section-height-default\" data-id=\"024952a\" data-element_type=\"section\" data-e-type=\"section\">\n\t\t\t\t\t\t<div class=\"elementor-container elementor-column-gap-default\">\n\t\t\t\t\t<div class=\"elementor-column elementor-col-100 elementor-top-column elementor-element elementor-element-2ec1e93\" data-id=\"2ec1e93\" data-element_type=\"column\" data-e-type=\"column\">\n\t\t\t<div class=\"elementor-widget-wrap elementor-element-populated\">\n\t\t\t\t\t\t<div class=\"elementor-element elementor-element-a40be44 elementor-widget elementor-widget-html\" data-id=\"a40be44\" data-element_type=\"widget\" data-e-type=\"widget\" data-widget_type=\"html.default\">\n\t\t\t\t<div class=\"elementor-widget-container\">\n\t\t\t\t\t<div class=\"infogram-embed\" data-id=\"8051dc80-76f8-40e8-b9d9-b903428489b8\" data-type=\"interactive\" data-title=\"Ni\u00f1os caso\"><\/div><script>!function(e,i,n,s){var t=\"InfogramEmbeds\",d=e.getElementsByTagName(\"script\")[0];if(window[t]&&window[t].initialized)window[t].process&&window[t].process();else if(!e.getElementById(n)){var o=e.createElement(\"script\");o.async=1,o.id=n,o.src=\"https:\/\/e.infogram.com\/js\/dist\/embed-loader-min.js\",d.parentNode.insertBefore(o,d)}}(document,0,\"infogram-async\");<\/script><div style=\"padding:8px 0;font-family:Arial!important;font-size:13px!important;line-height:15px!important;text-align:center;border-top:1px solid #dadada;margin:0 30px\"><a href=\"https:\/\/infogram.com\/8051dc80-76f8-40e8-b9d9-b903428489b8\" style=\"color:#989898!important;text-decoration:none!important;\" target=\"_blank\">Ni\u00f1os caso<\/a><br><a href=\"https:\/\/infogram.com\" style=\"color:#989898!important;text-decoration:none!important;\" target=\"_blank\" rel=\"nofollow\">Infogram<\/a><\/div>\t\t\t\t<\/div>\n\t\t\t\t<\/div>\n\t\t\t\t<section class=\"elementor-section elementor-inner-section elementor-element elementor-element-27897e0 elementor-section-boxed elementor-section-height-default elementor-section-height-default\" data-id=\"27897e0\" data-element_type=\"section\" data-e-type=\"section\">\n\t\t\t\t\t\t<div class=\"elementor-container elementor-column-gap-default\">\n\t\t\t\t\t<div class=\"elementor-column elementor-col-100 elementor-inner-column elementor-element elementor-element-385e462\" data-id=\"385e462\" data-element_type=\"column\" data-e-type=\"column\">\n\t\t\t<div class=\"elementor-widget-wrap elementor-element-populated\">\n\t\t\t\t\t\t<div class=\"elementor-element elementor-element-08aad12 elementor-widget elementor-widget-heading\" data-id=\"08aad12\" data-element_type=\"widget\" data-e-type=\"widget\" data-widget_type=\"heading.default\">\n\t\t\t\t<div class=\"elementor-widget-container\">\n\t\t\t\t\t<h3 class=\"elementor-heading-title elementor-size-default\">Una gran familia <\/h3>\t\t\t\t<\/div>\n\t\t\t\t<\/div>\n\t\t\t\t<div class=\"elementor-element elementor-element-fd915a6 elementor-widget elementor-widget-text-editor\" data-id=\"fd915a6\" data-element_type=\"widget\" data-e-type=\"widget\" data-widget_type=\"text-editor.default\">\n\t\t\t\t<div class=\"elementor-widget-container\">\n\t\t\t\t\t\t\t\t\t<p>Al lado del ni\u00f1o gaitero y su corrillo, hay otro grupo burbuja alrededor de un \u00e1rbol. Es el alumnado de infantil, que est\u00e1 haciendo su \u00e1rbol de vida en su tronco, con fotograf\u00edas de diferentes etapas de su vida, familia y amigos tra\u00eddas de su casa, para distinguir entre presente, pasado y futuro.<\/p><p>Presente, pasado y futuro. Eso es lo que guarda el colegio del Tru\u00e9banu: un pasado por donde pisaron Eva y Luc\u00eda, las dos amigas que se reunieron en el \u201cBar Linares\u201d; un presente clavado en un \u00e1rbol y el futuro en la mano de los ni\u00f1os y de los que vendr\u00e1n despu\u00e9s, si es que vienen m\u00e1s.\u00a0<b> De momento, pinta marr\u00f3n, como la madera seca; no hay ning\u00fan matriculado nuevo para el curso pr\u00f3ximo:<\/b><\/p><p style=\"padding-left: 40px;\">&#8211; Aqu\u00ed se da una cosa curiosa: los m\u00e1s mayores cuidan de los m\u00e1s peque\u00f1os, que los toman como referentes. Todos se quieren mucho.<\/p><p>Eva, mientras habla, tiene en su campo de visi\u00f3n a los dos grupos burbuja. Es una calma murmurada y ordenada, y se oyen los silencios del valle. Siguen siendo ni\u00f1os: cuando tienen la ocasi\u00f3n corren, se r\u00eden en voz alta y protestan cuando hay que estudiar demasiado. <b>Cuenta la directora del centro que incluso son m\u00e1s ni\u00f1os que otros y durante m\u00e1s rato: all\u00ed no existe la posibilidad de sobrecarga de actividades extraescolares, que les atosiguen<\/b>. Entonces, se juntan en la plaza del pueblo cuando pueden, se suben a los \u00e1rboles e imaginan aventuras por los caminos vecinos.<\/p><p><b>Es una forma distinta de trasmitir cultura que la que aparece en los libros \u2013 que en el Tru\u00e9banu tampoco faltan. El presente, el pasado y el futuro est\u00e1n en continua interacci\u00f3n. <\/b>Unos repiten los cuentos que otros m\u00e1s mayores les han contado. As\u00ed no se pierden las leyendas, aunque se modifiquen cuando van de una boca a otra. Y sobre ese valor de comunidad inciden en el colegio: respeto, igualdad y cari\u00f1o.<\/p><p><b>Que sean tan pocos<span style=\"text-decoration: line-through;\">,<\/span> tambi\u00e9n tiene otra ventaja: la calidad de la ense\u00f1anza, al poder dedicarle a los alumnos una atenci\u00f3n personalizada.<\/b> Aunque, seg\u00fan explican Eva y Yolanda, dependen mucho de c\u00f3mo avance el grupo. Si el grupo va mal, es mucho m\u00e1s dif\u00edcil corregirlo. Al final, existe un programa de la Consejer\u00eda que se puede adaptar, pero hay que cumplir unos m\u00ednimos. Lo bueno es que para ello no tienen ninguna falta de material: ni peleas en la sala de profesores por quien utiliza qu\u00e9 espacio ni en la de fotocopias por el n\u00famero de hojas que se lleva cada uno.<\/p>\t\t\t\t\t\t\t\t<\/div>\n\t\t\t\t<\/div>\n\t\t\t\t\t<\/div>\n\t\t<\/div>\n\t\t\t\t\t<\/div>\n\t\t<\/section>\n\t\t\t\t\t<\/div>\n\t\t<\/div>\n\t\t\t\t\t<\/div>\n\t\t<\/section>\n\t\t\t\t<section class=\"elementor-section elementor-top-section elementor-element elementor-element-f7d78fd elementor-section-boxed elementor-section-height-default elementor-section-height-default\" data-id=\"f7d78fd\" data-element_type=\"section\" data-e-type=\"section\">\n\t\t\t\t\t\t<div class=\"elementor-container elementor-column-gap-default\">\n\t\t\t\t\t<div class=\"elementor-column elementor-col-33 elementor-top-column elementor-element elementor-element-b2c99d7\" data-id=\"b2c99d7\" data-element_type=\"column\" data-e-type=\"column\">\n\t\t\t<div class=\"elementor-widget-wrap elementor-element-populated\">\n\t\t\t\t\t\t<div class=\"elementor-element elementor-element-04650d6 elementor-position-top elementor-widget elementor-widget-image-box\" data-id=\"04650d6\" data-element_type=\"widget\" data-e-type=\"widget\" data-widget_type=\"image-box.default\">\n\t\t\t\t<div class=\"elementor-widget-container\">\n\t\t\t\t\t<div class=\"elementor-image-box-wrapper\"><figure class=\"elementor-image-box-img\"><img loading=\"lazy\" decoding=\"async\" width=\"1920\" height=\"2560\" src=\"http:\/\/undesiertoasturiano.practicasdeperiodismo.com\/wp-content\/uploads\/2021\/05\/IMG_7272-scaled.jpg\" class=\"attachment-full size-full wp-image-466\" alt=\"\" srcset=\"http:\/\/undesiertoasturiano.practicasdeperiodismo.com\/wp-content\/uploads\/2021\/05\/IMG_7272-scaled.jpg 1920w, http:\/\/undesiertoasturiano.practicasdeperiodismo.com\/wp-content\/uploads\/2021\/05\/IMG_7272-225x300.jpg 225w, http:\/\/undesiertoasturiano.practicasdeperiodismo.com\/wp-content\/uploads\/2021\/05\/IMG_7272-768x1024.jpg 768w, http:\/\/undesiertoasturiano.practicasdeperiodismo.com\/wp-content\/uploads\/2021\/05\/IMG_7272-1152x1536.jpg 1152w, http:\/\/undesiertoasturiano.practicasdeperiodismo.com\/wp-content\/uploads\/2021\/05\/IMG_7272-1536x2048.jpg 1536w, http:\/\/undesiertoasturiano.practicasdeperiodismo.com\/wp-content\/uploads\/2021\/05\/IMG_7272-1024x1365.jpg 1024w, http:\/\/undesiertoasturiano.practicasdeperiodismo.com\/wp-content\/uploads\/2021\/05\/IMG_7272-810x1080.jpg 810w, http:\/\/undesiertoasturiano.practicasdeperiodismo.com\/wp-content\/uploads\/2021\/05\/IMG_7272-87x116.jpg 87w\" sizes=\"(max-width: 1920px) 100vw, 1920px\" \/><\/figure><div class=\"elementor-image-box-content\"><p class=\"elementor-image-box-description\">En el Tru\u00e9banu, cualquiera puede proponer nuevas ideas. Al final del curso, se leen las sugerencias depositadas en el buz\u00f3n al final de las escaleras y se estudia, a ver si se pueden hacer. Por ejemplo, pizza en el men\u00fa. \/\/CC-BY- SA 4.0<\/p><\/div><\/div>\t\t\t\t<\/div>\n\t\t\t\t<\/div>\n\t\t\t\t\t<\/div>\n\t\t<\/div>\n\t\t\t\t<div class=\"elementor-column elementor-col-33 elementor-top-column elementor-element elementor-element-c12cabc\" data-id=\"c12cabc\" data-element_type=\"column\" data-e-type=\"column\">\n\t\t\t<div class=\"elementor-widget-wrap elementor-element-populated\">\n\t\t\t\t\t\t<div class=\"elementor-element elementor-element-6a6f79d elementor-position-top elementor-widget elementor-widget-image-box\" data-id=\"6a6f79d\" data-element_type=\"widget\" data-e-type=\"widget\" data-widget_type=\"image-box.default\">\n\t\t\t\t<div class=\"elementor-widget-container\">\n\t\t\t\t\t<div class=\"elementor-image-box-wrapper\"><figure class=\"elementor-image-box-img\"><img loading=\"lazy\" decoding=\"async\" width=\"1920\" height=\"2560\" src=\"http:\/\/undesiertoasturiano.practicasdeperiodismo.com\/wp-content\/uploads\/2021\/05\/IMG_7269-scaled.jpg\" class=\"attachment-full size-full wp-image-474\" alt=\"\" srcset=\"http:\/\/undesiertoasturiano.practicasdeperiodismo.com\/wp-content\/uploads\/2021\/05\/IMG_7269-scaled.jpg 1920w, http:\/\/undesiertoasturiano.practicasdeperiodismo.com\/wp-content\/uploads\/2021\/05\/IMG_7269-225x300.jpg 225w, http:\/\/undesiertoasturiano.practicasdeperiodismo.com\/wp-content\/uploads\/2021\/05\/IMG_7269-768x1024.jpg 768w, http:\/\/undesiertoasturiano.practicasdeperiodismo.com\/wp-content\/uploads\/2021\/05\/IMG_7269-1152x1536.jpg 1152w, http:\/\/undesiertoasturiano.practicasdeperiodismo.com\/wp-content\/uploads\/2021\/05\/IMG_7269-1536x2048.jpg 1536w, http:\/\/undesiertoasturiano.practicasdeperiodismo.com\/wp-content\/uploads\/2021\/05\/IMG_7269-1024x1365.jpg 1024w, http:\/\/undesiertoasturiano.practicasdeperiodismo.com\/wp-content\/uploads\/2021\/05\/IMG_7269-810x1080.jpg 810w, http:\/\/undesiertoasturiano.practicasdeperiodismo.com\/wp-content\/uploads\/2021\/05\/IMG_7269-87x116.jpg 87w\" sizes=\"(max-width: 1920px) 100vw, 1920px\" \/><\/figure><div class=\"elementor-image-box-content\"><p class=\"elementor-image-box-description\">La nieve estrope\u00f3 el mural frente al que posan Eva Gonz\u00e1lez y Yolanda Balboa. Est\u00e1 pintado por una artista de la zona, y recorre el parque, la mesa de picnic y alcanza el arenero.\/\/CC-BY- SA 4.0 <\/p><\/div><\/div>\t\t\t\t<\/div>\n\t\t\t\t<\/div>\n\t\t\t\t\t<\/div>\n\t\t<\/div>\n\t\t\t\t<div class=\"elementor-column elementor-col-33 elementor-top-column elementor-element elementor-element-74ebc58\" data-id=\"74ebc58\" data-element_type=\"column\" data-e-type=\"column\">\n\t\t\t<div class=\"elementor-widget-wrap elementor-element-populated\">\n\t\t\t\t\t\t<div class=\"elementor-element elementor-element-cf8379f elementor-position-top elementor-widget elementor-widget-image-box\" data-id=\"cf8379f\" data-element_type=\"widget\" data-e-type=\"widget\" data-widget_type=\"image-box.default\">\n\t\t\t\t<div class=\"elementor-widget-container\">\n\t\t\t\t\t<div class=\"elementor-image-box-wrapper\"><figure class=\"elementor-image-box-img\"><img loading=\"lazy\" decoding=\"async\" width=\"1920\" height=\"2560\" src=\"http:\/\/undesiertoasturiano.practicasdeperiodismo.com\/wp-content\/uploads\/2021\/05\/IMG_7271-scaled.jpg\" class=\"attachment-full size-full wp-image-703\" alt=\"\" srcset=\"http:\/\/undesiertoasturiano.practicasdeperiodismo.com\/wp-content\/uploads\/2021\/05\/IMG_7271-scaled.jpg 1920w, http:\/\/undesiertoasturiano.practicasdeperiodismo.com\/wp-content\/uploads\/2021\/05\/IMG_7271-225x300.jpg 225w, http:\/\/undesiertoasturiano.practicasdeperiodismo.com\/wp-content\/uploads\/2021\/05\/IMG_7271-768x1024.jpg 768w, http:\/\/undesiertoasturiano.practicasdeperiodismo.com\/wp-content\/uploads\/2021\/05\/IMG_7271-1152x1536.jpg 1152w, http:\/\/undesiertoasturiano.practicasdeperiodismo.com\/wp-content\/uploads\/2021\/05\/IMG_7271-1536x2048.jpg 1536w, http:\/\/undesiertoasturiano.practicasdeperiodismo.com\/wp-content\/uploads\/2021\/05\/IMG_7271-1024x1365.jpg 1024w, http:\/\/undesiertoasturiano.practicasdeperiodismo.com\/wp-content\/uploads\/2021\/05\/IMG_7271-810x1080.jpg 810w, http:\/\/undesiertoasturiano.practicasdeperiodismo.com\/wp-content\/uploads\/2021\/05\/IMG_7271-87x116.jpg 87w\" sizes=\"(max-width: 1920px) 100vw, 1920px\" \/><\/figure><div class=\"elementor-image-box-content\"><p class=\"elementor-image-box-description\">Las escaleras que unen el primer y segundo piso est\u00e1n llenas de colores. El colegio entero lo est\u00e1: banderines a la entrada, carteles  y fotograf\u00edas de los alumnos. Resquicios, recuerdos y se\u00f1ales de vida de un curso diferente y parecido. \/\/CC-BY- SA 4.0<\/p><\/div><\/div>\t\t\t\t<\/div>\n\t\t\t\t<\/div>\n\t\t\t\t\t<\/div>\n\t\t<\/div>\n\t\t\t\t\t<\/div>\n\t\t<\/section>\n\t\t\t\t<section class=\"elementor-section elementor-top-section elementor-element elementor-element-32b5e26 elementor-section-boxed elementor-section-height-default elementor-section-height-default\" data-id=\"32b5e26\" data-element_type=\"section\" data-e-type=\"section\">\n\t\t\t\t\t\t<div class=\"elementor-container elementor-column-gap-default\">\n\t\t\t\t\t<div class=\"elementor-column elementor-col-100 elementor-top-column elementor-element elementor-element-824124d\" data-id=\"824124d\" data-element_type=\"column\" data-e-type=\"column\">\n\t\t\t<div class=\"elementor-widget-wrap elementor-element-populated\">\n\t\t\t\t\t\t<div class=\"elementor-element elementor-element-6c47b5b elementor-widget elementor-widget-text-editor\" data-id=\"6c47b5b\" data-element_type=\"widget\" data-e-type=\"widget\" data-widget_type=\"text-editor.default\">\n\t\t\t\t<div class=\"elementor-widget-container\">\n\t\t\t\t\t\t\t\t\t<p>El colegio tambi\u00e9n es un lugar de primeras veces. <b>Por ejemplo, explica Yolanda, hicieron una excursi\u00f3n a la playa y muchos de ellos lloraban porque nunca hab\u00edan visto el mar. Sus padres, por el oficio, muchas veces no tienen tiempo a llevarlos; el <em>ganao <\/em>no entiende de vacaciones<\/b>. Como contrapartida, participan en todas las actividades que pueden: si es carnaval, llevan a los ni\u00f1os disfrazados al colegio; si se hace una espicha en la fiesta de fin de curso, traen comida, bebida y lo que haga falta; si hacen un desfile por el pueblo por Halloween, se ponen en las aceras a corear a los ni\u00f1os. Se ayudan entre ellos, continuamente.<\/p><p>Por todo eso, Eva amenaza a\u00f1o tras a\u00f1o con marcharse y luego siempre se queda. Yolanda, despu\u00e9s de haber estado en otros colegios, volvi\u00f3. <b>Ninguna de las dos tiene alguna duda sobre si su trabajo compensa: lo hace con creces. Hay una raz\u00f3n subyacente, peque\u00f1a y poderosa: que son como una gran familia<\/b>. El colegio ya es un lugar m\u00e1s grande que el lugar donde impartir clases; es el n\u00facleo de una peque\u00f1a comunidad que interrelaciona el presente, el pasado y el futuro, los pueblos vecinos, padres, madres, profesores y ni\u00f1os. Es un lugar lleno de vida.<\/p>\t\t\t\t\t\t\t\t<\/div>\n\t\t\t\t<\/div>\n\t\t\t\t\t<\/div>\n\t\t<\/div>\n\t\t\t\t\t<\/div>\n\t\t<\/section>\n\t\t\t\t<section class=\"elementor-section elementor-top-section elementor-element elementor-element-49342f7 elementor-section-boxed elementor-section-height-default elementor-section-height-default\" data-id=\"49342f7\" data-element_type=\"section\" data-e-type=\"section\">\n\t\t\t\t\t\t<div class=\"elementor-container elementor-column-gap-default\">\n\t\t\t\t\t<div class=\"elementor-column elementor-col-50 elementor-top-column elementor-element elementor-element-37c873b\" data-id=\"37c873b\" data-element_type=\"column\" data-e-type=\"column\">\n\t\t\t<div class=\"elementor-widget-wrap elementor-element-populated\">\n\t\t\t\t\t\t<div class=\"elementor-element elementor-element-a0ee55b elementor-widget elementor-widget-button\" data-id=\"a0ee55b\" data-element_type=\"widget\" data-e-type=\"widget\" data-widget_type=\"button.default\">\n\t\t\t\t<div class=\"elementor-widget-container\">\n\t\t\t\t\t\t\t\t\t<div class=\"elementor-button-wrapper\">\n\t\t\t\t\t<a class=\"elementor-button elementor-button-link elementor-size-sm elementor-animation-pulse\" href=\"http:\/\/undesiertoasturiano.practicasdeperiodismo.com\/index.php\/el-principio-del-fin\/\">\n\t\t\t\t\t\t<span class=\"elementor-button-content-wrapper\">\n\t\t\t\t\t\t<span class=\"elementor-button-icon\">\n\t\t\t\t<i aria-hidden=\"true\" class=\"fas fa-arrow-left\"><\/i>\t\t\t<\/span>\n\t\t\t\t\t\t\t\t\t<span class=\"elementor-button-text\">El principio del fin <\/span>\n\t\t\t\t\t<\/span>\n\t\t\t\t\t<\/a>\n\t\t\t\t<\/div>\n\t\t\t\t\t\t\t\t<\/div>\n\t\t\t\t<\/div>\n\t\t\t\t\t<\/div>\n\t\t<\/div>\n\t\t\t\t<div class=\"elementor-column elementor-col-50 elementor-top-column elementor-element elementor-element-de5f88b\" data-id=\"de5f88b\" data-element_type=\"column\" data-e-type=\"column\">\n\t\t\t<div class=\"elementor-widget-wrap elementor-element-populated\">\n\t\t\t\t\t\t<div class=\"elementor-element elementor-element-a06d2f8 elementor-align-right elementor-widget elementor-widget-button\" data-id=\"a06d2f8\" data-element_type=\"widget\" data-e-type=\"widget\" data-widget_type=\"button.default\">\n\t\t\t\t<div class=\"elementor-widget-container\">\n\t\t\t\t\t\t\t\t\t<div class=\"elementor-button-wrapper\">\n\t\t\t\t\t<a class=\"elementor-button elementor-button-link elementor-size-sm elementor-animation-pulse\" href=\"http:\/\/undesiertoasturiano.practicasdeperiodismo.com\/index.php\/el-silencio-del-valle\/\">\n\t\t\t\t\t\t<span class=\"elementor-button-content-wrapper\">\n\t\t\t\t\t\t<span class=\"elementor-button-icon\">\n\t\t\t\t<i aria-hidden=\"true\" class=\"fas fa-arrow-right\"><\/i>\t\t\t<\/span>\n\t\t\t\t\t\t\t\t\t<span class=\"elementor-button-text\">El valle en silencio<\/span>\n\t\t\t\t\t<\/span>\n\t\t\t\t\t<\/a>\n\t\t\t\t<\/div>\n\t\t\t\t\t\t\t\t<\/div>\n\t\t\t\t<\/div>\n\t\t\t\t\t<\/div>\n\t\t<\/div>\n\t\t\t\t\t<\/div>\n\t\t<\/section>\n\t\t\t\t<\/div>\n\t\t","protected":false},"excerpt":{"rendered":"<p>Parece que las monta\u00f1as van a engullir el colegio al que fueron Eva y Luc\u00eda, el Tru\u00e9banu. Est\u00e1 en la capital del concejo, el Campu (Campo de Caso en castellano). A las diez de la ma\u00f1ana y a las cuatro de la tarde se llena de transportes escolares. Hay cinco rutas distintas por los pueblos&hellip; <br \/> <a class=\"read-more\" href=\"http:\/\/undesiertoasturiano.practicasdeperiodismo.com\/index.php\/la-ninez-en-la-montana\/\">Read more<\/a><\/p>\n","protected":false},"author":2,"featured_media":0,"parent":0,"menu_order":0,"comment_status":"closed","ping_status":"closed","template":"","meta":{"footnotes":""},"class_list":["post-385","page","type-page","status-publish","hentry"],"yoast_head":"<!-- This site is optimized with the Yoast SEO plugin v26.2 - https:\/\/yoast.com\/wordpress\/plugins\/seo\/ -->\n<title>La ni\u00f1ez en la monta\u00f1a - El \u00faltimo grito de la tierra<\/title>\n<meta name=\"robots\" content=\"index, follow, max-snippet:-1, max-image-preview:large, max-video-preview:-1\" \/>\n<link rel=\"canonical\" href=\"http:\/\/undesiertoasturiano.practicasdeperiodismo.com\/index.php\/la-ninez-en-la-montana\/\" \/>\n<meta property=\"og:locale\" content=\"en_US\" \/>\n<meta property=\"og:type\" content=\"article\" \/>\n<meta property=\"og:title\" content=\"La ni\u00f1ez en la monta\u00f1a - El \u00faltimo grito de la tierra\" \/>\n<meta property=\"og:description\" content=\"Parece que las monta\u00f1as van a engullir el colegio al que fueron Eva y Luc\u00eda, el Tru\u00e9banu. Est\u00e1 en la capital del concejo, el Campu (Campo de Caso en castellano). A las diez de la ma\u00f1ana y a las cuatro de la tarde se llena de transportes escolares. Hay cinco rutas distintas por los pueblos&hellip; Read more\" \/>\n<meta property=\"og:url\" content=\"http:\/\/undesiertoasturiano.practicasdeperiodismo.com\/index.php\/la-ninez-en-la-montana\/\" \/>\n<meta property=\"og:site_name\" content=\"El \u00faltimo grito de la tierra\" \/>\n<meta property=\"article:modified_time\" content=\"2021-06-06T11:35:14+00:00\" \/>\n<meta property=\"og:image\" content=\"http:\/\/undesiertoasturiano.practicasdeperiodismo.com\/wp-content\/uploads\/2021\/05\/Eva-en-la-puerta-del-colegio-768x1024.jpg\" \/>\n<meta name=\"twitter:card\" content=\"summary_large_image\" \/>\n<meta name=\"twitter:label1\" content=\"Est. reading time\" \/>\n\t<meta name=\"twitter:data1\" content=\"11 minutes\" \/>\n<script type=\"application\/ld+json\" class=\"yoast-schema-graph\">{\"@context\":\"https:\/\/schema.org\",\"@graph\":[{\"@type\":\"WebPage\",\"@id\":\"http:\/\/undesiertoasturiano.practicasdeperiodismo.com\/index.php\/la-ninez-en-la-montana\/\",\"url\":\"http:\/\/undesiertoasturiano.practicasdeperiodismo.com\/index.php\/la-ninez-en-la-montana\/\",\"name\":\"La ni\u00f1ez en la monta\u00f1a - El \u00faltimo grito de la tierra\",\"isPartOf\":{\"@id\":\"http:\/\/undesiertoasturiano.practicasdeperiodismo.com\/#website\"},\"primaryImageOfPage\":{\"@id\":\"http:\/\/undesiertoasturiano.practicasdeperiodismo.com\/index.php\/la-ninez-en-la-montana\/#primaryimage\"},\"image\":{\"@id\":\"http:\/\/undesiertoasturiano.practicasdeperiodismo.com\/index.php\/la-ninez-en-la-montana\/#primaryimage\"},\"thumbnailUrl\":\"http:\/\/undesiertoasturiano.practicasdeperiodismo.com\/wp-content\/uploads\/2021\/05\/Eva-en-la-puerta-del-colegio-768x1024.jpg\",\"datePublished\":\"2021-05-09T14:29:20+00:00\",\"dateModified\":\"2021-06-06T11:35:14+00:00\",\"breadcrumb\":{\"@id\":\"http:\/\/undesiertoasturiano.practicasdeperiodismo.com\/index.php\/la-ninez-en-la-montana\/#breadcrumb\"},\"inLanguage\":\"en-US\",\"potentialAction\":[{\"@type\":\"ReadAction\",\"target\":[\"http:\/\/undesiertoasturiano.practicasdeperiodismo.com\/index.php\/la-ninez-en-la-montana\/\"]}]},{\"@type\":\"ImageObject\",\"inLanguage\":\"en-US\",\"@id\":\"http:\/\/undesiertoasturiano.practicasdeperiodismo.com\/index.php\/la-ninez-en-la-montana\/#primaryimage\",\"url\":\"http:\/\/undesiertoasturiano.practicasdeperiodismo.com\/wp-content\/uploads\/2021\/05\/Eva-en-la-puerta-del-colegio-768x1024.jpg\",\"contentUrl\":\"http:\/\/undesiertoasturiano.practicasdeperiodismo.com\/wp-content\/uploads\/2021\/05\/Eva-en-la-puerta-del-colegio-768x1024.jpg\"},{\"@type\":\"BreadcrumbList\",\"@id\":\"http:\/\/undesiertoasturiano.practicasdeperiodismo.com\/index.php\/la-ninez-en-la-montana\/#breadcrumb\",\"itemListElement\":[{\"@type\":\"ListItem\",\"position\":1,\"name\":\"Portada\",\"item\":\"http:\/\/undesiertoasturiano.practicasdeperiodismo.com\/\"},{\"@type\":\"ListItem\",\"position\":2,\"name\":\"La ni\u00f1ez en la monta\u00f1a\"}]},{\"@type\":\"WebSite\",\"@id\":\"http:\/\/undesiertoasturiano.practicasdeperiodismo.com\/#website\",\"url\":\"http:\/\/undesiertoasturiano.practicasdeperiodismo.com\/\",\"name\":\"El \u00faltimo grito de la tierra\",\"description\":\"\",\"potentialAction\":[{\"@type\":\"SearchAction\",\"target\":{\"@type\":\"EntryPoint\",\"urlTemplate\":\"http:\/\/undesiertoasturiano.practicasdeperiodismo.com\/?s={search_term_string}\"},\"query-input\":{\"@type\":\"PropertyValueSpecification\",\"valueRequired\":true,\"valueName\":\"search_term_string\"}}],\"inLanguage\":\"en-US\"}]}<\/script>\n<!-- \/ Yoast SEO plugin. -->","yoast_head_json":{"title":"La ni\u00f1ez en la monta\u00f1a - El \u00faltimo grito de la tierra","robots":{"index":"index","follow":"follow","max-snippet":"max-snippet:-1","max-image-preview":"max-image-preview:large","max-video-preview":"max-video-preview:-1"},"canonical":"http:\/\/undesiertoasturiano.practicasdeperiodismo.com\/index.php\/la-ninez-en-la-montana\/","og_locale":"en_US","og_type":"article","og_title":"La ni\u00f1ez en la monta\u00f1a - El \u00faltimo grito de la tierra","og_description":"Parece que las monta\u00f1as van a engullir el colegio al que fueron Eva y Luc\u00eda, el Tru\u00e9banu. Est\u00e1 en la capital del concejo, el Campu (Campo de Caso en castellano). A las diez de la ma\u00f1ana y a las cuatro de la tarde se llena de transportes escolares. Hay cinco rutas distintas por los pueblos&hellip; Read more","og_url":"http:\/\/undesiertoasturiano.practicasdeperiodismo.com\/index.php\/la-ninez-en-la-montana\/","og_site_name":"El \u00faltimo grito de la tierra","article_modified_time":"2021-06-06T11:35:14+00:00","og_image":[{"url":"http:\/\/undesiertoasturiano.practicasdeperiodismo.com\/wp-content\/uploads\/2021\/05\/Eva-en-la-puerta-del-colegio-768x1024.jpg","type":"","width":"","height":""}],"twitter_card":"summary_large_image","twitter_misc":{"Est. reading time":"11 minutes"},"schema":{"@context":"https:\/\/schema.org","@graph":[{"@type":"WebPage","@id":"http:\/\/undesiertoasturiano.practicasdeperiodismo.com\/index.php\/la-ninez-en-la-montana\/","url":"http:\/\/undesiertoasturiano.practicasdeperiodismo.com\/index.php\/la-ninez-en-la-montana\/","name":"La ni\u00f1ez en la monta\u00f1a - El \u00faltimo grito de la tierra","isPartOf":{"@id":"http:\/\/undesiertoasturiano.practicasdeperiodismo.com\/#website"},"primaryImageOfPage":{"@id":"http:\/\/undesiertoasturiano.practicasdeperiodismo.com\/index.php\/la-ninez-en-la-montana\/#primaryimage"},"image":{"@id":"http:\/\/undesiertoasturiano.practicasdeperiodismo.com\/index.php\/la-ninez-en-la-montana\/#primaryimage"},"thumbnailUrl":"http:\/\/undesiertoasturiano.practicasdeperiodismo.com\/wp-content\/uploads\/2021\/05\/Eva-en-la-puerta-del-colegio-768x1024.jpg","datePublished":"2021-05-09T14:29:20+00:00","dateModified":"2021-06-06T11:35:14+00:00","breadcrumb":{"@id":"http:\/\/undesiertoasturiano.practicasdeperiodismo.com\/index.php\/la-ninez-en-la-montana\/#breadcrumb"},"inLanguage":"en-US","potentialAction":[{"@type":"ReadAction","target":["http:\/\/undesiertoasturiano.practicasdeperiodismo.com\/index.php\/la-ninez-en-la-montana\/"]}]},{"@type":"ImageObject","inLanguage":"en-US","@id":"http:\/\/undesiertoasturiano.practicasdeperiodismo.com\/index.php\/la-ninez-en-la-montana\/#primaryimage","url":"http:\/\/undesiertoasturiano.practicasdeperiodismo.com\/wp-content\/uploads\/2021\/05\/Eva-en-la-puerta-del-colegio-768x1024.jpg","contentUrl":"http:\/\/undesiertoasturiano.practicasdeperiodismo.com\/wp-content\/uploads\/2021\/05\/Eva-en-la-puerta-del-colegio-768x1024.jpg"},{"@type":"BreadcrumbList","@id":"http:\/\/undesiertoasturiano.practicasdeperiodismo.com\/index.php\/la-ninez-en-la-montana\/#breadcrumb","itemListElement":[{"@type":"ListItem","position":1,"name":"Portada","item":"http:\/\/undesiertoasturiano.practicasdeperiodismo.com\/"},{"@type":"ListItem","position":2,"name":"La ni\u00f1ez en la monta\u00f1a"}]},{"@type":"WebSite","@id":"http:\/\/undesiertoasturiano.practicasdeperiodismo.com\/#website","url":"http:\/\/undesiertoasturiano.practicasdeperiodismo.com\/","name":"El \u00faltimo grito de la tierra","description":"","potentialAction":[{"@type":"SearchAction","target":{"@type":"EntryPoint","urlTemplate":"http:\/\/undesiertoasturiano.practicasdeperiodismo.com\/?s={search_term_string}"},"query-input":{"@type":"PropertyValueSpecification","valueRequired":true,"valueName":"search_term_string"}}],"inLanguage":"en-US"}]}},"_links":{"self":[{"href":"http:\/\/undesiertoasturiano.practicasdeperiodismo.com\/index.php\/wp-json\/wp\/v2\/pages\/385","targetHints":{"allow":["GET"]}}],"collection":[{"href":"http:\/\/undesiertoasturiano.practicasdeperiodismo.com\/index.php\/wp-json\/wp\/v2\/pages"}],"about":[{"href":"http:\/\/undesiertoasturiano.practicasdeperiodismo.com\/index.php\/wp-json\/wp\/v2\/types\/page"}],"author":[{"embeddable":true,"href":"http:\/\/undesiertoasturiano.practicasdeperiodismo.com\/index.php\/wp-json\/wp\/v2\/users\/2"}],"replies":[{"embeddable":true,"href":"http:\/\/undesiertoasturiano.practicasdeperiodismo.com\/index.php\/wp-json\/wp\/v2\/comments?post=385"}],"version-history":[{"count":153,"href":"http:\/\/undesiertoasturiano.practicasdeperiodismo.com\/index.php\/wp-json\/wp\/v2\/pages\/385\/revisions"}],"predecessor-version":[{"id":1296,"href":"http:\/\/undesiertoasturiano.practicasdeperiodismo.com\/index.php\/wp-json\/wp\/v2\/pages\/385\/revisions\/1296"}],"wp:attachment":[{"href":"http:\/\/undesiertoasturiano.practicasdeperiodismo.com\/index.php\/wp-json\/wp\/v2\/media?parent=385"}],"curies":[{"name":"wp","href":"https:\/\/api.w.org\/{rel}","templated":true}]}}