{"id":235,"date":"2021-05-07T09:50:08","date_gmt":"2021-05-07T09:50:08","guid":{"rendered":"http:\/\/undesiertoasturiano.practicasdeperiodismo.com\/?page_id=235"},"modified":"2021-06-07T09:45:43","modified_gmt":"2021-06-07T09:45:43","slug":"el-principio-del-fin","status":"publish","type":"page","link":"http:\/\/undesiertoasturiano.practicasdeperiodismo.com\/index.php\/el-principio-del-fin\/","title":{"rendered":"El principio del fin"},"content":{"rendered":"\t\t<div data-elementor-type=\"wp-page\" data-elementor-id=\"235\" class=\"elementor elementor-235\">\n\t\t\t\t\t\t<section class=\"elementor-section elementor-top-section elementor-element elementor-element-d6cd8cc elementor-section-boxed elementor-section-height-default elementor-section-height-default\" data-id=\"d6cd8cc\" data-element_type=\"section\" data-e-type=\"section\">\n\t\t\t\t\t\t<div class=\"elementor-container elementor-column-gap-default\">\n\t\t\t\t\t<div class=\"elementor-column elementor-col-100 elementor-top-column elementor-element elementor-element-0f5f6a6\" data-id=\"0f5f6a6\" data-element_type=\"column\" data-e-type=\"column\">\n\t\t\t<div class=\"elementor-widget-wrap elementor-element-populated\">\n\t\t\t\t\t\t<div class=\"elementor-element elementor-element-fb33824 elementor-widget elementor-widget-heading\" data-id=\"fb33824\" data-element_type=\"widget\" data-e-type=\"widget\" data-widget_type=\"heading.default\">\n\t\t\t\t<div class=\"elementor-widget-container\">\n\t\t\t\t\t<h2 class=\"elementor-heading-title elementor-size-default\">Asturias pas\u00f3 de ser una de las regiones m\u00e1s pr\u00f3speras en Espa\u00f1a a ser el lugar con mayor despoblaci\u00f3n de Europa<\/h2>\t\t\t\t<\/div>\n\t\t\t\t<\/div>\n\t\t\t\t\t<\/div>\n\t\t<\/div>\n\t\t\t\t\t<\/div>\n\t\t<\/section>\n\t\t\t\t<section class=\"elementor-section elementor-top-section elementor-element elementor-element-bb7dc76 elementor-section-boxed elementor-section-height-default elementor-section-height-default\" data-id=\"bb7dc76\" data-element_type=\"section\" data-e-type=\"section\">\n\t\t\t\t\t\t<div class=\"elementor-container elementor-column-gap-default\">\n\t\t\t\t\t<div class=\"elementor-column elementor-col-100 elementor-top-column elementor-element elementor-element-526b116\" data-id=\"526b116\" data-element_type=\"column\" data-e-type=\"column\">\n\t\t\t<div class=\"elementor-widget-wrap elementor-element-populated\">\n\t\t\t\t\t\t<div class=\"elementor-element elementor-element-5f25116 elementor-widget elementor-widget-text-editor\" data-id=\"5f25116\" data-element_type=\"widget\" data-e-type=\"widget\" data-widget_type=\"text-editor.default\">\n\t\t\t\t<div class=\"elementor-widget-container\">\n\t\t\t\t\t\t\t\t\t<p>Asturias es una superposici\u00f3n de colores. Primero fue el verde de los prados, color de agricultores y ganaderos. Despu\u00e9s lleg\u00f3, hace m\u00e1s de un siglo, el negro de la miner\u00eda: el gran motor econ\u00f3mico. Como advierte Armando Palacio Vald\u00e9s en su novela <em>La Aldea Perdida<\/em> eran dos enemigos irreconciliables. La gente eligi\u00f3 bando de batalla: la mina daba m\u00e1s dinero, as\u00ed que se mudaron a las urbes, sin\u00f3nimo de modernidad. <b>\u00a0Se vaciaron los pueblos, y el verde, de los agricultores y ganaderos, se empez\u00f3 a vestir de marr\u00f3n. El campo, si no se cuida, se marchita; el buc\u00f3lico decorado sin sus trabajadores se estropea. Ahora, la industria ha desaparecido, pero nadie ha vuelto a la tierra, que grita pidiendo rescate.<\/b> El para\u00edso natural se convierte en el para\u00edso matorral. El verde es un color primario. El marr\u00f3n, no. El marr\u00f3n es el color de lo marchito y nunca trajo nada bueno.<\/p>\t\t\t\t\t\t\t\t<\/div>\n\t\t\t\t<\/div>\n\t\t\t\t\t<\/div>\n\t\t<\/div>\n\t\t\t\t\t<\/div>\n\t\t<\/section>\n\t\t\t\t<section class=\"elementor-section elementor-top-section elementor-element elementor-element-c58d8c8 elementor-section-boxed elementor-section-height-default elementor-section-height-default\" data-id=\"c58d8c8\" data-element_type=\"section\" data-e-type=\"section\">\n\t\t\t\t\t\t<div class=\"elementor-container elementor-column-gap-default\">\n\t\t\t\t\t<div class=\"elementor-column elementor-col-100 elementor-top-column elementor-element elementor-element-f96c6c5\" data-id=\"f96c6c5\" data-element_type=\"column\" data-e-type=\"column\">\n\t\t\t<div class=\"elementor-widget-wrap elementor-element-populated\">\n\t\t\t\t\t\t<div class=\"elementor-element elementor-element-1ce6fdd elementor-widget elementor-widget-image\" data-id=\"1ce6fdd\" data-element_type=\"widget\" data-e-type=\"widget\" data-widget_type=\"image.default\">\n\t\t\t\t<div class=\"elementor-widget-container\">\n\t\t\t\t\t\t\t\t\t\t\t\t<figure class=\"wp-caption\">\n\t\t\t\t\t\t\t\t\t\t<img fetchpriority=\"high\" decoding=\"async\" width=\"1440\" height=\"1080\" src=\"http:\/\/undesiertoasturiano.practicasdeperiodismo.com\/wp-content\/uploads\/2021\/05\/IMG_7552-1440x1080.jpg\" class=\"attachment-mesmerize-full-hd size-mesmerize-full-hd wp-image-211\" alt=\"\" srcset=\"http:\/\/undesiertoasturiano.practicasdeperiodismo.com\/wp-content\/uploads\/2021\/05\/IMG_7552-1440x1080.jpg 1440w, http:\/\/undesiertoasturiano.practicasdeperiodismo.com\/wp-content\/uploads\/2021\/05\/IMG_7552-300x225.jpg 300w, http:\/\/undesiertoasturiano.practicasdeperiodismo.com\/wp-content\/uploads\/2021\/05\/IMG_7552-1024x768.jpg 1024w, http:\/\/undesiertoasturiano.practicasdeperiodismo.com\/wp-content\/uploads\/2021\/05\/IMG_7552-768x576.jpg 768w, http:\/\/undesiertoasturiano.practicasdeperiodismo.com\/wp-content\/uploads\/2021\/05\/IMG_7552-1536x1152.jpg 1536w, http:\/\/undesiertoasturiano.practicasdeperiodismo.com\/wp-content\/uploads\/2021\/05\/IMG_7552-2048x1536.jpg 2048w, http:\/\/undesiertoasturiano.practicasdeperiodismo.com\/wp-content\/uploads\/2021\/05\/IMG_7552-155x116.jpg 155w\" sizes=\"(max-width: 1440px) 100vw, 1440px\" \/>\t\t\t\t\t\t\t\t\t\t\t<figcaption class=\"widget-image-caption wp-caption-text\">Luc\u00eda Nicieza mira por la ventana hacia los montes de Caso, en Prieres. \/\/CC-BY- SA 4.0<\/figcaption>\n\t\t\t\t\t\t\t\t\t\t<\/figure>\n\t\t\t\t\t\t\t\t\t<\/div>\n\t\t\t\t<\/div>\n\t\t\t\t\t<\/div>\n\t\t<\/div>\n\t\t\t\t\t<\/div>\n\t\t<\/section>\n\t\t\t\t<section class=\"elementor-section elementor-top-section elementor-element elementor-element-bc98f1f elementor-section-boxed elementor-section-height-default elementor-section-height-default\" data-id=\"bc98f1f\" data-element_type=\"section\" data-e-type=\"section\">\n\t\t\t\t\t\t<div class=\"elementor-container elementor-column-gap-default\">\n\t\t\t\t\t<div class=\"elementor-column elementor-col-100 elementor-top-column elementor-element elementor-element-9b8cc9c\" data-id=\"9b8cc9c\" data-element_type=\"column\" data-e-type=\"column\">\n\t\t\t<div class=\"elementor-widget-wrap elementor-element-populated\">\n\t\t\t\t\t\t<div class=\"elementor-element elementor-element-04bc5c4 elementor-widget elementor-widget-text-editor\" data-id=\"04bc5c4\" data-element_type=\"widget\" data-e-type=\"widget\" data-widget_type=\"text-editor.default\">\n\t\t\t\t<div class=\"elementor-widget-container\">\n\t\t\t\t\t\t\t\t\t<p><span style=\"font-family: var( --e-global-typography-text-font-family ), Sans-serif; font-weight: var( --e-global-typography-text-font-weight ); background-color: transparent;\"><a href=\"https:\/\/www.redesnatural.es\/pueblos-de-redes\/prieres\/\" target=\"_blank\" rel=\"noopener\">Prieres<\/a> emula <i>L\u2019 Aldea Perdida<\/i>\u00a0(nombre que recibe la novela de Palacio Vald\u00e9s en asturiano) en sentido literal y figurado. Literal porque as\u00ed se llama el antiguo hotel rural, que permanece cerrado desde hace m\u00e1s de cinco a\u00f1os. Figurado porque en <\/span><span style=\"font-family: var( --e-global-typography-text-font-family ), Sans-serif; background-color: transparent;\">la peque\u00f1a aldea del concejo de Caso, <\/span><span style=\"font-family: var( --e-global-typography-text-font-family ), Sans-serif; background-color: transparent;\">en pleno parque natural de Redes, la agricultura y la ganader\u00eda lleva muchos a\u00f1os perdiendo batallas<b>; una guerra silenciosa donde las muertes llegan con el paso del tiempo y los exiliados van en incremento<\/b><\/span><span style=\"font-family: var( --e-global-typography-text-font-family ), Sans-serif; font-weight: var( --e-global-typography-text-font-weight ); background-color: transparent;\">. Luc\u00eda Nicieza, estudiante de 23 a\u00f1os, pertenece a este segundo grupo. Su padre fue el propietario de \u201cL\u2019 Aldea Perdida\u201d durante m\u00e1s de veinte a\u00f1os, pero las dificultades de la vida en Prieres hizo que toda su familia migrase:<\/span><\/p><p style=\"padding-left: 40px;\"><span style=\"font-family: 'andale mono', monospace; font-size: 14pt;\">&#8211; 13. Ahora quedan 13 personas.\u00a0<\/span><\/p><p>Cuenta Luc\u00eda, que est\u00e1 sentada en el bar m\u00e1s cercano a su pueblo, a seis kil\u00f3metros bajando por la carretera \u2013quince minutos en coche. Acaba de visitar lo que fue su hogar durante cinco a\u00f1os: la peque\u00f1a aldea perdida en la alta monta\u00f1a, a la cabecera de un antiguo valle minero ya desindustrializado en Caso, un concejo del interior asturiano. Seg\u00fan la Sociedad Asturiana de Estudios Econ\u00f3micos e Industriales (Sadei) Prieres ten\u00eda 25 habitantes hace cuatro a\u00f1os. <b>Desde la ventana de \u201cL\u2019 Aldea Perdida\u201d se ve verde, pero tambi\u00e9n c\u00f3mo la naturaleza comienza a campar a sus anchas; \u00bfD\u00f3nde quedaron los guardianes del paisaje? Cuidado, el desierto demogr\u00e1fico acecha.<\/b><\/p><p>El pueblo de Luc\u00eda, en zona rural y dedicado principalmente a la ganader\u00eda, solo est\u00e1 siendo de los primeros en caer.<b> Es la punta del iceberg del fen\u00f3meno demogr\u00e1fico de las sociedades desarrolladas: baja natalidad, baja mortalidad, aglomeraci\u00f3n de personas en las urbes y aumento de la media de edad poblacional<\/b>. Asturias es el extremo: tiene el \u00edndice de despoblaci\u00f3n m\u00e1s alto de Espa\u00f1a y entre los m\u00e1s altos de Europa. Seg\u00fan el Instituto Nacional de Estad\u00edstica (INE), en el 2019, el crecimiento vegetativo de la poblaci\u00f3n fue del -7 por ciento: su tasa de natalidad fue de 5,6 por ciento frente a la de mortalidad, que alcanz\u00f3 el 12,6 por ciento. En n\u00fameros: <b>hubo 7.505 m\u00e1s muertes que nacimientos. No hay reposici\u00f3n; muerte gana a vida. Marr\u00f3n y m\u00e1s marr\u00f3n.<\/b><\/p>\t\t\t\t\t\t\t\t<\/div>\n\t\t\t\t<\/div>\n\t\t\t\t\t<\/div>\n\t\t<\/div>\n\t\t\t\t\t<\/div>\n\t\t<\/section>\n\t\t\t\t<section class=\"elementor-section elementor-top-section elementor-element elementor-element-09a71ac elementor-section-full_width elementor-section-height-default elementor-section-height-default\" data-id=\"09a71ac\" data-element_type=\"section\" data-e-type=\"section\">\n\t\t\t\t\t\t<div class=\"elementor-container elementor-column-gap-default\">\n\t\t\t\t\t<div class=\"elementor-column elementor-col-100 elementor-top-column elementor-element elementor-element-d6dfb09\" data-id=\"d6dfb09\" data-element_type=\"column\" data-e-type=\"column\">\n\t\t\t<div class=\"elementor-widget-wrap elementor-element-populated\">\n\t\t\t\t\t\t<div class=\"elementor-element elementor-element-0bbfe66 elementor-widget elementor-widget-html\" data-id=\"0bbfe66\" data-element_type=\"widget\" data-e-type=\"widget\" data-widget_type=\"html.default\">\n\t\t\t\t<div class=\"elementor-widget-container\">\n\t\t\t\t\t<div class=\"infogram-embed\" data-id=\"2b2b1bd6-c8b1-4446-8bc9-e5b7a4f23753\" data-type=\"interactive\" data-title=\"Despoblaci\u00f3n en Asturias\"><\/div><script>!function(e,i,n,s){var t=\"InfogramEmbeds\",d=e.getElementsByTagName(\"script\")[0];if(window[t]&&window[t].initialized)window[t].process&&window[t].process();else if(!e.getElementById(n)){var o=e.createElement(\"script\");o.async=1,o.id=n,o.src=\"https:\/\/e.infogram.com\/js\/dist\/embed-loader-min.js\",d.parentNode.insertBefore(o,d)}}(document,0,\"infogram-async\");<\/script><div style=\"padding:8px 0;font-family:Arial!important;font-size:13px!important;line-height:15px!important;text-align:center;border-top:1px solid #dadada;margin:0 30px\"><a href=\"https:\/\/infogram.com\/2b2b1bd6-c8b1-4446-8bc9-e5b7a4f23753\" style=\"color:#989898!important;text-decoration:none!important;\" target=\"_blank\">Despoblaci\u00f3n en Asturias<\/a><br><a href=\"https:\/\/infogram.com\" style=\"color:#989898!important;text-decoration:none!important;\" target=\"_blank\" rel=\"nofollow\">Infogram<\/a><\/div>\t\t\t\t<\/div>\n\t\t\t\t<\/div>\n\t\t\t\t\t<\/div>\n\t\t<\/div>\n\t\t\t\t\t<\/div>\n\t\t<\/section>\n\t\t\t\t<section class=\"elementor-section elementor-top-section elementor-element elementor-element-9fd75ac elementor-section-boxed elementor-section-height-default elementor-section-height-default\" data-id=\"9fd75ac\" data-element_type=\"section\" data-e-type=\"section\">\n\t\t\t\t\t\t<div class=\"elementor-container elementor-column-gap-default\">\n\t\t\t\t\t<div class=\"elementor-column elementor-col-100 elementor-top-column elementor-element elementor-element-c581aae\" data-id=\"c581aae\" data-element_type=\"column\" data-e-type=\"column\">\n\t\t\t<div class=\"elementor-widget-wrap elementor-element-populated\">\n\t\t\t\t\t\t<div class=\"elementor-element elementor-element-33126ed elementor-widget elementor-widget-text-editor\" data-id=\"33126ed\" data-element_type=\"widget\" data-e-type=\"widget\" data-widget_type=\"text-editor.default\">\n\t\t\t\t<div class=\"elementor-widget-container\">\n\t\t\t\t\t\t\t\t\t<p>Pero eso no siempre fue as\u00ed. En la d\u00e9cada de los ochenta, cuando el carb\u00f3n y el acero ya hab\u00edan vaciado las zonas agr\u00edcolas, la regi\u00f3n alcanz\u00f3 la cifra demogr\u00e1fica m\u00e1s alta de su historia: 1.130.500 habitantes. Ahora, cuarenta a\u00f1os m\u00e1s tarde, hay 100.000 personas menos; es igual que si hubiera desaparecido Avil\u00e9s, la tercera ciudad m\u00e1s poblada de Asturias (77.781 habitantes), y su concejo vecino, Corvera (que ronda los 15.000)<b>.<\/b> <b>El campo es el primero que se desangra: <a href=\"https:\/\/www.lasexta.com\/programas\/enviado-especial\/mejores-momentos\/la-espana-rural-esta-perdiendo-5-habitantes-cada-hora_201911205dd4ebaa0cf2e9cc550b58c5.html\" target=\"_blank\" rel=\"noopener\">en la Espa\u00f1a rural, cada hora hay cinco habitantes menos.<\/a> <\/b>La actividad minera tambi\u00e9n ces\u00f3: \u00bfQu\u00e9 ser\u00e1 lo siguiente? \u00bfHabr\u00e1 una segunda vida?\u00a0<\/p><p>\u201cL&#8217; Aldea Rural\u201d de Prieres est\u00e1 dando todos los pasos para tenerla, como casa rural sin anfitri\u00f3n, ya que el padre de Luc\u00eda se cans\u00f3 de ese tipo de vida &#8211; por eso cerraron. El piso de abajo tiene tres estancias. Est\u00e1 el antiguo comedor, un espacio angosto con una gran mesa de madera pegada a la pared; la recepci\u00f3n, con un mostrador apartado y una estanter\u00eda dividida en cuadrados donde se guardaban las llaves y la cocina, con encimera met\u00e1lica y un lavavajillas industrial, como de un bar. El de arriba tiene las habitaciones, que est\u00e1n a medio pintar, como si estuviera mudando de piel. Se conservan las camas y algunos carteles con el antiguo nombre que recib\u00eda cada estancia, haciendo referencia a los personajes de la novela de Palacio Vald\u00e9s. Huele a humedad porque lleva cinco a\u00f1os cerrado por el arrendamiento que no sali\u00f3 bien:<\/p>\t\t\t\t\t\t\t\t<\/div>\n\t\t\t\t<\/div>\n\t\t\t\t<section class=\"elementor-section elementor-inner-section elementor-element elementor-element-140aa1a elementor-section-boxed elementor-section-height-default elementor-section-height-default\" data-id=\"140aa1a\" data-element_type=\"section\" data-e-type=\"section\">\n\t\t\t\t\t\t<div class=\"elementor-container elementor-column-gap-default\">\n\t\t\t\t\t<div class=\"elementor-column elementor-col-50 elementor-inner-column elementor-element elementor-element-1987885\" data-id=\"1987885\" data-element_type=\"column\" data-e-type=\"column\">\n\t\t\t<div class=\"elementor-widget-wrap elementor-element-populated\">\n\t\t\t\t\t\t<div class=\"elementor-element elementor-element-5f007c8 elementor-widget elementor-widget-text-editor\" data-id=\"5f007c8\" data-element_type=\"widget\" data-e-type=\"widget\" data-widget_type=\"text-editor.default\">\n\t\t\t\t<div class=\"elementor-widget-container\">\n\t\t\t\t\t\t\t\t\t<p style=\"padding-left: 40px;\">&#8211; Ten\u00edamos un huerto con plantas medicinales, el bar, el comedor&#8230; En verano viv\u00edamos en la casita de detr\u00e1s del hotel y en\u00a0 invierno nos mud\u00e1bamos al interior, porque era donde estaba la cocina. Yo fui muy feliz hasta los 14 a\u00f1os, porque ten\u00eda mucha libertad.\u00a0<\/p><p style=\"text-align: left;\"><strong>La memoria de Luc\u00eda viaja a sus recuerdos felices, el paisaje de estrellas que se dibujaba en el cielo cada noche y que no se ve igual desde una ciudad.<\/strong> Luc\u00eda naci\u00f3 en Oviedo en el a\u00f1o 1998. Se mud\u00f3 a Prieres cuando cumpli\u00f3 los 10 porque era donde ten\u00eda el hotel su padre y quer\u00edan vivir todos juntos. A los 15, por todas las dificultades que ten\u00eda residir en la peque\u00f1a aldea, se marcharon<span style=\"font-family: var( --e-global-typography-text-font-family ), Sans-serif; font-weight: var( --e-global-typography-text-font-weight ); background-color: transparent;\">. Ahora, estudia en Sevilla filolog\u00eda francesa y magisterio. El a\u00f1o que viene termina y quiere volver a Asturias a toda costa, que no a todo coste.<\/span><\/p>\t\t\t\t\t\t\t\t<\/div>\n\t\t\t\t<\/div>\n\t\t\t\t\t<\/div>\n\t\t<\/div>\n\t\t\t\t<div class=\"elementor-column elementor-col-50 elementor-inner-column elementor-element elementor-element-21039a1\" data-id=\"21039a1\" data-element_type=\"column\" data-e-type=\"column\">\n\t\t\t<div class=\"elementor-widget-wrap elementor-element-populated\">\n\t\t\t\t\t\t<div class=\"elementor-element elementor-element-01d0fc7 elementor-widget__width-initial elementor-absolute elementor-hidden-phone elementor-widget elementor-widget-image\" data-id=\"01d0fc7\" data-element_type=\"widget\" data-e-type=\"widget\" data-settings=\"{&quot;_position&quot;:&quot;absolute&quot;}\" data-widget_type=\"image.default\">\n\t\t\t\t<div class=\"elementor-widget-container\">\n\t\t\t\t\t\t\t\t\t\t\t\t<figure class=\"wp-caption\">\n\t\t\t\t\t\t\t\t\t\t<img decoding=\"async\" width=\"1024\" height=\"768\" src=\"http:\/\/undesiertoasturiano.practicasdeperiodismo.com\/wp-content\/uploads\/2021\/05\/Lucia-Nicieza-1024x768.jpg\" class=\"attachment-large size-large wp-image-264\" alt=\"\" srcset=\"http:\/\/undesiertoasturiano.practicasdeperiodismo.com\/wp-content\/uploads\/2021\/05\/Lucia-Nicieza-1024x768.jpg 1024w, http:\/\/undesiertoasturiano.practicasdeperiodismo.com\/wp-content\/uploads\/2021\/05\/Lucia-Nicieza-300x225.jpg 300w, http:\/\/undesiertoasturiano.practicasdeperiodismo.com\/wp-content\/uploads\/2021\/05\/Lucia-Nicieza-768x576.jpg 768w, http:\/\/undesiertoasturiano.practicasdeperiodismo.com\/wp-content\/uploads\/2021\/05\/Lucia-Nicieza-1536x1152.jpg 1536w, http:\/\/undesiertoasturiano.practicasdeperiodismo.com\/wp-content\/uploads\/2021\/05\/Lucia-Nicieza-2048x1536.jpg 2048w, http:\/\/undesiertoasturiano.practicasdeperiodismo.com\/wp-content\/uploads\/2021\/05\/Lucia-Nicieza-1440x1080.jpg 1440w, http:\/\/undesiertoasturiano.practicasdeperiodismo.com\/wp-content\/uploads\/2021\/05\/Lucia-Nicieza-155x116.jpg 155w\" sizes=\"(max-width: 1024px) 100vw, 1024px\" \/>\t\t\t\t\t\t\t\t\t\t\t<figcaption class=\"widget-image-caption wp-caption-text\">Luc\u00eda Nicieza en una de las terrazas de \"L'Aldea Perdida\", ense\u00f1ando sus \u00e1rboles frutales (R)<\/figcaption>\n\t\t\t\t\t\t\t\t\t\t<\/figure>\n\t\t\t\t\t\t\t\t\t<\/div>\n\t\t\t\t<\/div>\n\t\t\t\t\t<\/div>\n\t\t<\/div>\n\t\t\t\t\t<\/div>\n\t\t<\/section>\n\t\t\t\t\t<\/div>\n\t\t<\/div>\n\t\t\t\t\t<\/div>\n\t\t<\/section>\n\t\t\t\t<section class=\"elementor-section elementor-top-section elementor-element elementor-element-e636b5d elementor-section-boxed elementor-section-height-default elementor-section-height-default\" data-id=\"e636b5d\" data-element_type=\"section\" data-e-type=\"section\">\n\t\t\t\t\t\t<div class=\"elementor-container elementor-column-gap-default\">\n\t\t\t\t\t<div class=\"elementor-column elementor-col-100 elementor-top-column elementor-element elementor-element-816f72f\" data-id=\"816f72f\" data-element_type=\"column\" data-e-type=\"column\">\n\t\t\t<div class=\"elementor-widget-wrap elementor-element-populated\">\n\t\t\t\t\t\t<div class=\"elementor-element elementor-element-91cc1fe elementor-hidden-desktop elementor-hidden-tablet elementor-widget elementor-widget-image\" data-id=\"91cc1fe\" data-element_type=\"widget\" data-e-type=\"widget\" data-widget_type=\"image.default\">\n\t\t\t\t<div class=\"elementor-widget-container\">\n\t\t\t\t\t\t\t\t\t\t\t\t<figure class=\"wp-caption\">\n\t\t\t\t\t\t\t\t\t\t<img decoding=\"async\" width=\"1024\" height=\"768\" src=\"http:\/\/undesiertoasturiano.practicasdeperiodismo.com\/wp-content\/uploads\/2021\/05\/Lucia-Nicieza-1024x768.jpg\" class=\"attachment-large size-large wp-image-264\" alt=\"\" srcset=\"http:\/\/undesiertoasturiano.practicasdeperiodismo.com\/wp-content\/uploads\/2021\/05\/Lucia-Nicieza-1024x768.jpg 1024w, http:\/\/undesiertoasturiano.practicasdeperiodismo.com\/wp-content\/uploads\/2021\/05\/Lucia-Nicieza-300x225.jpg 300w, http:\/\/undesiertoasturiano.practicasdeperiodismo.com\/wp-content\/uploads\/2021\/05\/Lucia-Nicieza-768x576.jpg 768w, http:\/\/undesiertoasturiano.practicasdeperiodismo.com\/wp-content\/uploads\/2021\/05\/Lucia-Nicieza-1536x1152.jpg 1536w, http:\/\/undesiertoasturiano.practicasdeperiodismo.com\/wp-content\/uploads\/2021\/05\/Lucia-Nicieza-2048x1536.jpg 2048w, http:\/\/undesiertoasturiano.practicasdeperiodismo.com\/wp-content\/uploads\/2021\/05\/Lucia-Nicieza-1440x1080.jpg 1440w, http:\/\/undesiertoasturiano.practicasdeperiodismo.com\/wp-content\/uploads\/2021\/05\/Lucia-Nicieza-155x116.jpg 155w\" sizes=\"(max-width: 1024px) 100vw, 1024px\" \/>\t\t\t\t\t\t\t\t\t\t\t<figcaption class=\"widget-image-caption wp-caption-text\">Luc\u00eda Nicieza en una de las terrazas de \"L'Aldea Perdida\", ense\u00f1ando sus \u00e1rboles frutales (R)<\/figcaption>\n\t\t\t\t\t\t\t\t\t\t<\/figure>\n\t\t\t\t\t\t\t\t\t<\/div>\n\t\t\t\t<\/div>\n\t\t\t\t\t<\/div>\n\t\t<\/div>\n\t\t\t\t\t<\/div>\n\t\t<\/section>\n\t\t\t\t<section class=\"elementor-section elementor-top-section elementor-element elementor-element-19cf252 elementor-section-boxed elementor-section-height-default elementor-section-height-default\" data-id=\"19cf252\" data-element_type=\"section\" data-e-type=\"section\">\n\t\t\t\t\t\t<div class=\"elementor-container elementor-column-gap-default\">\n\t\t\t\t\t<div class=\"elementor-column elementor-col-100 elementor-top-column elementor-element elementor-element-e478a98\" data-id=\"e478a98\" data-element_type=\"column\" data-e-type=\"column\">\n\t\t\t<div class=\"elementor-widget-wrap elementor-element-populated\">\n\t\t\t\t\t\t<div class=\"elementor-element elementor-element-9059ecd elementor-widget elementor-widget-text-editor\" data-id=\"9059ecd\" data-element_type=\"widget\" data-e-type=\"widget\" data-widget_type=\"text-editor.default\">\n\t\t\t\t<div class=\"elementor-widget-container\">\n\t\t\t\t\t\t\t\t\t<p>El principal problema que tuvieron en Prieres fue la falta o escasez de servicios: el m\u00e9dico m\u00e1s cercano estaba en la monta\u00f1a vecina, se quedaban aislados todos los inviernos a lo largo de dos o tres semanas y depend\u00edan total y absolutamente del coche. El punto de inflexi\u00f3n fue la llegada al instituto de Luc\u00eda: tardaba dos horas de ida y dos horas de vuelta. <b>Esto es com\u00fan en la zona rural de Asturias, as\u00ed como la carencia de empleo, y genera que la principal tendencia en Asturias sea mudarse a las tres ciudades principales y sus sat\u00e9lites<\/b>. Es un movimiento en dos fases: los matrimonios j\u00f3venes que se marchan en busca de un futuro distinto al que les ofrece el campo, y las personas mayores que, a medida que envejecen, \u201cbajan a la villa\u201d para tener a mano los servicios.<\/p><p><a href=\"https:\/\/www.sadei.es\/sadei\/pxweb\/en\/01\/02__10__02\/02100210.px\/\" target=\"_blank\" rel=\"noopener\"><b>De los 78 municipios que hay en Asturias, 48 tienen saldos migratorios negativos, seg\u00fan el Sadei. <\/b><\/a>Hay menos gente, cada vez m\u00e1s envejecida y los que quedan se agrupan en un espacio menor.<strong> El ochenta por ciento de la poblaci\u00f3n ocupa el veinte por ciento del territorio y viceversa.<\/strong> Solo en Oviedo y Gij\u00f3n, que ocupan el 3,5 por ciento de superficie, est\u00e1n el 48 por ciento de los habitantes. Esta concentraci\u00f3n de personas en las urbes lleva a\u00f1os aumentando: hace veinte a\u00f1os, Gij\u00f3n y Oviedo ya acumulaban el 43 por ciento de los pobladores de Asturias.\u00a0 Esto se plasma en la densidad de poblaci\u00f3n existente. Por poner un ejemplo, en Caso hay cinco vecinos cada kil\u00f3metro cuadrado; 1.490 menos que en Gij\u00f3n, la m\u00e1s poblada.<\/p>\t\t\t\t\t\t\t\t<\/div>\n\t\t\t\t<\/div>\n\t\t\t\t\t<\/div>\n\t\t<\/div>\n\t\t\t\t\t<\/div>\n\t\t<\/section>\n\t\t\t\t<section class=\"elementor-section elementor-top-section elementor-element elementor-element-6ee0308 elementor-section-boxed elementor-section-height-default elementor-section-height-default\" data-id=\"6ee0308\" data-element_type=\"section\" data-e-type=\"section\">\n\t\t\t\t\t\t<div class=\"elementor-container elementor-column-gap-default\">\n\t\t\t\t\t<div class=\"elementor-column elementor-col-100 elementor-top-column elementor-element elementor-element-037c3e8\" data-id=\"037c3e8\" data-element_type=\"column\" data-e-type=\"column\">\n\t\t\t<div class=\"elementor-widget-wrap elementor-element-populated\">\n\t\t\t\t\t\t<div class=\"elementor-element elementor-element-b419d9b elementor-widget elementor-widget-html\" data-id=\"b419d9b\" data-element_type=\"widget\" data-e-type=\"widget\" data-widget_type=\"html.default\">\n\t\t\t\t<div class=\"elementor-widget-container\">\n\t\t\t\t\t<iframe title=\"Habitantes por municipio del a\u00f1o 2020\" aria-label=\"Mapa\" id=\"datawrapper-chart-rlk3W\" src=\"https:\/\/datawrapper.dwcdn.net\/rlk3W\/5\/\" scrolling=\"no\" frameborder=\"0\" style=\"width: 0; min-width: 100% !important; border: none;\" height=\"501\"><\/iframe><script type=\"text\/javascript\">!function(){\"use strict\";window.addEventListener(\"message\",(function(a){if(void 0!==a.data[\"datawrapper-height\"])for(var e in a.data[\"datawrapper-height\"]){var t=document.getElementById(\"datawrapper-chart-\"+e)||document.querySelector(\"iframe[src*='\"+e+\"']\");t&&(t.style.height=a.data[\"datawrapper-height\"][e]+\"px\")}}))}();\r\n<\/script>\t\t\t\t<\/div>\n\t\t\t\t<\/div>\n\t\t\t\t\t<\/div>\n\t\t<\/div>\n\t\t\t\t\t<\/div>\n\t\t<\/section>\n\t\t\t\t<section class=\"elementor-section elementor-top-section elementor-element elementor-element-126e023 elementor-section-boxed elementor-section-height-default elementor-section-height-default\" data-id=\"126e023\" data-element_type=\"section\" data-e-type=\"section\">\n\t\t\t\t\t\t<div class=\"elementor-container elementor-column-gap-default\">\n\t\t\t\t\t<div class=\"elementor-column elementor-col-100 elementor-top-column elementor-element elementor-element-50aa342\" data-id=\"50aa342\" data-element_type=\"column\" data-e-type=\"column\">\n\t\t\t<div class=\"elementor-widget-wrap elementor-element-populated\">\n\t\t\t\t\t\t<div class=\"elementor-element elementor-element-def3ab3 elementor-widget elementor-widget-heading\" data-id=\"def3ab3\" data-element_type=\"widget\" data-e-type=\"widget\" data-widget_type=\"heading.default\">\n\t\t\t\t<div class=\"elementor-widget-container\">\n\t\t\t\t\t<h3 class=\"elementor-heading-title elementor-size-default\">Burbujas y encuentros <\/h3>\t\t\t\t<\/div>\n\t\t\t\t<\/div>\n\t\t\t\t<section class=\"elementor-section elementor-inner-section elementor-element elementor-element-c0adaa4 elementor-section-boxed elementor-section-height-default elementor-section-height-default\" data-id=\"c0adaa4\" data-element_type=\"section\" data-e-type=\"section\">\n\t\t\t\t\t\t<div class=\"elementor-container elementor-column-gap-default\">\n\t\t\t\t\t<div class=\"elementor-column elementor-col-100 elementor-inner-column elementor-element elementor-element-ff7ee99\" data-id=\"ff7ee99\" data-element_type=\"column\" data-e-type=\"column\">\n\t\t\t<div class=\"elementor-widget-wrap elementor-element-populated\">\n\t\t\t\t\t\t<div class=\"elementor-element elementor-element-c21fe99 elementor-widget elementor-widget-text-editor\" data-id=\"c21fe99\" data-element_type=\"widget\" data-e-type=\"widget\" data-widget_type=\"text-editor.default\">\n\t\t\t\t<div class=\"elementor-widget-container\">\n\t\t\t\t\t\t\t\t\t<p>Luc\u00eda recorre la calle principal del pueblo, que es una pista con rayas diagonales para drenar el agua por donde pasan, sobre todo, personas, coches y vacas. Hasta ah\u00ed no llega ning\u00fan transporte p\u00fablico. Tarda unos diez minutos aproximadamente en llegar desde la entrada, donde hay est\u00e1 la plaza \u2013 un pedazo de hormig\u00f3n de la pista que se ensancha- con varios coches aparcados y cubos de basura, hasta el hotel, al final del pueblo: la capilla, la antigua escuela, la casa puente, la rosa y la azul, una que est\u00e1 en construcci\u00f3n y que es de una pareja de artistas que trabajan en Oviedo y algunas viviendas m\u00e1s.<b> Y verde, flores, bosque y m\u00e1s verde: en la monta\u00f1a, donde pasta el <i>ganao<\/i>, entre los <i>horreos<\/i>, al lado de las casas, en el bosque de enfrente. Hasta sus habitantes parece que exhalan verde.<\/b><\/p><p>En el camino por donde hace escasos diez minutos pas\u00f3 un todoterreno, tres ganaderos y sus reses, se cruza con Beatriz Jim\u00e9nez, su antigua vecina. Es una mujer de mediana edad, pelo negro con mechones grises, vestida con mallas deportivas, playeros y un forro polar blanco.\u00a0<span style=\"font-family: var( --e-global-typography-text-font-family ), Sans-serif; font-weight: var( --e-global-typography-text-font-weight ); background-color: transparent;\">Va con su hijo, Diego Barral, que, mientras su madre charla con Luc\u00eda, se entretiene jugando con su perra:<\/span><\/p><p style=\"margin-left: 36.0pt; text-indent: -18.0pt; mso-list: l0 level1 lfo1;\"><!-- [if !supportLists]-->&#8211;<span style=\"font-variant-numeric: normal; font-variant-east-asian: normal; font-stretch: normal; font-size: 7pt; line-height: normal; font-family: 'Times New Roman';\">\u00a0\u00a0\u00a0\u00a0\u00a0\u00a0\u00a0 <\/span><!--[endif]-->\u00bfQu\u00e9 tal por all\u00ed? Todo bien. En Prieres todo tranquilo, paseamos hasta sin mascarilla. Somos tan pocos que tenemos nuestra propia burbuja.<\/p><p>La burbuja la conforman todos los habitantes del pueblo, explica Bea, los 13. Se ponen la mascarilla cuando salen, cuando llegan los\u00a0<em style=\"font-weight: var( --e-global-typography-text-font-weight );\">foriatos \u2013\u00a0<\/em><span style=\"font-weight: var( --e-global-typography-text-font-weight );\">los for\u00e1neos-, cuando Diego va al colegio, cuando bajan a Laviana al supermercado y poco m\u00e1s. Para qu\u00e9, si all\u00ed solo son 13.\u00a0<\/span><\/p>\t\t\t\t\t\t\t\t<\/div>\n\t\t\t\t<\/div>\n\t\t\t\t\t<\/div>\n\t\t<\/div>\n\t\t\t\t\t<\/div>\n\t\t<\/section>\n\t\t\t\t\t<\/div>\n\t\t<\/div>\n\t\t\t\t\t<\/div>\n\t\t<\/section>\n\t\t\t\t<section class=\"elementor-section elementor-top-section elementor-element elementor-element-145c44d elementor-section-boxed elementor-section-height-default elementor-section-height-default\" data-id=\"145c44d\" data-element_type=\"section\" data-e-type=\"section\">\n\t\t\t\t\t\t<div class=\"elementor-container elementor-column-gap-default\">\n\t\t\t\t\t<div class=\"elementor-column elementor-col-100 elementor-top-column elementor-element elementor-element-e018886\" data-id=\"e018886\" data-element_type=\"column\" data-e-type=\"column\">\n\t\t\t<div class=\"elementor-widget-wrap elementor-element-populated\">\n\t\t\t\t\t\t<div class=\"elementor-element elementor-element-97ab8c2 elementor-arrows-position-inside elementor-pagination-position-outside elementor-widget elementor-widget-image-carousel\" data-id=\"97ab8c2\" data-element_type=\"widget\" data-e-type=\"widget\" data-settings=\"{&quot;navigation&quot;:&quot;both&quot;,&quot;autoplay&quot;:&quot;yes&quot;,&quot;pause_on_hover&quot;:&quot;yes&quot;,&quot;pause_on_interaction&quot;:&quot;yes&quot;,&quot;autoplay_speed&quot;:5000,&quot;infinite&quot;:&quot;yes&quot;,&quot;speed&quot;:500}\" data-widget_type=\"image-carousel.default\">\n\t\t\t\t<div class=\"elementor-widget-container\">\n\t\t\t\t\t\t\t<div class=\"elementor-image-carousel-wrapper swiper\" role=\"region\" aria-roledescription=\"carousel\" aria-label=\"Image Carousel\" dir=\"ltr\">\n\t\t\t<div class=\"elementor-image-carousel swiper-wrapper\" aria-live=\"off\">\n\t\t\t\t\t\t\t\t<div class=\"swiper-slide\" role=\"group\" aria-roledescription=\"slide\" aria-label=\"1 of 6\"><a data-elementor-open-lightbox=\"yes\" data-elementor-lightbox-slideshow=\"97ab8c2\" data-elementor-lightbox-title=\"Prieres\" data-e-action-hash=\"#elementor-action%3Aaction%3Dlightbox%26settings%3DeyJpZCI6NjYzLCJ1cmwiOiJodHRwOlwvXC91bmRlc2llcnRvYXN0dXJpYW5vLnByYWN0aWNhc2RlcGVyaW9kaXNtby5jb21cL3dwLWNvbnRlbnRcL3VwbG9hZHNcLzIwMjFcLzA1XC9JTUdfNzU1Ni1zY2FsZWQuanBnIiwic2xpZGVzaG93IjoiOTdhYjhjMiJ9\" href=\"http:\/\/undesiertoasturiano.practicasdeperiodismo.com\/wp-content\/uploads\/2021\/05\/IMG_7556-scaled.jpg\"><figure class=\"swiper-slide-inner\"><img decoding=\"async\" class=\"swiper-slide-image\" src=\"http:\/\/undesiertoasturiano.practicasdeperiodismo.com\/wp-content\/uploads\/2021\/05\/IMG_7556-1024x768.jpg\" alt=\"Prieres visto desde el hotel rural &quot;L&#039; Aldea Perdida. \nCC-BY- SA 4.0\" \/><figcaption class=\"elementor-image-carousel-caption\">Prieres visto desde el hotel rural \"L' Aldea Perdida. \nCC-BY- SA 4.0<\/figcaption><\/figure><\/a><\/div><div class=\"swiper-slide\" role=\"group\" aria-roledescription=\"slide\" aria-label=\"2 of 6\"><a data-elementor-open-lightbox=\"yes\" data-elementor-lightbox-slideshow=\"97ab8c2\" data-elementor-lightbox-title=\"En la aldea\" data-e-action-hash=\"#elementor-action%3Aaction%3Dlightbox%26settings%3DeyJpZCI6MzU0LCJ1cmwiOiJodHRwOlwvXC91bmRlc2llcnRvYXN0dXJpYW5vLnByYWN0aWNhc2RlcGVyaW9kaXNtby5jb21cL3dwLWNvbnRlbnRcL3VwbG9hZHNcLzIwMjFcLzA1XC9JTUdfNzU2Ny1zY2FsZWQuanBnIiwic2xpZGVzaG93IjoiOTdhYjhjMiJ9\" href=\"http:\/\/undesiertoasturiano.practicasdeperiodismo.com\/wp-content\/uploads\/2021\/05\/IMG_7567-scaled.jpg\"><figure class=\"swiper-slide-inner\"><img decoding=\"async\" class=\"swiper-slide-image\" src=\"http:\/\/undesiertoasturiano.practicasdeperiodismo.com\/wp-content\/uploads\/2021\/05\/IMG_7567-1024x768.jpg\" alt=\"La casa azul y la casa rosa de Prieres. \nCC-BY- SA 4.0\" \/><figcaption class=\"elementor-image-carousel-caption\">La casa azul y la casa rosa de Prieres. \nCC-BY- SA 4.0<\/figcaption><\/figure><\/a><\/div><div class=\"swiper-slide\" role=\"group\" aria-roledescription=\"slide\" aria-label=\"3 of 6\"><a data-elementor-open-lightbox=\"yes\" data-elementor-lightbox-slideshow=\"97ab8c2\" data-elementor-lightbox-title=\"En la aldea\" data-e-action-hash=\"#elementor-action%3Aaction%3Dlightbox%26settings%3DeyJpZCI6MzUyLCJ1cmwiOiJodHRwOlwvXC91bmRlc2llcnRvYXN0dXJpYW5vLnByYWN0aWNhc2RlcGVyaW9kaXNtby5jb21cL3dwLWNvbnRlbnRcL3VwbG9hZHNcLzIwMjFcLzA1XC9JTUdfNzU2NC1zY2FsZWQuanBnIiwic2xpZGVzaG93IjoiOTdhYjhjMiJ9\" href=\"http:\/\/undesiertoasturiano.practicasdeperiodismo.com\/wp-content\/uploads\/2021\/05\/IMG_7564-scaled.jpg\"><figure class=\"swiper-slide-inner\"><img decoding=\"async\" class=\"swiper-slide-image\" src=\"http:\/\/undesiertoasturiano.practicasdeperiodismo.com\/wp-content\/uploads\/2021\/05\/IMG_7564-1024x768.jpg\" alt=\"El final de Prieres.\nCC-BY- SA 4.0\" \/><figcaption class=\"elementor-image-carousel-caption\">El final de Prieres.\nCC-BY- SA 4.0<\/figcaption><\/figure><\/a><\/div><div class=\"swiper-slide\" role=\"group\" aria-roledescription=\"slide\" aria-label=\"4 of 6\"><a data-elementor-open-lightbox=\"yes\" data-elementor-lightbox-slideshow=\"97ab8c2\" data-elementor-lightbox-title=\"En la aldea\" data-e-action-hash=\"#elementor-action%3Aaction%3Dlightbox%26settings%3DeyJpZCI6MzUxLCJ1cmwiOiJodHRwOlwvXC91bmRlc2llcnRvYXN0dXJpYW5vLnByYWN0aWNhc2RlcGVyaW9kaXNtby5jb21cL3dwLWNvbnRlbnRcL3VwbG9hZHNcLzIwMjFcLzA1XC9JTUdfNzU1OS1zY2FsZWQtZTE2MjA1NTMwNTE2MTIuanBnIiwic2xpZGVzaG93IjoiOTdhYjhjMiJ9\" href=\"http:\/\/undesiertoasturiano.practicasdeperiodismo.com\/wp-content\/uploads\/2021\/05\/IMG_7559-scaled-e1620553051612.jpg\"><figure class=\"swiper-slide-inner\"><img decoding=\"async\" class=\"swiper-slide-image\" src=\"http:\/\/undesiertoasturiano.practicasdeperiodismo.com\/wp-content\/uploads\/2021\/05\/IMG_7559-scaled-e1620553051612-1024x768.jpg\" alt=\"Los rastros del antiguo hotel &quot;L&#039; Aldea Rural&quot;. \nCC-BY- SA 4.0\" \/><figcaption class=\"elementor-image-carousel-caption\">Los rastros del antiguo hotel \"L' Aldea Rural\". \nCC-BY- SA 4.0<\/figcaption><\/figure><\/a><\/div><div class=\"swiper-slide\" role=\"group\" aria-roledescription=\"slide\" aria-label=\"5 of 6\"><a data-elementor-open-lightbox=\"yes\" data-elementor-lightbox-slideshow=\"97ab8c2\" data-elementor-lightbox-title=\"En la aldea\" data-e-action-hash=\"#elementor-action%3Aaction%3Dlightbox%26settings%3DeyJpZCI6NDM1LCJ1cmwiOiJodHRwOlwvXC91bmRlc2llcnRvYXN0dXJpYW5vLnByYWN0aWNhc2RlcGVyaW9kaXNtby5jb21cL3dwLWNvbnRlbnRcL3VwbG9hZHNcLzIwMjFcLzA1XC9JTUdfNzU1Ny1zY2FsZWQuanBnIiwic2xpZGVzaG93IjoiOTdhYjhjMiJ9\" href=\"http:\/\/undesiertoasturiano.practicasdeperiodismo.com\/wp-content\/uploads\/2021\/05\/IMG_7557-scaled.jpg\"><figure class=\"swiper-slide-inner\"><img decoding=\"async\" class=\"swiper-slide-image\" src=\"http:\/\/undesiertoasturiano.practicasdeperiodismo.com\/wp-content\/uploads\/2021\/05\/IMG_7557-1024x768.jpg\" alt=\"Luc\u00eda Nicieza frente al \u00e1rbol frutal de su familia. (R)\" \/><figcaption class=\"elementor-image-carousel-caption\">Luc\u00eda Nicieza frente al \u00e1rbol frutal de su familia. (R)<\/figcaption><\/figure><\/a><\/div><div class=\"swiper-slide\" role=\"group\" aria-roledescription=\"slide\" aria-label=\"6 of 6\"><a data-elementor-open-lightbox=\"yes\" data-elementor-lightbox-slideshow=\"97ab8c2\" data-elementor-lightbox-title=\"En la aldea\" data-e-action-hash=\"#elementor-action%3Aaction%3Dlightbox%26settings%3DeyJpZCI6MzUzLCJ1cmwiOiJodHRwOlwvXC91bmRlc2llcnRvYXN0dXJpYW5vLnByYWN0aWNhc2RlcGVyaW9kaXNtby5jb21cL3dwLWNvbnRlbnRcL3VwbG9hZHNcLzIwMjFcLzA1XC9JTUdfNzU2Ni1zY2FsZWQuanBnIiwic2xpZGVzaG93IjoiOTdhYjhjMiJ9\" href=\"http:\/\/undesiertoasturiano.practicasdeperiodismo.com\/wp-content\/uploads\/2021\/05\/IMG_7566-scaled.jpg\"><figure class=\"swiper-slide-inner\"><img decoding=\"async\" class=\"swiper-slide-image\" src=\"http:\/\/undesiertoasturiano.practicasdeperiodismo.com\/wp-content\/uploads\/2021\/05\/IMG_7566-1024x768.jpg\" alt=\"Beatr\u00edz Jim\u00e9nez y su hijo caminando por el pueblo. (R)\" \/><figcaption class=\"elementor-image-carousel-caption\">Beatr\u00edz Jim\u00e9nez y su hijo caminando por el pueblo. (R)<\/figcaption><\/figure><\/a><\/div>\t\t\t<\/div>\n\t\t\t\t\t\t\t\t\t\t\t\t<div class=\"elementor-swiper-button elementor-swiper-button-prev\" role=\"button\" tabindex=\"0\">\n\t\t\t\t\t\t<i aria-hidden=\"true\" class=\"eicon-chevron-left\"><\/i>\t\t\t\t\t<\/div>\n\t\t\t\t\t<div class=\"elementor-swiper-button elementor-swiper-button-next\" role=\"button\" tabindex=\"0\">\n\t\t\t\t\t\t<i aria-hidden=\"true\" class=\"eicon-chevron-right\"><\/i>\t\t\t\t\t<\/div>\n\t\t\t\t\n\t\t\t\t\t\t\t\t\t<div class=\"swiper-pagination\"><\/div>\n\t\t\t\t\t\t\t\t\t<\/div>\n\t\t\t\t\t\t<\/div>\n\t\t\t\t<\/div>\n\t\t\t\t\t<\/div>\n\t\t<\/div>\n\t\t\t\t\t<\/div>\n\t\t<\/section>\n\t\t\t\t<section class=\"elementor-section elementor-top-section elementor-element elementor-element-086ea17 elementor-section-boxed elementor-section-height-default elementor-section-height-default\" data-id=\"086ea17\" data-element_type=\"section\" data-e-type=\"section\">\n\t\t\t\t\t\t<div class=\"elementor-container elementor-column-gap-default\">\n\t\t\t\t\t<div class=\"elementor-column elementor-col-100 elementor-top-column elementor-element elementor-element-589ba44\" data-id=\"589ba44\" data-element_type=\"column\" data-e-type=\"column\">\n\t\t\t<div class=\"elementor-widget-wrap elementor-element-populated\">\n\t\t\t\t\t\t<div class=\"elementor-element elementor-element-a84457f elementor-widget elementor-widget-text-editor\" data-id=\"a84457f\" data-element_type=\"widget\" data-e-type=\"widget\" data-widget_type=\"text-editor.default\">\n\t\t\t\t<div class=\"elementor-widget-container\">\n\t\t\t\t\t\t\t\t\t<p>Diego es el \u00fanico ni\u00f1o del pueblo. Est\u00e1 en sexto de primaria, en el colegio del Tru\u00e9banu, en la capital del concejo. Todos los d\u00edas pasa un taxi a recogerle a la plaza del pueblo, porque no hay tantos ni\u00f1os por esa zona como para que haga falta un autob\u00fas. Para que puedan ir a clase, la Consejer\u00eda de educaci\u00f3n se encarga del transporte. El curso que viene ya pasa a la ESO, y los dos primeros a\u00f1os los puede cursar en el Tru\u00e9banu, si hay alumnos suficientes. De momento, parece que solo va a estar Diego. O sea, que, en principio, lo cierran:<\/p><p style=\"text-indent: 0px; padding-left: 40px;\"><span style=\"text-indent: -18pt; font-family: var( --e-global-typography-text-font-family ), Sans-serif; font-weight: var( --e-global-typography-text-font-weight ); background-color: transparent;\">&#8211; Nosotros no queremos mandarlo <em>pa<\/em> bajo tan peque\u00f1o. Por lo menos, queremos retrasarlo hasta los 14.<\/span><\/p><p>B<span style=\"font-family: var( --e-global-typography-text-font-family ), Sans-serif; font-weight: var( --e-global-typography-text-font-weight ); background-color: transparent;\">ea no est\u00e1 contenta por adelantar dos a\u00f1os ese cambio obligado. Luc\u00eda tuerce el gesto bajo la mascarilla: el instituto en Laviana fue lo que hizo que se marcharan. Diego, sin embargo, no muestra preocupaci\u00f3n. Sigue jugando con su perra, saltando el murete del borde del camino hacia el prado contiguo. Hacia un lado y hacia el otro. Est\u00e1 en su propia burbuja. <\/span><b style=\"font-family: var( --e-global-typography-text-font-family ), Sans-serif; background-color: transparent;\">Quiz\u00e1 el pr\u00f3ximo curso le estalle, con dos horas de trayecto para ir al instituto y dos horas para volver. Si se hace la suma total son casi treinta d\u00edas al a\u00f1o metido en un autob\u00fas<\/b><span style=\"font-family: var( --e-global-typography-text-font-family ), Sans-serif; font-weight: var( --e-global-typography-text-font-weight ); background-color: transparent;\">.<\/span><\/p><p>La familiaridad de los gestos de Luc\u00eda con los habitantes del pueblo es retroceder en el tiempo, viajar a cuando ella era una ni\u00f1a y saltaba el mismo murete, hacia un lado y hacia el otro, que Diego. Es la misma familiaridad con la que se sienta, un rato despu\u00e9s, en el primer bar a la redonda donde acaba de quedar con Eva \u00c1lvarez, su amiga del colegio, que vive en un pueblo vecino un poco m\u00e1s grande y tambi\u00e9n de monta\u00f1a, llamado Orl\u00e9. <b>La Asturias rural tambi\u00e9n es, en cierta medida, un retroceso en el tiempo: casas desvencijadas y pueblos que en otra vida tuvieron gente. O que con gente tuvieron vida, que viene a ser lo mismo:<\/b><\/p><p style=\"padding-left: 40px;\">&#8211; Si estuviera bien esto, me quedaba.<\/p><p>Eva lo afirma con contundencia. A ella tambi\u00e9n le toc\u00f3 durante cuatro a\u00f1os hacerse dos horas de trayecto al instituto. Y ahora, para ir a la universidad, cuyo campus est\u00e1 en Mieres, tarda una hora en coche. En transporte p\u00fablico ni se plantea ir: la ruta m\u00e1s r\u00e1pida es de siete horas, con combinaci\u00f3n de trenes, autobuses y partes caminando. Cuando eran peque\u00f1as, las \u00fanicas actividades extraescolares que pod\u00edan hacer sin complicarle demasiado la vida a sus padres eran en el colegio. Luc\u00eda hac\u00eda danza dos d\u00edas a la semana porque la academia estaba cerca de casa de sus abuelos y se pod\u00edan quedar all\u00ed. A Eva le hubiera gustado practicar tenis, pero sus padres, que son ganaderos, no pod\u00edan estar llev\u00e1ndola y tray\u00e9ndola.<\/p><p>La conversaci\u00f3n entre las dos amigas, despu\u00e9s de ponerse al d\u00eda, gira en torno a esa hipot\u00e9tica y casi imposible idea de la resiliencia rural. Eva se qued\u00f3 y Luc\u00eda se tuvo que ir. Eva tambi\u00e9n se ir\u00e1 pronto, no cree que le quede mucho all\u00ed. <b>El problema es que mientras el mundo gira y est\u00e1 en continuo desarrollo, el pueblo se queda atr\u00e1s: viejo, emboscado, marr\u00f3n y vac\u00edo<\/b>. La vida all\u00ed es m\u00e1s dif\u00edcil que una fotograf\u00eda en el eterno carrete tecnol\u00f3gico; \u00bfser\u00e1 a lo que queden reducidos los paisajes? Todo lo que llega a la ciudad, incluidos los paquetes de Amazon- que no los reparten hasta Orl\u00e9-, se deprecia en el camino<\/p><p>\u00a0<\/p>\t\t\t\t\t\t\t\t<\/div>\n\t\t\t\t<\/div>\n\t\t\t\t\t<\/div>\n\t\t<\/div>\n\t\t\t\t\t<\/div>\n\t\t<\/section>\n\t\t\t\t<section class=\"elementor-section elementor-top-section elementor-element elementor-element-439b48b elementor-section-boxed elementor-section-height-default elementor-section-height-default\" data-id=\"439b48b\" data-element_type=\"section\" data-e-type=\"section\">\n\t\t\t\t\t\t<div class=\"elementor-container elementor-column-gap-default\">\n\t\t\t\t\t<div class=\"elementor-column elementor-col-100 elementor-top-column elementor-element elementor-element-f0d3c59\" data-id=\"f0d3c59\" data-element_type=\"column\" data-e-type=\"column\">\n\t\t\t<div class=\"elementor-widget-wrap elementor-element-populated\">\n\t\t\t\t\t\t<div class=\"elementor-element elementor-element-96f6de7 elementor-widget elementor-widget-image\" data-id=\"96f6de7\" data-element_type=\"widget\" data-e-type=\"widget\" data-widget_type=\"image.default\">\n\t\t\t\t<div class=\"elementor-widget-container\">\n\t\t\t\t\t\t\t\t\t\t\t\t<figure class=\"wp-caption\">\n\t\t\t\t\t\t\t\t\t\t<img decoding=\"async\" width=\"1440\" height=\"1080\" src=\"http:\/\/undesiertoasturiano.practicasdeperiodismo.com\/wp-content\/uploads\/2021\/05\/IMG_7565-1440x1080.jpg\" class=\"attachment-mesmerize-full-hd size-mesmerize-full-hd wp-image-359\" alt=\"\" srcset=\"http:\/\/undesiertoasturiano.practicasdeperiodismo.com\/wp-content\/uploads\/2021\/05\/IMG_7565-1440x1080.jpg 1440w, http:\/\/undesiertoasturiano.practicasdeperiodismo.com\/wp-content\/uploads\/2021\/05\/IMG_7565-300x225.jpg 300w, http:\/\/undesiertoasturiano.practicasdeperiodismo.com\/wp-content\/uploads\/2021\/05\/IMG_7565-1024x768.jpg 1024w, http:\/\/undesiertoasturiano.practicasdeperiodismo.com\/wp-content\/uploads\/2021\/05\/IMG_7565-768x576.jpg 768w, http:\/\/undesiertoasturiano.practicasdeperiodismo.com\/wp-content\/uploads\/2021\/05\/IMG_7565-1536x1152.jpg 1536w, http:\/\/undesiertoasturiano.practicasdeperiodismo.com\/wp-content\/uploads\/2021\/05\/IMG_7565-2048x1536.jpg 2048w, http:\/\/undesiertoasturiano.practicasdeperiodismo.com\/wp-content\/uploads\/2021\/05\/IMG_7565-155x116.jpg 155w\" sizes=\"(max-width: 1440px) 100vw, 1440px\" \/>\t\t\t\t\t\t\t\t\t\t\t<figcaption class=\"widget-image-caption wp-caption-text\">Luc\u00eda Nicieza cerrando la puerta de \"L' Aldea Perdida\" en Prieres. \nCC-BY- SA 4.0<\/figcaption>\n\t\t\t\t\t\t\t\t\t\t<\/figure>\n\t\t\t\t\t\t\t\t\t<\/div>\n\t\t\t\t<\/div>\n\t\t\t\t\t<\/div>\n\t\t<\/div>\n\t\t\t\t\t<\/div>\n\t\t<\/section>\n\t\t\t\t<section class=\"elementor-section elementor-top-section elementor-element elementor-element-0088d7f elementor-section-boxed elementor-section-height-default elementor-section-height-default\" data-id=\"0088d7f\" data-element_type=\"section\" data-e-type=\"section\">\n\t\t\t\t\t\t<div class=\"elementor-container elementor-column-gap-default\">\n\t\t\t\t\t<div class=\"elementor-column elementor-col-100 elementor-top-column elementor-element elementor-element-9f7a8f0\" data-id=\"9f7a8f0\" data-element_type=\"column\" data-e-type=\"column\">\n\t\t\t<div class=\"elementor-widget-wrap elementor-element-populated\">\n\t\t\t\t\t\t<div class=\"elementor-element elementor-element-30748b5 elementor-widget elementor-widget-text-editor\" data-id=\"30748b5\" data-element_type=\"widget\" data-e-type=\"widget\" data-widget_type=\"text-editor.default\">\n\t\t\t\t<div class=\"elementor-widget-container\">\n\t\t\t\t\t\t\t\t\t<p style=\"font-weight: 400;\">Las mesas del \u201cBar Linares\u201d donde est\u00e1n sentadas son de piedra. Una valla de madera lo rodea y separa el recinto de la maleza. Desde ah\u00ed se ve el embalse de Tanes. El cielo est\u00e1 nublado y deja un rastro de claridad, sin fr\u00edo. Un d\u00eda t\u00edpico asturiano. Luc\u00eda le cuenta a Eva que le gustar\u00eda volver cuando acabara la carrera, y quiz\u00e1 intentar trabajar en el colegio del Tru\u00e9banu, al que asistieron ambas. Pero no est\u00e1 segura, son muchas incertidumbres:<a href=\"http:\/\/www.cje.org\/descargas\/cje7625.pdf\" target=\"_blank\" rel=\"noopener\"> Asturias tiene la tasa de inactividad juvenil m\u00e1s alta de Espa\u00f1a, <\/a>60,7 j\u00f3venes desempleados seg\u00fan los \u00faltimos datos del Observatorio de la juventud. A su vez, <a href=\"https:\/\/es.statista.com\/estadisticas\/488897\/tasa-de-paro-juvenil-en-los-paises-de-la-ue\/\" target=\"_blank\" rel=\"noopener\">Espa\u00f1a tiene la tasa m\u00e1s alta de paro juvenil de Europa:<\/a> 39,9 por ciento de la poblaci\u00f3n por debajo de los 25 a\u00f1os.<\/p><p><b>Es una pescadilla que se muerde la cola: los j\u00f3venes se marchan porque no hay futuro, y si se marchan los j\u00f3venes, no hay futuro; hay despoblaci\u00f3n, hay olvido y decrepitud<\/b><span style=\"font-weight: 400;\">. O, m\u00e1s que una pescadilla, es todo un gran banco de peces: \u00bfla falta de servicios hace que la poblaci\u00f3n emigre o como la poblaci\u00f3n emigra no hay servicios? \u00bfno se invierte porque no hay gente o no hay gente porque no se invierte? \u00bfQu\u00e9 fue antes, el huevo o la gallina? \u00bfDe qui\u00e9n es la culpa? \u00bfY c\u00f3mo se revierte? \u00bfEs reversible?<\/span><\/p><p><span style=\"font-weight: 400;\">El encuentro entre Luc\u00eda y Eva les hace revivir viejas historias. Como cuando Luc\u00eda qued\u00f3 con su novio en medio de la carretera de Prieres porque sab\u00eda que, si entraba en el pueblo, lo iba a saber todo el mundo. Tambi\u00e9n tienen, entre ambas, su peque\u00f1a burbuja. Pero, aunque su cabeza viaje a tiempos pasados, las dudas que ahora les asaltan son nuevas: Luc\u00eda se pregunta quien permanecer\u00e1 cuando ella vuelva. Eva, por el contrario, no sabe qu\u00e9 pasar\u00e1 con su pueblo cuando ella se marche. Parecen cuestiones opuestas. Es cierto que el planteamiento es distinto, p<\/span>ero es la misma pregunta con diferentes formulaciones:<b> \u00bfqui\u00e9n se quedar\u00e1 para evitar el desierto? En el vac\u00edo se avanza m\u00e1s r\u00e1pido, el marr\u00f3n tambi\u00e9n es el color del olvido y la tierra a\u00falla m\u00e1s fuerte que cualquier lobo, especie protegida. Se desangra. Asturias se desangra<\/b>.\u00a0<\/p>\t\t\t\t\t\t\t\t<\/div>\n\t\t\t\t<\/div>\n\t\t\t\t\t<\/div>\n\t\t<\/div>\n\t\t\t\t\t<\/div>\n\t\t<\/section>\n\t\t\t\t<section class=\"elementor-section elementor-top-section elementor-element elementor-element-e663bad elementor-section-boxed elementor-section-height-default elementor-section-height-default\" data-id=\"e663bad\" data-element_type=\"section\" data-e-type=\"section\">\n\t\t\t\t\t\t<div class=\"elementor-container elementor-column-gap-default\">\n\t\t\t\t\t<div class=\"elementor-column elementor-col-100 elementor-top-column elementor-element elementor-element-1c8c22f\" data-id=\"1c8c22f\" data-element_type=\"column\" data-e-type=\"column\">\n\t\t\t<div class=\"elementor-widget-wrap elementor-element-populated\">\n\t\t\t\t\t\t<div class=\"elementor-element elementor-element-5222abc elementor-align-right elementor-widget elementor-widget-button\" data-id=\"5222abc\" data-element_type=\"widget\" data-e-type=\"widget\" data-widget_type=\"button.default\">\n\t\t\t\t<div class=\"elementor-widget-container\">\n\t\t\t\t\t\t\t\t\t<div class=\"elementor-button-wrapper\">\n\t\t\t\t\t<a class=\"elementor-button elementor-button-link elementor-size-sm elementor-animation-pulse\" href=\"http:\/\/undesiertoasturiano.practicasdeperiodismo.com\/index.php\/la-ninez-en-la-montana\/\">\n\t\t\t\t\t\t<span class=\"elementor-button-content-wrapper\">\n\t\t\t\t\t\t<span class=\"elementor-button-icon\">\n\t\t\t\t<i aria-hidden=\"true\" class=\"fas fa-arrow-right\"><\/i>\t\t\t<\/span>\n\t\t\t\t\t\t\t\t\t<span class=\"elementor-button-text\">La ni\u00f1ez en la monta\u00f1a <\/span>\n\t\t\t\t\t<\/span>\n\t\t\t\t\t<\/a>\n\t\t\t\t<\/div>\n\t\t\t\t\t\t\t\t<\/div>\n\t\t\t\t<\/div>\n\t\t\t\t\t<\/div>\n\t\t<\/div>\n\t\t\t\t\t<\/div>\n\t\t<\/section>\n\t\t\t\t<\/div>\n\t\t","protected":false},"excerpt":{"rendered":"<p>Asturias pas\u00f3 de ser una de las regiones m\u00e1s pr\u00f3speras en Espa\u00f1a a ser el lugar con mayor despoblaci\u00f3n de Europa Asturias es una superposici\u00f3n de colores. Primero fue el verde de los prados, color de agricultores y ganaderos. Despu\u00e9s lleg\u00f3, hace m\u00e1s de un siglo, el negro de la miner\u00eda: el gran motor econ\u00f3mico.&hellip; <br \/> <a class=\"read-more\" href=\"http:\/\/undesiertoasturiano.practicasdeperiodismo.com\/index.php\/el-principio-del-fin\/\">Read more<\/a><\/p>\n","protected":false},"author":2,"featured_media":0,"parent":0,"menu_order":0,"comment_status":"closed","ping_status":"closed","template":"","meta":{"footnotes":""},"class_list":["post-235","page","type-page","status-publish","hentry"],"yoast_head":"<!-- This site is optimized with the Yoast SEO plugin v26.2 - https:\/\/yoast.com\/wordpress\/plugins\/seo\/ -->\n<title>El principio del fin - El \u00faltimo grito de la tierra<\/title>\n<meta name=\"robots\" content=\"index, follow, max-snippet:-1, max-image-preview:large, max-video-preview:-1\" \/>\n<link rel=\"canonical\" href=\"http:\/\/undesiertoasturiano.practicasdeperiodismo.com\/index.php\/el-principio-del-fin\/\" \/>\n<meta property=\"og:locale\" content=\"en_US\" \/>\n<meta property=\"og:type\" content=\"article\" \/>\n<meta property=\"og:title\" content=\"El principio del fin - El \u00faltimo grito de la tierra\" \/>\n<meta property=\"og:description\" content=\"Asturias pas\u00f3 de ser una de las regiones m\u00e1s pr\u00f3speras en Espa\u00f1a a ser el lugar con mayor despoblaci\u00f3n de Europa Asturias es una superposici\u00f3n de colores. Primero fue el verde de los prados, color de agricultores y ganaderos. Despu\u00e9s lleg\u00f3, hace m\u00e1s de un siglo, el negro de la miner\u00eda: el gran motor econ\u00f3mico.&hellip; Read more\" \/>\n<meta property=\"og:url\" content=\"http:\/\/undesiertoasturiano.practicasdeperiodismo.com\/index.php\/el-principio-del-fin\/\" \/>\n<meta property=\"og:site_name\" content=\"El \u00faltimo grito de la tierra\" \/>\n<meta property=\"article:modified_time\" content=\"2021-06-07T09:45:43+00:00\" \/>\n<meta property=\"og:image\" content=\"http:\/\/undesiertoasturiano.practicasdeperiodismo.com\/wp-content\/uploads\/2021\/05\/IMG_7552-1440x1080.jpg\" \/>\n<meta name=\"twitter:card\" content=\"summary_large_image\" \/>\n<meta name=\"twitter:label1\" content=\"Est. reading time\" \/>\n\t<meta name=\"twitter:data1\" content=\"15 minutes\" \/>\n<script type=\"application\/ld+json\" class=\"yoast-schema-graph\">{\"@context\":\"https:\/\/schema.org\",\"@graph\":[{\"@type\":\"WebPage\",\"@id\":\"http:\/\/undesiertoasturiano.practicasdeperiodismo.com\/index.php\/el-principio-del-fin\/\",\"url\":\"http:\/\/undesiertoasturiano.practicasdeperiodismo.com\/index.php\/el-principio-del-fin\/\",\"name\":\"El principio del fin - El \u00faltimo grito de la tierra\",\"isPartOf\":{\"@id\":\"http:\/\/undesiertoasturiano.practicasdeperiodismo.com\/#website\"},\"primaryImageOfPage\":{\"@id\":\"http:\/\/undesiertoasturiano.practicasdeperiodismo.com\/index.php\/el-principio-del-fin\/#primaryimage\"},\"image\":{\"@id\":\"http:\/\/undesiertoasturiano.practicasdeperiodismo.com\/index.php\/el-principio-del-fin\/#primaryimage\"},\"thumbnailUrl\":\"http:\/\/undesiertoasturiano.practicasdeperiodismo.com\/wp-content\/uploads\/2021\/05\/IMG_7552-1440x1080.jpg\",\"datePublished\":\"2021-05-07T09:50:08+00:00\",\"dateModified\":\"2021-06-07T09:45:43+00:00\",\"breadcrumb\":{\"@id\":\"http:\/\/undesiertoasturiano.practicasdeperiodismo.com\/index.php\/el-principio-del-fin\/#breadcrumb\"},\"inLanguage\":\"en-US\",\"potentialAction\":[{\"@type\":\"ReadAction\",\"target\":[\"http:\/\/undesiertoasturiano.practicasdeperiodismo.com\/index.php\/el-principio-del-fin\/\"]}]},{\"@type\":\"ImageObject\",\"inLanguage\":\"en-US\",\"@id\":\"http:\/\/undesiertoasturiano.practicasdeperiodismo.com\/index.php\/el-principio-del-fin\/#primaryimage\",\"url\":\"http:\/\/undesiertoasturiano.practicasdeperiodismo.com\/wp-content\/uploads\/2021\/05\/IMG_7552-1440x1080.jpg\",\"contentUrl\":\"http:\/\/undesiertoasturiano.practicasdeperiodismo.com\/wp-content\/uploads\/2021\/05\/IMG_7552-1440x1080.jpg\"},{\"@type\":\"BreadcrumbList\",\"@id\":\"http:\/\/undesiertoasturiano.practicasdeperiodismo.com\/index.php\/el-principio-del-fin\/#breadcrumb\",\"itemListElement\":[{\"@type\":\"ListItem\",\"position\":1,\"name\":\"Portada\",\"item\":\"http:\/\/undesiertoasturiano.practicasdeperiodismo.com\/\"},{\"@type\":\"ListItem\",\"position\":2,\"name\":\"El principio del fin\"}]},{\"@type\":\"WebSite\",\"@id\":\"http:\/\/undesiertoasturiano.practicasdeperiodismo.com\/#website\",\"url\":\"http:\/\/undesiertoasturiano.practicasdeperiodismo.com\/\",\"name\":\"El \u00faltimo grito de la tierra\",\"description\":\"\",\"potentialAction\":[{\"@type\":\"SearchAction\",\"target\":{\"@type\":\"EntryPoint\",\"urlTemplate\":\"http:\/\/undesiertoasturiano.practicasdeperiodismo.com\/?s={search_term_string}\"},\"query-input\":{\"@type\":\"PropertyValueSpecification\",\"valueRequired\":true,\"valueName\":\"search_term_string\"}}],\"inLanguage\":\"en-US\"}]}<\/script>\n<!-- \/ Yoast SEO plugin. -->","yoast_head_json":{"title":"El principio del fin - El \u00faltimo grito de la tierra","robots":{"index":"index","follow":"follow","max-snippet":"max-snippet:-1","max-image-preview":"max-image-preview:large","max-video-preview":"max-video-preview:-1"},"canonical":"http:\/\/undesiertoasturiano.practicasdeperiodismo.com\/index.php\/el-principio-del-fin\/","og_locale":"en_US","og_type":"article","og_title":"El principio del fin - El \u00faltimo grito de la tierra","og_description":"Asturias pas\u00f3 de ser una de las regiones m\u00e1s pr\u00f3speras en Espa\u00f1a a ser el lugar con mayor despoblaci\u00f3n de Europa Asturias es una superposici\u00f3n de colores. Primero fue el verde de los prados, color de agricultores y ganaderos. Despu\u00e9s lleg\u00f3, hace m\u00e1s de un siglo, el negro de la miner\u00eda: el gran motor econ\u00f3mico.&hellip; Read more","og_url":"http:\/\/undesiertoasturiano.practicasdeperiodismo.com\/index.php\/el-principio-del-fin\/","og_site_name":"El \u00faltimo grito de la tierra","article_modified_time":"2021-06-07T09:45:43+00:00","og_image":[{"url":"http:\/\/undesiertoasturiano.practicasdeperiodismo.com\/wp-content\/uploads\/2021\/05\/IMG_7552-1440x1080.jpg","type":"","width":"","height":""}],"twitter_card":"summary_large_image","twitter_misc":{"Est. reading time":"15 minutes"},"schema":{"@context":"https:\/\/schema.org","@graph":[{"@type":"WebPage","@id":"http:\/\/undesiertoasturiano.practicasdeperiodismo.com\/index.php\/el-principio-del-fin\/","url":"http:\/\/undesiertoasturiano.practicasdeperiodismo.com\/index.php\/el-principio-del-fin\/","name":"El principio del fin - El \u00faltimo grito de la tierra","isPartOf":{"@id":"http:\/\/undesiertoasturiano.practicasdeperiodismo.com\/#website"},"primaryImageOfPage":{"@id":"http:\/\/undesiertoasturiano.practicasdeperiodismo.com\/index.php\/el-principio-del-fin\/#primaryimage"},"image":{"@id":"http:\/\/undesiertoasturiano.practicasdeperiodismo.com\/index.php\/el-principio-del-fin\/#primaryimage"},"thumbnailUrl":"http:\/\/undesiertoasturiano.practicasdeperiodismo.com\/wp-content\/uploads\/2021\/05\/IMG_7552-1440x1080.jpg","datePublished":"2021-05-07T09:50:08+00:00","dateModified":"2021-06-07T09:45:43+00:00","breadcrumb":{"@id":"http:\/\/undesiertoasturiano.practicasdeperiodismo.com\/index.php\/el-principio-del-fin\/#breadcrumb"},"inLanguage":"en-US","potentialAction":[{"@type":"ReadAction","target":["http:\/\/undesiertoasturiano.practicasdeperiodismo.com\/index.php\/el-principio-del-fin\/"]}]},{"@type":"ImageObject","inLanguage":"en-US","@id":"http:\/\/undesiertoasturiano.practicasdeperiodismo.com\/index.php\/el-principio-del-fin\/#primaryimage","url":"http:\/\/undesiertoasturiano.practicasdeperiodismo.com\/wp-content\/uploads\/2021\/05\/IMG_7552-1440x1080.jpg","contentUrl":"http:\/\/undesiertoasturiano.practicasdeperiodismo.com\/wp-content\/uploads\/2021\/05\/IMG_7552-1440x1080.jpg"},{"@type":"BreadcrumbList","@id":"http:\/\/undesiertoasturiano.practicasdeperiodismo.com\/index.php\/el-principio-del-fin\/#breadcrumb","itemListElement":[{"@type":"ListItem","position":1,"name":"Portada","item":"http:\/\/undesiertoasturiano.practicasdeperiodismo.com\/"},{"@type":"ListItem","position":2,"name":"El principio del fin"}]},{"@type":"WebSite","@id":"http:\/\/undesiertoasturiano.practicasdeperiodismo.com\/#website","url":"http:\/\/undesiertoasturiano.practicasdeperiodismo.com\/","name":"El \u00faltimo grito de la tierra","description":"","potentialAction":[{"@type":"SearchAction","target":{"@type":"EntryPoint","urlTemplate":"http:\/\/undesiertoasturiano.practicasdeperiodismo.com\/?s={search_term_string}"},"query-input":{"@type":"PropertyValueSpecification","valueRequired":true,"valueName":"search_term_string"}}],"inLanguage":"en-US"}]}},"_links":{"self":[{"href":"http:\/\/undesiertoasturiano.practicasdeperiodismo.com\/index.php\/wp-json\/wp\/v2\/pages\/235","targetHints":{"allow":["GET"]}}],"collection":[{"href":"http:\/\/undesiertoasturiano.practicasdeperiodismo.com\/index.php\/wp-json\/wp\/v2\/pages"}],"about":[{"href":"http:\/\/undesiertoasturiano.practicasdeperiodismo.com\/index.php\/wp-json\/wp\/v2\/types\/page"}],"author":[{"embeddable":true,"href":"http:\/\/undesiertoasturiano.practicasdeperiodismo.com\/index.php\/wp-json\/wp\/v2\/users\/2"}],"replies":[{"embeddable":true,"href":"http:\/\/undesiertoasturiano.practicasdeperiodismo.com\/index.php\/wp-json\/wp\/v2\/comments?post=235"}],"version-history":[{"count":207,"href":"http:\/\/undesiertoasturiano.practicasdeperiodismo.com\/index.php\/wp-json\/wp\/v2\/pages\/235\/revisions"}],"predecessor-version":[{"id":1372,"href":"http:\/\/undesiertoasturiano.practicasdeperiodismo.com\/index.php\/wp-json\/wp\/v2\/pages\/235\/revisions\/1372"}],"wp:attachment":[{"href":"http:\/\/undesiertoasturiano.practicasdeperiodismo.com\/index.php\/wp-json\/wp\/v2\/media?parent=235"}],"curies":[{"name":"wp","href":"https:\/\/api.w.org\/{rel}","templated":true}]}}