{"id":167,"date":"2021-04-22T12:08:59","date_gmt":"2021-04-22T12:08:59","guid":{"rendered":"http:\/\/undesiertoasturiano.practicasdeperiodismo.com\/index.php\/mesmerize\/"},"modified":"2021-06-07T09:39:37","modified_gmt":"2021-06-07T09:39:37","slug":"mesmerize","status":"publish","type":"page","link":"http:\/\/undesiertoasturiano.practicasdeperiodismo.com\/","title":{"rendered":"El \u00faltimo grito de la tierra"},"content":{"rendered":"\t\t<div data-elementor-type=\"wp-page\" data-elementor-id=\"167\" class=\"elementor elementor-167\">\n\t\t\t\t\t\t<section class=\"elementor-section elementor-top-section elementor-element elementor-element-8dfe306 elementor-section-boxed elementor-section-height-default elementor-section-height-default\" data-id=\"8dfe306\" data-element_type=\"section\" data-e-type=\"section\">\n\t\t\t\t\t\t<div class=\"elementor-container elementor-column-gap-default\">\n\t\t\t\t\t<div class=\"elementor-column elementor-col-100 elementor-top-column elementor-element elementor-element-469b2ef\" data-id=\"469b2ef\" data-element_type=\"column\" data-e-type=\"column\">\n\t\t\t<div class=\"elementor-widget-wrap elementor-element-populated\">\n\t\t\t\t\t\t<div class=\"elementor-element elementor-element-74828e3 elementor-hidden-tablet elementor-hidden-phone elementor-widget elementor-widget-heading\" data-id=\"74828e3\" data-element_type=\"widget\" data-e-type=\"widget\" data-widget_type=\"heading.default\">\n\t\t\t\t<div class=\"elementor-widget-container\">\n\t\t\t\t\t<h2 class=\"elementor-heading-title elementor-size-default\">Asturias, con una poblaci\u00f3n sobreenvejecida y el \u00edndice de despoblaci\u00f3n m\u00e1s alto de Europa, vive en dos mundos: el rural, de infraestructuras y servicios escasos y cada vez m\u00e1s vac\u00edo, y el urbano, lleno de personas mayores en busca de una vida c\u00f3moda. <br>Este reportaje es un viaje de seis partes por dos concejos de de alta monta\u00f1a, Caso y Somiedo, en el Oriente y en el Occidente del Principado: qu\u00e9 problemas tienen, c\u00f3mo es su forma de vida o qu\u00e9 cambios consideran necesarios para la supervivencia de sus pueblos. <\/h2>\t\t\t\t<\/div>\n\t\t\t\t<\/div>\n\t\t\t\t<div class=\"elementor-element elementor-element-1b9815a elementor-hidden-phone elementor-widget elementor-widget-testimonial\" data-id=\"1b9815a\" data-element_type=\"widget\" data-e-type=\"widget\" data-widget_type=\"testimonial.default\">\n\t\t\t\t<div class=\"elementor-widget-container\">\n\t\t\t\t\t\t\t<div class=\"elementor-testimonial-wrapper\">\n\t\t\t\n\t\t\t\t\t\t<div class=\"elementor-testimonial-meta elementor-has-image elementor-testimonial-image-position-aside\">\n\t\t\t\t<div class=\"elementor-testimonial-meta-inner\">\n\t\t\t\t\t\t\t\t\t\t\t<div class=\"elementor-testimonial-image\">\n\t\t\t\t\t\t\t<a href=\"https:\/\/twitter.com\/inesgago_\"><img fetchpriority=\"high\" decoding=\"async\" width=\"940\" height=\"940\" src=\"http:\/\/undesiertoasturiano.practicasdeperiodismo.com\/wp-content\/uploads\/2021\/05\/Ines-definitivo.png\" class=\"attachment-full size-full wp-image-528\" alt=\"\" srcset=\"http:\/\/undesiertoasturiano.practicasdeperiodismo.com\/wp-content\/uploads\/2021\/05\/Ines-definitivo.png 940w, http:\/\/undesiertoasturiano.practicasdeperiodismo.com\/wp-content\/uploads\/2021\/05\/Ines-definitivo-300x300.png 300w, http:\/\/undesiertoasturiano.practicasdeperiodismo.com\/wp-content\/uploads\/2021\/05\/Ines-definitivo-150x150.png 150w, http:\/\/undesiertoasturiano.practicasdeperiodismo.com\/wp-content\/uploads\/2021\/05\/Ines-definitivo-768x768.png 768w, http:\/\/undesiertoasturiano.practicasdeperiodismo.com\/wp-content\/uploads\/2021\/05\/Ines-definitivo-116x116.png 116w\" sizes=\"(max-width: 940px) 100vw, 940px\" \/><\/a>\t\t\t\t\t\t<\/div>\n\t\t\t\t\t\n\t\t\t\t\t\t\t\t\t\t<div class=\"elementor-testimonial-details\">\n\t\t\t\t\t\t\t\t\t\t\t\t\t\t<a class=\"elementor-testimonial-name\" href=\"https:\/\/twitter.com\/inesgago_\">In\u00e9s Gago<\/a>\n\t\t\t\t\t\t\t\t\t\t\t\t\t\t\t\t\t\t\t<\/div>\n\t\t\t\t\t\t\t\t\t<\/div>\n\t\t\t<\/div>\n\t\t\t\t\t<\/div>\n\t\t\t\t\t\t<\/div>\n\t\t\t\t<\/div>\n\t\t\t\t<div class=\"elementor-element elementor-element-754dc6d elementor-hidden-desktop elementor-hidden-tablet elementor-widget elementor-widget-testimonial\" data-id=\"754dc6d\" data-element_type=\"widget\" data-e-type=\"widget\" data-widget_type=\"testimonial.default\">\n\t\t\t\t<div class=\"elementor-widget-container\">\n\t\t\t\t\t\t\t<div class=\"elementor-testimonial-wrapper\">\n\t\t\t\n\t\t\t\t\t\t<div class=\"elementor-testimonial-meta elementor-has-image elementor-testimonial-image-position-aside\">\n\t\t\t\t<div class=\"elementor-testimonial-meta-inner\">\n\t\t\t\t\t\t\t\t\t\t\t<div class=\"elementor-testimonial-image\">\n\t\t\t\t\t\t\t<a href=\"https:\/\/twitter.com\/inesgago_\"><img fetchpriority=\"high\" decoding=\"async\" width=\"940\" height=\"940\" src=\"http:\/\/undesiertoasturiano.practicasdeperiodismo.com\/wp-content\/uploads\/2021\/05\/Ines-definitivo.png\" class=\"attachment-full size-full wp-image-528\" alt=\"\" srcset=\"http:\/\/undesiertoasturiano.practicasdeperiodismo.com\/wp-content\/uploads\/2021\/05\/Ines-definitivo.png 940w, http:\/\/undesiertoasturiano.practicasdeperiodismo.com\/wp-content\/uploads\/2021\/05\/Ines-definitivo-300x300.png 300w, http:\/\/undesiertoasturiano.practicasdeperiodismo.com\/wp-content\/uploads\/2021\/05\/Ines-definitivo-150x150.png 150w, http:\/\/undesiertoasturiano.practicasdeperiodismo.com\/wp-content\/uploads\/2021\/05\/Ines-definitivo-768x768.png 768w, http:\/\/undesiertoasturiano.practicasdeperiodismo.com\/wp-content\/uploads\/2021\/05\/Ines-definitivo-116x116.png 116w\" sizes=\"(max-width: 940px) 100vw, 940px\" \/><\/a>\t\t\t\t\t\t<\/div>\n\t\t\t\t\t\n\t\t\t\t\t\t\t\t\t\t<div class=\"elementor-testimonial-details\">\n\t\t\t\t\t\t\t\t\t\t\t\t\t\t<a class=\"elementor-testimonial-name\" href=\"https:\/\/twitter.com\/inesgago_\">In\u00e9s Gago<\/a>\n\t\t\t\t\t\t\t\t\t\t\t\t\t\t\t\t\t\t\t<\/div>\n\t\t\t\t\t\t\t\t\t<\/div>\n\t\t\t<\/div>\n\t\t\t\t\t<\/div>\n\t\t\t\t\t\t<\/div>\n\t\t\t\t<\/div>\n\t\t\t\t<div class=\"elementor-element elementor-element-3097a96 elementor-hidden-desktop elementor-widget elementor-widget-heading\" data-id=\"3097a96\" data-element_type=\"widget\" data-e-type=\"widget\" data-widget_type=\"heading.default\">\n\t\t\t\t<div class=\"elementor-widget-container\">\n\t\t\t\t\t<h2 class=\"elementor-heading-title elementor-size-default\">Asturias, con una poblaci\u00f3n sobreenvejecida y el \u00edndice de despoblaci\u00f3n m\u00e1s alto de Europa, vive en dos mundos: el rural, de infraestructuras y servicios escasos, y cada vez m\u00e1s vac\u00edo, y el urbano, lleno de personas mayores en busca de una vida c\u00f3moda. <br> Este reportaje es un viaje por dos concejos de de alta monta\u00f1a, Caso y Somiedo, en el Oriente y en el Occidente del Principado: qu\u00e9 problemas tienen, c\u00f3mo es su forma de vida o qu\u00e9 cambios consideran necesarios para la supervivencia de sus pueblos. <\/h2>\t\t\t\t<\/div>\n\t\t\t\t<\/div>\n\t\t\t\t\t<\/div>\n\t\t<\/div>\n\t\t\t\t\t<\/div>\n\t\t<\/section>\n\t\t\t\t<section class=\"elementor-section elementor-top-section elementor-element elementor-element-6ee7f9c elementor-section-boxed elementor-section-height-default elementor-section-height-default\" data-id=\"6ee7f9c\" data-element_type=\"section\" data-e-type=\"section\">\n\t\t\t\t\t\t<div class=\"elementor-container elementor-column-gap-default\">\n\t\t\t\t\t<div class=\"elementor-column elementor-col-33 elementor-top-column elementor-element elementor-element-79a229d\" data-id=\"79a229d\" data-element_type=\"column\" data-e-type=\"column\">\n\t\t\t<div class=\"elementor-widget-wrap elementor-element-populated\">\n\t\t\t\t\t\t<div class=\"elementor-element elementor-element-ea1b19a elementor-position-top elementor-widget elementor-widget-image-box\" data-id=\"ea1b19a\" data-element_type=\"widget\" data-e-type=\"widget\" data-widget_type=\"image-box.default\">\n\t\t\t\t<div class=\"elementor-widget-container\">\n\t\t\t\t\t<div class=\"elementor-image-box-wrapper\"><figure class=\"elementor-image-box-img\"><a href=\"http:\/\/undesiertoasturiano.practicasdeperiodismo.com\/index.php\/el-principio-del-fin\/\" tabindex=\"-1\"><img decoding=\"async\" width=\"300\" height=\"225\" src=\"http:\/\/undesiertoasturiano.practicasdeperiodismo.com\/wp-content\/uploads\/2021\/05\/IMG_7552-300x225.jpg\" class=\"elementor-animation-pulse-grow attachment-medium size-medium wp-image-211\" alt=\"\" srcset=\"http:\/\/undesiertoasturiano.practicasdeperiodismo.com\/wp-content\/uploads\/2021\/05\/IMG_7552-300x225.jpg 300w, http:\/\/undesiertoasturiano.practicasdeperiodismo.com\/wp-content\/uploads\/2021\/05\/IMG_7552-1024x768.jpg 1024w, http:\/\/undesiertoasturiano.practicasdeperiodismo.com\/wp-content\/uploads\/2021\/05\/IMG_7552-768x576.jpg 768w, http:\/\/undesiertoasturiano.practicasdeperiodismo.com\/wp-content\/uploads\/2021\/05\/IMG_7552-1536x1152.jpg 1536w, http:\/\/undesiertoasturiano.practicasdeperiodismo.com\/wp-content\/uploads\/2021\/05\/IMG_7552-2048x1536.jpg 2048w, http:\/\/undesiertoasturiano.practicasdeperiodismo.com\/wp-content\/uploads\/2021\/05\/IMG_7552-1440x1080.jpg 1440w, http:\/\/undesiertoasturiano.practicasdeperiodismo.com\/wp-content\/uploads\/2021\/05\/IMG_7552-155x116.jpg 155w\" sizes=\"(max-width: 300px) 100vw, 300px\" \/><\/a><\/figure><div class=\"elementor-image-box-content\"><h2 class=\"elementor-image-box-title\"><a href=\"http:\/\/undesiertoasturiano.practicasdeperiodismo.com\/index.php\/el-principio-del-fin\/\">El principio del fin <\/a><\/h2><\/div><\/div>\t\t\t\t<\/div>\n\t\t\t\t<\/div>\n\t\t\t\t<div class=\"elementor-element elementor-element-acff1af elementor-position-top elementor-widget elementor-widget-image-box\" data-id=\"acff1af\" data-element_type=\"widget\" data-e-type=\"widget\" data-widget_type=\"image-box.default\">\n\t\t\t\t<div class=\"elementor-widget-container\">\n\t\t\t\t\t<div class=\"elementor-image-box-wrapper\"><figure class=\"elementor-image-box-img\"><a href=\"http:\/\/undesiertoasturiano.practicasdeperiodismo.com\/index.php\/los-ultimos-moradores\/\" tabindex=\"-1\"><img decoding=\"async\" width=\"1440\" height=\"1080\" src=\"http:\/\/undesiertoasturiano.practicasdeperiodismo.com\/wp-content\/uploads\/2021\/05\/IMG_7551-1-1440x1080.jpg\" class=\"elementor-animation-pulse-grow attachment-mesmerize-full-hd size-mesmerize-full-hd wp-image-714\" alt=\"\" srcset=\"http:\/\/undesiertoasturiano.practicasdeperiodismo.com\/wp-content\/uploads\/2021\/05\/IMG_7551-1-1440x1080.jpg 1440w, http:\/\/undesiertoasturiano.practicasdeperiodismo.com\/wp-content\/uploads\/2021\/05\/IMG_7551-1-300x225.jpg 300w, http:\/\/undesiertoasturiano.practicasdeperiodismo.com\/wp-content\/uploads\/2021\/05\/IMG_7551-1-1024x768.jpg 1024w, http:\/\/undesiertoasturiano.practicasdeperiodismo.com\/wp-content\/uploads\/2021\/05\/IMG_7551-1-768x576.jpg 768w, http:\/\/undesiertoasturiano.practicasdeperiodismo.com\/wp-content\/uploads\/2021\/05\/IMG_7551-1-1536x1152.jpg 1536w, http:\/\/undesiertoasturiano.practicasdeperiodismo.com\/wp-content\/uploads\/2021\/05\/IMG_7551-1-2048x1536.jpg 2048w, http:\/\/undesiertoasturiano.practicasdeperiodismo.com\/wp-content\/uploads\/2021\/05\/IMG_7551-1-155x116.jpg 155w\" sizes=\"(max-width: 1440px) 100vw, 1440px\" \/><\/a><\/figure><div class=\"elementor-image-box-content\"><h2 class=\"elementor-image-box-title\"><a href=\"http:\/\/undesiertoasturiano.practicasdeperiodismo.com\/index.php\/los-ultimos-moradores\/\">Los \u00faltimos moradores<\/a><\/h2><\/div><\/div>\t\t\t\t<\/div>\n\t\t\t\t<\/div>\n\t\t\t\t\t<\/div>\n\t\t<\/div>\n\t\t\t\t<div class=\"elementor-column elementor-col-33 elementor-top-column elementor-element elementor-element-f6bcf30\" data-id=\"f6bcf30\" data-element_type=\"column\" data-e-type=\"column\">\n\t\t\t<div class=\"elementor-widget-wrap elementor-element-populated\">\n\t\t\t\t\t\t<div class=\"elementor-element elementor-element-8e8ecd8 elementor-position-top elementor-widget elementor-widget-image-box\" data-id=\"8e8ecd8\" data-element_type=\"widget\" data-e-type=\"widget\" data-widget_type=\"image-box.default\">\n\t\t\t\t<div class=\"elementor-widget-container\">\n\t\t\t\t\t<div class=\"elementor-image-box-wrapper\"><figure class=\"elementor-image-box-img\"><a href=\"http:\/\/undesiertoasturiano.practicasdeperiodismo.com\/index.php\/la-ninez-en-la-montana\/\" tabindex=\"-1\"><img loading=\"lazy\" decoding=\"async\" width=\"1536\" height=\"1152\" src=\"http:\/\/undesiertoasturiano.practicasdeperiodismo.com\/wp-content\/uploads\/2021\/05\/IMG_7271-1-scaled-e1620741310468-1536x1152.jpg\" class=\"elementor-animation-pulse-grow attachment-1536x1536 size-1536x1536 wp-image-712\" alt=\"\" srcset=\"http:\/\/undesiertoasturiano.practicasdeperiodismo.com\/wp-content\/uploads\/2021\/05\/IMG_7271-1-scaled-e1620741310468-1536x1152.jpg 1536w, http:\/\/undesiertoasturiano.practicasdeperiodismo.com\/wp-content\/uploads\/2021\/05\/IMG_7271-1-scaled-e1620741310468-300x225.jpg 300w, http:\/\/undesiertoasturiano.practicasdeperiodismo.com\/wp-content\/uploads\/2021\/05\/IMG_7271-1-scaled-e1620741310468-1024x768.jpg 1024w, http:\/\/undesiertoasturiano.practicasdeperiodismo.com\/wp-content\/uploads\/2021\/05\/IMG_7271-1-scaled-e1620741310468-768x576.jpg 768w, http:\/\/undesiertoasturiano.practicasdeperiodismo.com\/wp-content\/uploads\/2021\/05\/IMG_7271-1-scaled-e1620741310468-1440x1080.jpg 1440w, http:\/\/undesiertoasturiano.practicasdeperiodismo.com\/wp-content\/uploads\/2021\/05\/IMG_7271-1-scaled-e1620741310468-155x116.jpg 155w, http:\/\/undesiertoasturiano.practicasdeperiodismo.com\/wp-content\/uploads\/2021\/05\/IMG_7271-1-scaled-e1620741310468.jpg 1920w\" sizes=\"(max-width: 1536px) 100vw, 1536px\" \/><\/a><\/figure><div class=\"elementor-image-box-content\"><h2 class=\"elementor-image-box-title\"><a href=\"http:\/\/undesiertoasturiano.practicasdeperiodismo.com\/index.php\/la-ninez-en-la-montana\/\">La ni\u00f1ez de la monta\u00f1a <\/a><\/h2><\/div><\/div>\t\t\t\t<\/div>\n\t\t\t\t<\/div>\n\t\t\t\t<div class=\"elementor-element elementor-element-fa1b6fb elementor-position-top elementor-widget elementor-widget-image-box\" data-id=\"fa1b6fb\" data-element_type=\"widget\" data-e-type=\"widget\" data-widget_type=\"image-box.default\">\n\t\t\t\t<div class=\"elementor-widget-container\">\n\t\t\t\t\t<div class=\"elementor-image-box-wrapper\"><figure class=\"elementor-image-box-img\"><a href=\"http:\/\/undesiertoasturiano.practicasdeperiodismo.com\/index.php\/sombras-piedras-y-palos\/\" tabindex=\"-1\"><img loading=\"lazy\" decoding=\"async\" width=\"1440\" height=\"1080\" src=\"http:\/\/undesiertoasturiano.practicasdeperiodismo.com\/wp-content\/uploads\/2021\/05\/IMG_7515-1440x1080.jpg\" class=\"elementor-animation-pulse-grow attachment-mesmerize-full-hd size-mesmerize-full-hd wp-image-715\" alt=\"\" srcset=\"http:\/\/undesiertoasturiano.practicasdeperiodismo.com\/wp-content\/uploads\/2021\/05\/IMG_7515-1440x1080.jpg 1440w, http:\/\/undesiertoasturiano.practicasdeperiodismo.com\/wp-content\/uploads\/2021\/05\/IMG_7515-300x225.jpg 300w, http:\/\/undesiertoasturiano.practicasdeperiodismo.com\/wp-content\/uploads\/2021\/05\/IMG_7515-1024x768.jpg 1024w, http:\/\/undesiertoasturiano.practicasdeperiodismo.com\/wp-content\/uploads\/2021\/05\/IMG_7515-768x576.jpg 768w, http:\/\/undesiertoasturiano.practicasdeperiodismo.com\/wp-content\/uploads\/2021\/05\/IMG_7515-1536x1152.jpg 1536w, http:\/\/undesiertoasturiano.practicasdeperiodismo.com\/wp-content\/uploads\/2021\/05\/IMG_7515-2048x1536.jpg 2048w, http:\/\/undesiertoasturiano.practicasdeperiodismo.com\/wp-content\/uploads\/2021\/05\/IMG_7515-155x116.jpg 155w\" sizes=\"(max-width: 1440px) 100vw, 1440px\" \/><\/a><\/figure><div class=\"elementor-image-box-content\"><h2 class=\"elementor-image-box-title\"><a href=\"http:\/\/undesiertoasturiano.practicasdeperiodismo.com\/index.php\/sombras-piedras-y-palos\/\">Sombras, piedras y palos <\/a><\/h2><\/div><\/div>\t\t\t\t<\/div>\n\t\t\t\t<\/div>\n\t\t\t\t\t<\/div>\n\t\t<\/div>\n\t\t\t\t<div class=\"elementor-column elementor-col-33 elementor-top-column elementor-element elementor-element-50fe0e8\" data-id=\"50fe0e8\" data-element_type=\"column\" data-e-type=\"column\">\n\t\t\t<div class=\"elementor-widget-wrap elementor-element-populated\">\n\t\t\t\t\t\t<div class=\"elementor-element elementor-element-f921db0 elementor-position-top elementor-widget elementor-widget-image-box\" data-id=\"f921db0\" data-element_type=\"widget\" data-e-type=\"widget\" data-widget_type=\"image-box.default\">\n\t\t\t\t<div class=\"elementor-widget-container\">\n\t\t\t\t\t<div class=\"elementor-image-box-wrapper\"><figure class=\"elementor-image-box-img\"><a href=\"http:\/\/undesiertoasturiano.practicasdeperiodismo.com\/index.php\/el-silencio-del-valle\/\" tabindex=\"-1\"><img loading=\"lazy\" decoding=\"async\" width=\"768\" height=\"576\" src=\"http:\/\/undesiertoasturiano.practicasdeperiodismo.com\/wp-content\/uploads\/2021\/05\/IMG_7507-768x576.jpg\" class=\"elementor-animation-pulse-grow attachment-medium_large size-medium_large wp-image-218\" alt=\"\" srcset=\"http:\/\/undesiertoasturiano.practicasdeperiodismo.com\/wp-content\/uploads\/2021\/05\/IMG_7507-768x576.jpg 768w, http:\/\/undesiertoasturiano.practicasdeperiodismo.com\/wp-content\/uploads\/2021\/05\/IMG_7507-300x225.jpg 300w, http:\/\/undesiertoasturiano.practicasdeperiodismo.com\/wp-content\/uploads\/2021\/05\/IMG_7507-1024x768.jpg 1024w, http:\/\/undesiertoasturiano.practicasdeperiodismo.com\/wp-content\/uploads\/2021\/05\/IMG_7507-1536x1152.jpg 1536w, http:\/\/undesiertoasturiano.practicasdeperiodismo.com\/wp-content\/uploads\/2021\/05\/IMG_7507-2048x1536.jpg 2048w, http:\/\/undesiertoasturiano.practicasdeperiodismo.com\/wp-content\/uploads\/2021\/05\/IMG_7507-1440x1080.jpg 1440w, http:\/\/undesiertoasturiano.practicasdeperiodismo.com\/wp-content\/uploads\/2021\/05\/IMG_7507-155x116.jpg 155w\" sizes=\"(max-width: 768px) 100vw, 768px\" \/><\/a><\/figure><div class=\"elementor-image-box-content\"><h2 class=\"elementor-image-box-title\"><a href=\"http:\/\/undesiertoasturiano.practicasdeperiodismo.com\/index.php\/el-silencio-del-valle\/\">El silencio del valle <\/a><\/h2><\/div><\/div>\t\t\t\t<\/div>\n\t\t\t\t<\/div>\n\t\t\t\t<div class=\"elementor-element elementor-element-37793cc elementor-position-top elementor-widget elementor-widget-image-box\" data-id=\"37793cc\" data-element_type=\"widget\" data-e-type=\"widget\" data-widget_type=\"image-box.default\">\n\t\t\t\t<div class=\"elementor-widget-container\">\n\t\t\t\t\t<div class=\"elementor-image-box-wrapper\"><figure class=\"elementor-image-box-img\"><a href=\"http:\/\/undesiertoasturiano.practicasdeperiodismo.com\/index.php\/una-chispa-verde\/\" tabindex=\"-1\"><img loading=\"lazy\" decoding=\"async\" width=\"1440\" height=\"1080\" src=\"http:\/\/undesiertoasturiano.practicasdeperiodismo.com\/wp-content\/uploads\/2021\/05\/IMG_7335-1440x1080.jpg\" class=\"elementor-animation-pulse-grow attachment-mesmerize-full-hd size-mesmerize-full-hd wp-image-704\" alt=\"\" srcset=\"http:\/\/undesiertoasturiano.practicasdeperiodismo.com\/wp-content\/uploads\/2021\/05\/IMG_7335-1440x1080.jpg 1440w, http:\/\/undesiertoasturiano.practicasdeperiodismo.com\/wp-content\/uploads\/2021\/05\/IMG_7335-300x225.jpg 300w, http:\/\/undesiertoasturiano.practicasdeperiodismo.com\/wp-content\/uploads\/2021\/05\/IMG_7335-1024x768.jpg 1024w, http:\/\/undesiertoasturiano.practicasdeperiodismo.com\/wp-content\/uploads\/2021\/05\/IMG_7335-768x576.jpg 768w, http:\/\/undesiertoasturiano.practicasdeperiodismo.com\/wp-content\/uploads\/2021\/05\/IMG_7335-1536x1152.jpg 1536w, http:\/\/undesiertoasturiano.practicasdeperiodismo.com\/wp-content\/uploads\/2021\/05\/IMG_7335-2048x1536.jpg 2048w, http:\/\/undesiertoasturiano.practicasdeperiodismo.com\/wp-content\/uploads\/2021\/05\/IMG_7335-155x116.jpg 155w\" sizes=\"(max-width: 1440px) 100vw, 1440px\" \/><\/a><\/figure><div class=\"elementor-image-box-content\"><h2 class=\"elementor-image-box-title\"><a href=\"http:\/\/undesiertoasturiano.practicasdeperiodismo.com\/index.php\/una-chispa-verde\/\">Una chispa verde<\/a><\/h2><\/div><\/div>\t\t\t\t<\/div>\n\t\t\t\t<\/div>\n\t\t\t\t\t<\/div>\n\t\t<\/div>\n\t\t\t\t\t<\/div>\n\t\t<\/section>\n\t\t\t\t<\/div>\n\t\t","protected":false},"excerpt":{"rendered":"","protected":false},"author":2,"featured_media":85,"parent":0,"menu_order":0,"comment_status":"closed","ping_status":"closed","template":"","meta":{"footnotes":""},"class_list":["post-167","page","type-page","status-publish","has-post-thumbnail","hentry"],"yoast_head":"<!-- This site is optimized with the Yoast SEO plugin v26.2 - https:\/\/yoast.com\/wordpress\/plugins\/seo\/ -->\n<title>El \u00faltimo grito de la tierra - La despoblaci\u00f3n en Asturias<\/title>\n<meta name=\"description\" content=\"Asturias tiene el \u00edndice de despoblaci\u00f3n m\u00e1s alto de Espa\u00f1a. La zona rural, como recoge este reportaje, es la principal afectada.\" \/>\n<meta name=\"robots\" content=\"index, follow, max-snippet:-1, max-image-preview:large, max-video-preview:-1\" \/>\n<link rel=\"canonical\" href=\"http:\/\/undesiertoasturiano.practicasdeperiodismo.com\/\" \/>\n<meta property=\"og:locale\" content=\"en_US\" \/>\n<meta property=\"og:type\" content=\"article\" \/>\n<meta property=\"og:title\" content=\"El \u00faltimo grito de la tierra\" \/>\n<meta property=\"og:description\" content=\"Asturias, con una poblaci\u00f3n sobreenvejecida y el \u00edndice de despoblaci\u00f3n m\u00e1s alto de Europa, vive en dos mundos: el rural, de infraestructuras y servicios escasos y cada vez m\u00e1s vac\u00edo, y el urbano, lleno de personas mayores en busca de una vida c\u00f3moda.Este reportaje es un viaje por dos concejos de de alta monta\u00f1a, Caso y Somiedo, en el Oriente y en el Occidente del Principado: qu\u00e9 problemas tienen, c\u00f3mo es su forma de vida o qu\u00e9 cambios consideran necesarios para la supervivencia de sus pueblos.\" \/>\n<meta property=\"og:url\" content=\"http:\/\/undesiertoasturiano.practicasdeperiodismo.com\/\" \/>\n<meta property=\"og:site_name\" content=\"El \u00faltimo grito de la tierra\" \/>\n<meta property=\"article:modified_time\" content=\"2021-06-07T09:39:37+00:00\" \/>\n<meta property=\"og:image\" content=\"http:\/\/undesiertoasturiano.practicasdeperiodismo.com\/wp-content\/uploads\/2021\/04\/IMG-7333-1-1.gif\" \/>\n\t<meta property=\"og:image:width\" content=\"640\" \/>\n\t<meta property=\"og:image:height\" content=\"479\" \/>\n\t<meta property=\"og:image:type\" content=\"image\/gif\" \/>\n<meta name=\"twitter:card\" content=\"summary_large_image\" \/>\n<meta name=\"twitter:title\" content=\"El \u00faltimo grito de la tierra\" \/>\n<meta name=\"twitter:description\" content=\"Asturias, con una poblaci\u00f3n sobreenvejecida y el \u00edndice de despoblaci\u00f3n m\u00e1s alto de Europa, vive en dos mundos: el rural, de infraestructuras y servicios escasos y cada vez m\u00e1s vac\u00edo, y el urbano, lleno de personas mayores en busca de una vida c\u00f3moda.Este reportaje es un viaje por dos concejos de de alta monta\u00f1a, Caso y Somiedo, en el Oriente y en el Occidente del Principado: qu\u00e9 problemas tienen, c\u00f3mo es su forma de vida o qu\u00e9 cambios consideran necesarios para la supervivencia de sus pueblos.\" \/>\n<meta name=\"twitter:image\" content=\"http:\/\/undesiertoasturiano.practicasdeperiodismo.com\/wp-content\/uploads\/2021\/04\/IMG-7333-1-1.gif\" \/>\n<meta name=\"twitter:label1\" content=\"Est. reading time\" \/>\n\t<meta name=\"twitter:data1\" content=\"3 minutes\" \/>\n<script type=\"application\/ld+json\" class=\"yoast-schema-graph\">{\"@context\":\"https:\/\/schema.org\",\"@graph\":[{\"@type\":\"WebPage\",\"@id\":\"http:\/\/undesiertoasturiano.practicasdeperiodismo.com\/\",\"url\":\"http:\/\/undesiertoasturiano.practicasdeperiodismo.com\/\",\"name\":\"El \u00faltimo grito de la tierra - La despoblaci\u00f3n en Asturias\",\"isPartOf\":{\"@id\":\"http:\/\/undesiertoasturiano.practicasdeperiodismo.com\/#website\"},\"primaryImageOfPage\":{\"@id\":\"http:\/\/undesiertoasturiano.practicasdeperiodismo.com\/#primaryimage\"},\"image\":{\"@id\":\"http:\/\/undesiertoasturiano.practicasdeperiodismo.com\/#primaryimage\"},\"thumbnailUrl\":\"http:\/\/undesiertoasturiano.practicasdeperiodismo.com\/wp-content\/uploads\/2021\/04\/IMG-7333-1-1.gif\",\"datePublished\":\"2021-04-22T12:08:59+00:00\",\"dateModified\":\"2021-06-07T09:39:37+00:00\",\"description\":\"Asturias tiene el \u00edndice de despoblaci\u00f3n m\u00e1s alto de Espa\u00f1a. La zona rural, como recoge este reportaje, es la principal afectada.\",\"breadcrumb\":{\"@id\":\"http:\/\/undesiertoasturiano.practicasdeperiodismo.com\/#breadcrumb\"},\"inLanguage\":\"en-US\",\"potentialAction\":[{\"@type\":\"ReadAction\",\"target\":[\"http:\/\/undesiertoasturiano.practicasdeperiodismo.com\/\"]}]},{\"@type\":\"ImageObject\",\"inLanguage\":\"en-US\",\"@id\":\"http:\/\/undesiertoasturiano.practicasdeperiodismo.com\/#primaryimage\",\"url\":\"http:\/\/undesiertoasturiano.practicasdeperiodismo.com\/wp-content\/uploads\/2021\/04\/IMG-7333-1-1.gif\",\"contentUrl\":\"http:\/\/undesiertoasturiano.practicasdeperiodismo.com\/wp-content\/uploads\/2021\/04\/IMG-7333-1-1.gif\",\"width\":640,\"height\":479},{\"@type\":\"BreadcrumbList\",\"@id\":\"http:\/\/undesiertoasturiano.practicasdeperiodismo.com\/#breadcrumb\",\"itemListElement\":[{\"@type\":\"ListItem\",\"position\":1,\"name\":\"Portada\",\"item\":\"http:\/\/undesiertoasturiano.practicasdeperiodismo.com\/\"},{\"@type\":\"ListItem\",\"position\":2,\"name\":\"reportajes sobre la despoblaci\u00f3n\"}]},{\"@type\":\"WebSite\",\"@id\":\"http:\/\/undesiertoasturiano.practicasdeperiodismo.com\/#website\",\"url\":\"http:\/\/undesiertoasturiano.practicasdeperiodismo.com\/\",\"name\":\"El \u00faltimo grito de la tierra\",\"description\":\"\",\"potentialAction\":[{\"@type\":\"SearchAction\",\"target\":{\"@type\":\"EntryPoint\",\"urlTemplate\":\"http:\/\/undesiertoasturiano.practicasdeperiodismo.com\/?s={search_term_string}\"},\"query-input\":{\"@type\":\"PropertyValueSpecification\",\"valueRequired\":true,\"valueName\":\"search_term_string\"}}],\"inLanguage\":\"en-US\"}]}<\/script>\n<!-- \/ Yoast SEO plugin. -->","yoast_head_json":{"title":"El \u00faltimo grito de la tierra - La despoblaci\u00f3n en Asturias","description":"Asturias tiene el \u00edndice de despoblaci\u00f3n m\u00e1s alto de Espa\u00f1a. La zona rural, como recoge este reportaje, es la principal afectada.","robots":{"index":"index","follow":"follow","max-snippet":"max-snippet:-1","max-image-preview":"max-image-preview:large","max-video-preview":"max-video-preview:-1"},"canonical":"http:\/\/undesiertoasturiano.practicasdeperiodismo.com\/","og_locale":"en_US","og_type":"article","og_title":"El \u00faltimo grito de la tierra","og_description":"Asturias, con una poblaci\u00f3n sobreenvejecida y el \u00edndice de despoblaci\u00f3n m\u00e1s alto de Europa, vive en dos mundos: el rural, de infraestructuras y servicios escasos y cada vez m\u00e1s vac\u00edo, y el urbano, lleno de personas mayores en busca de una vida c\u00f3moda.Este reportaje es un viaje por dos concejos de de alta monta\u00f1a, Caso y Somiedo, en el Oriente y en el Occidente del Principado: qu\u00e9 problemas tienen, c\u00f3mo es su forma de vida o qu\u00e9 cambios consideran necesarios para la supervivencia de sus pueblos.","og_url":"http:\/\/undesiertoasturiano.practicasdeperiodismo.com\/","og_site_name":"El \u00faltimo grito de la tierra","article_modified_time":"2021-06-07T09:39:37+00:00","og_image":[{"url":"http:\/\/undesiertoasturiano.practicasdeperiodismo.com\/wp-content\/uploads\/2021\/04\/IMG-7333-1-1.gif","width":640,"height":479,"type":"image\/gif"}],"twitter_card":"summary_large_image","twitter_title":"El \u00faltimo grito de la tierra","twitter_description":"Asturias, con una poblaci\u00f3n sobreenvejecida y el \u00edndice de despoblaci\u00f3n m\u00e1s alto de Europa, vive en dos mundos: el rural, de infraestructuras y servicios escasos y cada vez m\u00e1s vac\u00edo, y el urbano, lleno de personas mayores en busca de una vida c\u00f3moda.Este reportaje es un viaje por dos concejos de de alta monta\u00f1a, Caso y Somiedo, en el Oriente y en el Occidente del Principado: qu\u00e9 problemas tienen, c\u00f3mo es su forma de vida o qu\u00e9 cambios consideran necesarios para la supervivencia de sus pueblos.","twitter_image":"http:\/\/undesiertoasturiano.practicasdeperiodismo.com\/wp-content\/uploads\/2021\/04\/IMG-7333-1-1.gif","twitter_misc":{"Est. reading time":"3 minutes"},"schema":{"@context":"https:\/\/schema.org","@graph":[{"@type":"WebPage","@id":"http:\/\/undesiertoasturiano.practicasdeperiodismo.com\/","url":"http:\/\/undesiertoasturiano.practicasdeperiodismo.com\/","name":"El \u00faltimo grito de la tierra - La despoblaci\u00f3n en Asturias","isPartOf":{"@id":"http:\/\/undesiertoasturiano.practicasdeperiodismo.com\/#website"},"primaryImageOfPage":{"@id":"http:\/\/undesiertoasturiano.practicasdeperiodismo.com\/#primaryimage"},"image":{"@id":"http:\/\/undesiertoasturiano.practicasdeperiodismo.com\/#primaryimage"},"thumbnailUrl":"http:\/\/undesiertoasturiano.practicasdeperiodismo.com\/wp-content\/uploads\/2021\/04\/IMG-7333-1-1.gif","datePublished":"2021-04-22T12:08:59+00:00","dateModified":"2021-06-07T09:39:37+00:00","description":"Asturias tiene el \u00edndice de despoblaci\u00f3n m\u00e1s alto de Espa\u00f1a. La zona rural, como recoge este reportaje, es la principal afectada.","breadcrumb":{"@id":"http:\/\/undesiertoasturiano.practicasdeperiodismo.com\/#breadcrumb"},"inLanguage":"en-US","potentialAction":[{"@type":"ReadAction","target":["http:\/\/undesiertoasturiano.practicasdeperiodismo.com\/"]}]},{"@type":"ImageObject","inLanguage":"en-US","@id":"http:\/\/undesiertoasturiano.practicasdeperiodismo.com\/#primaryimage","url":"http:\/\/undesiertoasturiano.practicasdeperiodismo.com\/wp-content\/uploads\/2021\/04\/IMG-7333-1-1.gif","contentUrl":"http:\/\/undesiertoasturiano.practicasdeperiodismo.com\/wp-content\/uploads\/2021\/04\/IMG-7333-1-1.gif","width":640,"height":479},{"@type":"BreadcrumbList","@id":"http:\/\/undesiertoasturiano.practicasdeperiodismo.com\/#breadcrumb","itemListElement":[{"@type":"ListItem","position":1,"name":"Portada","item":"http:\/\/undesiertoasturiano.practicasdeperiodismo.com\/"},{"@type":"ListItem","position":2,"name":"reportajes sobre la despoblaci\u00f3n"}]},{"@type":"WebSite","@id":"http:\/\/undesiertoasturiano.practicasdeperiodismo.com\/#website","url":"http:\/\/undesiertoasturiano.practicasdeperiodismo.com\/","name":"El \u00faltimo grito de la tierra","description":"","potentialAction":[{"@type":"SearchAction","target":{"@type":"EntryPoint","urlTemplate":"http:\/\/undesiertoasturiano.practicasdeperiodismo.com\/?s={search_term_string}"},"query-input":{"@type":"PropertyValueSpecification","valueRequired":true,"valueName":"search_term_string"}}],"inLanguage":"en-US"}]}},"_links":{"self":[{"href":"http:\/\/undesiertoasturiano.practicasdeperiodismo.com\/index.php\/wp-json\/wp\/v2\/pages\/167","targetHints":{"allow":["GET"]}}],"collection":[{"href":"http:\/\/undesiertoasturiano.practicasdeperiodismo.com\/index.php\/wp-json\/wp\/v2\/pages"}],"about":[{"href":"http:\/\/undesiertoasturiano.practicasdeperiodismo.com\/index.php\/wp-json\/wp\/v2\/types\/page"}],"author":[{"embeddable":true,"href":"http:\/\/undesiertoasturiano.practicasdeperiodismo.com\/index.php\/wp-json\/wp\/v2\/users\/2"}],"replies":[{"embeddable":true,"href":"http:\/\/undesiertoasturiano.practicasdeperiodismo.com\/index.php\/wp-json\/wp\/v2\/comments?post=167"}],"version-history":[{"count":126,"href":"http:\/\/undesiertoasturiano.practicasdeperiodismo.com\/index.php\/wp-json\/wp\/v2\/pages\/167\/revisions"}],"predecessor-version":[{"id":1350,"href":"http:\/\/undesiertoasturiano.practicasdeperiodismo.com\/index.php\/wp-json\/wp\/v2\/pages\/167\/revisions\/1350"}],"wp:featuredmedia":[{"embeddable":true,"href":"http:\/\/undesiertoasturiano.practicasdeperiodismo.com\/index.php\/wp-json\/wp\/v2\/media\/85"}],"wp:attachment":[{"href":"http:\/\/undesiertoasturiano.practicasdeperiodismo.com\/index.php\/wp-json\/wp\/v2\/media?parent=167"}],"curies":[{"name":"wp","href":"https:\/\/api.w.org\/{rel}","templated":true}]}}