{"version":"1.0","provider_name":"El \u00faltimo grito de la tierra","provider_url":"http:\/\/undesiertoasturiano.practicasdeperiodismo.com","author_name":"In\u00e9s Gago Mel\u00e9ndez","author_url":"http:\/\/undesiertoasturiano.practicasdeperiodismo.com\/index.php\/author\/inesgago\/","title":"Sombras, piedras y palos - El \u00faltimo grito de la tierra","type":"rich","width":600,"height":338,"html":"<blockquote class=\"wp-embedded-content\" data-secret=\"Y0Cl692Leq\"><a href=\"http:\/\/undesiertoasturiano.practicasdeperiodismo.com\/index.php\/sombras-piedras-y-palos\/\">Sombras, piedras y palos<\/a><\/blockquote><iframe sandbox=\"allow-scripts\" security=\"restricted\" src=\"http:\/\/undesiertoasturiano.practicasdeperiodismo.com\/index.php\/sombras-piedras-y-palos\/embed\/#?secret=Y0Cl692Leq\" width=\"600\" height=\"338\" title=\"&#8220;Sombras, piedras y palos&#8221; &#8212; El \u00faltimo grito de la tierra\" data-secret=\"Y0Cl692Leq\" frameborder=\"0\" marginwidth=\"0\" marginheight=\"0\" scrolling=\"no\" class=\"wp-embedded-content\"><\/iframe><script type=\"text\/javascript\">\n\/* <![CDATA[ *\/\n\/*! This file is auto-generated *\/\n!function(d,l){\"use strict\";l.querySelector&&d.addEventListener&&\"undefined\"!=typeof URL&&(d.wp=d.wp||{},d.wp.receiveEmbedMessage||(d.wp.receiveEmbedMessage=function(e){var t=e.data;if((t||t.secret||t.message||t.value)&&!\/[^a-zA-Z0-9]\/.test(t.secret)){for(var s,r,n,a=l.querySelectorAll('iframe[data-secret=\"'+t.secret+'\"]'),o=l.querySelectorAll('blockquote[data-secret=\"'+t.secret+'\"]'),c=new RegExp(\"^https?:$\",\"i\"),i=0;i<o.length;i++)o[i].style.display=\"none\";for(i=0;i<a.length;i++)s=a[i],e.source===s.contentWindow&&(s.removeAttribute(\"style\"),\"height\"===t.message?(1e3<(r=parseInt(t.value,10))?r=1e3:~~r<200&&(r=200),s.height=r):\"link\"===t.message&&(r=new URL(s.getAttribute(\"src\")),n=new URL(t.value),c.test(n.protocol))&&n.host===r.host&&l.activeElement===s&&(d.top.location.href=t.value))}},d.addEventListener(\"message\",d.wp.receiveEmbedMessage,!1),l.addEventListener(\"DOMContentLoaded\",function(){for(var e,t,s=l.querySelectorAll(\"iframe.wp-embedded-content\"),r=0;r<s.length;r++)(t=(e=s[r]).getAttribute(\"data-secret\"))||(t=Math.random().toString(36).substring(2,12),e.src+=\"#?secret=\"+t,e.setAttribute(\"data-secret\",t)),e.contentWindow.postMessage({message:\"ready\",secret:t},\"*\")},!1)))}(window,document);\n\/* ]]> *\/\n<\/script>\n","description":"Ya van m\u00e1s de quince a\u00f1os desde que no nace ning\u00fan ni\u00f1o en el pueblo de Eva \u00c1lvarez, Orl\u00e9 (Caso). Ella, con 23 a\u00f1os, es de las m\u00e1s j\u00f3venes del pueblo. Cuando acabe la carrera y empiece a trabajar, no sabe si establecer\u00e1 all\u00ed su vida. Es complicado vivir all\u00ed, que avanzan con palos en&hellip; Read more","thumbnail_url":"http:\/\/undesiertoasturiano.practicasdeperiodismo.com\/wp-content\/uploads\/2021\/05\/orle-copia-y-corte-1024x718.jpg"}